{"id":8844,"date":"2019-06-13T10:10:29","date_gmt":"2019-06-13T08:10:29","guid":{"rendered":"https:\/\/celtaatletismo.es\/blog\/?page_id=8844"},"modified":"2024-06-26T16:31:56","modified_gmt":"2024-06-26T14:31:56","slug":"trofeo-alfonso-posada","status":"publish","type":"page","link":"https:\/\/celtaatletismo.es\/blog\/trofeo-alfonso-posada\/","title":{"rendered":"El Trofeo Alfonso Posada"},"content":{"rendered":"\t\t<div data-elementor-type=\"wp-page\" data-elementor-id=\"8844\" class=\"elementor elementor-8844\">\n\t\t\t\t\t\t<div class=\"elementor-inner\">\n\t\t\t\t<div class=\"elementor-section-wrap\">\n\t\t\t\t\t\t\t\t\t<section class=\"has_eae_slider elementor-section elementor-top-section elementor-element elementor-element-b0629e5 elementor-section-boxed elementor-section-height-default elementor-section-height-default\" data-particle_enable=\"false\" data-particle-mobile-disabled=\"false\" data-id=\"b0629e5\" data-element_type=\"section\">\n\t\t\t\t\t\t<div class=\"elementor-container elementor-column-gap-default\">\n\t\t\t\t\t\t\t<div class=\"elementor-row\">\n\t\t\t\t\t<div class=\"has_eae_slider elementor-column elementor-col-50 elementor-top-column elementor-element elementor-element-e9a8120\" data-id=\"e9a8120\" data-element_type=\"column\">\n\t\t\t<div class=\"elementor-column-wrap elementor-element-populated\">\n\t\t\t\t\t\t\t<div class=\"elementor-widget-wrap\">\n\t\t\t\t\t\t<div class=\"elementor-element elementor-element-6cc18bb elementor-headline--style-highlight elementor-widget elementor-widget-animated-headline\" data-id=\"6cc18bb\" data-element_type=\"widget\" data-settings=\"{&quot;marker&quot;:&quot;underline&quot;,&quot;highlighted_text&quot;:&quot;ALFONSO POSADA&quot;,&quot;motion_fx_motion_fx_scrolling&quot;:&quot;yes&quot;,&quot;motion_fx_translateY_effect&quot;:&quot;yes&quot;,&quot;headline_style&quot;:&quot;highlight&quot;,&quot;loop&quot;:&quot;yes&quot;,&quot;highlight_animation_duration&quot;:1200,&quot;highlight_iteration_delay&quot;:8000,&quot;motion_fx_translateY_speed&quot;:{&quot;unit&quot;:&quot;px&quot;,&quot;size&quot;:4,&quot;sizes&quot;:[]},&quot;motion_fx_translateY_affectedRange&quot;:{&quot;unit&quot;:&quot;%&quot;,&quot;size&quot;:&quot;&quot;,&quot;sizes&quot;:{&quot;start&quot;:0,&quot;end&quot;:100}},&quot;motion_fx_devices&quot;:[&quot;desktop&quot;,&quot;tablet&quot;,&quot;mobile&quot;]}\" data-widget_type=\"animated-headline.default\">\n\t\t\t\t<div class=\"elementor-widget-container\">\n\t\t\t\t\t<h3 class=\"elementor-headline\">\n\t\t\t\t\t<span class=\"elementor-headline-plain-text elementor-headline-text-wrapper\">EL TROFEO<\/span>\n\t\t\t\t<span class=\"elementor-headline-dynamic-wrapper elementor-headline-text-wrapper\">\n\t\t\t\t\t<span class=\"elementor-headline-dynamic-text elementor-headline-text-active\">ALFONSO POSADA<\/span>\n\t\t\t\t<\/span>\n\t\t\t\t<\/h3>\n\t\t\t\t<\/div>\n\t\t\t\t<\/div>\n\t\t\t\t<div class=\"elementor-element elementor-element-687476c elementor-arrows-position-inside elementor-pagination-position-outside elementor-widget elementor-widget-image-carousel\" data-id=\"687476c\" data-element_type=\"widget\" data-settings=\"{&quot;slides_to_show&quot;:&quot;1&quot;,&quot;navigation&quot;:&quot;both&quot;,&quot;autoplay&quot;:&quot;yes&quot;,&quot;pause_on_hover&quot;:&quot;yes&quot;,&quot;pause_on_interaction&quot;:&quot;yes&quot;,&quot;autoplay_speed&quot;:5000,&quot;infinite&quot;:&quot;yes&quot;,&quot;effect&quot;:&quot;slide&quot;,&quot;speed&quot;:500}\" data-widget_type=\"image-carousel.default\">\n\t\t\t\t<div class=\"elementor-widget-container\">\n\t\t\t\t\t<div class=\"elementor-image-carousel-wrapper swiper-container\" dir=\"ltr\">\n\t\t\t<div class=\"elementor-image-carousel swiper-wrapper\">\n\t\t\t\t\t\t\t\t<div class=\"swiper-slide\"><figure class=\"swiper-slide-inner\"><img decoding=\"async\" class=\"swiper-slide-image\" src=\"https:\/\/celtaatletismo.es\/blog\/wp-content\/uploads\/2022\/05\/42469842372_b5d1a77c86_c.jpg\" alt=\"42469842372_b5d1a77c86_c\" \/><\/figure><\/div><div class=\"swiper-slide\"><figure class=\"swiper-slide-inner\"><img decoding=\"async\" class=\"swiper-slide-image\" src=\"https:\/\/celtaatletismo.es\/blog\/wp-content\/uploads\/2022\/05\/3c4989c9-89dc-4009-9d4f-daf3c2602970_16-9-discover-aspect-ratio_default_0.jpg\" alt=\"3c4989c9-89dc-4009-9d4f-daf3c2602970_16-9-discover-aspect-ratio_default_0\" \/><\/figure><\/div><div class=\"swiper-slide\"><figure class=\"swiper-slide-inner\"><img decoding=\"async\" class=\"swiper-slide-image\" src=\"https:\/\/celtaatletismo.es\/blog\/wp-content\/uploads\/2022\/05\/1ca5f45f-79b5-48bc-9656-3274ef5dd2ab_source-aspect-ratio_default_0.jpg\" alt=\"1ca5f45f-79b5-48bc-9656-3274ef5dd2ab_source-aspect-ratio_default_0\" \/><\/figure><\/div><div class=\"swiper-slide\"><figure class=\"swiper-slide-inner\"><img decoding=\"async\" class=\"swiper-slide-image\" src=\"https:\/\/celtaatletismo.es\/blog\/wp-content\/uploads\/2022\/05\/439625df-3a63-45b3-9eb2-72f5ba4587fa_source-aspect-ratio_default_0.jpg\" alt=\"439625df-3a63-45b3-9eb2-72f5ba4587fa_source-aspect-ratio_default_0\" \/><\/figure><\/div><div class=\"swiper-slide\"><figure class=\"swiper-slide-inner\"><img decoding=\"async\" class=\"swiper-slide-image\" src=\"https:\/\/celtaatletismo.es\/blog\/wp-content\/uploads\/2022\/05\/WhatsApp-Image-2022-05-11-at-2.01.26-PM.jpeg\" alt=\"WhatsApp Image 2022-05-11 at 2.01.26 PM\" \/><\/figure><\/div><div class=\"swiper-slide\"><figure class=\"swiper-slide-inner\"><img decoding=\"async\" class=\"swiper-slide-image\" src=\"https:\/\/celtaatletismo.es\/blog\/wp-content\/uploads\/2021\/07\/thumbnail.jpg\" alt=\"thumbnail\" \/><\/figure><\/div>\t\t\t<\/div>\n\t\t\t\t\t\t\t\t\t\t\t\t<div class=\"swiper-pagination\"><\/div>\n\t\t\t\t\t\t\t\t\t\t\t\t\t<div class=\"elementor-swiper-button elementor-swiper-button-prev\">\n\t\t\t\t\t\t<i aria-hidden=\"true\" class=\"eicon-chevron-left\"><\/i>\t\t\t\t\t\t<span class=\"elementor-screen-only\">Anterior<\/span>\n\t\t\t\t\t<\/div>\n\t\t\t\t\t<div class=\"elementor-swiper-button elementor-swiper-button-next\">\n\t\t\t\t\t\t<i aria-hidden=\"true\" class=\"eicon-chevron-right\"><\/i>\t\t\t\t\t\t<span class=\"elementor-screen-only\">Siguiente<\/span>\n\t\t\t\t\t<\/div>\n\t\t\t\t\t\t\t\t\t<\/div>\n\t\t\t\t<\/div>\n\t\t\t\t<\/div>\n\t\t\t\t<div class=\"elementor-element elementor-element-81d6fe1 elementor-widget elementor-widget-text-editor\" data-id=\"81d6fe1\" data-element_type=\"widget\" data-widget_type=\"text-editor.default\">\n\t\t\t\t<div class=\"elementor-widget-container\">\n\t\t\t\t\t\t\t\t<div class=\"elementor-text-editor elementor-clearfix\">\n\t\t\t\t<h2>Celebrando un Legado de Pasi\u00f3n por el Atletismo<\/h2><p>En el coraz\u00f3n del Real Club Celta Atletismo late el esp\u00edritu inquebrantable de Alfonso Posada, una figura emblem\u00e1tica cuyo legado ha dejado una huella indeleble en el mundo del atletismo. Cada a\u00f1o, honramos su memoria y su dedicaci\u00f3n al deporte a trav\u00e9s del Trofeo Alfonso Posada, un evento que no solo celebra el atletismo en su forma m\u00e1s pura, sino que tambi\u00e9n rinde homenaje a un hombre cuya pasi\u00f3n y compromiso inspiraron a generaciones enteras de atletas.<\/p><p>Alfonso Posada no fue solo un nombre en la historia del club; fue el arquitecto de una visi\u00f3n que transform\u00f3 el panorama atl\u00e9tico local e internacional. Su incansable labor y su profundo amor por el deporte sirvieron como catalizador para el crecimiento y la excelencia del Real Club Celta Atletismo. Como fundador del club, Alfonso no solo cre\u00f3 un espacio para que los atletas locales pudieran desarrollar su talento, sino que tambi\u00e9n estableci\u00f3 un est\u00e1ndar de excelencia que sigue siendo el n\u00facleo de nuestra identidad como club.<\/p><p>El Trofeo Alfonso Posada es m\u00e1s que una competici\u00f3n deportiva; es una celebraci\u00f3n de la visi\u00f3n y el compromiso de Alfonso con el atletismo. Cada a\u00f1o, atletas locales e internacionales se re\u00fanen para competir en honor a su legado, demostrando que el esp\u00edritu de la competici\u00f3n y la camarader\u00eda trasciende fronteras y culturas. Es un evento que une a la comunidad atl\u00e9tica en un ambiente de celebraci\u00f3n y respeto mutuo por el deporte y por aquellos que lo han elevado a nuevas alturas.<\/p><p>El Trofeo Alfonso Posada es una oportunidad para reflexionar sobre el impacto duradero que una sola persona puede tener en el mundo del deporte. A trav\u00e9s de este evento, recordamos no solo los logros de Alfonso como atleta y l\u00edder del club, sino tambi\u00e9n su dedicaci\u00f3n a fomentar la excelencia, el compa\u00f1erismo y el respeto en el deporte. Su legado vive en cada competidor que cruza la l\u00ednea de meta y en cada espectador que se une a nosotros para celebrar este evento \u00fanico en su honor.<\/p><p>En resumen, el Trofeo Alfonso Posada es mucho m\u00e1s que una simple competici\u00f3n atl\u00e9tica; es un tributo a un hombre cuyo impacto perdura en el tiempo y cuya pasi\u00f3n por el atletismo sigue siendo una fuente de inspiraci\u00f3n para todos nosotros. En el Real Club Celta Atletismo, estamos orgullosos de llevar su nombre y de continuar su legado, asegurando que su esp\u00edritu siga vivo en cada carrera, en cada salto y en cada lanzamiento. Porque mientras corramos en su honor, Alfonso Posada siempre estar\u00e1 con nosotros, gui\u00e1ndonos hacia la grandeza en el deporte y en la vida.<\/p>\t\t\t\t\t<\/div>\n\t\t\t\t\t\t<\/div>\n\t\t\t\t<\/div>\n\t\t\t\t<div class=\"elementor-element elementor-element-cf3c026 elementor-widget elementor-widget-spacer\" data-id=\"cf3c026\" data-element_type=\"widget\" data-widget_type=\"spacer.default\">\n\t\t\t\t<div class=\"elementor-widget-container\">\n\t\t\t\t\t<div class=\"elementor-spacer\">\n\t\t\t<div class=\"elementor-spacer-inner\"><\/div>\n\t\t<\/div>\n\t\t\t\t<\/div>\n\t\t\t\t<\/div>\n\t\t\t\t<div class=\"elementor-element elementor-element-6bc7ac7 elementor-widget elementor-widget-heading\" data-id=\"6bc7ac7\" data-element_type=\"widget\" data-widget_type=\"heading.default\">\n\t\t\t\t<div class=\"elementor-widget-container\">\n\t\t\t<h2 class=\"elementor-heading-title elementor-size-default\">LA HISTORIA DE ALFONSO POSADA<\/h2>\t\t<\/div>\n\t\t\t\t<\/div>\n\t\t\t\t<div class=\"elementor-element elementor-element-d2c369b elementor-skin-carousel elementor-arrows-yes elementor-pagination-type-bullets elementor-pagination-position-outside elementor-widget elementor-widget-media-carousel\" data-id=\"d2c369b\" data-element_type=\"widget\" data-settings=\"{&quot;effect&quot;:&quot;cube&quot;,&quot;skin&quot;:&quot;carousel&quot;,&quot;show_arrows&quot;:&quot;yes&quot;,&quot;pagination&quot;:&quot;bullets&quot;,&quot;speed&quot;:500,&quot;autoplay&quot;:&quot;yes&quot;,&quot;autoplay_speed&quot;:5000,&quot;loop&quot;:&quot;yes&quot;,&quot;pause_on_hover&quot;:&quot;yes&quot;,&quot;pause_on_interaction&quot;:&quot;yes&quot;,&quot;space_between&quot;:{&quot;unit&quot;:&quot;px&quot;,&quot;size&quot;:10,&quot;sizes&quot;:[]},&quot;space_between_tablet&quot;:{&quot;unit&quot;:&quot;px&quot;,&quot;size&quot;:10,&quot;sizes&quot;:[]},&quot;space_between_mobile&quot;:{&quot;unit&quot;:&quot;px&quot;,&quot;size&quot;:10,&quot;sizes&quot;:[]}}\" data-widget_type=\"media-carousel.default\">\n\t\t\t\t<div class=\"elementor-widget-container\">\n\t\t\t\t\t<div class=\"elementor-swiper\">\n\t\t\t<div class=\"elementor-main-swiper swiper-container\">\n\t\t\t\t<div class=\"swiper-wrapper\">\n\t\t\t\t\t\t\t\t\t\t\t<div class=\"swiper-slide\">\n\t\t\t\t\t\t\t<a href=\"https:\/\/celtaatletismo.es\/blog\/wp-content\/uploads\/2024\/06\/hqdefault-1.webp\" data-elementor-open-lightbox=\"yes\" data-elementor-lightbox-slideshow=\"d2c369b\" data-elementor-lightbox-title=\"hqdefault (1)\" data-e-action-hash=\"#elementor-action%3Aaction%3Dlightbox%26settings%3DeyJpZCI6MTIxMTcsInVybCI6Imh0dHBzOlwvXC9jZWx0YWF0bGV0aXNtby5lc1wvYmxvZ1wvd3AtY29udGVudFwvdXBsb2Fkc1wvMjAyNFwvMDZcL2hxZGVmYXVsdC0xLndlYnAiLCJzbGlkZXNob3ciOiJkMmMzNjliIn0%3D\" data-elementor-lightbox-video=\"https:\/\/www.youtube.com\/embed\/YHAnXOpJfbs?feature=oembed&amp;autoplay=1&amp;rel=0&amp;controls=0\">\t\t<div class=\"elementor-carousel-image\" style=\"background-image: url(&#039;https:\/\/celtaatletismo.es\/blog\/wp-content\/uploads\/2024\/06\/hqdefault-1.webp&#039;)\">\n\n\t\t\t\n\t\t\t\t\t\t\t<div class=\"elementor-custom-embed-play\">\n\t\t\t\t\t<i aria-hidden=\"true\" class=\"eicon-play\"><\/i>\t\t\t\t\t<span class=\"elementor-screen-only\">Reproducir<\/span>\n\t\t\t\t<\/div>\n\t\t\t\t\t<\/div>\n\t\t<\/a>\t\t\t\t\t\t<\/div>\n\t\t\t\t\t\t\t\t\t\t\t<div class=\"swiper-slide\">\n\t\t\t\t\t\t\t<a href=\"https:\/\/celtaatletismo.es\/blog\/wp-content\/uploads\/2024\/06\/hqdefault.webp\" data-elementor-open-lightbox=\"yes\" data-elementor-lightbox-slideshow=\"d2c369b\" data-elementor-lightbox-title=\"hqdefault\" data-e-action-hash=\"#elementor-action%3Aaction%3Dlightbox%26settings%3DeyJpZCI6MTIxMTgsInVybCI6Imh0dHBzOlwvXC9jZWx0YWF0bGV0aXNtby5lc1wvYmxvZ1wvd3AtY29udGVudFwvdXBsb2Fkc1wvMjAyNFwvMDZcL2hxZGVmYXVsdC53ZWJwIiwic2xpZGVzaG93IjoiZDJjMzY5YiJ9\" data-elementor-lightbox-video=\"https:\/\/www.youtube.com\/embed\/ByAAcpibSrY?feature=oembed&amp;autoplay=1&amp;rel=0&amp;controls=0\">\t\t<div class=\"elementor-carousel-image\" style=\"background-image: url(&#039;https:\/\/celtaatletismo.es\/blog\/wp-content\/uploads\/2024\/06\/hqdefault.webp&#039;)\">\n\n\t\t\t\n\t\t\t\t\t\t\t<div class=\"elementor-custom-embed-play\">\n\t\t\t\t\t<i aria-hidden=\"true\" class=\"eicon-play\"><\/i>\t\t\t\t\t<span class=\"elementor-screen-only\">Reproducir<\/span>\n\t\t\t\t<\/div>\n\t\t\t\t\t<\/div>\n\t\t<\/a>\t\t\t\t\t\t<\/div>\n\t\t\t\t\t\t\t\t\t<\/div>\n\t\t\t\t\t\t\t\t\t\t\t\t\t\t\t<div class=\"swiper-pagination\"><\/div>\n\t\t\t\t\t\t\t\t\t\t\t\t\t\t\t\t<div class=\"elementor-swiper-button elementor-swiper-button-prev\">\n\t\t\t\t\t\t\t<i aria-hidden=\"true\" class=\"eicon-chevron-left\"><\/i>\t\t\t\t\t\t\t<span class=\"elementor-screen-only\">Anterior<\/span>\n\t\t\t\t\t\t<\/div>\n\t\t\t\t\t\t<div class=\"elementor-swiper-button elementor-swiper-button-next\">\n\t\t\t\t\t\t\t<i aria-hidden=\"true\" class=\"eicon-chevron-right\"><\/i>\t\t\t\t\t\t\t<span class=\"elementor-screen-only\">Siguiente<\/span>\n\t\t\t\t\t\t<\/div>\n\t\t\t\t\t\t\t\t\t\t\t\t<\/div>\n\t\t<\/div>\n\t\t\t\t<\/div>\n\t\t\t\t<\/div>\n\t\t\t\t<div class=\"elementor-element elementor-element-e5d262b elementor-widget elementor-widget-spacer\" data-id=\"e5d262b\" data-element_type=\"widget\" data-widget_type=\"spacer.default\">\n\t\t\t\t<div class=\"elementor-widget-container\">\n\t\t\t\t\t<div class=\"elementor-spacer\">\n\t\t\t<div class=\"elementor-spacer-inner\"><\/div>\n\t\t<\/div>\n\t\t\t\t<\/div>\n\t\t\t\t<\/div>\n\t\t\t\t<div class=\"elementor-element elementor-element-591da25 elementor-widget elementor-widget-heading\" data-id=\"591da25\" data-element_type=\"widget\" data-widget_type=\"heading.default\">\n\t\t\t\t<div class=\"elementor-widget-container\">\n\t\t\t<h2 class=\"elementor-heading-title elementor-size-default\">PR\u00d3XIMA EDICI\u00d3N<\/h2>\t\t<\/div>\n\t\t\t\t<\/div>\n\t\t\t\t<div class=\"elementor-element elementor-element-c371d84 elementor-widget elementor-widget-eael-countdown\" data-id=\"c371d84\" data-element_type=\"widget\" data-widget_type=\"eael-countdown.default\">\n\t\t\t\t<div class=\"elementor-widget-container\">\n\t\t\t\n\t\t<div class=\"eael-countdown-wrapper\" data-countdown-id=\"c371d84\" data-expire-type=\"none\" data-countdown-type=\"due_date\">\n\t\t\t<div class=\"eael-countdown-container eael-countdown-label-block   \">\n                                    <ul id=\"eael-countdown-c371d84\" class=\"eael-countdown-items\" data-date=\"Jun 20 2025 0:00:00 +2\">\n                        <li class=\"eael-countdown-item\"><div class=\"eael-countdown-days\"><span data-days class=\"eael-countdown-digits\">00<\/span><span class=\"eael-countdown-label\">D\u00edas<\/span><\/div><\/li>                        <li class=\"eael-countdown-item\"><div class=\"eael-countdown-hours\"><span data-hours class=\"eael-countdown-digits\">00<\/span><span class=\"eael-countdown-label\">Horas<\/span><\/div><\/li>                        <li class=\"eael-countdown-item\"><div class=\"eael-countdown-minutes\"><span data-minutes class=\"eael-countdown-digits\">00<\/span><span class=\"eael-countdown-label\">Minutos<\/span><\/div><\/li>                        <li class=\"eael-countdown-item\"><div class=\"eael-countdown-seconds\"><span data-seconds class=\"eael-countdown-digits\">00<\/span><span class=\"eael-countdown-label\">Segundos<\/span><\/div><\/li>                    <\/ul>\n                    <div class=\"eael-countdown-expiry-template\" style=\"display: none;\">\n                                            <\/div>\n               \n\t\t\t    <div class=\"clearfix\"><\/div>\n\t\t\t<\/div>\n\t\t<\/div>\n\n\t\t\t<\/div>\n\t\t\t\t<\/div>\n\t\t\t\t<div class=\"elementor-element elementor-element-3408e04 elementor-widget elementor-widget-google_maps\" data-id=\"3408e04\" data-element_type=\"widget\" data-widget_type=\"google_maps.default\">\n\t\t\t\t<div class=\"elementor-widget-container\">\n\t\t\t\t\t<div class=\"elementor-custom-embed\">\n\t\t\t<iframe loading=\"lazy\"\n\t\t\t\t\tsrc=\"https:\/\/maps.google.com\/maps?q=PISTA%20ATLETISMO%20BALA%C3%8DDOS&#038;t=m&#038;z=10&#038;output=embed&#038;iwloc=near\"\n\t\t\t\t\ttitle=\"PISTA ATLETISMO BALA\u00cdDOS\"\n\t\t\t\t\taria-label=\"PISTA ATLETISMO BALA\u00cdDOS\"\n\t\t\t><\/iframe>\n\t\t<\/div>\n\t\t\t\t<\/div>\n\t\t\t\t<\/div>\n\t\t\t\t<div class=\"elementor-element elementor-element-a333781 elementor-widget elementor-widget-spacer\" data-id=\"a333781\" data-element_type=\"widget\" data-widget_type=\"spacer.default\">\n\t\t\t\t<div class=\"elementor-widget-container\">\n\t\t\t\t\t<div class=\"elementor-spacer\">\n\t\t\t<div class=\"elementor-spacer-inner\"><\/div>\n\t\t<\/div>\n\t\t\t\t<\/div>\n\t\t\t\t<\/div>\n\t\t\t\t<div class=\"elementor-element elementor-element-b0e1f9c elementor-widget elementor-widget-heading\" data-id=\"b0e1f9c\" data-element_type=\"widget\" data-widget_type=\"heading.default\">\n\t\t\t\t<div class=\"elementor-widget-container\">\n\t\t\t<h2 class=\"elementor-heading-title elementor-size-default\">\u00daLTIMAS NOTICIAS<\/h2>\t\t<\/div>\n\t\t\t\t<\/div>\n\t\t\t\t<div class=\"elementor-element elementor-element-b1dce4a elementor-grid-3 elementor-grid-tablet-2 elementor-grid-mobile-1 elementor-posts--thumbnail-top elementor-card-shadow-yes elementor-posts__hover-gradient elementor-widget elementor-widget-posts\" data-id=\"b1dce4a\" data-element_type=\"widget\" data-settings=\"{&quot;cards_columns&quot;:&quot;3&quot;,&quot;cards_columns_tablet&quot;:&quot;2&quot;,&quot;cards_columns_mobile&quot;:&quot;1&quot;,&quot;cards_row_gap&quot;:{&quot;unit&quot;:&quot;px&quot;,&quot;size&quot;:35,&quot;sizes&quot;:[]},&quot;cards_row_gap_tablet&quot;:{&quot;unit&quot;:&quot;px&quot;,&quot;size&quot;:&quot;&quot;,&quot;sizes&quot;:[]},&quot;cards_row_gap_mobile&quot;:{&quot;unit&quot;:&quot;px&quot;,&quot;size&quot;:&quot;&quot;,&quot;sizes&quot;:[]}}\" data-widget_type=\"posts.cards\">\n\t\t\t\t<div class=\"elementor-widget-container\">\n\t\t\t\t\t<div class=\"elementor-posts-container elementor-posts elementor-posts--skin-cards elementor-grid\">\n\t\t\t\t<article class=\"elementor-post elementor-grid-item post-11839 post type-post status-publish format-standard has-post-thumbnail hentry category-actualidad category-alfonso-posada category-circulares-del-club category-competiciones category-competicions-do-clube category-noticia-destacada category-noticias\">\n\t\t\t<div class=\"elementor-post__card\">\n\t\t\t\t<a class=\"elementor-post__thumbnail__link\" href=\"https:\/\/celtaatletismo.es\/blog\/xv-trofeo-alfonso-posada\/\" target=\"_blank\"><div class=\"elementor-post__thumbnail\"><img width=\"768\" height=\"1086\" src=\"https:\/\/celtaatletismo.es\/blog\/wp-content\/uploads\/2023\/06\/CARTEL-768x1086.jpg\" class=\"attachment-medium_large size-medium_large wp-image-11841\" alt=\"\" decoding=\"async\" loading=\"lazy\" srcset=\"https:\/\/celtaatletismo.es\/blog\/wp-content\/uploads\/2023\/06\/CARTEL-768x1086.jpg 768w, https:\/\/celtaatletismo.es\/blog\/wp-content\/uploads\/2023\/06\/CARTEL-141x200.jpg 141w, https:\/\/celtaatletismo.es\/blog\/wp-content\/uploads\/2023\/06\/CARTEL-724x1024.jpg 724w, https:\/\/celtaatletismo.es\/blog\/wp-content\/uploads\/2023\/06\/CARTEL-1086x1536.jpg 1086w, https:\/\/celtaatletismo.es\/blog\/wp-content\/uploads\/2023\/06\/CARTEL-1448x2048.jpg 1448w, https:\/\/celtaatletismo.es\/blog\/wp-content\/uploads\/2023\/06\/CARTEL-scaled.jpg 1810w\" sizes=\"(max-width: 768px) 100vw, 768px\" \/><\/div><\/a>\n\t\t\t\t<div class=\"elementor-post__badge\">Actualidade<\/div>\n\t\t\t\t<div class=\"elementor-post__text\">\n\t\t\t\t<h3 class=\"elementor-post__title\">\n\t\t\t<a href=\"https:\/\/celtaatletismo.es\/blog\/xv-trofeo-alfonso-posada\/\" target=&quot;_blank&quot;>\n\t\t\t\tXV TROFEO ALFONSO POSADA\t\t\t<\/a>\n\t\t<\/h3>\n\t\t\t\t<div class=\"elementor-post__excerpt\">\n\t\t\t<p>El Real Club Celta de Atletismo y el Club Atletismo Femenino Celta, con el patrocinio del Concello de Vigo, la Xunta de Galicia, la Fundaci\u00f3n<\/p>\n\t\t<\/div>\n\t\t\n\t\t<a class=\"elementor-post__read-more\" href=\"https:\/\/celtaatletismo.es\/blog\/xv-trofeo-alfonso-posada\/\" aria-label=\"M\u00e1s informaci\u00f3n sobre XV TROFEO ALFONSO POSADA\" target=\"_blank\">\n\t\t\tLeer m\u00e1s \u00bb\t\t<\/a>\n\n\t\t\t\t<\/div>\n\t\t\t\t<div class=\"elementor-post__meta-data\">\n\t\t\t\t\t<span class=\"elementor-post-date\">\n\t\t\t12\/06\/2023\t\t<\/span>\n\t\t\t\t<\/div>\n\t\t\t\t\t<\/div>\n\t\t<\/article>\n\t\t\t\t<article class=\"elementor-post elementor-grid-item post-11496 post type-post status-publish format-standard has-post-thumbnail hentry category-actualidad category-alfonso-posada category-noticia-destacada category-noticias\">\n\t\t\t<div class=\"elementor-post__card\">\n\t\t\t\t<a class=\"elementor-post__thumbnail__link\" href=\"https:\/\/celtaatletismo.es\/blog\/xiv-trofeo-alfonso-posada-sempre-na-nosa-memoria-e-corazon\/\" target=\"_blank\"><div class=\"elementor-post__thumbnail\"><img width=\"768\" height=\"509\" src=\"https:\/\/celtaatletismo.es\/blog\/wp-content\/uploads\/2022\/05\/42469842372_b5d1a77c86_c-768x509.jpg\" class=\"attachment-medium_large size-medium_large wp-image-11482\" alt=\"\" decoding=\"async\" loading=\"lazy\" srcset=\"https:\/\/celtaatletismo.es\/blog\/wp-content\/uploads\/2022\/05\/42469842372_b5d1a77c86_c-768x509.jpg 768w, https:\/\/celtaatletismo.es\/blog\/wp-content\/uploads\/2022\/05\/42469842372_b5d1a77c86_c-200x133.jpg 200w, https:\/\/celtaatletismo.es\/blog\/wp-content\/uploads\/2022\/05\/42469842372_b5d1a77c86_c.jpg 800w\" sizes=\"(max-width: 768px) 100vw, 768px\" \/><\/div><\/a>\n\t\t\t\t<div class=\"elementor-post__badge\">Actualidade<\/div>\n\t\t\t\t<div class=\"elementor-post__text\">\n\t\t\t\t<h3 class=\"elementor-post__title\">\n\t\t\t<a href=\"https:\/\/celtaatletismo.es\/blog\/xiv-trofeo-alfonso-posada-sempre-na-nosa-memoria-e-corazon\/\" target=&quot;_blank&quot;>\n\t\t\t\t\u00abXIV TROFEO ALFONSO POSADA\u00bb. Sempre na nosa memoria e coraz\u00f3n.\t\t\t<\/a>\n\t\t<\/h3>\n\t\t\t\t<div class=\"elementor-post__excerpt\">\n\t\t\t<p>Este d\u00eda ter\u00eda que chegar nalg\u00fan momento, Alfonso deixounos este pasado luns 9 de maio (Vigo 1931\u00a0 \u2013 2022). O noso coraz\u00f3n celeste rompeuse en<\/p>\n\t\t<\/div>\n\t\t\n\t\t<a class=\"elementor-post__read-more\" href=\"https:\/\/celtaatletismo.es\/blog\/xiv-trofeo-alfonso-posada-sempre-na-nosa-memoria-e-corazon\/\" aria-label=\"M\u00e1s informaci\u00f3n sobre \u00abXIV TROFEO ALFONSO POSADA\u00bb. Sempre na nosa memoria e coraz\u00f3n.\" target=\"_blank\">\n\t\t\tLeer m\u00e1s \u00bb\t\t<\/a>\n\n\t\t\t\t<\/div>\n\t\t\t\t<div class=\"elementor-post__meta-data\">\n\t\t\t\t\t<span class=\"elementor-post-date\">\n\t\t\t12\/05\/2022\t\t<\/span>\n\t\t\t\t<\/div>\n\t\t\t\t\t<\/div>\n\t\t<\/article>\n\t\t\t\t<article class=\"elementor-post elementor-grid-item post-9525 post type-post status-publish format-standard has-post-thumbnail hentry category-actualidad category-alfonso-posada\">\n\t\t\t<div class=\"elementor-post__card\">\n\t\t\t\t<a class=\"elementor-post__thumbnail__link\" href=\"https:\/\/celtaatletismo.es\/blog\/tarde-de-atletismo-tarde-de-trofeo-alfonso-posada\/\" target=\"_blank\"><div class=\"elementor-post__thumbnail\"><img width=\"768\" height=\"512\" src=\"https:\/\/celtaatletismo.es\/blog\/wp-content\/uploads\/2019\/07\/DSC_2120-768x512.jpg\" class=\"attachment-medium_large size-medium_large wp-image-9529\" alt=\"\" decoding=\"async\" loading=\"lazy\" srcset=\"https:\/\/celtaatletismo.es\/blog\/wp-content\/uploads\/2019\/07\/DSC_2120-768x512.jpg 768w, https:\/\/celtaatletismo.es\/blog\/wp-content\/uploads\/2019\/07\/DSC_2120-200x133.jpg 200w, https:\/\/celtaatletismo.es\/blog\/wp-content\/uploads\/2019\/07\/DSC_2120-1024x683.jpg 1024w, https:\/\/celtaatletismo.es\/blog\/wp-content\/uploads\/2019\/07\/DSC_2120-360x240.jpg 360w, https:\/\/celtaatletismo.es\/blog\/wp-content\/uploads\/2019\/07\/DSC_2120-750x500.jpg 750w\" sizes=\"(max-width: 768px) 100vw, 768px\" \/><\/div><\/a>\n\t\t\t\t<div class=\"elementor-post__badge\">Actualidade<\/div>\n\t\t\t\t<div class=\"elementor-post__text\">\n\t\t\t\t<h3 class=\"elementor-post__title\">\n\t\t\t<a href=\"https:\/\/celtaatletismo.es\/blog\/tarde-de-atletismo-tarde-de-trofeo-alfonso-posada\/\" target=&quot;_blank&quot;>\n\t\t\t\tTarde de atletismo, tarde de Trofeo Alfonso Posada.\t\t\t<\/a>\n\t\t<\/h3>\n\t\t\t\t<div class=\"elementor-post__excerpt\">\n\t\t\t<p>Bajo un aguacero tuvo lugar ayer en la vetusta pista de atletismo de Balaidos el XIII Trofeo Alfonso Posada, en honor a nuestro presidente em\u00e9rito<\/p>\n\t\t<\/div>\n\t\t\n\t\t<a class=\"elementor-post__read-more\" href=\"https:\/\/celtaatletismo.es\/blog\/tarde-de-atletismo-tarde-de-trofeo-alfonso-posada\/\" aria-label=\"M\u00e1s informaci\u00f3n sobre Tarde de atletismo, tarde de Trofeo Alfonso Posada.\" target=\"_blank\">\n\t\t\tLeer m\u00e1s \u00bb\t\t<\/a>\n\n\t\t\t\t<\/div>\n\t\t\t\t<div class=\"elementor-post__meta-data\">\n\t\t\t\t\t<span class=\"elementor-post-date\">\n\t\t\t14\/07\/2019\t\t<\/span>\n\t\t\t\t<\/div>\n\t\t\t\t\t<\/div>\n\t\t<\/article>\n\t\t\t\t<\/div>\n\t\t\n\t\t\t\t<\/div>\n\t\t\t\t<\/div>\n\t\t\t\t<div class=\"elementor-element elementor-element-3edea79 elementor-widget elementor-widget-heading\" data-id=\"3edea79\" data-element_type=\"widget\" data-widget_type=\"heading.default\">\n\t\t\t\t<div class=\"elementor-widget-container\">\n\t\t\t<h2 class=\"elementor-heading-title elementor-size-default\">R\u00c9CORDS<\/h2>\t\t<\/div>\n\t\t\t\t<\/div>\n\t\t\t\t<div class=\"elementor-element elementor-element-2964c2a elementor-widget elementor-widget-text-editor\" data-id=\"2964c2a\" data-element_type=\"widget\" data-widget_type=\"text-editor.default\">\n\t\t\t\t<div class=\"elementor-widget-container\">\n\t\t\t\t\t\t\t\t<div class=\"elementor-text-editor elementor-clearfix\">\n\t\t\t\t<p style=\"text-align: justify;\">\u00a0<\/p><p><strong style=\"font-family: var( --e-global-typography-text-font-family ), Sans-serif;\">100m.l.<\/strong><\/p><div class=\"_39k5 _5s6c\"><div class=\"_2cuy _3dgx _2vxa\"><div class=\"_2cuy _3dgx _2vxa\">Mauro Triana L\u00f3pez. 10.58s (13\/07\/2019)<br \/>Nediam Nori Vargas Arteaga. 11.63s (26\/05\/2017)<br \/><strong><span class=\"_4yxo\">100m.v.<\/span><\/strong><br \/>Catarina Queir\u00f3s. 14.31s (13\/07\/2019)<\/div><div class=\"_2cuy _3dgx _2vxa\"><span class=\"_4yxo\"><strong>200m.l.<\/strong><br \/><\/span>Rodrigo Avellaneda Garc\u00eda. 21.69s (13\/06\/2012)<br \/>Diana Cerqueira. 25.59s (13\/06\/2012)<\/div><div class=\"_2cuy _3dgx _2vxa\"><span class=\"_4yxo\"><strong>400m.l.<\/strong><br \/><\/span>B\u00e1rbara Camblor. 55.37s (13\/07\/2019)<br \/>Raidel Acea Molares. 46.70s (13\/07\/2019)<\/div><div class=\"_2cuy _3dgx _2vxa\"><span class=\"_4yxo\"><strong>800m.l.<\/strong><br \/><\/span>Raquel Mea\u00f1os Asensi. 2:08.63s (01\/06\/2018)<br \/>David Bustos Gonz\u00e1lez. 1:48.47s (03\/06\/2015)<\/div><div class=\"_2cuy _3dgx _2vxa\"><span class=\"_4yxo\"><strong>1500m.l.<\/strong><br \/><\/span>Raul Celada \u00c1lvarez. 3:47.02s (13\/07\/2019)<br \/>Esther Navarrete Santana. 4:24.62s (03\/06\/2015)<\/div><div class=\"_2cuy _3dgx _2vxa\"><span class=\"_4yxo\"><strong>3000m.l.<\/strong><br \/><\/span>Gustavo Platas Vidal. 8:09.16s (01\/07\/2010)<br \/>Solange Andreia Pereira da Ponte. 9:52.26s (29\/06\/2011)<\/div><div class=\"_2cuy _3dgx _2vxa\"><span class=\"_4yxo\"><strong>3000m. Obst\u00e1culos<\/strong><br \/><\/span>Tom\u00e1s Tajadura Juez. 8:33.40s (13\/06\/2012)<\/div><div class=\"_2cuy _3dgx _2vxa\"><span class=\"_4yxo\"><strong>5000m.l.<\/strong><br \/><\/span>Ester Navarrete Santana. 15:54.06s (01\/06\/2018)<br \/>Rub\u00e9n Pereira Cardalda. 15:57.23s (01\/06\/2018)<\/div><div class=\"_2cuy _3dgx _2vxa\"><span class=\"_4yxo\"><strong>Lanzamento de Peso<\/strong><br \/><\/span>Fernando Paredes Fern\u00e1ndez. 15,70m (03\/07\/2008)<br \/>Elena Est\u00e9vez Cabral. 11.84m (01\/07\/2010)<\/div><div class=\"_2cuy _3dgx _2vxa\"><span class=\"_4yxo\"><strong>Lanzamento de Martelo<\/strong><br \/><\/span>Isaac Vicente Land\u00edn. 68.91m (27\/06\/2013)<br \/>Valeria Chiliquinga. 61.97m (13\/07\/2019)<\/div><div class=\"_2cuy _3dgx _2vxa\"><span class=\"_4yxo\"><strong>Lanzamento de Disco<\/strong><br \/><\/span>Frank Yennifer Casa\u00f1as Hern\u00e1ndez. 62.76m (28\/05\/2014)<\/div><div class=\"_2cuy _3dgx _2vxa\"><span class=\"_4yxo\"><strong>Salto de Lonxitude<\/strong><br \/><\/span>Lucinda G\u00f3mes. 6.04m (13\/07\/2019)<br \/>Jean Marie Okutu Kouletio. 7.85m (03\/06\/2015)<\/div><div class=\"_2cuy _3dgx _2vxa\"><span class=\"_4yxo\"><strong>Salto con P\u00e9rte<\/strong><\/span><span class=\"_4yxo\"><strong>ga:<\/strong><br \/><\/span>Diogo Ferrira. 5.40m (13\/07\/2019)<br \/>Beatriz Viteri Bouso. 3.61m (28\/05\/2014)<\/div><div class=\"_2cuy _3dgx _2vxa\"><span class=\"_4yxo\"><strong>Triplo salto:<\/strong><br \/><\/span>Alberto Elena Corbal. 14.22m (01\/06\/2018)<br \/>Luc\u00eda P\u00e9rez Curr\u00e1s. 11.37m (29\/06\/2011)<\/div><div class=\"_2cuy _3dgx _2vxa\"><span class=\"_4yxo\"><strong>Lanzamiento de Xavelina<\/strong><br \/><\/span>Lidia Parada Santos. 57.30m (29\/06\/2016)<\/div><div class=\"_2cuy _3dgx _2vxa\"><span class=\"_4yxo\"><strong>5000M. Marcha:<\/strong><br \/><\/span>Rui Coelho. 20:32.37s (13\/07\/2019)<\/div><div>\u00a0<\/div><div class=\"_2cuy _3dgx _2vxa\"><strong>\u00b7 Hist\u00f3rico:<\/strong><\/div><\/div><\/div><ul><li><strong>I Trofeo Alfonso Posada, <\/strong><em>12<\/em><em> de xullo do 2007<\/em><\/li><li><strong>II Trofeo Alfonso Posada, <\/strong><em>3 de xullo do 2008. <\/em><a href=\"https:\/\/atletismo.gal\/wp-content\/uploads\/webfga\/Resultados200708\/Vigo\/v030708.pdf\" target=\"_blank\" rel=\"noopener noreferrer\">Resultados<\/a>.<\/li><li><strong>III Trofeo Alfonso Posada, <\/strong><em>2 de xullo do 2009. <\/em><a href=\"https:\/\/atletismo.gal\/wp-content\/uploads\/webfga\/Resultados200809\/Vigo\/v020709.pdf\" target=\"_blank\" rel=\"noopener noreferrer\">Resultados<\/a>.<\/li><li><strong>IV Trofeo Alfonso Posada, <\/strong><em>1 de xullo do 2010. <\/em><a href=\"https:\/\/atletismo.gal\/wp-content\/uploads\/webfga\/Resultados200910\/Vigo\/v010710.pdf\" target=\"_blank\" rel=\"noopener noreferrer\">Resultados<\/a>.<\/li><li><strong>V Trofeo Alfonso Posada, <\/strong><em>29 de xu\u00f1o do 2011. <\/em><a href=\"https:\/\/www.fgatletismo.es\/vigo\/wp-content\/uploads\/2011\/06\/2011-06-29.pdf\" target=\"_blank\" rel=\"noopener noreferrer\">Resultados<\/a>.<\/li><li><strong>VI Trofeo Alfonso Posada &#8211; Control T\u00e9cnico RFEA, <\/strong><em>13 de xu\u00f1o do 2012. <\/em><a href=\"https:\/\/atletismo.gal\/wp-content\/uploads\/webfga\/Resultados201112\/Vigo\/v130612.pdf\" target=\"_blank\" rel=\"noopener noreferrer\">Resultados<\/a>.<\/li><li><strong>VII Trofeo Alfonso Posada, <\/strong><em>27 de xu\u00f1o do 2013. <\/em><a href=\"https:\/\/atletismo.gal\/wp-content\/uploads\/webfga\/Resultados201213\/Vigo\/v270613.pdf\" target=\"_blank\" rel=\"noopener noreferrer\">Resultados<\/a>.<\/li><li><strong>VIII Trofeo Alfonso Posada, <\/strong><em>28 de maio do 2014. <\/em><a href=\"https:\/\/atletismo.gal\/wp-content\/uploads\/webfga\/Resultados201314\/Vigo\/rv280514.pdf\" target=\"_blank\" rel=\"noopener noreferrer\">Resultados.<\/a><\/li><li><strong>IX Trofeo Alfonso Posada, <\/strong><em>3 de xu\u00f1o do 2015. <\/em><a href=\"https:\/\/atletismo.gal\/wp-content\/uploads\/webfga\/Resultados201415\/Vigo\/rv030615.pdf\" target=\"_blank\" rel=\"noopener noreferrer\">Resultados<\/a>.<\/li><li><strong>X Trofeo Alfonso Posada, <\/strong><em>29 de xu\u00f1o do 2016. <\/em><a href=\"https:\/\/atletismo.gal\/wp-content\/uploads\/webfga\/Resultados201516\/Vigo\/rposada.pdf\" target=\"_blank\" rel=\"noopener noreferrer\">Resultados<\/a>.<\/li><li><strong>XI Trofeo Alfonso Posada, <\/strong><em>26 de maio do 2017. <\/em><a href=\"https:\/\/atletismo.gal\/wp-content\/uploads\/webfga\/Resultados201617\/vigo\/rv260517.pdf\" target=\"_blank\" rel=\"noopener noreferrer\">Resultados<\/a>.<\/li><li><strong>XII Trofeo Alfonso Posada, <\/strong><em>1 de xu\u00f1o do 2018.<\/em> <a href=\"https:\/\/atletismo.gal\/wp-content\/uploads\/2017\/11\/rv010618.pdf\" target=\"_blank\" rel=\"noopener noreferrer\">Resultados<\/a>. <a href=\"https:\/\/www.flickr.com\/photos\/celta_atletismo\/albums\/72157669687458088\">Galer\u00eda.<\/a><\/li><li><strong>XIII Trofeo Alfonso Posada,<\/strong> <em>13 de xullo do 2019. <\/em><a href=\"https:\/\/atletismo.gal\/wp-content\/uploads\/2018\/11\/rv130719.pdf\">Resultados.<\/a><\/li><li><strong>Control Nacional de Marcas &#8211; Adicado a D. Alfonso Posada<\/strong>,<em> 23 de maio de 2021<\/em>. <a href=\"https:\/\/celtaatletismo.es\/blog\/blog\/wp-content\/uploads\/2022\/05\/rv230521.pdf\">Resultados.<\/a><\/li><\/ul>\t\t\t\t\t<\/div>\n\t\t\t\t\t\t<\/div>\n\t\t\t\t<\/div>\n\t\t\t\t\t\t<\/div>\n\t\t\t\t\t<\/div>\n\t\t<\/div>\n\t\t\t\t<div class=\"has_eae_slider elementor-column elementor-col-50 elementor-top-column elementor-element elementor-element-d85992f\" data-id=\"d85992f\" data-element_type=\"column\">\n\t\t\t<div class=\"elementor-column-wrap elementor-element-populated\">\n\t\t\t\t\t\t\t<div class=\"elementor-widget-wrap\">\n\t\t\t\t\t\t<div class=\"elementor-element elementor-element-1cebc39 elementor-widget elementor-widget-template\" data-id=\"1cebc39\" data-element_type=\"widget\" data-widget_type=\"template.default\">\n\t\t\t\t<div class=\"elementor-widget-container\">\n\t\t\t\t\t<div class=\"elementor-template\">\n\t\t\t\t\t<div data-elementor-type=\"page\" data-elementor-id=\"10379\" class=\"elementor elementor-10379\">\n\t\t\t\t\t\t<div class=\"elementor-inner\">\n\t\t\t\t<div class=\"elementor-section-wrap\">\n\t\t\t\t\t\t\t\t\t<section class=\"has_eae_slider elementor-section elementor-top-section elementor-element elementor-element-cf7a3d6 elementor-section-boxed elementor-section-height-default elementor-section-height-default\" data-particle_enable=\"false\" data-particle-mobile-disabled=\"false\" data-id=\"cf7a3d6\" data-element_type=\"section\">\n\t\t\t\t\t\t<div class=\"elementor-container elementor-column-gap-default\">\n\t\t\t\t\t\t\t<div class=\"elementor-row\">\n\t\t\t\t\t<div class=\"has_eae_slider elementor-column elementor-col-100 elementor-top-column elementor-element elementor-element-e2efd9e\" data-id=\"e2efd9e\" data-element_type=\"column\">\n\t\t\t<div class=\"elementor-column-wrap elementor-element-populated\">\n\t\t\t\t\t\t\t<div class=\"elementor-widget-wrap\">\n\t\t\t\t\t\t<div class=\"elementor-element elementor-element-ecfeaff sin-margen elementor-widget elementor-widget-image\" data-id=\"ecfeaff\" data-element_type=\"widget\" data-widget_type=\"image.default\">\n\t\t\t\t<div class=\"elementor-widget-container\">\n\t\t\t\t\t\t\t\t<div class=\"elementor-image\">\n\t\t\t\t\t\t\t\t\t\t\t\t\t<a href=\"https:\/\/celtaatletismo.es\/blog\/escola\/\">\n\t\t\t\t\t\t\t<img decoding=\"async\" width=\"337\" height=\"103\" src=\"https:\/\/celtaatletismo.es\/blog\/wp-content\/uploads\/2015\/07\/escola-de-atletismo-celta.png\" class=\"attachment-large size-large wp-image-6077\" alt=\"\" loading=\"lazy\" srcset=\"https:\/\/celtaatletismo.es\/blog\/wp-content\/uploads\/2015\/07\/escola-de-atletismo-celta.png 337w, https:\/\/celtaatletismo.es\/blog\/wp-content\/uploads\/2015\/07\/escola-de-atletismo-celta-300x92.png 300w\" sizes=\"(max-width: 337px) 100vw, 337px\" \/>\t\t\t\t\t\t\t\t<\/a>\n\t\t\t\t\t\t\t\t\t\t\t\t\t\t<\/div>\n\t\t\t\t\t\t<\/div>\n\t\t\t\t<\/div>\n\t\t\t\t<div class=\"elementor-element elementor-element-4b8fbd7 sin-margen elementor-widget elementor-widget-image\" data-id=\"4b8fbd7\" data-element_type=\"widget\" data-widget_type=\"image.default\">\n\t\t\t\t<div class=\"elementor-widget-container\">\n\t\t\t\t\t\t\t\t<div class=\"elementor-image\">\n\t\t\t\t\t\t\t\t\t\t\t\t\t<a href=\"https:\/\/app.cluber.es\/clubes\/ffff7f52d47268e607fa6d332df6d68f19c5674c8cf8\/pagos\/64b7939a71d38092676480\" target=\"_blank\">\n\t\t\t\t\t\t\t<img decoding=\"async\" width=\"337\" height=\"111\" src=\"https:\/\/celtaatletismo.es\/blog\/wp-content\/uploads\/2020\/05\/tienda-celta-atletismo.png\" class=\"attachment-large size-large wp-image-11645\" alt=\"\" loading=\"lazy\" srcset=\"https:\/\/celtaatletismo.es\/blog\/wp-content\/uploads\/2020\/05\/tienda-celta-atletismo.png 337w, https:\/\/celtaatletismo.es\/blog\/wp-content\/uploads\/2020\/05\/tienda-celta-atletismo-200x66.png 200w\" sizes=\"(max-width: 337px) 100vw, 337px\" \/>\t\t\t\t\t\t\t\t<\/a>\n\t\t\t\t\t\t\t\t\t\t\t\t\t\t<\/div>\n\t\t\t\t\t\t<\/div>\n\t\t\t\t<\/div>\n\t\t\t\t<div class=\"elementor-element elementor-element-606ac39 elementor-widget-divider--view-line_text elementor-widget-divider--element-align-left sin-margen elementor-widget elementor-widget-divider\" data-id=\"606ac39\" data-element_type=\"widget\" data-widget_type=\"divider.default\">\n\t\t\t\t<div class=\"elementor-widget-container\">\n\t\t\t\t\t<div class=\"elementor-divider\">\n\t\t\t<span class=\"elementor-divider-separator\">\n\t\t\t\t\t\t\t<span class=\"elementor-divider__text elementor-divider__element\">\n\t\t\t\tPATROCINADORES\t\t\t\t<\/span>\n\t\t\t\t\t\t<\/span>\n\t\t<\/div>\n\t\t\t\t<\/div>\n\t\t\t\t<\/div>\n\t\t\t\t<section class=\"has_eae_slider elementor-section elementor-inner-section elementor-element elementor-element-4deab11 elementor-section-boxed elementor-section-height-default elementor-section-height-default\" data-particle_enable=\"false\" data-particle-mobile-disabled=\"false\" data-id=\"4deab11\" data-element_type=\"section\">\n\t\t\t\t\t\t<div class=\"elementor-container elementor-column-gap-default\">\n\t\t\t\t\t\t\t<div class=\"elementor-row\">\n\t\t\t\t\t<div class=\"has_eae_slider elementor-column elementor-col-50 elementor-inner-column elementor-element elementor-element-85478f8\" data-id=\"85478f8\" data-element_type=\"column\">\n\t\t\t<div class=\"elementor-column-wrap elementor-element-populated\">\n\t\t\t\t\t\t\t<div class=\"elementor-widget-wrap\">\n\t\t\t\t\t\t<div class=\"elementor-element elementor-element-a3d9ce1 elementor-widget elementor-widget-image\" data-id=\"a3d9ce1\" data-element_type=\"widget\" data-widget_type=\"image.default\">\n\t\t\t\t<div class=\"elementor-widget-container\">\n\t\t\t\t\t\t\t\t<div class=\"elementor-image\">\n\t\t\t\t\t\t\t\t\t\t\t\t\t<a href=\"http:\/\/hoxe.vigo.org\/\" target=\"_blank\">\n\t\t\t\t\t\t\t<img decoding=\"async\" width=\"334\" height=\"114\" src=\"https:\/\/celtaatletismo.es\/blog\/wp-content\/uploads\/2018\/03\/concello-de-vigo-hd.jpg\" class=\"attachment-large size-large wp-image-8546\" alt=\"\" loading=\"lazy\" srcset=\"https:\/\/celtaatletismo.es\/blog\/wp-content\/uploads\/2018\/03\/concello-de-vigo-hd.jpg 334w, https:\/\/celtaatletismo.es\/blog\/wp-content\/uploads\/2018\/03\/concello-de-vigo-hd-200x68.jpg 200w\" sizes=\"(max-width: 334px) 100vw, 334px\" \/>\t\t\t\t\t\t\t\t<\/a>\n\t\t\t\t\t\t\t\t\t\t\t\t\t\t<\/div>\n\t\t\t\t\t\t<\/div>\n\t\t\t\t<\/div>\n\t\t\t\t\t\t<\/div>\n\t\t\t\t\t<\/div>\n\t\t<\/div>\n\t\t\t\t<div class=\"has_eae_slider elementor-column elementor-col-50 elementor-inner-column elementor-element elementor-element-e71fb48\" data-id=\"e71fb48\" data-element_type=\"column\">\n\t\t\t<div class=\"elementor-column-wrap elementor-element-populated\">\n\t\t\t\t\t\t\t<div class=\"elementor-widget-wrap\">\n\t\t\t\t\t\t<div class=\"elementor-element elementor-element-4910044 elementor-widget elementor-widget-image\" data-id=\"4910044\" data-element_type=\"widget\" data-widget_type=\"image.default\">\n\t\t\t\t<div class=\"elementor-widget-container\">\n\t\t\t\t\t\t\t\t<div class=\"elementor-image\">\n\t\t\t\t\t\t\t\t\t\t\t\t\t<a href=\"http:\/\/www.depo.es\/\" target=\"_blank\">\n\t\t\t\t\t\t\t<img decoding=\"async\" width=\"330\" height=\"114\" src=\"https:\/\/celtaatletismo.es\/blog\/wp-content\/uploads\/2020\/05\/deputacion-pontevedra-hd2024.jpg\" class=\"attachment-large size-large wp-image-11920\" alt=\"\" loading=\"lazy\" srcset=\"https:\/\/celtaatletismo.es\/blog\/wp-content\/uploads\/2020\/05\/deputacion-pontevedra-hd2024.jpg 330w, https:\/\/celtaatletismo.es\/blog\/wp-content\/uploads\/2020\/05\/deputacion-pontevedra-hd2024-200x69.jpg 200w\" sizes=\"(max-width: 330px) 100vw, 330px\" \/>\t\t\t\t\t\t\t\t<\/a>\n\t\t\t\t\t\t\t\t\t\t\t\t\t\t<\/div>\n\t\t\t\t\t\t<\/div>\n\t\t\t\t<\/div>\n\t\t\t\t\t\t<\/div>\n\t\t\t\t\t<\/div>\n\t\t<\/div>\n\t\t\t\t\t\t\t\t<\/div>\n\t\t\t\t\t<\/div>\n\t\t<\/section>\n\t\t\t\t<section class=\"has_eae_slider elementor-section elementor-inner-section elementor-element elementor-element-9a0d5f3 elementor-section-boxed elementor-section-height-default elementor-section-height-default\" data-particle_enable=\"false\" data-particle-mobile-disabled=\"false\" data-id=\"9a0d5f3\" data-element_type=\"section\">\n\t\t\t\t\t\t<div class=\"elementor-container elementor-column-gap-default\">\n\t\t\t\t\t\t\t<div class=\"elementor-row\">\n\t\t\t\t\t<div class=\"has_eae_slider elementor-column elementor-col-100 elementor-inner-column elementor-element elementor-element-7b475e7\" data-id=\"7b475e7\" data-element_type=\"column\">\n\t\t\t<div class=\"elementor-column-wrap elementor-element-populated\">\n\t\t\t\t\t\t\t<div class=\"elementor-widget-wrap\">\n\t\t\t\t\t\t<div class=\"elementor-element elementor-element-3d03e85 elementor-widget elementor-widget-image\" data-id=\"3d03e85\" data-element_type=\"widget\" data-widget_type=\"image.default\">\n\t\t\t\t<div class=\"elementor-widget-container\">\n\t\t\t\t\t\t\t\t<div class=\"elementor-image\">\n\t\t\t\t\t\t\t\t\t\t\t\t\t<a href=\"http:\/\/deporte.xunta.es\/\" target=\"_blank\">\n\t\t\t\t\t\t\t<img decoding=\"async\" width=\"338\" height=\"86\" src=\"https:\/\/celtaatletismo.es\/blog\/wp-content\/uploads\/2020\/05\/logo-xunta.jpg\" class=\"attachment-large size-large wp-image-11796\" alt=\"\" loading=\"lazy\" srcset=\"https:\/\/celtaatletismo.es\/blog\/wp-content\/uploads\/2020\/05\/logo-xunta.jpg 338w, https:\/\/celtaatletismo.es\/blog\/wp-content\/uploads\/2020\/05\/logo-xunta-200x51.jpg 200w\" sizes=\"(max-width: 338px) 100vw, 338px\" \/>\t\t\t\t\t\t\t\t<\/a>\n\t\t\t\t\t\t\t\t\t\t\t\t\t\t<\/div>\n\t\t\t\t\t\t<\/div>\n\t\t\t\t<\/div>\n\t\t\t\t\t\t<\/div>\n\t\t\t\t\t<\/div>\n\t\t<\/div>\n\t\t\t\t\t\t\t\t<\/div>\n\t\t\t\t\t<\/div>\n\t\t<\/section>\n\t\t\t\t<section class=\"has_eae_slider elementor-section elementor-inner-section elementor-element elementor-element-5fff41a elementor-section-boxed elementor-section-height-default elementor-section-height-default\" data-particle_enable=\"false\" data-particle-mobile-disabled=\"false\" data-id=\"5fff41a\" data-element_type=\"section\">\n\t\t\t\t\t\t<div class=\"elementor-container elementor-column-gap-default\">\n\t\t\t\t\t\t\t<div class=\"elementor-row\">\n\t\t\t\t\t<div class=\"has_eae_slider elementor-column elementor-col-100 elementor-inner-column elementor-element elementor-element-aa87a80\" data-id=\"aa87a80\" data-element_type=\"column\">\n\t\t\t<div class=\"elementor-column-wrap elementor-element-populated\">\n\t\t\t\t\t\t\t<div class=\"elementor-widget-wrap\">\n\t\t\t\t\t\t<div class=\"elementor-element elementor-element-8790493 elementor-widget elementor-widget-image\" data-id=\"8790493\" data-element_type=\"widget\" data-widget_type=\"image.default\">\n\t\t\t\t<div class=\"elementor-widget-container\">\n\t\t\t\t\t\t\t\t<div class=\"elementor-image\">\n\t\t\t\t\t\t\t\t\t\t\t\t\t<a href=\"http:\/\/www.abanca.com\/\">\n\t\t\t\t\t\t\t<img decoding=\"async\" src=\"https:\/\/celtaatletismo.es\/blog\/wp-content\/uploads\/elementor\/thumbs\/NON-ppmqc9tokirai65uqxk7k0ewi6hd9gx7nryxkjbxye.png\" title=\"NON\" alt=\"NON\" loading=\"lazy\" \/>\t\t\t\t\t\t\t\t<\/a>\n\t\t\t\t\t\t\t\t\t\t\t\t\t\t<\/div>\n\t\t\t\t\t\t<\/div>\n\t\t\t\t<\/div>\n\t\t\t\t\t\t<\/div>\n\t\t\t\t\t<\/div>\n\t\t<\/div>\n\t\t\t\t\t\t\t\t<\/div>\n\t\t\t\t\t<\/div>\n\t\t<\/section>\n\t\t\t\t<section class=\"has_eae_slider elementor-section elementor-inner-section elementor-element elementor-element-29696b9 elementor-section-boxed elementor-section-height-default elementor-section-height-default\" data-particle_enable=\"false\" data-particle-mobile-disabled=\"false\" data-id=\"29696b9\" data-element_type=\"section\">\n\t\t\t\t\t\t<div class=\"elementor-container elementor-column-gap-default\">\n\t\t\t\t\t\t\t<div class=\"elementor-row\">\n\t\t\t\t\t<div class=\"has_eae_slider elementor-column elementor-col-50 elementor-inner-column elementor-element elementor-element-4341cd9\" data-id=\"4341cd9\" data-element_type=\"column\">\n\t\t\t<div class=\"elementor-column-wrap elementor-element-populated\">\n\t\t\t\t\t\t\t<div class=\"elementor-widget-wrap\">\n\t\t\t\t\t\t<div class=\"elementor-element elementor-element-1c778ee elementor-widget elementor-widget-image\" data-id=\"1c778ee\" data-element_type=\"widget\" data-widget_type=\"image.default\">\n\t\t\t\t<div class=\"elementor-widget-container\">\n\t\t\t\t\t\t\t\t<div class=\"elementor-image\">\n\t\t\t\t\t\t\t\t\t\t\t\t\t<a href=\"http:\/\/www.abanca.com\/\">\n\t\t\t\t\t\t\t<img decoding=\"async\" width=\"294\" height=\"110\" src=\"https:\/\/celtaatletismo.es\/blog\/wp-content\/uploads\/2018\/03\/abanca-hd.jpg\" class=\"attachment-large size-large wp-image-8550\" alt=\"\" loading=\"lazy\" srcset=\"https:\/\/celtaatletismo.es\/blog\/wp-content\/uploads\/2018\/03\/abanca-hd.jpg 294w, https:\/\/celtaatletismo.es\/blog\/wp-content\/uploads\/2018\/03\/abanca-hd-200x75.jpg 200w\" sizes=\"(max-width: 294px) 100vw, 294px\" \/>\t\t\t\t\t\t\t\t<\/a>\n\t\t\t\t\t\t\t\t\t\t\t\t\t\t<\/div>\n\t\t\t\t\t\t<\/div>\n\t\t\t\t<\/div>\n\t\t\t\t\t\t<\/div>\n\t\t\t\t\t<\/div>\n\t\t<\/div>\n\t\t\t\t<div class=\"has_eae_slider elementor-column elementor-col-50 elementor-inner-column elementor-element elementor-element-3550e8d\" data-id=\"3550e8d\" data-element_type=\"column\">\n\t\t\t<div class=\"elementor-column-wrap elementor-element-populated\">\n\t\t\t\t\t\t\t<div class=\"elementor-widget-wrap\">\n\t\t\t\t\t\t<div class=\"elementor-element elementor-element-cef9dfc elementor-widget elementor-widget-image\" data-id=\"cef9dfc\" data-element_type=\"widget\" data-widget_type=\"image.default\">\n\t\t\t\t<div class=\"elementor-widget-container\">\n\t\t\t\t\t\t\t\t<div class=\"elementor-image\">\n\t\t\t\t\t\t\t\t\t\t\t\t<img decoding=\"async\" width=\"300\" height=\"150\" src=\"https:\/\/celtaatletismo.es\/blog\/wp-content\/uploads\/2020\/05\/serfico-sl.jpg\" class=\"attachment-large size-large wp-image-10896\" alt=\"\" loading=\"lazy\" srcset=\"https:\/\/celtaatletismo.es\/blog\/wp-content\/uploads\/2020\/05\/serfico-sl.jpg 300w, https:\/\/celtaatletismo.es\/blog\/wp-content\/uploads\/2020\/05\/serfico-sl-200x100.jpg 200w\" sizes=\"(max-width: 300px) 100vw, 300px\" \/>\t\t\t\t\t\t\t\t\t\t\t\t\t\t<\/div>\n\t\t\t\t\t\t<\/div>\n\t\t\t\t<\/div>\n\t\t\t\t\t\t<\/div>\n\t\t\t\t\t<\/div>\n\t\t<\/div>\n\t\t\t\t\t\t\t\t<\/div>\n\t\t\t\t\t<\/div>\n\t\t<\/section>\n\t\t\t\t<section class=\"has_eae_slider elementor-section elementor-inner-section elementor-element elementor-element-ed666b8 elementor-section-boxed elementor-section-height-default elementor-section-height-default\" data-particle_enable=\"false\" data-particle-mobile-disabled=\"false\" data-id=\"ed666b8\" data-element_type=\"section\">\n\t\t\t\t\t\t<div class=\"elementor-container elementor-column-gap-default\">\n\t\t\t\t\t\t\t<div class=\"elementor-row\">\n\t\t\t\t\t<div class=\"has_eae_slider elementor-column elementor-col-50 elementor-inner-column elementor-element elementor-element-d25cc50\" data-id=\"d25cc50\" data-element_type=\"column\">\n\t\t\t<div class=\"elementor-column-wrap elementor-element-populated\">\n\t\t\t\t\t\t\t<div class=\"elementor-widget-wrap\">\n\t\t\t\t\t\t<div class=\"elementor-element elementor-element-253756a elementor-widget elementor-widget-image\" data-id=\"253756a\" data-element_type=\"widget\" data-widget_type=\"image.default\">\n\t\t\t\t<div class=\"elementor-widget-container\">\n\t\t\t\t\t\t\t\t<div class=\"elementor-image\">\n\t\t\t\t\t\t\t\t\t\t\t\t\t<a href=\"https:\/\/xenera.com\/gl\/tarifa-balon-e-redonda\/?utm_source=celtaatletismo&#038;utm_medium=web&#038;utm_campaign=tarifabalon\" target=\"_blank\">\n\t\t\t\t\t\t\t<img decoding=\"async\" width=\"800\" height=\"1700\" src=\"https:\/\/celtaatletismo.es\/blog\/wp-content\/uploads\/2019\/12\/Tarifa_Balon_Tricolor_Web_GAL.jpg\" class=\"attachment-full size-full wp-image-9868\" alt=\"\" loading=\"lazy\" srcset=\"https:\/\/celtaatletismo.es\/blog\/wp-content\/uploads\/2019\/12\/Tarifa_Balon_Tricolor_Web_GAL.jpg 800w, https:\/\/celtaatletismo.es\/blog\/wp-content\/uploads\/2019\/12\/Tarifa_Balon_Tricolor_Web_GAL-94x200.jpg 94w, https:\/\/celtaatletismo.es\/blog\/wp-content\/uploads\/2019\/12\/Tarifa_Balon_Tricolor_Web_GAL-768x1632.jpg 768w, https:\/\/celtaatletismo.es\/blog\/wp-content\/uploads\/2019\/12\/Tarifa_Balon_Tricolor_Web_GAL-482x1024.jpg 482w, https:\/\/celtaatletismo.es\/blog\/wp-content\/uploads\/2019\/12\/Tarifa_Balon_Tricolor_Web_GAL-360x765.jpg 360w, https:\/\/celtaatletismo.es\/blog\/wp-content\/uploads\/2019\/12\/Tarifa_Balon_Tricolor_Web_GAL-750x1594.jpg 750w\" sizes=\"(max-width: 800px) 100vw, 800px\" \/>\t\t\t\t\t\t\t\t<\/a>\n\t\t\t\t\t\t\t\t\t\t\t\t\t\t<\/div>\n\t\t\t\t\t\t<\/div>\n\t\t\t\t<\/div>\n\t\t\t\t\t\t<\/div>\n\t\t\t\t\t<\/div>\n\t\t<\/div>\n\t\t\t\t<div class=\"has_eae_slider elementor-column elementor-col-50 elementor-inner-column elementor-element elementor-element-68e31e1\" data-id=\"68e31e1\" data-element_type=\"column\">\n\t\t\t<div class=\"elementor-column-wrap elementor-element-populated\">\n\t\t\t\t\t\t\t<div class=\"elementor-widget-wrap\">\n\t\t\t\t\t\t<div class=\"elementor-element elementor-element-d5aa2c1 elementor-widget elementor-widget-image\" data-id=\"d5aa2c1\" data-element_type=\"widget\" data-widget_type=\"image.default\">\n\t\t\t\t<div class=\"elementor-widget-container\">\n\t\t\t\t\t\t\t\t<div class=\"elementor-image\">\n\t\t\t\t\t\t\t\t\t\t\t\t\t<a href=\"https:\/\/www.aguasana.es\/\" target=\"_blank\">\n\t\t\t\t\t\t\t<img decoding=\"async\" width=\"240\" height=\"192\" src=\"https:\/\/celtaatletismo.es\/blog\/wp-content\/uploads\/2020\/05\/logo-agua-sana-grande.png\" class=\"attachment-full size-full wp-image-11900\" alt=\"\" loading=\"lazy\" srcset=\"https:\/\/celtaatletismo.es\/blog\/wp-content\/uploads\/2020\/05\/logo-agua-sana-grande.png 240w, https:\/\/celtaatletismo.es\/blog\/wp-content\/uploads\/2020\/05\/logo-agua-sana-grande-200x160.png 200w\" sizes=\"(max-width: 240px) 100vw, 240px\" \/>\t\t\t\t\t\t\t\t<\/a>\n\t\t\t\t\t\t\t\t\t\t\t\t\t\t<\/div>\n\t\t\t\t\t\t<\/div>\n\t\t\t\t<\/div>\n\t\t\t\t\t\t<\/div>\n\t\t\t\t\t<\/div>\n\t\t<\/div>\n\t\t\t\t\t\t\t\t<\/div>\n\t\t\t\t\t<\/div>\n\t\t<\/section>\n\t\t\t\t<div class=\"elementor-element elementor-element-df4224b elementor-widget elementor-widget-image\" data-id=\"df4224b\" data-element_type=\"widget\" data-widget_type=\"image.default\">\n\t\t\t\t<div class=\"elementor-widget-container\">\n\t\t\t\t\t\t\t\t<div class=\"elementor-image\">\n\t\t\t\t\t\t\t\t\t\t\t\t\t<a href=\"http:\/\/www.esteoingenieros.es\/\" target=\"_blank\">\n\t\t\t\t\t\t\t<img decoding=\"async\" width=\"200\" height=\"141\" src=\"https:\/\/celtaatletismo.es\/blog\/wp-content\/uploads\/2020\/05\/LOGO-ESTEO-200x141.jpg\" class=\"attachment-medium size-medium wp-image-12550\" alt=\"\" loading=\"lazy\" srcset=\"https:\/\/celtaatletismo.es\/blog\/wp-content\/uploads\/2020\/05\/LOGO-ESTEO-200x141.jpg 200w, https:\/\/celtaatletismo.es\/blog\/wp-content\/uploads\/2020\/05\/LOGO-ESTEO-1024x724.jpg 1024w, https:\/\/celtaatletismo.es\/blog\/wp-content\/uploads\/2020\/05\/LOGO-ESTEO-768x543.jpg 768w, https:\/\/celtaatletismo.es\/blog\/wp-content\/uploads\/2020\/05\/LOGO-ESTEO-1536x1086.jpg 1536w, https:\/\/celtaatletismo.es\/blog\/wp-content\/uploads\/2020\/05\/LOGO-ESTEO-2048x1448.jpg 2048w\" sizes=\"(max-width: 200px) 100vw, 200px\" \/>\t\t\t\t\t\t\t\t<\/a>\n\t\t\t\t\t\t\t\t\t\t\t\t\t\t<\/div>\n\t\t\t\t\t\t<\/div>\n\t\t\t\t<\/div>\n\t\t\t\t<section class=\"has_eae_slider elementor-section elementor-inner-section elementor-element elementor-element-0c718e7 elementor-section-boxed elementor-section-height-default elementor-section-height-default\" data-particle_enable=\"false\" data-particle-mobile-disabled=\"false\" data-id=\"0c718e7\" data-element_type=\"section\">\n\t\t\t\t\t\t<div class=\"elementor-container elementor-column-gap-default\">\n\t\t\t\t\t\t\t<div class=\"elementor-row\">\n\t\t\t\t\t<div class=\"has_eae_slider elementor-column elementor-col-100 elementor-inner-column elementor-element elementor-element-785dd22\" data-id=\"785dd22\" data-element_type=\"column\">\n\t\t\t<div class=\"elementor-column-wrap\">\n\t\t\t\t\t\t\t<div class=\"elementor-widget-wrap\">\n\t\t\t\t\t\t\t\t<\/div>\n\t\t\t\t\t<\/div>\n\t\t<\/div>\n\t\t\t\t\t\t\t\t<\/div>\n\t\t\t\t\t<\/div>\n\t\t<\/section>\n\t\t\t\t<div class=\"elementor-element elementor-element-f14454c elementor-widget-divider--view-line_text elementor-widget-divider--element-align-left sin-margen elementor-widget elementor-widget-divider\" data-id=\"f14454c\" data-element_type=\"widget\" data-widget_type=\"divider.default\">\n\t\t\t\t<div class=\"elementor-widget-container\">\n\t\t\t\t\t<div class=\"elementor-divider\">\n\t\t\t<span class=\"elementor-divider-separator\">\n\t\t\t\t\t\t\t<span class=\"elementor-divider__text elementor-divider__element\">\n\t\t\t\tS\u00cdGUENOS EN NUESTRAS REDES OFICIALES\t\t\t\t<\/span>\n\t\t\t\t\t\t<\/span>\n\t\t<\/div>\n\t\t\t\t<\/div>\n\t\t\t\t<\/div>\n\t\t\t\t<div class=\"elementor-element elementor-element-b801402 elementor-shape-rounded elementor-grid-0 e-grid-align-center elementor-widget elementor-widget-social-icons\" data-id=\"b801402\" data-element_type=\"widget\" data-widget_type=\"social-icons.default\">\n\t\t\t\t<div class=\"elementor-widget-container\">\n\t\t\t\t\t<div class=\"elementor-social-icons-wrapper elementor-grid\">\n\t\t\t\t\t\t\t<span class=\"elementor-grid-item\">\n\t\t\t\t\t<a class=\"elementor-icon elementor-social-icon elementor-social-icon-instagram elementor-repeater-item-2577ac7\" href=\"https:\/\/www.instagram.com\/celtaatletismo\/\" target=\"_blank\">\n\t\t\t\t\t\t<span class=\"elementor-screen-only\">Instagram<\/span>\n\t\t\t\t\t\t<i class=\"fab fa-instagram\"><\/i>\t\t\t\t\t<\/a>\n\t\t\t\t<\/span>\n\t\t\t\t\t\t\t<span class=\"elementor-grid-item\">\n\t\t\t\t\t<a class=\"elementor-icon elementor-social-icon elementor-social-icon-facebook elementor-repeater-item-8ffa66b\" href=\"https:\/\/www.facebook.com\/CeltaAtletismo\/\" target=\"_blank\">\n\t\t\t\t\t\t<span class=\"elementor-screen-only\">Facebook<\/span>\n\t\t\t\t\t\t<i class=\"fab fa-facebook\"><\/i>\t\t\t\t\t<\/a>\n\t\t\t\t<\/span>\n\t\t\t\t\t\t\t<span class=\"elementor-grid-item\">\n\t\t\t\t\t<a class=\"elementor-icon elementor-social-icon elementor-social-icon-youtube elementor-repeater-item-4f5c00c\" href=\"https:\/\/www.youtube.com\/channel\/UCWmDtJIxIWf3x4-sFHhC1iw\" target=\"_blank\">\n\t\t\t\t\t\t<span class=\"elementor-screen-only\">Youtube<\/span>\n\t\t\t\t\t\t<i class=\"fab fa-youtube\"><\/i>\t\t\t\t\t<\/a>\n\t\t\t\t<\/span>\n\t\t\t\t\t<\/div>\n\t\t\t\t<\/div>\n\t\t\t\t<\/div>\n\t\t\t\t\t\t<\/div>\n\t\t\t\t\t<\/div>\n\t\t<\/div>\n\t\t\t\t\t\t\t\t<\/div>\n\t\t\t\t\t<\/div>\n\t\t<\/section>\n\t\t\t\t\t\t\t\t\t<\/div>\n\t\t\t<\/div>\n\t\t\t\t\t<\/div>\n\t\t\t\t<\/div>\n\t\t\t\t<\/div>\n\t\t\t\t<\/div>\n\t\t\t\t\t\t<\/div>\n\t\t\t\t\t<\/div>\n\t\t<\/div>\n\t\t\t\t\t\t\t\t<\/div>\n\t\t\t\t\t<\/div>\n\t\t<\/section>\n\t\t\t\t\t\t\t\t\t<\/div>\n\t\t\t<\/div>\n\t\t\t\t\t<\/div>\n\t\t","protected":false},"excerpt":{"rendered":"<p>EL TROFEO ALFONSO POSADA Anterior Siguiente Celebrando un Legado de Pasi\u00f3n por el Atletismo En el coraz\u00f3n del Real Club Celta Atletismo late el esp\u00edritu inquebrantable de Alfonso Posada, una figura emblem\u00e1tica cuyo legado ha dejado una huella indeleble en el mundo del atletismo. Cada a\u00f1o, honramos su memoria y su dedicaci\u00f3n al deporte a [&hellip;]<\/p>\n","protected":false},"author":10,"featured_media":9054,"parent":0,"menu_order":0,"comment_status":"closed","ping_status":"closed","template":"","meta":{"_monsterinsights_skip_tracking":false,"_monsterinsights_sitenote_active":false,"_monsterinsights_sitenote_note":"","_monsterinsights_sitenote_category":0},"yoast_head":"<!-- This site is optimized with the Yoast SEO plugin v20.9 - https:\/\/yoast.com\/wordpress\/plugins\/seo\/ -->\n<title>El Trofeo Alfonso Posada - Celta Atletismo<\/title>\n<meta name=\"robots\" content=\"index, follow, max-snippet:-1, max-image-preview:large, max-video-preview:-1\" \/>\n<link rel=\"canonical\" href=\"https:\/\/celtaatletismo.es\/blog\/trofeo-alfonso-posada\/\" \/>\n<meta property=\"og:locale\" content=\"es_ES\" \/>\n<meta property=\"og:type\" content=\"article\" \/>\n<meta property=\"og:title\" content=\"Trofeo Alfonso Posada\" \/>\n<meta property=\"og:description\" content=\"O Trofeo \u00e9 a proba m\u00e1is importante das organizadas polo Celta Atletismo e serve para homenaxear \u00f3 hist\u00f3rico presidente do clube.\" \/>\n<meta property=\"og:url\" content=\"https:\/\/celtaatletismo.es\/blog\/trofeo-alfonso-posada\/\" \/>\n<meta property=\"og:site_name\" content=\"Celta Atletismo\" \/>\n<meta property=\"article:publisher\" content=\"https:\/\/www.facebook.com\/Real-Club-Celta-de-Atletismo-Atletismo-Femenino-Celta-177005092323603\/\" \/>\n<meta property=\"article:modified_time\" content=\"2024-06-26T14:31:56+00:00\" \/>\n<meta property=\"og:image\" content=\"https:\/\/celtaatletismo.es\/blog\/wp-content\/uploads\/2018\/05\/18310895378_9c3cb8fdb0_k.jpg\" \/>\n\t<meta property=\"og:image:width\" content=\"2048\" \/>\n\t<meta property=\"og:image:height\" content=\"1356\" \/>\n\t<meta property=\"og:image:type\" content=\"image\/jpeg\" \/>\n<meta name=\"twitter:card\" content=\"summary_large_image\" \/>\n<meta name=\"twitter:title\" content=\"Trofeo Alfonso Posada\" \/>\n<meta name=\"twitter:description\" content=\"O Trofeo \u00e9 a proba m\u00e1is importante das organizadas polo Celta Atletismo e serve para homenaxear \u00f3 hist\u00f3rico presidente do clube.\" \/>\n<meta name=\"twitter:image\" content=\"https:\/\/celtaatletismo.es\/blog\/blog\/wp-content\/uploads\/2018\/05\/18310895378_9c3cb8fdb0_k.jpg\" \/>\n<meta name=\"twitter:site\" content=\"@CeltaAtletismo\" \/>\n<meta name=\"twitter:label1\" content=\"Tiempo de lectura\" \/>\n\t<meta name=\"twitter:data1\" content=\"12 minutos\" \/>\n<script type=\"application\/ld+json\" class=\"yoast-schema-graph\">{\"@context\":\"https:\/\/schema.org\",\"@graph\":[{\"@type\":\"WebPage\",\"@id\":\"https:\/\/celtaatletismo.es\/blog\/trofeo-alfonso-posada\/\",\"url\":\"https:\/\/celtaatletismo.es\/blog\/trofeo-alfonso-posada\/\",\"name\":\"El Trofeo Alfonso Posada - Celta Atletismo\",\"isPartOf\":{\"@id\":\"https:\/\/celtaatletismo.es\/blog\/#website\"},\"datePublished\":\"2019-06-13T08:10:29+00:00\",\"dateModified\":\"2024-06-26T14:31:56+00:00\",\"breadcrumb\":{\"@id\":\"https:\/\/celtaatletismo.es\/blog\/trofeo-alfonso-posada\/#breadcrumb\"},\"inLanguage\":\"es\",\"potentialAction\":[{\"@type\":\"ReadAction\",\"target\":[\"https:\/\/celtaatletismo.es\/blog\/trofeo-alfonso-posada\/\"]}]},{\"@type\":\"BreadcrumbList\",\"@id\":\"https:\/\/celtaatletismo.es\/blog\/trofeo-alfonso-posada\/#breadcrumb\",\"itemListElement\":[{\"@type\":\"ListItem\",\"position\":1,\"name\":\"Portada\",\"item\":\"https:\/\/celtaatletismo.es\/blog\/\"},{\"@type\":\"ListItem\",\"position\":2,\"name\":\"El Trofeo Alfonso Posada\"}]},{\"@type\":\"WebSite\",\"@id\":\"https:\/\/celtaatletismo.es\/blog\/#website\",\"url\":\"https:\/\/celtaatletismo.es\/blog\/\",\"name\":\"Celta Atletismo\",\"description\":\"Web oficial del Real Club Celta Atletismo y del Club Atletismo Femenino Celta\",\"publisher\":{\"@id\":\"https:\/\/celtaatletismo.es\/blog\/#organization\"},\"potentialAction\":[{\"@type\":\"SearchAction\",\"target\":{\"@type\":\"EntryPoint\",\"urlTemplate\":\"https:\/\/celtaatletismo.es\/blog\/?s={search_term_string}\"},\"query-input\":\"required name=search_term_string\"}],\"inLanguage\":\"es\"},{\"@type\":\"Organization\",\"@id\":\"https:\/\/celtaatletismo.es\/blog\/#organization\",\"name\":\"Celta Atletismo\",\"url\":\"https:\/\/celtaatletismo.es\/blog\/\",\"logo\":{\"@type\":\"ImageObject\",\"inLanguage\":\"es\",\"@id\":\"https:\/\/celtaatletismo.es\/blog\/#\/schema\/logo\/image\/\",\"url\":\"https:\/\/celtaatletismo.es\/blog\/wp-content\/uploads\/2018\/12\/logo-web-celta-atletismo-solo.png\",\"contentUrl\":\"https:\/\/celtaatletismo.es\/blog\/wp-content\/uploads\/2018\/12\/logo-web-celta-atletismo-solo.png\",\"width\":555,\"height\":171,\"caption\":\"Celta Atletismo\"},\"image\":{\"@id\":\"https:\/\/celtaatletismo.es\/blog\/#\/schema\/logo\/image\/\"},\"sameAs\":[\"https:\/\/www.facebook.com\/Real-Club-Celta-de-Atletismo-Atletismo-Femenino-Celta-177005092323603\/\",\"https:\/\/twitter.com\/CeltaAtletismo\"]}]}<\/script>\n<!-- \/ Yoast SEO plugin. -->","yoast_head_json":{"title":"El Trofeo Alfonso Posada - Celta Atletismo","robots":{"index":"index","follow":"follow","max-snippet":"max-snippet:-1","max-image-preview":"max-image-preview:large","max-video-preview":"max-video-preview:-1"},"canonical":"https:\/\/celtaatletismo.es\/blog\/trofeo-alfonso-posada\/","og_locale":"es_ES","og_type":"article","og_title":"Trofeo Alfonso Posada","og_description":"O Trofeo \u00e9 a proba m\u00e1is importante das organizadas polo Celta Atletismo e serve para homenaxear \u00f3 hist\u00f3rico presidente do clube.","og_url":"https:\/\/celtaatletismo.es\/blog\/trofeo-alfonso-posada\/","og_site_name":"Celta Atletismo","article_publisher":"https:\/\/www.facebook.com\/Real-Club-Celta-de-Atletismo-Atletismo-Femenino-Celta-177005092323603\/","article_modified_time":"2024-06-26T14:31:56+00:00","og_image":[{"width":"2048","height":"1356","url":"https:\/\/celtaatletismo.es\/blog\/wp-content\/uploads\/2018\/05\/18310895378_9c3cb8fdb0_k.jpg","type":"image\/jpeg"}],"twitter_card":"summary_large_image","twitter_title":"Trofeo Alfonso Posada","twitter_description":"O Trofeo \u00e9 a proba m\u00e1is importante das organizadas polo Celta Atletismo e serve para homenaxear \u00f3 hist\u00f3rico presidente do clube.","twitter_image":"https:\/\/celtaatletismo.es\/blog\/blog\/wp-content\/uploads\/2018\/05\/18310895378_9c3cb8fdb0_k.jpg","twitter_site":"@CeltaAtletismo","twitter_misc":{"Tiempo de lectura":"12 minutos"},"schema":{"@context":"https:\/\/schema.org","@graph":[{"@type":"WebPage","@id":"https:\/\/celtaatletismo.es\/blog\/trofeo-alfonso-posada\/","url":"https:\/\/celtaatletismo.es\/blog\/trofeo-alfonso-posada\/","name":"El Trofeo Alfonso Posada - Celta Atletismo","isPartOf":{"@id":"https:\/\/celtaatletismo.es\/blog\/#website"},"datePublished":"2019-06-13T08:10:29+00:00","dateModified":"2024-06-26T14:31:56+00:00","breadcrumb":{"@id":"https:\/\/celtaatletismo.es\/blog\/trofeo-alfonso-posada\/#breadcrumb"},"inLanguage":"es","potentialAction":[{"@type":"ReadAction","target":["https:\/\/celtaatletismo.es\/blog\/trofeo-alfonso-posada\/"]}]},{"@type":"BreadcrumbList","@id":"https:\/\/celtaatletismo.es\/blog\/trofeo-alfonso-posada\/#breadcrumb","itemListElement":[{"@type":"ListItem","position":1,"name":"Portada","item":"https:\/\/celtaatletismo.es\/blog\/"},{"@type":"ListItem","position":2,"name":"El Trofeo Alfonso Posada"}]},{"@type":"WebSite","@id":"https:\/\/celtaatletismo.es\/blog\/#website","url":"https:\/\/celtaatletismo.es\/blog\/","name":"Celta Atletismo","description":"Web oficial del Real Club Celta Atletismo y del Club Atletismo Femenino Celta","publisher":{"@id":"https:\/\/celtaatletismo.es\/blog\/#organization"},"potentialAction":[{"@type":"SearchAction","target":{"@type":"EntryPoint","urlTemplate":"https:\/\/celtaatletismo.es\/blog\/?s={search_term_string}"},"query-input":"required name=search_term_string"}],"inLanguage":"es"},{"@type":"Organization","@id":"https:\/\/celtaatletismo.es\/blog\/#organization","name":"Celta Atletismo","url":"https:\/\/celtaatletismo.es\/blog\/","logo":{"@type":"ImageObject","inLanguage":"es","@id":"https:\/\/celtaatletismo.es\/blog\/#\/schema\/logo\/image\/","url":"https:\/\/celtaatletismo.es\/blog\/wp-content\/uploads\/2018\/12\/logo-web-celta-atletismo-solo.png","contentUrl":"https:\/\/celtaatletismo.es\/blog\/wp-content\/uploads\/2018\/12\/logo-web-celta-atletismo-solo.png","width":555,"height":171,"caption":"Celta Atletismo"},"image":{"@id":"https:\/\/celtaatletismo.es\/blog\/#\/schema\/logo\/image\/"},"sameAs":["https:\/\/www.facebook.com\/Real-Club-Celta-de-Atletismo-Atletismo-Femenino-Celta-177005092323603\/","https:\/\/twitter.com\/CeltaAtletismo"]}]}},"_links":{"self":[{"href":"https:\/\/celtaatletismo.es\/blog\/wp-json\/wp\/v2\/pages\/8844"}],"collection":[{"href":"https:\/\/celtaatletismo.es\/blog\/wp-json\/wp\/v2\/pages"}],"about":[{"href":"https:\/\/celtaatletismo.es\/blog\/wp-json\/wp\/v2\/types\/page"}],"author":[{"embeddable":true,"href":"https:\/\/celtaatletismo.es\/blog\/wp-json\/wp\/v2\/users\/10"}],"replies":[{"embeddable":true,"href":"https:\/\/celtaatletismo.es\/blog\/wp-json\/wp\/v2\/comments?post=8844"}],"version-history":[{"count":106,"href":"https:\/\/celtaatletismo.es\/blog\/wp-json\/wp\/v2\/pages\/8844\/revisions"}],"predecessor-version":[{"id":12124,"href":"https:\/\/celtaatletismo.es\/blog\/wp-json\/wp\/v2\/pages\/8844\/revisions\/12124"}],"wp:featuredmedia":[{"embeddable":true,"href":"https:\/\/celtaatletismo.es\/blog\/wp-json\/wp\/v2\/media\/9054"}],"wp:attachment":[{"href":"https:\/\/celtaatletismo.es\/blog\/wp-json\/wp\/v2\/media?parent=8844"}],"curies":[{"name":"wp","href":"https:\/\/api.w.org\/{rel}","templated":true}]}}