{"id":8781,"date":"2018-05-27T21:04:37","date_gmt":"2018-05-27T19:04:37","guid":{"rendered":"https:\/\/celtaatletismo.es\/blog\/?page_id=8781"},"modified":"2021-02-28T18:48:16","modified_gmt":"2021-02-28T17:48:16","slug":"ranking-historico","status":"publish","type":"page","link":"https:\/\/celtaatletismo.es\/blog\/ranking-historico\/","title":{"rendered":"Ranking hist\u00f3rico"},"content":{"rendered":"<p><b><img decoding=\"async\" loading=\"lazy\" class=\"aligncenter\" src=\"https:\/\/celtaatletismo.es\/blog\/blog\/wp-content\/uploads\/2019\/08\/nediam-celta.jpg\" alt=\"\" width=\"919\" height=\"324\" \/><\/b><\/p>\n<h6>\u00b7 David G\u00f3mez Mart\u00ednez. \u00daltima actualizaci\u00f3n en mayo 2020.<\/h6>\n<p><b>100m.l. Femenino<\/b><strong><br \/>\n11.38<\/strong> Nediam Nori Vargas Arteaga <em>Ciudad Real 17\/06\/2017<\/em><br \/>\n<strong>12.08<\/strong> Aurelia Garc\u00eda Barral<em> Maia (POR) 24\/06\/1992<br \/>\n<\/em><strong>12.10 <\/strong>Olaia G. Becerril \u00c1lvarez <em>Vigo 13\/07\/2019<\/em><br \/>\n<strong>12.20<\/strong> Iratxe Etxebarria Crucelegui <em>Avil\u00e9s 17\/07\/2010<\/em><br \/>\n<strong>12.33<\/strong> Consuelo P\u00e9rez Falque <em>Vigo 12\/07\/1994<\/em><br \/>\n<strong>12.36<\/strong> Laura Chapela Palmas <em>Alcobendas 18\/06\/2016<\/em><br \/>\n<strong>12.43<\/strong> Andrea Pais Rodr\u00edguez <em>Alcobendas 18\/06\/2016<\/em><br \/>\n<strong>12.45<\/strong> Beatriz Iglesias Lamas <em>Pontevedra 13\/07\/1996<\/em><br \/>\n<strong>12.50<\/strong> Raquel Arias P\u00e9rez <em>Lugo 23\/04\/2016<\/em><br \/>\n<strong>12.51<\/strong> M\u00aa Jes\u00fas Sanguos Espi\u00f1a <em>Vigo 1982<\/em><br \/>\n<strong>12.61<\/strong> Marta G\u00f3mez Rodr\u00edguez <em>Vigo 20\/07\/2013<\/em><br \/>\n<strong>12.62<\/strong> Erika Cerdeira Gonz\u00e1lez<em> Vigo 03\/08\/2001<\/em><\/p>\n<p><b>100m.l. Masculino<br \/>\n<\/b><strong>10.65<\/strong> Mario Parra Correyero <em>Alcal\u00e1 de Henares 02\/07\/1994<\/em><b><br \/>\n<\/b><strong>10.77<\/strong> David Rodr\u00edguez Rodr\u00edguez <em>Vigo 24\/06\/2006<\/em><br \/>\n<strong>10.82<\/strong> \u00d3scar Gonz\u00e1lez Rivero <em>A Coru\u00f1a 16\/07\/1993<\/em><br \/>\n<strong>10.82<\/strong> Miguel G\u00f3mez Rodr\u00edguez<em> Ourense 12\/06\/2004<\/em><br \/>\n<strong>10.90<\/strong> Erik Fern\u00e1ndez Feijoo <em>Castell\u00f3n 22\/06\/2019<\/em><br \/>\n<strong>10.93<\/strong> Manuel Rodr\u00edguez N\u00fa\u00f1ez <em>Santiago 19\/06\/1993<\/em><br \/>\n<strong>10.94<\/strong> Juan Lu\u00eds Fern\u00e1ndez P\u00e9rez <em>Ferrol 16\/07\/2005<\/em><br \/>\n<strong>10.95<\/strong> David G\u00f3mez Mart\u00ednez <em>Alhama de Murcia 04\/06\/2000<\/em><br \/>\n<strong>10.98<\/strong> Gabriel Selma Guilera <em>Vigo 18\/06\/1994<\/em><br \/>\n<strong>11.01<\/strong> Maximiliano Rodr\u00edguez Magi <em>L\u2019Hospitalet de Llobregat 05\/06\/2010<\/em><br \/>\n<strong>11.02<\/strong> Pedro Felipe Riveiro Costas <em>Barcelona Serrahima 08\/06\/2008<\/em><br \/>\n<strong>11.08<\/strong> Ricardo \u00c1lvarez Arenas <em>Vigo 19\/07\/1996<\/em><br \/>\n<strong>11.08<\/strong> David Tapia Soto <em>Vitoria 10\/07\/2004<\/em><br \/>\n<strong>11.08<\/strong> Jaime Pe\u00f1as Bermejo <em>Atenas (GRE) 05\/08\/1997<\/em><\/p>\n<p style=\"text-align: center;\"><iframe loading=\"lazy\" src=\"\/\/www.youtube.com\/embed\/UHVqcfVB7VI\" width=\"560\" height=\"314\" allowfullscreen=\"allowfullscreen\"><\/iframe><\/p>\n<p><b>200m.l. Femenino<br \/>\n<\/b><strong>23.07<\/strong> Nediam Nori Vargas Arteaga <em>Ciudad Real 17\/06\/17<\/em><br \/>\n<strong>25.04<\/strong> Aurelia Garc\u00eda Barral<em> San Sebasti\u00e1n Reyes 13\/07\/1996<\/em><br \/>\n<strong>25.06<\/strong> Andrea Pais Rodr\u00edguez <em>Matar\u00f3 26\/06\/2016<\/em><br \/>\n<strong>25.17<\/strong> Iratxe Etxebarria Crucelegui <em>Durango 11\/07\/2010<\/em><br \/>\n<strong>25.25<\/strong> Consuelo P\u00e9rez Falque <em>Vigo 16\/07\/1995<\/em><br \/>\n<strong>25.37<\/strong> Laura Chapela Palmas <em>Valladolid 19\/07\/2014<\/em><br \/>\n<strong>25.63<\/strong> Catuxa Casal Garc\u00eda <em>Santander 22\/05\/2010<\/em><br \/>\n<strong>25.71<\/strong> Beatriz Iglesias Lamas <em>Vigo 06\/06\/1996<\/em><br \/>\n<strong>25.71<\/strong> Raquel Arias P\u00e9rez <em>Vigo 05\/06\/2016<\/em><br \/>\n<strong>25.74<\/strong> Iria Cancelas M\u00e1rquez <em>Majadahonda 30\/06\/2002<\/em><br \/>\n<strong>25.94<\/strong> Cristina Ca\u00ed\u00f1o Juncal <em>Vigo 15\/06\/1985<\/em><br \/>\n<strong>26.07<\/strong> Marina Denis Sanrom\u00e1n <em>Getafe 16\/06\/2002<\/em><\/p>\n<p><b>200m.l. Masculino<br \/>\n<\/b><strong>21.66<\/strong> Miguel G\u00f3mez Rodr\u00edguez <em>Vitoria 15\/06\/2003<\/em><br \/>\n<strong>21.74<\/strong> Ignacio de Coo Mart\u00edn <em>Madrid 13\/07\/1979<\/em><br \/>\n<strong>21.81<\/strong> David G\u00f3mez Mart\u00ednez <em>Valencia 17\/06\/1999<\/em><br \/>\n<strong>21.98<\/strong> Pedro Juncal Otero <em>Vigo 10\/06\/2018<\/em><br \/>\n<strong>22.03<\/strong> Oscar Gonz\u00e1lez Riveiro <em>Vigo 08\/07\/1999<\/em><br \/>\n<strong>22.19<\/strong> Jose Lu\u00eds Louzao Tato <em>Vigo 12\/06\/1992<\/em><br \/>\n<strong>22.22<\/strong> Ram\u00f3n Magari\u00f1os Duro <em>T\u00fanez 1967<\/em><br \/>\n<strong>22.23<\/strong> Fco. Javier Pitillas Torra <em>Vigo 23\/07\/1991<\/em><br \/>\n<strong>22.31<\/strong> Erik Fern\u00e1ndez Feijoo <em>Vigo 25\/05\/2019<\/em><br \/>\n<strong>22.38<\/strong> David Tapia Soto <em>Majadahonda 30\/06\/2002<\/em><br \/>\n<strong>22.38<\/strong> Manuel Ruiz Debring <em>M\u00f3stoles 26\/05\/2007<\/em><br \/>\n<strong>22.42<\/strong> Pedro Felipe Ribeiro Costas <em>Vigo 18\/05\/2008<\/em><br \/>\n<strong>22.43<\/strong> Ricardo Alvarez Arenas <em>Vigo 09\/05\/1997<\/em><\/p>\n<p><b>400m.l. Femenino<br \/>\n<\/b><strong>56.07<\/strong> Jenny Fern\u00e1ndez Mass\u00f3 <em>Ourense 20\/06\/2015<\/em><br \/>\n<strong>56.20<\/strong> Aurelia Garc\u00eda Barral <em>Bastiagueiro 24\/07\/1996<\/em><br \/>\n<strong>56.42<\/strong> Ana M\u00aa Salgado Costas <em>Segovia 17\/06\/1989<\/em><br \/>\n<strong>57.90<\/strong>i Andrea Pais Rodriguez <em>Ourense 16\/12\/2017<\/em><br \/>\n<strong>57.25<\/strong> Iria Cancelas Marquez <em>Pontevedra 26\/05\/2001<\/em><br \/>\n<strong>57.30<\/strong> Esther Sierra Abra\u00edn <em>Madrid 28\/06\/1986<\/em><br \/>\n<strong>57.54<\/strong> M\u00aa Luisa Rodr\u00edguez V\u00e1zquez <em>Guadalajara 04\/05\/1996<\/em><br \/>\n<strong>57.6<\/strong>m Isabel Gonz\u00e1lez Gonz\u00e1lez <em>A Coru\u00f1a 1990<\/em><br \/>\n<strong>57.73<\/strong> Beatriz Iglesias Lamas <em>Barcelona 28\/07\/1996<\/em><br \/>\n<strong>57.9<\/strong>m Ana M\u00aa Bern\u00e1rdez Bestilleiro <em>Vigo 1984<\/em><br \/>\n<strong>58.13<\/strong> Laura Garc\u00eda Di\u00e9guez <em>Burgos 02\/06\/2012<\/em><\/p>\n<p style=\"text-align: center;\"><img decoding=\"async\" loading=\"lazy\" class=\"aligncenter wp-image-10846 \" src=\"https:\/\/celtaatletismo.es\/blog\/blog\/wp-content\/uploads\/2021\/02\/foto452-min-1024x652.jpg\" alt=\"\" width=\"690\" height=\"439\" srcset=\"https:\/\/celtaatletismo.es\/blog\/wp-content\/uploads\/2021\/02\/foto452-min-1024x652.jpg 1024w, https:\/\/celtaatletismo.es\/blog\/wp-content\/uploads\/2021\/02\/foto452-min-200x127.jpg 200w, https:\/\/celtaatletismo.es\/blog\/wp-content\/uploads\/2021\/02\/foto452-min-768x489.jpg 768w, https:\/\/celtaatletismo.es\/blog\/wp-content\/uploads\/2021\/02\/foto452-min-1536x978.jpg 1536w, https:\/\/celtaatletismo.es\/blog\/wp-content\/uploads\/2021\/02\/foto452-min.jpg 1982w\" sizes=\"(max-width: 690px) 100vw, 690px\" \/><\/p>\n<p><b>400m.l. Masculino<br \/>\n<\/b><strong>46.7<\/strong>m Ram\u00f3n Magari\u00f1os Duro <em>Madrid 08\/06\/1968<br \/>\n<\/em><strong>46.92<\/strong> Ram\u00f3n Magari\u00f1os Duro<em> M\u00e9xico 16\/10\/68 <\/em><br \/>\n<strong>47.3<\/strong>m Rogelio Rivas Abal<em> Madrid<\/em> <em>04\/06\/1970<\/em><br \/>\n<strong>47.81<\/strong> David G\u00f3mez Mart\u00ednez <em>Santiago de Chile<\/em> <em>18\/10\/2000<\/em><br \/>\n<strong>47.99<\/strong> Pedro Juncal Otero <em>Pamplona<\/em> <em>27\/07\/2019<\/em><br \/>\n<strong>48.0<\/strong>m Ricardo Rodr\u00edguez Lorenzo <em>A Coru\u00f1a 1991<\/em><br \/>\n<strong>48.15<\/strong> Jes\u00fas Mar\u00eda Lence Garc\u00eda <em>Pontevedra 11\/07\/1996<\/em><br \/>\n<strong>48.43<\/strong> Rub\u00e9n Campos S\u00e1nchez <em>Vigo 01\/06\/2001<\/em><br \/>\n<strong>48.71<\/strong> Alfredo Trincado Fern\u00e1ndez <em>A Coru\u00f1a 10\/07\/1992<\/em><br \/>\n<strong>48.78<\/strong> David Abalde Costas <em>Pereiro de Aguiar 2016<\/em><br \/>\n<strong>48.9<\/strong>m Estanislao Dur\u00e1n Calvo <em>Madrid 1975<\/em><br \/>\n<strong>49.09<\/strong> \u00c1lvaro Contreras Pol\u00edn <em>Santa Cruz de Tenerife 2008<\/em><br \/>\n<strong>49.10<\/strong> Jorge Rom\u00e1n Leir\u00f3s <em>Castell\u00f3n 22\/06\/2019<\/em><\/p>\n<p><strong>800m.l. Femenino<br \/>\n2:07.6<\/strong>m Estela Est\u00e9vez Barreiro <em>Vigo 1990<\/em><br \/>\n<strong>2:08.11<\/strong> Jenny Fern\u00e1ndez Mass\u00f3 <em>Huelva 10\/06\/2015<\/em><br \/>\n<strong>2:08.9<\/strong>m Eugenia Castro Rodr\u00edguez <em>Ourense 30\/05\/1987<\/em><br \/>\n<strong>2:09.07 <\/strong>Marie France Barreiro Marquet Pontevedra<em> 16\/08\/1988<\/em><br \/>\n<strong>2:10.03<\/strong> Alice Marie Finot Genevieve <em>Vigo 01\/06\/2018<\/em><em><br \/>\n<\/em><strong>2:10.3<\/strong>m Julia Vaquero Sousa<em> Ourense 30\/05\/1988<\/em><br \/>\n<strong>2:11.43<\/strong> M. Dolores Fern\u00e1ndez<em> Pontevedra 22\/06\/1995<\/em><br \/>\n<strong>2:12.29<\/strong> Paula Pasar\u00f3n P\u00e9rez <em>Segovia 03\/05\/1992<\/em><br \/>\n<strong>2:12.9<\/strong>m Ana Maria Salgado Costas <em>Vigo 10\/06\/1989<\/em><br \/>\n<strong>2:13.63<\/strong> L.M. S\u00e1nchez-Balgoma <em>Vigo 22\/05\/1993<\/em><br \/>\n<strong>2:13.16<\/strong> Carmen Torres Araujo<em> Gij\u00f3n 15\/05\/1994<\/em><br \/>\n<strong>2:14.24<\/strong> C. Gra\u00f1a Blanco <em>Pontevedra 09\/06\/1994<\/em><br \/>\n<strong>2:14.46<\/strong> Mar\u00eda Jesusa \u00c1lvarez Gir\u00e1ldez <em>Benalm\u00e1dena 1984<\/em><br \/>\n<strong>2:17.1<\/strong>m Sonia Gonz\u00e1lez Pazos <em>Vigo 17\/05\/1992<\/em><br \/>\n<strong>2:17.1<\/strong>m Yolanda Sanrom\u00e1n Francisco <em>Vigo 12\/06\/1992<\/em><br \/>\n<strong>2:17.74<\/strong> Esther Sierra Abra\u00edn<em> Pontevedra 17\/07\/1988<\/em><\/p>\n<p><b>800m.l. Masculino<br \/>\n<\/b><strong>1:48.32<\/strong> Rub\u00e9n Campos S\u00e1nchez <em>Pontevedra 11\/07\/1996<\/em><br \/>\n<strong>1:48.7<\/strong>m Estanislao Dur\u00e1n Calvo <em>Madrid 1976<\/em><br \/>\n<strong>1:49.3<\/strong>m Felipe Murga Rodr\u00edguez <em>Vigo 02\/07\/1992<\/em><br \/>\n<strong>1:50.1<\/strong>m Ismael Costas Fandi\u00f1o <em>Santiago de Compostela 01\/06\/2007<\/em><br \/>\n<strong>1:50.47<\/strong> Ismael Costas Fandi\u00f1o <em>Santander 25\/07\/2007<\/em><br \/>\n<strong>1:50.4<\/strong>m Gonzalo Porto Pazos <em>Santiago de Compostela 01\/06\/2007<\/em><br \/>\n<strong>1:50.8<\/strong>m Jes\u00fas Alfonso Paz <em>Pontevedra 24\/07\/1992<\/em><br \/>\n<strong>1:51.1<\/strong>m Ricardo Rodr\u00edguez Lorenzo <em>A Coru\u00f1a 21\/06\/1994<\/em><br \/>\n<strong>1:51.13<\/strong> Gonzalo Porto Pazos <em>Sevilla 04\/06\/2005<\/em><br \/>\n<strong>1:51.40<\/strong> Gonzalo Basconcelo Araujo <em>Pontevedra 01\/07\/2017<\/em><br \/>\n<strong>1:51.67<\/strong> Miguel Fern\u00e1ndez Cervi\u00f1o <em>Coimbra (POR) 04\/06\/2000<\/em><br \/>\n<strong>1:52.0<\/strong>m Antonio Cordero Jorge <em>Vigo 1982<\/em><br \/>\n<strong>1:52.1<\/strong>m Rafael Garc\u00eda P\u00e9rez <em>Madrid 1969<\/em><br \/>\n<strong>1:52.12<\/strong> Luis del Rio Pena <em>Braga (POR) 20\/06\/2018<\/em><br \/>\n<strong>1:52.19<\/strong> Carlos Porto Pazos <em>Pontevedra 15\/06\/2014<\/em><\/p>\n<p><b>1.500m.l. Femenino<br \/>\n<\/b><strong>4:12.47<\/strong> Estela Est\u00e9vez Barreiro <em>Vigo 05\/07\/1990<\/em><br \/>\n<strong>4:17.45<\/strong>i Alice Marie Finot Genevieve <em>Ourense 20\/01\/2019<\/em><br \/>\n<strong>4:17.37<\/strong> Julia Vaquero Sousa <em>Segovia 30\/05\/1992<\/em><br \/>\n<strong>4:24.62<\/strong> Ester Navarrete Santana <em>Vigo 03\/06\/2015<\/em><br \/>\n<strong>4:24.8<\/strong>m Eugenia Castro Rodr\u00edguez <em>Vigo 1990<\/em><br \/>\n<strong>4:29.20<\/strong> M\u00aa Jes\u00fas Gestido Rodr\u00edguez <em>Sevilla 24\/07\/1999<\/em><br \/>\n<strong>4:30.46<\/strong> Carmen Torres Araujo <em>San Sebasti\u00e1n 01\/08\/1998<\/em><br \/>\n<strong>4:34.99<\/strong> M\u00aa Dolores Gonz\u00e1lez <em>Fern\u00e1ndez Vigo 28\/07\/1998<\/em><br \/>\n<strong>4:36.2<\/strong>m Roc\u00edo Vicente Santiago <em>Pontevedra 08\/07\/1995<\/em><br \/>\n<strong>4:36.2<\/strong>m Mar\u00eda Gestido Rodriguez <em>Vigo 17\/07\/1994<\/em><br \/>\n<strong>4:36.62<\/strong> Paula Pasar\u00f3n P\u00e9rez <em>Pontevedra 07\/06\/1992<\/em><\/p>\n<p><img decoding=\"async\" loading=\"lazy\" class=\"aligncenter wp-image-10849 \" src=\"https:\/\/celtaatletismo.es\/blog\/blog\/wp-content\/uploads\/2021\/02\/e_javier_alvarez_salgado_ruben_sanmartin-carlos_perez_ramon_tasende_y_fernando_alonso.jpg\" alt=\"\" width=\"686\" height=\"493\" srcset=\"https:\/\/celtaatletismo.es\/blog\/wp-content\/uploads\/2021\/02\/e_javier_alvarez_salgado_ruben_sanmartin-carlos_perez_ramon_tasende_y_fernando_alonso.jpg 800w, https:\/\/celtaatletismo.es\/blog\/wp-content\/uploads\/2021\/02\/e_javier_alvarez_salgado_ruben_sanmartin-carlos_perez_ramon_tasende_y_fernando_alonso-200x144.jpg 200w, https:\/\/celtaatletismo.es\/blog\/wp-content\/uploads\/2021\/02\/e_javier_alvarez_salgado_ruben_sanmartin-carlos_perez_ramon_tasende_y_fernando_alonso-768x552.jpg 768w\" sizes=\"(max-width: 686px) 100vw, 686px\" \/><\/p>\n<p><b>1.500m.l. Masculino<\/b><\/p>\n<p><strong>3:43.1<\/strong>m Estanislao Dur\u00e1n Calvo <em>Madrid 1976<\/em><br \/>\n<strong>3:43.50<\/strong> Felipe Murga Rodr\u00edguez <em>Arganda del Rey 12\/06\/1993<\/em><br \/>\n<strong>3:45.0<\/strong>m Javier \u00c1lvarez Salgado <em>Madrid 07\/06\/1969<\/em><br \/>\n<strong>3:45.6<\/strong>m Jes\u00fas de la Fuente Fern\u00e1ndez <em>A Coru\u00f1a 03\/08\/1994<\/em><br \/>\n<strong>3:46.13<\/strong> Gonzalo Basconcelo Araujo <em>Maia (POR) 12\/07\/2017<\/em><br \/>\n<strong>3:47.46<\/strong> Carlos Porto Pazos <em>Los Corrales de Buelna 24\/05\/2014<\/em><br \/>\n<strong>3:48.15<\/strong> Jos\u00e9 Mart\u00ednez Santom\u00e9 <em>Meilen (SUI) 09\/07\/1989<\/em><br \/>\n<strong>3:48.5<\/strong>m Antonio Cordero Jorge <em>Vigo 1982<\/em><br \/>\n<strong>3:48.52<\/strong> Jos\u00e9 Ram\u00f3n Rey Rodr\u00edguez <em>Vigo 25\/08\/1988<\/em><br \/>\n<strong>3:48.78<\/strong> Joaqu\u00edn Costa Pombo <em>Vigo 18\/06\/1994<\/em><br \/>\n<strong>3:48.9<\/strong>m Guillermo Gonz\u00e1lez V\u00e1zquez<em> Vigo 1982<\/em><\/p>\n<p><b>5.000m.l. Femenino<br \/>\n<\/b><strong>15:43.86<\/strong> Estela Est\u00e9vez Barreiro <em>Sevilla 1990<\/em><br \/>\n<strong>16:11.85<\/strong> Ester Navarrete Santana <em>Gij\u00f3n 42\/07\/2016<\/em><br \/>\n<strong>16:23.24<\/strong> Soledad Castro Soli\u00f1o <em>Mallorca 13\/05\/1992<\/em><br \/>\n<strong>16:53.41<\/strong> M\u00aa Jes\u00fas Gestido Rodriguez <em>Torremolinos 10\/07\/1999<\/em><br \/>\n<strong>17:14.23<\/strong> Carmen Torres Araujo <em>A Coru\u00f1a 18\/07\/1998<\/em><br \/>\n<strong>17:23.60<\/strong> Angela Sueiro Fern\u00e1ndez<em> Vigo 18\/05\/2004<\/em><br \/>\n<strong>17:30.58<\/strong> Rosal\u00eda Garc\u00eda Rodr\u00edguez <em>Alcorc\u00f3n 06\/07\/1996<\/em><br \/>\n<strong>17:31.87<\/strong> Paula Hern\u00e1ndez Alfonso <em>Gij\u00f3n 15\/06\/1996<\/em><br \/>\n<strong>17:32.7<\/strong>m Roc\u00edo Vicente Santiago <em>Pontevedra 20\/04\/1996<\/em><br \/>\n<strong>17:35.37<\/strong> Sara P\u00e9rez Rodr\u00edguez <em>Ferrol 18\/07\/2009<\/em><\/p>\n<p><b>5.000m.l. Masculino<br \/>\n<\/b><strong>13:26.4<\/strong>m Javier \u00c1lvarez Salgado<em> Oslo (NOR) 19\/07\/1972<\/em><br \/>\n<strong>13:29.06<\/strong> Jos\u00e9 Carlos Ad\u00e1n Arias <em>Sevilla 06\/06\/1992<\/em><br \/>\n<strong>13:32.21<\/strong> Manuel Garc\u00eda Gendra <em>A Coru\u00f1a 05\/08\/1987<\/em><br \/>\n<strong>13:41.0<\/strong>m Edmundo Warnke Bravo <em>Aarhus (DEN) 1973<\/em><br \/>\n<strong>13:46.2<\/strong>m Ram\u00f3n Tasende D\u00edaz <em>Turku (FIN) 1971<\/em><br \/>\n<strong>13:51.64<\/strong> Manuel Garc\u00eda Gendra <em>Pontevedra 22\/06\/1995<\/em><br \/>\n<strong>14:02.8<\/strong>m Jos\u00e9 Ram\u00f3n Rey Rodr\u00edguez <em>Vigo 09\/07\/1988<\/em><br \/>\n<strong>14:09.53<\/strong> Jes\u00fas de la Fuente Fern\u00e1ndez <em>Porto (POR) 30\/06\/1995<\/em><br \/>\n<strong>14:12.2<\/strong>m Carlos P\u00e9rez Alonso <em>Vigo 1967<\/em><br \/>\n<strong>14:12.4<\/strong>m Rogelio Barrag\u00e1ns Lorenzo <em>Pontevedra 08\/08\/1987<\/em><br \/>\n<strong>14:14.29<\/strong> Alejandro G\u00f3mez Cabral <em>Oviedo 23\/05\/1992<\/em><\/p>\n<p style=\"text-align: left;\"><b>10.000m.l. Femenino<br \/>\n<\/b><strong>34:37.98<\/strong> Ester Navarrete Santana <em>Maia (POR) 09\/04\/2016<\/em><br \/>\n<strong>34:48.57<\/strong> M\u00aa Jes\u00fas Gestido Rodr\u00edguez <em>Vigo 30\/05\/1998<\/em><br \/>\n<strong>36:16.80<\/strong> Angela Sueiro Fern\u00e1ndez <em>Gij\u00f3n 05\/06\/2004<\/em><br \/>\n<strong>36:33.80<\/strong> Carmen Torres Araujo <em>Vigo 30\/05\/1998<\/em><br \/>\n<strong>36:41.44<\/strong> Sara P\u00e9rez Rodr\u00edguez <em>Vigo 13\/04\/2008<\/em><br \/>\n<strong>37:31.44<\/strong> Rosana Nieto Fern\u00e1ndez <em>Vigo 12\/08\/1988<\/em><br \/>\n<strong>38:18.06<\/strong> Roc\u00edo Vicente Santiago <em>Vigo 19\/07\/1996<\/em><\/p>\n<p style=\"text-align: left;\"><em><img decoding=\"async\" loading=\"lazy\" class=\"aligncenter\" src=\"https:\/\/celtaatletismo.es\/blog\/blog\/wp-content\/uploads\/2019\/08\/Navarrete-Paula-Mari\u00f1o.jpg\" alt=\"\" width=\"668\" height=\"550\" \/><\/em><\/p>\n<p style=\"text-align: left;\"><b>10.000m.l. lisos Masculino<br \/>\n<\/b><strong>28:01.4<\/strong>m Javier Alvarez Salgado <em>Munich (GER) 03\/09\/1971<\/em><br \/>\n<strong>28:02.10<\/strong> Alejandro G\u00f3mez Cabral <em>Bruselas (BEL) 28\/08\/1992<\/em><br \/>\n<strong>28:14.60<\/strong> Jose Carlos Ad\u00e1n Arias <em>Valencia 26\/06\/1992<\/em><br \/>\n<strong>28:36.2<\/strong>m Pedro Edmundo Warnke Bravo <em>Helsinki (FIN) 1973<\/em><br \/>\n<strong>28:53.07<\/strong> Manuel Garc\u00eda Gendra <em>Pontevedra 14\/06\/1997<\/em><br \/>\n<strong>28:58.4<\/strong>m Ram\u00f3n Tasende D\u00edaz <em>Pontevedra 11\/04\/1971<\/em><br \/>\n<strong>28:59.2<\/strong>m Manuel Garc\u00eda Gendra <em>Pontevedra 08\/07\/1995<\/em><br \/>\n<strong>29:22.34<\/strong> Jes\u00fas de la Fuente Fern\u00e1ndez <em>Maia (POR) 17\/05\/1995<\/em><br \/>\n<strong>29:25.2<\/strong>m Carlos P\u00e9rez Alonso <em>Viareggio (ITA) 20\/08\/1967<\/em><br \/>\n<strong>29:32.85<\/strong> Fausto Hernanz Moral <em>Vigo 17\/05\/1997<\/em><br \/>\n<strong>29:54.15<\/strong> Oscar Fern\u00e1ndez Villar <em>Vigo 17\/05\/1997<\/em><\/p>\n<p><b>3.000m Obst\u00e1culos Femenino<br \/>\n<\/b><strong>10:10.87<\/strong> Alice Marie Finot Genevieve <em>Saint Maur des Foss\u00e9s (FRA) 10\/07\/2019<\/em><br \/>\n<strong>10:47.02<\/strong> Mar\u00eda Jes\u00fas Gestido Rodr\u00edguez<em> Jerez de la Frontera 03\/08\/2003<\/em><br \/>\n<strong>11:34.51<\/strong> Cristina Est\u00e9vez Crespo <em>Pontevedra 27\/06\/2009<\/em><br \/>\n<strong>12:13.41<\/strong> Ruth Fern\u00e1ndez Carrera <em>Valladolid 15\/06\/2019<\/em><br \/>\n<strong>12:21.26<\/strong> Xoana Roig Regueira <em>Pereiro de Aguiar 01\/05\/2011<\/em><br \/>\n<strong>12:31.25<\/strong> Jenny Fern\u00e1ndez Mass\u00f3 <em>Burgos 10\/05\/2015<\/em><br \/>\n<strong>12:39.23<\/strong> Loreto Garc\u00eda Barros <em>Vigo 24\/06\/2006<\/em><br \/>\n<strong>12:39.85<\/strong> Nuria \u00c1lvarez C\u00e9spedes <em>Oviedo 18\/06\/2006<\/em><br \/>\n<strong>12:53.58<\/strong> Margarita P\u00e9rez Bardanca <em>San Sebasti\u00e1n 22\/05\/2011<\/em><br \/>\n<strong>12:59.36<\/strong> Jessica In\u00e9s Mui\u00f1os Reyes <em>Lugo 30\/04\/2016<\/em><br \/>\n<strong>14:21.56<\/strong> Vanesa Dom\u00ednguez P\u00e9rez <em>Vigo 11\/06\/2005<\/em><br \/>\n<strong>14:32.90<\/strong> Isabelle Dege Cartagena <em>29\/04\/2017<\/em><br \/>\n<strong>14:52.94<\/strong> Lorena Fern\u00e1ndez Carreira<em> Ferrol 25\/04\/2015<\/em><\/p>\n<p><b>3.000m Obst\u00e1culos Masculino<br \/>\n<\/b><strong>8:33.6<\/strong>m Jouko Kuha <em>Stockholm (SWE) 03\/08\/1975<\/em><br \/>\n<strong>8:36.4<\/strong>m Javier \u00c1lvarez Salgado <em>A Coru\u00f1a 17\/08\/1968<\/em><br \/>\n<strong>8:43.22<\/strong> Antonio Cordero Jorge <em>Barcelona 09\/08\/1981<\/em><br \/>\n<strong>8:44.53<\/strong> Guillermo Gonz\u00e1lez V\u00e1zquez <em>Barcelona 09\/08\/1981<\/em><br \/>\n<strong>8:48.6<\/strong>m Manuel Augusto Alonso Rodr\u00edguez<em> A Coru\u00f1a 19\/08\/1961<\/em><br \/>\n<strong>8:49.71<\/strong> Carlos Land\u00edn Garc\u00eda <em>A Coru\u00f1a 24\/08\/1985<\/em><br \/>\n<strong>8:53.78<\/strong> Jos\u00e9 Ram\u00f3n Rey Rodr\u00edguez <em>Vigo 12\/08\/1988<\/em><br \/>\n<strong>8:54.03<\/strong> Gonzalo Basconcelo Araujo <em>Gij\u00f3n 25\/07\/2015<\/em><br \/>\n<strong>8:55.8<\/strong>m Rogelio Barrag\u00e1ns Lorenzo <em>Pontevedra 01\/08\/1987<\/em><br \/>\n<strong>8:58.34<\/strong> Juan Antonio Pousa Firvida <em>Matar\u00f3 08\/07\/2012<\/em><br \/>\n<strong>9:01.8<\/strong>m Manuel Garc\u00eda Gendra <em>Santiago de Compostela 20\/06\/1993<\/em><br \/>\n<strong>9:02.4<\/strong>m Rub\u00e9n Sanmart\u00edn Ordo\u00f1ez <em>Barcelona 1973<\/em><br \/>\n<strong>9:03.68<\/strong> David Garc\u00eda Gil <em>Barakaldo 14\/07\/2007<\/em><\/p>\n<p><b><img decoding=\"async\" loading=\"lazy\" class=\"aligncenter\" src=\"https:\/\/celtaatletismo.es\/blog\/blog\/wp-content\/uploads\/2019\/08\/IMG_0022.jpg\" alt=\"\" width=\"690\" height=\"460\" \/>Marat\u00f3n Femenino<br \/>\n<\/b><strong>2h48:24<\/strong> Dalia L\u00f3pez Rodr\u00edguez <em>Madrid 26\/04\/1987<\/em><br \/>\n<strong>3h06:20<\/strong> Mar\u00eda Dolores Garc\u00eda P\u00e9rez <em>Madrid 28\/04\/1985<\/em><\/p>\n<p><b>Marat\u00f3n Masculino<br \/>\n<\/b><strong>2h14:50*<\/strong> Estanislao Duran Calvo <em>Vilagarc\u00eda de Arousa 29\/05\/1988<\/em><br \/>\n<strong>2h16:27<\/strong> Carlos P\u00e9rez Alonso <em>Manchester (GBR) 1972<\/em><br \/>\n<strong>2h19:46<\/strong> Manuel Garc\u00eda Gendra<em> San Sebasti\u00e1n 16\/10\/1994<\/em><br \/>\n<strong>2h19:56<\/strong> Fausto Hern\u00e1nz Moral <em>Bilbao 05\/06\/1994<\/em><br \/>\n<strong>2h21:00<\/strong> Rogelio Barrag\u00e1ns Lorenzo <em>Paris (FRA) 1987<\/em><br \/>\n<strong>2h24:38<\/strong> El\u00edas Dom\u00ednguez Cabral <em>Toral de los Vados 07\/07\/2002<\/em><br \/>\n<strong>2h25:45<\/strong> Jos\u00e9 Antonio Requejo Santos <em>Zaragoza 27\/09\/2015<\/em><br \/>\n<strong>2h28:43<\/strong> Oscar Fern\u00e1ndez Villar <em>Helsinki (FIN) 17\/08\/2002<\/em><br \/>\n<strong>2h28:50<\/strong> Gustavo Nieves Campello <em>London (GBR) 28\/04\/2019<\/em><br \/>\n<strong>2h34:20<\/strong> Antonio Barcia Sim\u00f3n <em>Vigo 1968<\/em><br \/>\n<strong>2h37:16<\/strong> Miguel Fern\u00e1ndez Pereira <em>A Coru\u00f1a 19\/04\/2015<\/em><\/p>\n<p style=\"text-align: center;\"><iframe loading=\"lazy\" src=\"\/\/www.youtube.com\/embed\/V44nI2ua0ZY\" width=\"560\" height=\"314\" allowfullscreen=\"allowfullscreen\"><\/iframe><\/p>\n<p><b>100m vallas Femenino<br \/>\n<\/b><strong>14.25<\/strong> Mar\u00eda Calvo \u00c1lvarez <em>Alicante 23\/07\/97<\/em><br \/>\n<strong>14.59<\/strong> Emma Valencia Garc\u00eda <em>Alcorc\u00f3n 16\/06\/2018<\/em><br \/>\n<strong>14.59<\/strong> Alicia Merino P\u00e9rez <em>A Coru\u00f1a-Elvi\u00f1a 30\/06\/2018<\/em><br \/>\n<strong>14.90<\/strong> Pilar Mart\u00ednez Fern\u00e1ndez <em>Castell\u00f3n 02\/07\/1995<\/em><br \/>\n<strong>14.95<\/strong> Ant\u00eda Mart\u00ednez Queima\u00f1o <em>Pereiro de Aguiar 16\/07\/2016<\/em><br \/>\n<strong>14.97<\/strong> Sonsoles Otero Fern\u00e1ndez <em>Vigo 07\/05\/1995<\/em><br \/>\n<strong>14.98<\/strong> Eva Queima\u00f1o Vilaboy <em>Getafe 21\/07\/2018<\/em><br \/>\n<strong>15.0<\/strong>m M\u00aa Jes\u00fas Sanguos Espi\u00f1a <em>Vitoria 19\/06\/1982<\/em><br \/>\n<strong>15.06<\/strong> Araceli Salgueiro Varela<em> Segovia 16\/05\/1992<\/em><br \/>\n<strong>15.10<\/strong> Erika Cerdeira Gonz\u00e1lez <em>Vigo 07\/07\/2001<\/em><br \/>\n<strong>15.48<\/strong> Lorena V\u00e1zquez Gonz\u00e1lez <em>Vigo 07\/04\/1995<\/em><br \/>\n<strong>15.52<\/strong> Mar\u00eda Jes\u00fas Sanguos Espi\u00f1a <em>Vigo 12\/06\/1992<\/em><br \/>\n<strong>15.72<\/strong> Alba Band\u00edn Van Loon <em>Castell\u00f3n 07\/07\/2007<\/em><br \/>\n<strong>15.82<\/strong> Isabel V\u00e1zquez Melero <em>Castell\u00f3n 06\/07\/2013<\/em><\/p>\n<p><img decoding=\"async\" loading=\"lazy\" class=\"aligncenter\" src=\"https:\/\/celtaatletismo.es\/blog\/blog\/wp-content\/uploads\/2019\/08\/11737900_1171673059526335_6283597260859320953_n.jpg\" alt=\"\" width=\"687\" height=\"515\" \/><\/p>\n<p><b>110m vallas Masculino<br \/>\n<\/b><strong>14.09<\/strong> David G\u00f3mez Mart\u00ednez <em>M\u00e1laga 23\/07\/05<\/em><br \/>\n<strong>14.41<\/strong> Ricardo \u00c1lvarez Arenas <em>San Sebasti\u00e1n de los Reyes 12\/07\/1996<\/em><br \/>\n<strong>14.53<\/strong> Alberto Prieto Casal <em>Getxo 29\/07\/1990<\/em><br \/>\n<strong>14.58<\/strong> Jaime Pe\u00f1as Bermejo <em>Alhama de Murcia 01\/06\/97<\/em><br \/>\n<strong>15.02<\/strong> Javier Fidalgo Rodr\u00edguez <em>Pontevedra 15\/06\/2014<\/em><br \/>\n<strong>15.14<\/strong> Jos\u00e9 Lu\u00eds Dom\u00ednguez Gonz\u00e1lez <em>Barcelona 15\/08\/1987<\/em><br \/>\n<strong>15.23<\/strong> \u00c1lvaro Contreras Pol\u00edn <em>Toledo 23\/06\/2007<\/em><br \/>\n<strong>15.38<\/strong> Alfonso Fern\u00e1ndez Balsas <em>Gij\u00f3n 25\/04\/2010<\/em><br \/>\n<strong>15.46<\/strong> Manuel Ruiz Debring <em>Barcelona 08\/06\/2008<\/em><br \/>\n<strong>15.47<\/strong> Adolfo S\u00e1inz-Maza <em>Pontevedra 24\/06\/2017<\/em><br \/>\n<strong>15.60<\/strong> Manuel G\u00f3mez G\u00f3mez <em>Ourense 02\/05\/2014<\/em><br \/>\n<strong>15.84<\/strong> Carlos M. Iglesias Carballo <em>A Coru\u00f1a-Elvi\u00f1a 02\/05\/2014<\/em><\/p>\n<p><b>400m vallas Femenino<br \/>\n<\/b><strong>1:01.50<\/strong> M\u00aa Jes\u00fas Sanguos Espi\u00f1a <em>Gij\u00f3n 03\/08\/1985<\/em><br \/>\n<strong>1:01.90<\/strong> Lorena V\u00e1zquez Gonz\u00e1lez<em> Maia (POR) 22\/07\/1999<\/em><br \/>\n<strong>1:03.07<\/strong> Sonia Gonz\u00e1lez Pazos <em>Vitoria 09\/07\/1995<\/em><br \/>\n<strong>1:04.1<\/strong>m Beatriz S\u00e1nchez V\u00e1zquez <em>A Coru\u00f1a 1990<\/em><br \/>\n<strong>1:05.1<\/strong>m Paula Gestoso Abrain <em>Vigo 08\/07\/1989<\/em><br \/>\n<strong>1:05.12<\/strong> Esther Sierra Abrain<em> Fuenlabrada 08\/06\/1985<\/em><br \/>\n<strong>1:05.35<\/strong> Araceli Salgueiro Varela <em>Segovia 30\/05\/1992<\/em><br \/>\n<strong>1:05.57<\/strong> Isabel V\u00e1zquez Melero <em>Monz\u00f3n 19\/05\/2013<\/em><br \/>\n<strong>1:05.62<\/strong> Miriam Fern\u00e1ndez Vila <em>Gij\u00f3n 24\/05\/2003<\/em><br \/>\n<strong>1:05.67<\/strong> Emma Valencia Garc\u00eda <em>Burgos 11\/06\/2016<\/em><br \/>\n<strong>1:05.81<\/strong> Eva Queima\u00f1o Vilaboy <em>Pontevedra 11\/05\/2019<\/em><\/p>\n<p><em> <img decoding=\"async\" loading=\"lazy\" class=\"aligncenter\" src=\"https:\/\/celtaatletismo.es\/blog\/blog\/wp-content\/uploads\/2019\/08\/Suarez-canal.jpg\" alt=\"\" width=\"683\" height=\"455\" \/><\/em><b><\/b><\/p>\n<p><b>400m vallas Masculino<br \/>\n<\/b><strong>50.5m<\/strong> Francisco Su\u00e1rez Canal <em>Madrid 10\/07\/1971<br \/>\n<\/em><strong>51.00<\/strong> Francisco Su\u00e1rez Canal <em>Madrid 12\/09\/1971<\/em><br \/>\n<strong>51.3m<\/strong> Manuel Carlos Gayoso D\u00edaz <em>Berna (SUI) 25\/09\/1966<\/em><br \/>\n<strong>52.30<\/strong> Javier Fidalgo Rodr\u00edguez<em> Jerez de la Frontera 02\/08\/2003<\/em><br \/>\n<strong>52.87<\/strong> Luis Miguel Barrag\u00e1n Rodr\u00edguez <em>Sevilla 27\/04\/1999<\/em><br \/>\n<strong>53.13<\/strong>A Manuel Ruiz Debring<em> \u00c1vila 20\/07\/2008<\/em><br \/>\n<strong>53.17<\/strong> Alberto Pereiro Bern\u00e1rdez <em>Maia (POR) 15\/07\/2000<\/em><br \/>\n<strong>53.1m<\/strong> Manuel Garza Lodeiro <em>Barcelona 05\/07\/1975<\/em><br \/>\n<strong>53,43<\/strong> Donato Ram\u00edrez Garc\u00eda <em>Madrid 19\/06\/1996<\/em><br \/>\n<strong>53.6m<\/strong> Ernesto Gonz\u00e1lez Moreira <em>Vigo 1990<\/em><br \/>\n<strong>53.99<\/strong> Oscar Miguel Pitillas Torra <em>Vitoria 2003<\/em><br \/>\n<strong>54.2m<\/strong> Francisco Javier D\u00edaz Mart\u00ednez <em>Barcelona 1973<\/em><br \/>\n<strong>54.80<\/strong> Jacinto Cea Bao <em>San Sebasti\u00e1n Reyes 13\/07\/1996<\/em><br \/>\n<strong>55.32<\/strong> Javier Pintor Manzanares <em>Vigo 12\/06\/1992<\/em><br \/>\n<strong>55.4m<\/strong> Alberto Salgado Costas <em>Pontevedra 05\/06\/1996<\/em><\/p>\n<p><b>Salto de Altura Femenino<br \/>\n<\/b><strong>1.73<\/strong> Ana Mar\u00eda Rodr\u00edguez Santiago <em>San Sebasti\u00e1n 27\/07\/86<\/em><br \/>\n<strong>1.72<\/strong> Sonsoles Otero Fern\u00e1ndez <em>A Coru\u00f1a 17\/03\/1993<\/em><br \/>\n<strong>1.70<\/strong> Montserrat Riveiro Hidalgo <em>Vigo 13\/07\/1991<\/em><br \/>\n<strong>1.66<\/strong> Eva Queima\u00f1o Vilaboy<em> Valladolid-ESG 21\/05\/2017<\/em><br \/>\n<strong>1.64<\/strong> Ana Solla Corbacho <em>Le\u00f3n 01\/10\/2011<\/em><br \/>\n<strong>1.62<\/strong> Luc\u00eda Aragunde \u00c1lvarez <em>Motril 20\/06\/2009<\/em><br \/>\n<strong>1.61<\/strong>i Andrea Reija Torr\u00f3n<em> Ourense 19\/01\/2020<\/em><br \/>\n<strong>1.60<\/strong> Alicia Merino P\u00e9rez <em>O Barco 27\/07\/2019<br \/>\n<\/em><strong>1.59<\/strong>i Carlota Salgado Garc\u00eda <em>Ourense 23\/02\/2020<\/em><br \/>\n<strong>1.57<\/strong> Isabel V\u00e1zquez Melero <em>Castell\u00f3n 06\/07\/2013<\/em><br \/>\n<strong>1.57<\/strong> Olaia Gisela Becerril \u00c1lvarez<em> Vigo 15\/05\/2016<\/em><br \/>\n<strong>1.57<\/strong> Lara Fern\u00e1ndez Cama\u00f1o <em>Vigo 18\/05\/2019<\/em><br \/>\n<strong>1.56<\/strong> Lucia Curra Santos <em>Vigo 27\/06\/1998<\/em><br \/>\n<strong>1.56<\/strong> Iria Cancelas M\u00e1rquez <em>A Coru\u00f1a 01\/05\/1999<\/em><br \/>\n<strong>1.55<\/strong> Irene Millara Turienzo <em>Vigo 28\/01\/73<\/em><br \/>\n<strong>1.55<\/strong> Luc\u00eda P\u00e9rez Curr\u00e1s <em>Burgos 08\/06\/2014<\/em><br \/>\n<strong>1.55<\/strong> Karolina Puchmertlova <em>Alcorc\u00f3n 20\/05\/2018<\/em><\/p>\n<p><b>Salto de Altura Masculino<br \/>\n<\/b><strong>2.15<\/strong> \u00c1lvaro Contreras Pol\u00edn<em> Zaragoza 22\/07\/06<br \/>\n<\/em><strong>2.12<\/strong>i Jaime Pe\u00f1as Bermejo<em> San Sebasti\u00e1n 25\/02\/1996<\/em><br \/>\n<strong>2.05<\/strong> Alfonso Ortega Turienzo <em>Granada 14\/05\/1980<br \/>\n<\/em><strong>2.04<\/strong>i Alberto Pereiro Bern\u00e1rdez <em>A Coru\u00f1a 20\/02\/1993<br \/>\n<\/em><strong>2.04<\/strong> Alberto Prieto Casal <em>Pontevedra 26\/04\/1992<br \/>\n<\/em><strong>2.03<\/strong>i Abdel-Kader Larrinaga Hern\u00e1ndez<em> Ourense 23\/02\/2020<\/em><br \/>\n<strong>2.02<\/strong> Eduardo Lloves Vieira <em>Santiago de Compostela 1983<\/em><br \/>\n<strong>2.00<\/strong> Enrique Rodr\u00edguez Dom\u00ednguez <em>Vigo 1990<\/em><br \/>\n<strong>2.00<\/strong>i Alfonso Fern\u00e1ndez Balsas <em>Sevilla 13\/02\/2010<\/em><br \/>\n<strong>2.00<\/strong>i Adolfo Sainz-Maza Villar <em>Lugo 27\/01\/2018<\/em><br \/>\n<strong>1.98<\/strong> Jorge Vega Lamas <em>A Coru\u00f1a 09\/03\/1991<\/em><br \/>\n<strong>1.98<\/strong> David G\u00f3mez Mart\u00ednez <em>Salamanca 05\/07\/2003<\/em><br \/>\n<strong>1.97<\/strong> Lu\u00eds Dur\u00e1n Laguna <em>Vigo 1990<\/em><br \/>\n<strong>1.97<\/strong> Diego Barreiro Figueroa <em>Vigo 24\/04\/1998<br \/>\n<\/em><strong>1.96<\/strong> J. Otero Pastoriza <em>A Coru\u00f1a 06\/02\/1993<\/em><br \/>\n<strong>1.96<\/strong>i David Mart\u00ednez Gonz\u00e1lez <em>Madrid 11\/02\/2018<\/em><\/p>\n<p><b>Salto de Longitud Femenino<br \/>\n<\/b><strong>6.10<\/strong>i Olalla Gisela Becerril \u00c1lvarez <em>Antequera 17\/02\/2019<\/em><br \/>\n<strong>5.69<\/strong> Tania Valverde Gonz\u00e1lez <em>Santiago de Compostela 14\/06\/2008<\/em><br \/>\n<strong>5.67<\/strong> Erika Cerdeira Gonz\u00e1lez <em>Gij\u00f3n 21\/06\/1997<\/em><br \/>\n<strong>5.61<\/strong> Marta G\u00f3mez Rodr\u00edguez<em> Vigo 19\/07\/2012<\/em><br \/>\n<strong>5.59<\/strong> Elvira Okutu Kouletio <em>Pontevedra<\/em> <em>31\/05\/2017<\/em><br \/>\n<strong>5.58<\/strong> Alicia Merino P\u00e9rez<em> Pontevedra 11\/05\/2019<\/em><br \/>\n<strong>5.57<\/strong> Luc\u00eda P\u00e9rez Curr\u00e1s <em>Vigo 28\/05\/2011<br \/>\n<\/em><strong>5.55<\/strong>i Eva Queima\u00f1o Vilaboy <em>Ourense 23\/02\/2020<\/em><br \/>\n<strong>5.54<\/strong> Rosa Mar\u00eda Pena Figueiras<em> Vigo 1976<\/em><br \/>\n<strong>5.40<\/strong> Mar\u00eda Vera Isasa <em>Vigo 1991<\/em><br \/>\n<strong>5.32<\/strong> Mar\u00eda Jes\u00fas Sanguos Espi\u00f1a <em>Vigo 1982<\/em><br \/>\n<strong>5.32<\/strong> Eva Cobi\u00e1n Ledo<em> Pontevedra 21\/06\/1992<\/em><br \/>\n<strong>5.32<\/strong> Rosa Mar\u00eda Manzano G\u00f3mez <em>Ferrol 13\/04\/2013<\/em><\/p>\n<p><b>Salto de Longitud Masculino<br \/>\n<\/b><strong>7.63<\/strong> Francisco Javier Flor \u00c1vila <em>San Sebasti\u00e1n 01\/08\/98<\/em><br \/>\n<strong>7.47<\/strong> Ignacio De Coo Mart\u00edn <em>Madrid 04\/07\/1979<\/em><br \/>\n<strong>7.45<\/strong> David G\u00f3mez Mart\u00ednez<em> Pontevedra 19\/07\/2008<\/em><br \/>\n<strong>7.40<\/strong> Francisco Castrillo Villar <em>Pamplona 14\/08\/1971<\/em><br \/>\n<strong>7.39<\/strong> Jaime Pe\u00f1as Bermejo <em>Alhama de Murcia 04\/05\/1996<\/em><br \/>\n<strong>7.37<\/strong> \u00c1lvaro Contreras Pol\u00edn <em>Santa Cruz de Tenerife 26\/07\/2008<\/em><br \/>\n<strong>7.29<\/strong> Mario Gonz\u00e1lez Rodr\u00edguez <em>Vigo 07\/05\/1995<\/em><br \/>\n<strong>7.20<\/strong> Daniel Su\u00e1rez V\u00e1zquez <em>Ourense 06\/06\/2004<\/em><br \/>\n<strong>7.17<\/strong> Basilio Bern\u00e1rdez Rodr\u00edguez <em>Alicante 25\/05\/2002<\/em><br \/>\n<strong>7.15<\/strong> Jos\u00e9 Eugenio Bern\u00e1rdez <em>Rodr\u00edguez Castell\u00f3n 08\/06\/1997<\/em><br \/>\n<strong>7.10<\/strong> Santiago Torres Calvo <em>Pontevedra 06\/08\/1988<\/em><\/p>\n<p><img decoding=\"async\" loading=\"lazy\" class=\"aligncenter wp-image-10847 \" src=\"https:\/\/celtaatletismo.es\/blog\/blog\/wp-content\/uploads\/2021\/02\/2281951190_2df205fedf.jpg\" alt=\"\" width=\"683\" height=\"452\" srcset=\"https:\/\/celtaatletismo.es\/blog\/wp-content\/uploads\/2021\/02\/2281951190_2df205fedf.jpg 500w, https:\/\/celtaatletismo.es\/blog\/wp-content\/uploads\/2021\/02\/2281951190_2df205fedf-200x132.jpg 200w\" sizes=\"(max-width: 683px) 100vw, 683px\" \/><\/p>\n<p><b>Triple Salto Femenino<br \/>\n<\/b><strong>12.77<\/strong> Arantxa Quintana G\u00f3mez <em>Logro\u00f1o 14\/06\/97<br \/>\n<\/em><strong>12.63<\/strong>i Eva Ruiz <em>Vilafranca del Pened\u00e9s 11\/02\/1996<br \/>\n<\/em><strong>12.44 <\/strong>Ilbania Moldes V\u00e1zquez <em>Santiago de Compostela 23\/05\/1999<\/em><br \/>\n<strong>12.42<\/strong> Luc\u00eda P\u00e9rez Curr\u00e1s <em>Ferrol 23\/07\/2011<\/em><br \/>\n<strong>11.93<\/strong> Montserrat Riveiro Hidalgo<em> Vigo 25\/05\/1996<\/em><br \/>\n<strong>11.69<\/strong> Tania Valverde Gonz\u00e1lez <em>Vigo 29\/03\/2015<\/em><br \/>\n<strong>11.62<\/strong> Mar\u00eda Vera Isasa <em>Pontevedra 26\/04\/1992<\/em><br \/>\n<strong>11.54<\/strong> Mar\u00eda Jes\u00fas Sanguos Espi\u00f1a <em>Pontevedra 20\/05\/1989<\/em><br \/>\n<strong>11.48<\/strong> Rosa Mar\u00eda Manzano G\u00f3mez <em>Alcorc\u00f3n 18\/05\/2014<\/em><br \/>\n<strong>11.45<\/strong>i Ux\u00eda Paz Alonso <em>A Coru\u00f1a 08\/02\/2020<\/em><br \/>\n<strong>11.22<\/strong> Milagros Aldana Gil Gallardo <em>O Barco de Valdeorras 10\/05\/2014<\/em><br \/>\n<strong>11.16<\/strong> Mar\u00eda Moldes Fern\u00e1ndez <em>Vigo 07\/07\/2001<\/em><br \/>\n<strong>11.11<\/strong> Carlota Choren Castro<em> Avil\u00e9s 30\/05\/2009<\/em><br \/>\n<strong>10.64<\/strong> Beatriz D\u00edaz Garc\u00eda <em>Vigo 27\/03\/1996<\/em><\/p>\n<p><b>Triple Salto Masculino<br \/>\n<\/b><strong>15.58<\/strong> Francisco Castrillo <em>Oviedo 23\/05\/1976<\/em><br \/>\n<strong>15.57<\/strong> Antonio Salazar Burgos <em>Salamanca 20\/07\/1997<\/em><br \/>\n<strong>15.30<\/strong> Daniel Castelo Guerrero <em>M\u00e1laga 14\/08\/1992<\/em><br \/>\n<strong>15.20<\/strong> Ignacio de Coo Mart\u00edn <em>Madrid 19\/07\/1980<\/em><br \/>\n<strong>15.07<\/strong> Luis Miguel Navarro V\u00e1zquez <em>Madrid 22\/07\/1978<\/em><br \/>\n<strong>14.99<\/strong> Baltasar Valiente Vieitez <em>Tarragona 17\/07\/1993<\/em><br \/>\n<strong>14.69<\/strong>i Alberto Elena Corbal <em>Ourense 20\/01\/2019<\/em><br \/>\n<strong>14.61<\/strong> Juan Jos\u00e9 L\u00f3pez Rodr\u00edguez <em>A Coru\u00f1a 1964<\/em><br \/>\n<strong>14.57<\/strong> Juan Ram\u00f3n Conde Salgado<em> Vigo 21\/04\/1992<\/em><br \/>\n<strong>14.46<\/strong> Alberto Salgado Costas <em>Vigo 17\/05\/1998<br \/>\n<\/em><strong>14.37<\/strong>i Pablo Sa\u00e1 L\u00f3pez <em>Ourense 11\/01\/2020<\/em><br \/>\n<strong>14.32<\/strong> Pablo Brieva Alonso <em>Vigo 09\/06\/2007<\/em><br \/>\n<strong>14.27<\/strong> Francisco Javier D\u00edaz Mart\u00ednez <em>Vigo 1977<\/em><\/p>\n<p><img decoding=\"async\" loading=\"lazy\" class=\"aligncenter\" src=\"https:\/\/celtaatletismo.es\/blog\/blog\/wp-content\/uploads\/2019\/08\/Francisco-Castrillo.gif\" alt=\"\" width=\"684\" height=\"449\" \/><\/p>\n<p><b>Salto con P\u00e9rtiga\u00a0Femenino<\/b><br \/>\n<strong>3.81<\/strong> Beatriz Viteri Bouso <em>Pontevedra 15\/06\/2014<\/em><br \/>\n<strong>3.62<\/strong> Nayara Sobrinho Dos Santos<em> Pontevedra 06\/06\/2018<br \/>\n<\/em><strong>3.35<\/strong>i Ana Juncal Otero <em>Salamanca 15\/02\/2020<\/em><br \/>\n<strong>3.30<\/strong> Desire\u00e9 Rodr\u00edguez Lomba <em>Ourense 15\/06\/2013<\/em><br \/>\n<strong>3.11<\/strong> Sandra Blanco Fern\u00e1ndez<em> Vigo 27\/06\/2008<\/em><br \/>\n<strong>3.00<\/strong> Alicia Merino P\u00e9rez<em> Lugo 14\/06\/2018<\/em><br \/>\n<strong>2.91<\/strong> Lara Fern\u00e1ndez Cama\u00f1o <em>Ferrol 04\/06\/2016<\/em><br \/>\n<strong>2.70<\/strong> Eva \u00c1lvarez Mateu <em>Nar\u00f3n 27\/05\/00<\/em><br \/>\n<strong>2.63<\/strong> Jennifer Rodr\u00edguez Lomba <em>Vigo 05\/06\/2008<\/em><br \/>\n<strong>2.63<\/strong> Mari\u00f1a Alcalde Ruibal <em>Vigo 20\/05\/2010<\/em><br \/>\n<strong>2.51<\/strong> Emma Varela \u00c1lvarez <em>Vigo 23\/05\/2013<\/em><br \/>\n<strong>2.40<\/strong> Sonsoles Otero Fern\u00e1ndez <em>Vigo 25\/05\/1996<\/em><br \/>\n<strong>2.40<\/strong> Andrea N\u00f3voa Mart\u00ednez <em>O Barco de Valdeorras 10\/05\/2014<\/em><\/p>\n<p><b>Salto con P\u00e9rtiga\u00a0Masculino<\/b><br \/>\n<strong>5.00<\/strong> Sergio Teller\u00eda Fern\u00e1ndez <em>Vigo 19\/07\/2014<\/em><br \/>\n<strong>4.82<\/strong> Miguel Cajaraville Mosquera <em>Pontevedra 20\/07\/2019<\/em><br \/>\n<strong>4.81<\/strong> Juan Pablo Calvo L\u00f3pez <em>Pereiro de Aguiar 12\/05\/2007<\/em><br \/>\n<strong>4.80<\/strong> Jaime Pe\u00f1as Bermejo <em>Alhama de Murcia 18\/05\/97<\/em><br \/>\n<strong>4.71<\/strong> David G\u00f3mez Mart\u00ednez <em>Pontevedra 14\/07\/2013<\/em><br \/>\n<strong>4.70<\/strong> Jos\u00e9 Cobi\u00e1n Ledo <em>Vigo 11\/06\/1998<\/em><br \/>\n<strong>4.70<\/strong>i \u00c1lvaro Contreras Pol\u00edn<em> Valencia 24\/02\/2008<\/em><br \/>\n<strong>4.65<\/strong> Antonio Fern\u00e1ndez Costas<em> Vigo 30\/08\/1985<\/em><br \/>\n<strong>4.50<\/strong>i Alfonso Fern\u00e1ndez Balsas <em>Valencia 17\/01\/2010<\/em><br \/>\n<strong>4.50 <\/strong>Adolfo Sainz-Maza <em>La Nuc\u00eda 01\/09\/2019<\/em><br \/>\n<strong>4.40<\/strong>i Manuel Ruiz Debring <em>Zaragoza 16\/03\/2008<\/em><br \/>\n<strong>4.30<\/strong> Antonio Coch\u00f3n Pumar<em> Santiago de Compostela 21\/04\/2002<\/em><br \/>\n<strong>4.25<\/strong> Jos\u00e9 Lu\u00eds Bello Losada <em>Vigo 27\/03\/1994<\/em><br \/>\n<strong>4.20<\/strong> Juan Barreiro Porral <em>Salamanca 13\/06\/1993<\/em><br \/>\n<strong>4.20<\/strong> Casimiro Rodr\u00edguez V\u00e1zquez <em>Valladolid 18\/06\/1995<\/em><br \/>\n<strong>4.20<\/strong> Benito Valero Alonso <em>Ourense 2007<\/em><\/p>\n<p><b>Lanzamiento de Peso Femenino<br \/>\n<\/b><strong>14.62<\/strong> \u00c1ngeles Barreiro Rico <em>Gij\u00f3n 21\/05\/1995<\/em><br \/>\n<strong>13.87<\/strong> Eva Costas P\u00e9rez Vilanova de <em>Cerveira 03\/07\/2013<\/em><br \/>\n<strong>13.83<\/strong> Mar\u00eda Jos\u00e9 Sanrom\u00e1n Francisco <em>Vigo 03\/06\/1989<\/em><br \/>\n<strong>13.33<\/strong> Elena Est\u00e9vez Cabral <em>Ferrol 18\/07\/2009<br \/>\n<\/em><strong>12.81<\/strong>i Raquel Villa Carracelas Ourense<em> 23\/02\/2020<\/em><br \/>\n<strong>12.43<\/strong>i Luisa Mar\u00eda Garc\u00eda Pena <em>Madrid 1968<\/em><br \/>\n<strong>12.07<\/strong> Karolina Puchmertlova <em>Vila Nova de Cerveira (POR) 22\/06\/2017<\/em><br \/>\n<strong>11.93<\/strong> Mar\u00eda Dolores Pedrares Alonso <em>Pontevedra 26\/04\/1994<\/em><br \/>\n<strong>11.90<\/strong> Saladina Lemos Alonso <em>Santiago de Compostela 18\/06\/1987<\/em><br \/>\n<strong>11.68<\/strong> Mar\u00eda Jos\u00e9 Fern\u00e1ndez V\u00e1zquez <em>Vallisellen (SUI) 18\/09\/1971<br \/>\n<\/em><strong>11.68i <\/strong>Nediam Nori Vargas Arteaga<em> Ourense 30\/12\/2017<\/em><br \/>\n<strong>11.55<\/strong> Ana Izquierdo S\u00e1nchez <em>Ferrol 13\/04\/2013<\/em><br \/>\n<strong>11.38<\/strong> Mar\u00eda del Mar Labandeira Miguens <em>Vigo 24\/05\/1997<\/em><\/p>\n<p><b>Lanzamiento de Peso Masculino<br \/>\n<\/b><strong>16.20<\/strong> Noel Vega Misa <em>Nar\u00f3n 19\/08\/2000<\/em><br \/>\n<strong>16.19<\/strong> Fernando Paredes Fern\u00e1ndez <em>Vigo 09\/05\/2003<\/em><br \/>\n<strong>15.49<\/strong> Jaime Pe\u00f1as <em>Alhama de Murcia 31\/05\/1997<\/em><br \/>\n<strong>15.03<\/strong> Carlos P\u00e9rez Feijoo<em> Vigo 26\/03\/1995<\/em><br \/>\n<strong>15.01<\/strong> Manuel Fern\u00e1ndez Alfonso <em>Vigo 18\/06\/1971<\/em><br \/>\n<strong>14.92<\/strong> Jos\u00e9 Lu\u00eds Y\u00e1\u00f1ez Castro <em>Ferrol 1979<\/em><br \/>\n<strong>14.90<\/strong> Alberto Rabad\u00e1n Soto <em>Vigo 31\/03\/2007<\/em><br \/>\n<strong>14.89<\/strong> David Rocha Acu\u00f1a <em>Vigo 05\/04\/1998<\/em><br \/>\n<strong>14.67<\/strong> Santiago Ortega S\u00e1nchez <em>Vigo 21\/04\/1974<\/em><br \/>\n<strong>14.57<\/strong> David G\u00f3mez Mart\u00ednez <em>Atenas (GRE) 23\/08\/2004<\/em><br \/>\n<strong>13.80<\/strong>i \u00c1lvaro Contreras Pol\u00edn <em>Valencia 23\/02\/2008<\/em><br \/>\n<strong>13.48<\/strong> Lu\u00eds Gonz\u00e1lez Diz <em>Durango 05\/07\/2014<\/em><\/p>\n<p><b>Lanzamiento de Disco Femenino<br \/>\n<\/b><strong>58.38<\/strong> \u00c1ngeles Barreiro Rico <em>Salamanca 22\/07\/97<\/em><br \/>\n<strong>51.02<\/strong> Mar\u00eda Dolores Pedrares Alonso <em>Ferrol 10\/06\/1994<\/em><br \/>\n<strong>46.70<\/strong> Luisa Mar\u00eda Garc\u00eda Pena <em>Madrid 11\/06\/67<\/em><br \/>\n<strong>46.00<\/strong> Saladina Lemos Alonso <em>Vigo 26\/06\/1987<\/em><br \/>\n<strong>45.42<\/strong> Mar\u00eda Jos\u00e9 Sanrom\u00e1n Francisco <em>Vigo 10\/06\/1989<\/em><br \/>\n<strong>42.36<\/strong> Eva Costas P\u00e9rez <em>Pontevedra 27\/04\/2008<\/em><br \/>\n<strong>40.92<\/strong> Mar\u00eda Jos\u00e9 Fern\u00e1ndez <em>V\u00e1zquez Vigo 1969<\/em><br \/>\n<strong>39.17<\/strong> Ana Raquel Revuelta Parra <em>Lugo 26\/04\/2014<\/em><br \/>\n<strong>39.08<\/strong> Mar\u00eda del Mar Labandeira Miguens <em>Vigo 27\/06\/1998<\/em><br \/>\n<strong>38.82<\/strong> Ana Izquierdo S\u00e1nchez <em>Pontevedra 09\/03\/2013<\/em><\/p>\n<p><b>Lanzamiento de Disco Masculino<\/b><em><br \/>\n<\/em><strong>53.10<\/strong> David Antonio Fern\u00e1ndez Lemos <em>Pontevedra 28\/03\/2009<\/em><br \/>\n<strong>48.67<\/strong> Nicol\u00e1s Garc\u00eda Area <em>Santander 15\/06\/2019<\/em><br \/>\n<strong>48.16<\/strong> Jaime Pe\u00f1as Bermejo <em>Tallin (EST) 16\/06\/1996<\/em><br \/>\n<strong>47.68<\/strong> Jos\u00e9 Mar\u00eda Otero Fern\u00e1ndez<em> Oviedo 14\/05\/1997<\/em><br \/>\n<strong>47.56<\/strong> Santiago Ortega S\u00e1nchez <em>Oviedo 23\/05\/1976<\/em><br \/>\n<strong>46.64<\/strong> Manuel Penas Roib\u00e1s <em>Vigo 15\/07\/1995<\/em><br \/>\n<strong>45.41<\/strong> Noel Vega Misa <em>Pontevedra 27\/07\/2017<\/em><br \/>\n<strong>45.16<\/strong> Carlos P\u00e9rez Feijoo <em>Santiago de Compostela 19\/06\/1993<\/em><br \/>\n<strong>44.98<\/strong> Manuel Fern\u00e1ndez <em>Alfonso Pontevedra 15\/08\/1971<\/em><br \/>\n<strong>43.82<\/strong> Marcos Bouza Villar <em>Pontevedra 20\/07\/2019<\/em><br \/>\n<strong>43.26<\/strong> Adri\u00e1n Est\u00e9vez Mart\u00ednez <em>Zaragoza 22\/05\/2011<\/em><br \/>\n<strong>42.83<\/strong> David G\u00f3mez Mart\u00ednez <em>Ferrol 2009<\/em><br \/>\n<strong>42.74<\/strong> Jes\u00fas P\u00e9rez Pi\u00f1eiro <em>Madrid 1975<\/em><\/p>\n<p><b>Lanzamiento de Martillo Femenino<br \/>\n<\/b><strong>57.41<\/strong> Irene G\u00f3mez Costas <em>Pontevedra 11\/05\/2019<\/em><br \/>\n<strong>57.16<\/strong> Mar\u00eda Dolores Pedrares Alonso<em> Salamanca 22\/07\/1997<\/em><br \/>\n<strong>55.84<\/strong> Mar\u00eda del Mar Labandeira Miguens <em>Santiago de Compostela 13\/06\/2003<\/em><br \/>\n<strong>52.60<\/strong> Sara Arosa Rivas <em>Maia (POR) 23\/06\/2012<\/em><br \/>\n<strong>48.24<\/strong> Noelia Ferradanes Hermelo <em>Vilanova de Cerveira 27\/03\/2010<\/em><br \/>\n<strong>47.96<\/strong> Patricia Correa Gonz\u00e1lez <em>Vigo 13\/07\/2019<\/em><br \/>\n<strong>46.45<\/strong> Paula P\u00e9rez P\u00e9rez <em>Vigo 01\/05\/1999<\/em><br \/>\n<strong>45.03<\/strong> Laura Denis Sanrom\u00e1n <em>Ourense 27\/06\/2004<\/em><br \/>\n<strong>43.94<\/strong> Laura Gra\u00f1a Gonz\u00e1lez <em>Burgos 11\/06\/2016<\/em><br \/>\n<strong>43.76<\/strong> Miriam Otero R\u00faa <em>Santiago de Compostela 23\/05\/1999<\/em><br \/>\n<strong>41.33<\/strong> Patricia Ver\u00f3nica del Rio <em>Raiz<\/em> <em>Pontevedra 10\/02\/2018<\/em><br \/>\n<strong>41.06<\/strong> Mar\u00eda Az\u00e1nzazu Send\u00f3n del R\u00edo <em>Vigo 27\/10\/1996<\/em><br \/>\n<strong>38.63<\/strong> Saladina Lemos Alonso <em>Vigo 15\/01\/2000<\/em><\/p>\n<p><b>Lanzamiento de Martillo Masculino<br \/>\n<\/b><strong>68.58<\/strong> Jos\u00e9 Manuel Almud\u00ed Cid <em>Madrid 23\/07\/95<\/em><br \/>\n<strong>63.54<\/strong> Ignacio Fern\u00e1ndez Alvarez <em>Valladolid 26\/06\/2004<\/em><br \/>\n<strong>62.60<\/strong> Jos\u00e9 Manuel Barbosa D\u00edaz <em>Pamplona 15\/06\/1996<\/em><br \/>\n<strong>61.48<\/strong> Nuno Miguel Mart\u00edns da Rocha <em>Pamplona 06\/06\/2009<\/em><br \/>\n<strong>61.23<\/strong> Isaac Vicente Land\u00edn <em>Los Realejos 04\/03\/2006<\/em><br \/>\n<strong>58.69<\/strong> David Rocha Acu\u00f1a <em>Vigo 27\/06\/1998<\/em><br \/>\n<strong>58.08<\/strong> George Georgiadis <em>Pontevedra 1974<\/em><br \/>\n<strong>57.74<\/strong> Jos\u00e9 Lu\u00eds Comesa\u00f1a Puime <em>Pontevedra 19\/07\/2008<\/em><br \/>\n<strong>55.56<\/strong> Jes\u00fas P\u00e9rez Pi\u00f1eiro <em>Madrid 25\/05\/1975<\/em><br \/>\n<strong>55.43<\/strong> Oscar Fern\u00e1ndez Garc\u00eda <em>Vigo 29\/04\/2001<br \/>\n<\/em><strong>54.64<\/strong> Jos\u00e9 Manuel Hermida <em>Vigo 20\/06\/1981<br \/>\n<\/em><strong>54.28<\/strong> Pablo Franco Rodr\u00edguez <em>Santiago de Compostela 25\/05\/1997<\/em><br \/>\n<strong>52.62<\/strong> Pablo Costa del Rio <em>Vigo 03\/06\/1998<\/em><\/p>\n<p><b>Lanzamiento de Jabalina Femenino (A partir de 1999)<br \/>\n<\/b><strong>45.88<\/strong> Tania Fern\u00e1ndez Lemos <em>Lugo 17\/07\/2004<\/em><br \/>\n<strong>45.38<\/strong> Laura Meira Gestido <em>Pontevedra 20\/02\/2016<br \/>\n<\/em><strong>42.44<\/strong> Paula Pi\u00f1\u00f3n Sureda <em>Pontevedra 15\/02\/2020<\/em><br \/>\n<strong>41.06<\/strong> Concepci\u00f3n S\u00e1nchez Tom\u00e9 <em>Santiago de Compostela 18\/04\/1999<\/em><br \/>\n<strong>41.02<\/strong> Karolina Puchmertlova <em>Vila Nova de Cerveira (POR) 04\/07\/2018<\/em><br \/>\n<strong>35.45<\/strong> Andrea N\u00f3voa Mart\u00ednez<em> Toledo-ECEF 26\/06\/2016<\/em><br \/>\n<strong>34.41<\/strong> Alicia Merino P\u00e9rez<em> Lugo 19\/05\/2018<\/em><br \/>\n<strong>34.32<\/strong> Marta Besada Vieitez <em>Vigo 09\/02\/2008<\/em><br \/>\n<strong>34.11<\/strong> Ilbania Moldes V\u00e1zquez <em>Vigo 07\/07\/2001<\/em><br \/>\n<strong>33.51<\/strong> Eva Queima\u00f1o Vilaboy <em>Vilanova de Cerveira 17\/04\/2019<\/em><br \/>\n<strong>30.02<\/strong> Nerea Perell\u00f3 Gonzalez <em>Lugo 06\/05\/2017<\/em><br \/>\n<strong>29.70<\/strong> Alda Band\u00edn Vaan Loon <em>Castell\u00f3n 08\/07\/2007<\/em><br \/>\n<strong>29.19<\/strong> Nuria \u00c1lvarez C\u00e9spedes <em>Pontevedra 25\/04\/2010<\/em><br \/>\n<strong>27.34<\/strong> Mar\u00eda Jos\u00e9 Sanrom\u00e1n Francisco <em>Ourense 09\/05\/2004<\/em><\/p>\n<p><b>Lanzamiento de Jabalina Masculino (A partir de 1986)<br \/>\n<\/b><strong>67.93<\/strong> Jos\u00e9 Manuel Lombao Pena <em>Vigo 18\/05\/2008<\/em><br \/>\n<strong>66.99<\/strong> David G\u00f3mez Mart\u00ednez <em>Vigo 23\/04\/2005<\/em><br \/>\n<strong>64.48<\/strong> Fernando Rodrigo Tall\u00f3n Gay <em>Vigo 11\/07\/2009<\/em><br \/>\n<strong>64.24<\/strong> Francisco Javier Flor \u00c1vila <em>Castell\u00f3n 08\/06\/1997<\/em><br \/>\n<strong>63.66<\/strong> Jaime Pe\u00f1as Bermejo <em>Alhama de Murcia 05\/05\/96<\/em><br \/>\n<strong>59.84<\/strong> David Antonio Fern\u00e1ndez Lemos <em>Vigo 09\/06\/2007<\/em><br \/>\n<strong>59.44<\/strong> Ram\u00f3n Rial Fern\u00e1ndez <em>Vigo 16\/06\/1993<\/em><br \/>\n<strong>59.38<\/strong> \u00c1lvaro Contreras Pol\u00edn <em>Arles (FRA) 08\/06\/2008<\/em><br \/>\n<strong>59.30<\/strong> Jonathan Correa Prado <em>Pontevedra 20\/07\/2019<\/em><br \/>\n<strong>57.10<\/strong> Fernando Portome\u00f1e Pouso <em>Vigo 11\/04\/1999<\/em><br \/>\n<strong>56.80<\/strong> Jonatas Pereira Horro <em>Vigo 15\/06\/2019<\/em><br \/>\n<strong>55.76<\/strong> Carlos Garc\u00eda Acosta Pontevedra <em>17\/07\/1988<\/em><br \/>\n<strong>55.54<\/strong> David Figueroa Alonso <em>Vigo 18\/06\/1994<\/em><\/p>\n<p><b>5.000m. Marcha Femenino (Pista)<br \/>\n<\/b><strong>23:06.2<\/strong>m Rosa Sierra Palmeiro <em>Ferrol 09\/07\/1992<\/em><br \/>\n<strong>24:28.73<\/strong> Mar Chill\u00f3n Cama\u00f1o <em>Castell\u00f3n 04\/05\/2019<\/em><b><br \/>\n<\/b><strong>24:45.48<\/strong> Iria Rivas Iglesias <em>Gij\u00f3n 23\/06\/2018<\/em><b><br \/>\n<\/b><strong>25:29.7<\/strong>m<b> <\/b>Roc\u00edo Carbia Lojo <em>Cuntis 06\/12\/2015<\/em><b><br \/>\n<\/b><strong>25:19.4<\/strong>m Tamara Ochogav\u00eda Dos Santos <em>A Coru\u00f1a 29\/05\/1999<\/em><br \/>\n<strong>26:15.18<\/strong> Vanesa Dom\u00ednguez P\u00e9rez <em>Santander 30\/09\/2000<\/em><br \/>\n<strong>27:23.50<\/strong> Teresa Elena Corbal <em>Riveira 01\/12\/2013<\/em><br \/>\n<strong>26:28.4<\/strong>m Nuria Represas da Silva <em>Vigo 26\/06\/2005<\/em><b><br \/>\n<\/b><strong>26:48.01<\/strong> Miriam Costas G\u00f3mez <em>A Coru\u00f1a 21\/06\/2014<\/em><br \/>\n<strong>26:59.9<\/strong>m Yolanda Quiraz dos Rey <em>Pontevedra 28\/04\/1996<\/em><br \/>\n<strong>27:15.9<\/strong>m Mercedes Regueira Doval <em>Pontevedra 28\/04\/1996<\/em><br \/>\n<strong>26:04.43<\/strong> Esther Mart\u00ednez Pi\u00f1eiro<em> Salamanca 24\/05\/1991<\/em><br \/>\n<strong>26:40.91<\/strong> Carmen Paz Rivas <em>Vigo 19\/05\/1991<\/em><br \/>\n<strong>29:08.7<\/strong>m Ruth \u00c1lvarez Garc\u00eda <em>Vigo 30\/07\/1994<\/em><br \/>\n<strong>29:47.9<\/strong>m M\u00aa Dolores Loureiro Rodr\u00edguez <em>Vigo 14\/06\/1986<\/em><br \/>\n<strong>30:02.02<\/strong> Debora Pato Sabar\u00eds <em>Nar\u00f3n 20\/11\/2018<\/em><br \/>\n<strong>30:06.14<\/strong> Carmen Carrera Mart\u00edn <em>Vigo 12\/04\/1998<\/em><br \/>\n<strong>30:23.6<\/strong>m Lydia Lorenzo Cisneros <em>A Coru\u00f1a-UN 30\/06\/2018<\/em><br \/>\n<strong>30:43.5<\/strong>m Mar\u00eda Sandra Gonz\u00e1lez Figueroa <em>Pontevedra 23\/04\/1989<\/em><br \/>\n<strong>30:56.8<\/strong>m D. Veiga Regueira <em>Vigo 12\/06\/1992<\/em><br \/>\n<strong>32:47.48<\/strong> Mar\u00eda Gabriela M\u00edguez Vila <em>A Pobra do Carami\u00f1al 26\/11\/2016<\/em><br \/>\n<strong>33:00.16<\/strong> Yolanda Abell\u00e1n Trabazos <em>Lugo 25\/11\/2017<\/em><br \/>\n<strong>33:28.39<\/strong> Eva Mar\u00eda Mari\u00f1o <em>Paz Vigo 1990<\/em><br \/>\n<strong>33:32.7<\/strong> Sonia Gondra Basterretxea <em>Vigo 1990<\/em><br \/>\n<strong>34:13.87<\/strong> Lara Lorenzo Cisneros <em>Lugo 25\/11\/2017<\/em><br \/>\n<strong>36:13.68<\/strong> Mar L\u00f3pez Abreu <em>Vigo 18\/05\/2019<\/em><b><br \/>\n<\/b><br \/>\n<b>1.0000m. Marcha Femenino.<br \/>\n<\/b><strong>48:16<\/strong> Rosa Sierra Palmeiro <em>A Coru\u00f1a 06\/06\/1992 (Ruta)<\/em><b><br \/>\n<\/b><strong>51:57<\/strong> Iria Rivas Iglesias <em>Cangas 11\/02\/2018 (Ruta)<\/em><br \/>\n<strong>52:12 <\/strong>Roc\u00edo Carbia Lojo <em>Mar\u00edn 15\/02\/2015 (Ruta)<\/em><br \/>\n<strong>52:28<\/strong> Mar Chill\u00f3n Cama\u00f1o <em>A Pobra do Carami\u00f1al 19\/01\/2019 (Ruta)<\/em><b><br \/>\n<\/b><strong>53:03<\/strong> Nuria Represas da Silva <em>Ourense 21\/01\/2006<b> <\/b>(Ruta)<\/em><b><br \/>\n<\/b><strong>54:51.63<\/strong> Miriam Costas G\u00f3mez <em>Durango 05\/07\/2014 (Pista)<\/em><br \/>\n<strong>52:02<\/strong> Tamara Ochogav\u00eda Dos Santos<em> Rio Maior (POR) 07\/04\/2001 (Ruta)<\/em><br \/>\n<strong>55:41<\/strong> Vanesa Dom\u00ednguez P\u00e9rez <em>Rio Maior (POR) 15\/04\/2000 (Ruta)<\/em><br \/>\n<strong>56:35<\/strong> Teresa Elena Corbal<em> Marin 15\/02\/2015 (Ruta)<\/em><br \/>\n<strong>56:52<\/strong> Yolanda Quiraz dos Rey <em>A Coru\u00f1a 17\/05\/1997 (Ruta)<\/em><br \/>\n<strong>1:01.22<\/strong> Mercedes Regueira Doval <em>Vilagarc\u00eda 15\/02\/1997 (Ruta)<\/em><br \/>\n<strong>1:04:06<\/strong> Debora Pato Sabar\u00eds <em>A Pobra do Carami\u00f1al 19\/01\/2019 (Ruta)<\/em><br \/>\n<strong>1:07:53<\/strong> Mar\u00eda Gabriela M\u00edguez Vila <em>A Pobra do Carami\u00f1al 12\/02\/2017 (Ruta)<\/em><br \/>\n<strong>1:06:06<\/strong> Lydia Lorenzo Cisneros <em>Getafe 17\/12\/2017 (Ruta)<\/em><br \/>\n<strong>1:06.32<\/strong> Carmen Carrera Mart\u00edn <em>Vilagarc\u00eda 15\/02\/1997 (Ruta)<\/em><br \/>\n<strong>1:14:07<\/strong> Lara Lorenzo Cisneros <em>Getafe 17\/12\/2017 (Ruta)<\/em><\/p>\n<p><strong>20km. Marcha Femenino.<\/strong><br \/>\n<strong>1:46:59<\/strong><b> <\/b>Mar Chill\u00f3n Cama\u00f1o <em>Oropesa del Mar 17\/03\/2019<\/em><br \/>\n<strong>1:49:22<\/strong> Roc\u00edo Carbia Lojo <em>Jumilla 01\/03\/2015<\/em><br \/>\n<strong>1:51.30<\/strong> Tamara Ochogav\u00eda Dos Santos<em> Zaragoza 08\/02\/2004<\/em><b><br \/>\n<\/b><strong>1:54:14<\/strong> Teresa Elena Corbal <em>Rio Maior (POR) 18\/04\/2015<\/em><br \/>\n<strong>1:53:28<\/strong> Miriam Costas G\u00f3mez <em>Murcia 16\/02\/2014<\/em><\/p>\n<p><b>5.000m. Marcha Masculino. (En Pista)<br \/>\n<\/b><strong>20:28.3<\/strong>i Juan Luis Ramilo Comesa\u00f1a <em>A Coru\u00f1a 06\/02\/1988<\/em><br \/>\n<strong>20:47.3<\/strong> Enrique Ram\u00f3n Malvar \u00c1lvarez <em>Vigo 27\/01\/1985<\/em><b><br \/>\n<\/b><strong>20:52.6<\/strong> Jos\u00e9 \u00c1ngel Rodr\u00edguez Casal <em>Santiago 18\/05\/1999<\/em><b><br \/>\n<\/b><strong>20:55.6 <\/strong>Jos\u00e9 Fern\u00e1ndez Nieves<b> <\/b><em>Ourense 21\/05\/2005<br \/>\n<\/em><strong>21:16.19i<\/strong> Santiago P\u00e9rez Alonso <em>A Coru\u00f1a 25\/01\/1992<\/em><br \/>\n<strong>21:42.21<\/strong> Christian Curopos Costa <em>Vigo 14\/06\/2015<\/em><b><br \/>\n<\/b><strong>21:46.59<\/strong> Juan Rub\u00e9n Pi\u00f1era <em>Pereiro de Aguiar 12\/05\/2007<\/em><b><br \/>\n<\/b><strong>22:21.53<\/strong> Manuel Julio Angueira Hern\u00e1ndez <em>Vilagarc\u00eda de Arousa 23\/01\/2011<\/em><br \/>\n<strong>22:42.08<\/strong> Enrique Malvar \u00c1lvarez <em>Vitoria 150\/16\/2003<\/em><br \/>\n<strong>23:09.30<\/strong> Armando Pereira P\u00e9rez <em>Vilagarc\u00eda de Arousa 23\/01\/2011<\/em><br \/>\n<strong>23:19.22<\/strong> Fabio Pereira \u00c1lvarez <em>Monz\u00f3n 20\/05\/2012<\/em><br \/>\n<strong>25:03.36<\/strong> Pere Tobaruela Mart\u00ednez <em>Pereiro de Aguiar 20\/06\/2009<\/em><\/p>\n<p><b>10000m. Marcha Masculino.<br \/>\n<\/b><strong>41:56.33<\/strong> Santiago P\u00e9rez Alonso <em>Vigo 16\/07\/1995<\/em><br \/>\n<strong>42:16.58<\/strong> Juan Luis Ramilo Comesa\u00f1a <em>Vigo 31\/07\/1994<\/em><b><br \/>\n<\/b><strong>43:44.0<\/strong> Jos\u00e9 \u00c1ngel Rodr\u00edguez Casal<em><b> <\/b>Vigo 11\/04\/1999<\/em><br \/>\n<strong>42:48.2<\/strong> Enrique Ram\u00f3n Malvar \u00c1lvarez <em>Santiago 10\/05\/1987<\/em><br \/>\n<strong>44:48.71<\/strong> Manuel Hurtado Sanjurjo <em>Majadahonda 30\/06\/2002<\/em><b><br \/>\n<\/b><strong>45:26.33<\/strong> Christian Curopos Costa <em>Castell\u00f3n 02\/08\/2015<\/em><br \/>\n<strong>44:20.00<\/strong>* Jos\u00e9 Fern\u00e1ndez Nieves<em> A Coru\u00f1a 05\/06\/2004<\/em> *Pase<b><br \/>\n<\/b><strong>46:46.91<\/strong> Manuel Julio Angueira Hern\u00e1ndez<em> Ferrol 23\/07\/2011<\/em><br \/>\n<strong>47:23.01<\/strong> Fabio Pereira \u00c1lvarez <em>Vigo 18\/06\/2011<\/em><br \/>\n<strong>47:55.5<\/strong> Manuel Treus Pamp\u00edn <em>Vigo 11\/04\/1999<\/em><br \/>\n<strong>46:48.6<\/strong> Juan Galindo Dasilva <em>O Barco de Valdeorras 06\/06\/1999<\/em><b><br \/>\n<\/b><strong>49:14.40<\/strong> Armando Pereira P\u00e9rez <em>Cangas 13\/05\/2012<\/em><br \/>\n<strong>49:42.0<\/strong> Jorge Gonz\u00e1lez S\u00e1nchez <em>Ourense 01\/05\/1989<\/em><br \/>\n<strong>49:45.0<\/strong> Jos\u00e9 Manuel Rodal Cambeiro <em>Moa\u00f1a 26\/12\/1993<\/em><br \/>\n<strong>51:34.79<\/strong> Pere Tobaruela Mart\u00ednez <em>Vitoria 05\/07\/2009<\/em><br \/>\n<strong>52:20.3<\/strong> Jorge Gonz\u00e1lez S\u00e1nchez <em>Gij\u00f3n 14\/05\/1989<\/em><\/p>\n<p><b>20km. Marcha Masculino.<br \/>\n<\/b><strong>1:24.50<\/strong> Santiago P\u00e9rez Alonso <em>A Coru\u00f1a 20\/05\/1995<\/em><b><br \/>\n<\/b><strong>1:26:06<\/strong> Juan Luis Ramilo Comesa\u00f1a <em>Rio Maior (POR) 28\/06\/1998<\/em><b><br \/>\n<\/b><strong>1:30:01<\/strong> Juan Rub\u00e9n Pi\u00f1era <em>Santa Eularia des Riu (Ibiza) 04\/03\/2007<\/em><br \/>\n<strong>1:30.45.9<\/strong> Enrique Ram\u00f3n Malvar \u00c1lvarez <em>Gij\u00f3n 03\/08\/1985<\/em><br \/>\n<strong>1:30:58<\/strong> Jos\u00e9 Fern\u00e1ndez Nieves <em>A Coru\u00f1a 05\/06\/2004<\/em><br \/>\n<strong>1:33.48<\/strong> Jos\u00e9 \u00c1ngel Rodr\u00edguez Casal <em>El Prat de Llobregat 25\/02\/1996<\/em><br \/>\n<strong>1:35:01<\/strong> Christian Curopos Costa <em>Renteria 22\/03\/2015<\/em><br \/>\n<strong>1:37:50<\/strong> Manuel Julio Angueira Hern\u00e1ndez <em>A Coru\u00f1a 19\/06\/2010<\/em><br \/>\n<strong>1:38.05.1<\/strong> Jorge Gonz\u00e1lez Sanchez <em>Gij\u00f3n 03\/08\/1985<\/em><br \/>\n<strong>1:38.46<\/strong> Juan Galindo Dasilva<em> Cieza 19\/03\/2000<\/em><br \/>\n<strong>1:40:56<\/strong> Armando Pereira P\u00e9rez <em>Coimbra (POR) 05\/01\/2013<\/em><\/p>\n<p><strong>5<\/strong><b>0km. Marcha Masculino.<br \/>\n<\/b><strong>3h54:28<\/strong> Santiago P\u00e9rez Alonso <em>Pod\u011bbrady (CZE) 24\/04\/1997<\/em><br \/>\n<strong>4h00:50<\/strong> Juan Luis Ramilo Comesa\u00f1a <em>Mallorca 05\/03\/1995<\/em><br \/>\n<strong>4h26:2<\/strong> Enrique Ram\u00f3n Malvar \u00c1lvarez <em>Valencia 24\/02\/1991<\/em><br \/>\n<strong>4h28:15<\/strong> Jos\u00e9 Fern\u00e1ndez Nieves <em>Zaragoza 08\/02\/2004<\/em><br \/>\n<strong>4h35:20<\/strong> Jos\u00e9 \u00c1ngel Rodr\u00edguez Casal <em>Ourense 16\/02\/2003<\/em><\/p>\n<p><b>Heptatl\u00f3n Femenino<br \/>\n<\/b><strong>4.765<\/strong> Alicia Merino P\u00e9rez <em>La Nuc\u00eda 01\/09\/2019<\/em><br \/>\n<strong>4.595<\/strong> Ana Mar\u00eda Rodr\u00edguez <em>Santiago Gij\u00f3n 03\/08\/1985<\/em><br \/>\n<strong>4.544<\/strong> Eva Queima\u00f1o Vilaboy <em>Murcia 24\/06\/2018<\/em><br \/>\n<strong>4.192<\/strong> Mar\u00eda Jes\u00fas Sanguos <em>Pontevedra 02\/07\/1986<\/em><br \/>\n<strong>4.093<\/strong> Karolina Puchmertlova <em>Pontevedra 28\/05\/2017<\/em><br \/>\n<strong>4.001<\/strong> Isabel V\u00e1zquez Melero<em> Castell\u00f3n 07\/07\/2013<\/em><br \/>\n<strong>3.825<\/strong> Andrea N\u00f3voa Mart\u00ednez <em>Vigo 29\/05\/2016<\/em><\/p>\n<p><b>Decatl\u00f3n Masculino<br \/>\n<\/b><strong>8.128W<\/strong> Jaime Pe\u00f1as Bermejo<em> Alhama de Murcia 01\/06\/1997<\/em><br \/>\n<strong>7.940<\/strong> David G\u00f3mez <em>Huelva 07\/08\/2004<\/em><br \/>\n<strong>7.625<\/strong> \u00c1lvaro Contreras <em>Santa Cruz de Tenerife 27\/07\/2008<\/em><br \/>\n<strong>6.552<\/strong> Adolfo Sainz-Maza Villar <em>La Nuc\u00eda 01\/09\/2019<\/em><br \/>\n<strong>5.768<\/strong> J. Otero Pastoriza <em>Vigo 19\/09\/1992<\/em><br \/>\n<strong>5.750<\/strong> Erik Calvo Gonz\u00e1lez <em>Durango 06\/07\/2014<\/em><\/p>\n<p><b>Pentatl\u00f3n Femenino<br \/>\n<\/b><strong>3.506<\/strong> Eva Queima\u00f1o Vilaboy <em>Salamanca 15\/02\/2020<\/em><br \/>\n<strong>3.277<\/strong> Nediam Nori Vargas Arteaga <em>Ourense 30\/12\/2017<\/em><br \/>\n<strong>3.258<\/strong> Alicia Merino P\u00e9rez<em> Ourense 29\/12\/2018<\/em><br \/>\n<strong>2.925<\/strong> Alda Band\u00edn Van Loon <em>Zaragoza 03\/03\/2007<\/em><br \/>\n<strong>2.874<\/strong> Karolina Puchmertlova <em>Pombal (POR) 11\/02\/2018<br \/>\n<\/em><strong>2.846<\/strong> Andrea Reija Torr\u00f3n <em>Ourense 19\/01\/2020<\/em><br \/>\n<strong>2.825<\/strong> Andrea N\u00f3voa Mart\u00ednez <em>Ourense 29\/12\/2018<\/em><\/p>\n<p><img decoding=\"async\" loading=\"lazy\" class=\"aligncenter\" src=\"https:\/\/celtaatletismo.es\/blog\/blog\/wp-content\/uploads\/2019\/08\/18422366_10203003685890226_3908325081850852489_o.jpg\" alt=\"\" width=\"689\" height=\"459\" \/><b><\/b><\/p>\n<p><b>Heptat<\/b><b>l\u00f3n Masculino<br \/>\n<\/b><strong>5.773<\/strong> \u00c1lvaro Contreras <em>Zaragoza 28\/01\/2007<br \/>\n<\/em><strong>5.690<\/strong> Jaime Pe\u00f1as Bermejo<em> Valencia 23\/02\/1997<\/em><br \/>\n<strong>5.486<\/strong> David G\u00f3mez Mart\u00ednez <em>Valencia 27\/01\/2013<\/em><br \/>\n<strong>5.084<\/strong> Manuel Ruiz Debring <em>Zaragoza 16\/03\/2008<\/em><br \/>\n<strong>5.022<\/strong> Alfonso Fern\u00e1ndez Balsas <em>Valencia 28\/02\/2010<\/em><br \/>\n<strong>4.993<\/strong> Adolfo Sainz-Maza Villar <em>Oviedo 23\/02\/2020<\/em><br \/>\n<strong>4.328<\/strong> Miguel Cajaraville Mosquera <em>Ourense 31\/12\/2017<\/em><br \/>\n<strong>4.216<\/strong> Erik Calvo Gonzalez <em>Antequera 09\/02\/2014<\/em><\/p>\n<p><b>100m Femenino (Tiempos Manuales)<br \/>\n<\/b><strong>12.0<\/strong> Aurelia Garc\u00eda Barral <em>Vigo 12\/06\/1992<\/em><br \/>\n<strong>12.0<\/strong> Consuelo P\u00e9rez Falque <em>Vigo 22\/06\/1993<\/em><br \/>\n<strong>12.0<\/strong> Erika Cerdeira Gonz\u00e1lez <em>Vigo 01\/04\/2001<\/em><br \/>\n<strong>12.3<\/strong> Beatriz Fern\u00e1ndez Blanco <em>Vigo 17\/07\/1994<\/em><br \/>\n<strong>12.3<\/strong> Pilar Mart\u00ednez Fern\u00e1ndez<em> Vigo 06\/07\/1995<\/em><br \/>\n<strong>12.3<\/strong> Tamara Ferreira Pati\u00f1o <em>Vigo 02\/06\/2000<\/em><br \/>\n<strong>12.4<\/strong> Cristina Curr\u00e1s Costa <em>Pontevedra 1992<\/em><br \/>\n<strong>12.4<\/strong> Beatriz Iglesias Lamas <em>Vigo 03\/07\/1996<\/em><br \/>\n<strong>12.4<\/strong> Marina Denis Sanrom\u00e1n <em>Pontevedra 16\/08\/2002<\/em><br \/>\n<strong>12.5<\/strong> M\u00aa Angeles Mandado Quintela <em>Vigo 1969<\/em><br \/>\n<strong>12.5<\/strong> M\u00aa Jes\u00fas Sanguos Espi\u00f1a <em>Vigo 27\/07\/1985<\/em><br \/>\n<strong>12.5<\/strong> Ana M\u00aa Salgado Costas <em>Vigo 13\/05\/1989<\/em><br \/>\n<strong>12.5<\/strong> Cristina Cai\u00f1o Juncal <em>Pontevedra 1990<\/em><br \/>\n<strong>12.5<\/strong> Soledad Prieto Gonz\u00e1lez <em>Vigo 1991<\/em><br \/>\n<strong>12.5<\/strong> Lorena V\u00e1zquez Gonz\u00e1lez<em> Vigo 26\/03\/1995<\/em><br \/>\n<strong>12.5<\/strong> Mar\u00eda Gesto Rodr\u00edguez <em>Vigo 01\/04\/2001<\/em><\/p>\n<p><b>100m Masculino (Tiempos Manuales)<br \/>\n<\/b><strong>10.4<\/strong> Rogelio Rivas Abal <em>Madrid 25\/04\/1964<\/em><br \/>\n<strong>10.4<\/strong> Oscar Gonz\u00e1lez Rivero<em> Santiago 12\/07\/1995<\/em><br \/>\n<strong>10.5<\/strong> Ram\u00f3n Magari\u00f1os Duro <em>Barcelona 1967<\/em><br \/>\n<strong>10.5<\/strong> Miguel G\u00f3mez Rodr\u00edguez <em>Pontevedra 2007<\/em><br \/>\n<strong>10.6<\/strong> Jos\u00e9 Rodr\u00edguez Quinteiro <em>Vigo 1965<\/em><br \/>\n<strong>10.6<\/strong> Ignacio de Coo Mart\u00edn <em>Madrid 1977<\/em><br \/>\n<strong>10.6<\/strong> Gabriel Selma Guilera <em>Vigo 16\/06\/1994<\/em><br \/>\n<strong>10.6<\/strong> Manuel Rodr\u00edguez N\u00fa\u00f1ez <em>Vigo 21\/07\/1994<\/em><br \/>\n<strong>10.6<\/strong> Tom\u00e1s Fandi\u00f1o Parcero <em>Vigo 09\/04\/1995<\/em><br \/>\n<strong>10.6<\/strong> David G\u00f3mez Mart\u00ednez <em>Pontevedra 18\/06\/2004<\/em><\/p>\n<p><b>200m Femenino (Tiempos Manuales)<br \/>\n<\/b><strong>24.6<\/strong> Aurelia Garc\u00eda Barral <em>Santiago de Compostela 19\/06\/1993<\/em><br \/>\n<strong>25.0<\/strong> Consuelo P\u00e9rez Falque <em>Pontevedra 08\/07\/1995<\/em><br \/>\n<strong>25.3<\/strong> Beatriz Iglesias Lamas <em>Pontevedra 20\/04\/1996<\/em><br \/>\n<strong>25.6<\/strong> Ana M\u00aa Bern\u00e1rdez Bestilleiro <em>Vigo 1984<\/em><br \/>\n<strong>25.8<\/strong> Ana M\u00aa Salgado Costas Vigo <em>24\/05\/1989<\/em><br \/>\n<strong>25.9<\/strong> M\u00aa \u00c1ngeles Mandado Quintela <em>Madrid 06\/07\/69<\/em><br \/>\n<strong>25.9<\/strong> Isabel Gonz\u00e1lez Gonz\u00e1lez <em>Vigo 30\/06\/1988<\/em><br \/>\n<strong>25.9<\/strong> Cristina Ca\u00ed\u00f1o Juncal <em>Pontevedra 1990<\/em><br \/>\n<strong>25.9<\/strong> Beatriz Fern\u00e1ndez Blanco <em>Vigo 10\/07\/1993<\/em><br \/>\n<strong>25.9<\/strong> Sara Portabales Vieitez <em>Vigo 18\/06\/2009<\/em><br \/>\n<strong>26.1<\/strong> Iria Cancelas M\u00e1rquez <em>Vigo 04\/07\/2003<\/em><\/p>\n<p><b>200m Masculinos (Tiempos Manuales)<br \/>\n<\/b><strong>20.9<\/strong> Ram\u00f3n Magari\u00f1os Duro <em>Ciudad de M\u00e9xico 1968<\/em><br \/>\n<strong>21.5<\/strong> Ignacio de Coo Mart\u00edn <em>Pontevedra 1975<\/em><br \/>\n<strong>21.5<\/strong> Jos\u00e9 Lu\u00eds Louzao Tato <em>Pontevedra 23\/06\/1992<\/em><br \/>\n<strong>21.6<\/strong> Rogelio Rivas Abal <em>A Coru\u00f1a 27\/10\/1962<\/em><br \/>\n<strong>21.6<\/strong> Alfredo Trincado Fern\u00e1ndez <em>Pontevedra 23\/06\/1992<\/em><br \/>\n<strong>21.7<\/strong> Miguel G\u00f3mez Rodr\u00edguez <em>Lugo 17\/07\/2004<\/em><br \/>\n<strong>21.8<\/strong> Jos\u00e9 Rodr\u00edguez Quinteiro <em>Ferrol 1965<\/em><br \/>\n<strong>21.9<\/strong> Javier Garc\u00eda Rivas <em>Pontevedra 1975<\/em><br \/>\n<strong>21.9<\/strong> Manuel Rodr\u00edguez N\u00fa\u00f1ez <em>Santiago 19\/03\/1993<\/em><br \/>\n<strong>22.0<\/strong> Jes\u00fas Mar\u00eda Lence Garc\u00eda <em>Pontevedra 23\/06\/1992<\/em><\/p>\n<p><b>Lanzamiento de Jabalina Femenino (Anterior a 1999)<br \/>\n<\/b><strong>52.36<\/strong> Mar\u00eda Jos\u00e9 Fern\u00e1ndez V\u00e1zquez <em>Barcelona 26\/05\/70<\/em><br \/>\n<strong>49.04<\/strong> Concepci\u00f3n S\u00e1nchez Tom\u00e9 <em>Pontevedra 1990<\/em><br \/>\n<strong>42.34<\/strong> Soledad Gonz\u00e1lez Prieto <em>Pontevedra 21\/03\/1992<\/em><br \/>\n<strong>40.82<\/strong> Luisa Mar\u00eda Garc\u00eda Pena <em>Madrid 17\/09\/66<\/em><br \/>\n<strong>38.00<\/strong> Luz Divina Fern\u00e1ndez V\u00e1zquez<em> Vigo 27\/06\/71<\/em><br \/>\n<strong>36.74<\/strong> Gumersinda Rodr\u00edguez Campos <em>Santiago de Compostela 20\/04\/1985<\/em><br \/>\n<strong>34.34<\/strong> Mar\u00eda Jos\u00e9 Sanrom\u00e1n Francisco <em>Vigo 13\/07\/1989<\/em><br \/>\n<strong>33.60<\/strong> Elena Est\u00e9vez Rey <em>Vigo 1983<\/em><br \/>\n<strong>32.80<\/strong> Teresa De Jes\u00fas Costas <em>Vigo 1990<\/em><br \/>\n<strong>32.36<\/strong> Rosal\u00eda Castro Lago <em>Santiago de Compostela 01\/05\/1989<\/em><\/p>\n<p><b>Lanzamiento de Jabalina Masculina (Anterior a 1986)<br \/>\n<\/b><strong>61.98<\/strong> Elisardo Garc\u00eda Rodr\u00edguez <em>San Sebasti\u00e1n 1973<\/em><br \/>\n<strong>57.00<\/strong> Telmo Costas Fern\u00e1ndez <em>Pontevedra 1974<\/em><br \/>\n<strong>56.40<\/strong> Jacinto Fern\u00e1ndez Burgo <em>Vigo 1977<\/em><br \/>\n<strong>52.74<\/strong> Lu\u00eds Miguel Navarro V\u00e1zquez <em>Pontevedra 1979<\/em><br \/>\n<strong>52.39<\/strong> Roberto Rodr\u00edguez Ozores <em>Vigo 1950<\/em><br \/>\n<strong>52.12<\/strong> Jes\u00fas Soto \u00c1lvarez <em>Vigo 21\/07\/1985<\/em><br \/>\n<strong>51.90<\/strong> Jos\u00e9 \u00c1lvarez Gund\u00edn <em>A Coru\u00f1a 1962<\/em><br \/>\n<strong>51.70<\/strong> Antonio Fern\u00e1ndez Costas <em>Vigo 1981<\/em><br \/>\n<strong>51.54<\/strong> Ram\u00f3n Rial Fern\u00e1ndez <em>Vigo 21\/09\/1985<\/em><br \/>\n<strong>49.80<\/strong> Jos\u00e9 Manuel Hermida Garc\u00eda <em>Vigo 1984<\/em><\/p>\n","protected":false},"excerpt":{"rendered":"<p>\u00b7 David G\u00f3mez Mart\u00ednez. \u00daltima actualizaci\u00f3n en mayo 2020. 100m.l. Femenino 11.38 Nediam Nori Vargas Arteaga Ciudad Real 17\/06\/2017 12.08 Aurelia Garc\u00eda Barral Maia (POR) 24\/06\/1992 12.10 Olaia G. Becerril \u00c1lvarez Vigo 13\/07\/2019 12.20 Iratxe Etxebarria Crucelegui Avil\u00e9s 17\/07\/2010 12.33 Consuelo P\u00e9rez Falque Vigo 12\/07\/1994 12.36 Laura Chapela Palmas Alcobendas 18\/06\/2016 12.43 Andrea Pais Rodr\u00edguez [&hellip;]<\/p>\n","protected":false},"author":10,"featured_media":0,"parent":0,"menu_order":0,"comment_status":"closed","ping_status":"closed","template":"","meta":{"_monsterinsights_skip_tracking":false,"_monsterinsights_sitenote_active":false,"_monsterinsights_sitenote_note":"","_monsterinsights_sitenote_category":0},"yoast_head":"<!-- This site is optimized with the Yoast SEO plugin v20.9 - https:\/\/yoast.com\/wordpress\/plugins\/seo\/ -->\n<title>Ranking hist\u00f3rico - Celta Atletismo<\/title>\n<meta name=\"robots\" content=\"index, follow, max-snippet:-1, max-image-preview:large, max-video-preview:-1\" \/>\n<link rel=\"canonical\" href=\"https:\/\/celtaatletismo.es\/blog\/ranking-historico\/\" \/>\n<meta property=\"og:locale\" content=\"es_ES\" \/>\n<meta property=\"og:type\" content=\"article\" \/>\n<meta property=\"og:title\" content=\"Ranking hist\u00f3rico - Celta Atletismo\" \/>\n<meta property=\"og:description\" content=\"\u00b7 David G\u00f3mez Mart\u00ednez. \u00daltima actualizaci\u00f3n en mayo 2020. 100m.l. Femenino 11.38 Nediam Nori Vargas Arteaga Ciudad Real 17\/06\/2017 12.08 Aurelia Garc\u00eda Barral Maia (POR) 24\/06\/1992 12.10 Olaia G. Becerril \u00c1lvarez Vigo 13\/07\/2019 12.20 Iratxe Etxebarria Crucelegui Avil\u00e9s 17\/07\/2010 12.33 Consuelo P\u00e9rez Falque Vigo 12\/07\/1994 12.36 Laura Chapela Palmas Alcobendas 18\/06\/2016 12.43 Andrea Pais Rodr\u00edguez [&hellip;]\" \/>\n<meta property=\"og:url\" content=\"https:\/\/celtaatletismo.es\/blog\/ranking-historico\/\" \/>\n<meta property=\"og:site_name\" content=\"Celta Atletismo\" \/>\n<meta property=\"article:publisher\" content=\"https:\/\/www.facebook.com\/Real-Club-Celta-de-Atletismo-Atletismo-Femenino-Celta-177005092323603\/\" \/>\n<meta property=\"article:modified_time\" content=\"2021-02-28T17:48:16+00:00\" \/>\n<meta property=\"og:image\" content=\"https:\/\/celtaatletismo.es\/blog\/blog\/wp-content\/uploads\/2019\/08\/nediam-celta.jpg\" \/>\n<meta name=\"twitter:card\" content=\"summary_large_image\" \/>\n<meta name=\"twitter:site\" content=\"@CeltaAtletismo\" \/>\n<meta name=\"twitter:label1\" content=\"Tiempo de lectura\" \/>\n\t<meta name=\"twitter:data1\" content=\"21 minutos\" \/>\n<script type=\"application\/ld+json\" class=\"yoast-schema-graph\">{\"@context\":\"https:\/\/schema.org\",\"@graph\":[{\"@type\":\"WebPage\",\"@id\":\"https:\/\/celtaatletismo.es\/blog\/ranking-historico\/\",\"url\":\"https:\/\/celtaatletismo.es\/blog\/ranking-historico\/\",\"name\":\"Ranking hist\u00f3rico - Celta Atletismo\",\"isPartOf\":{\"@id\":\"https:\/\/celtaatletismo.es\/blog\/#website\"},\"datePublished\":\"2018-05-27T19:04:37+00:00\",\"dateModified\":\"2021-02-28T17:48:16+00:00\",\"breadcrumb\":{\"@id\":\"https:\/\/celtaatletismo.es\/blog\/ranking-historico\/#breadcrumb\"},\"inLanguage\":\"es\",\"potentialAction\":[{\"@type\":\"ReadAction\",\"target\":[\"https:\/\/celtaatletismo.es\/blog\/ranking-historico\/\"]}]},{\"@type\":\"BreadcrumbList\",\"@id\":\"https:\/\/celtaatletismo.es\/blog\/ranking-historico\/#breadcrumb\",\"itemListElement\":[{\"@type\":\"ListItem\",\"position\":1,\"name\":\"Portada\",\"item\":\"https:\/\/celtaatletismo.es\/blog\/\"},{\"@type\":\"ListItem\",\"position\":2,\"name\":\"Ranking hist\u00f3rico\"}]},{\"@type\":\"WebSite\",\"@id\":\"https:\/\/celtaatletismo.es\/blog\/#website\",\"url\":\"https:\/\/celtaatletismo.es\/blog\/\",\"name\":\"Celta Atletismo\",\"description\":\"Web oficial del Real Club Celta Atletismo y del Club Atletismo Femenino Celta\",\"publisher\":{\"@id\":\"https:\/\/celtaatletismo.es\/blog\/#organization\"},\"potentialAction\":[{\"@type\":\"SearchAction\",\"target\":{\"@type\":\"EntryPoint\",\"urlTemplate\":\"https:\/\/celtaatletismo.es\/blog\/?s={search_term_string}\"},\"query-input\":\"required name=search_term_string\"}],\"inLanguage\":\"es\"},{\"@type\":\"Organization\",\"@id\":\"https:\/\/celtaatletismo.es\/blog\/#organization\",\"name\":\"Celta Atletismo\",\"url\":\"https:\/\/celtaatletismo.es\/blog\/\",\"logo\":{\"@type\":\"ImageObject\",\"inLanguage\":\"es\",\"@id\":\"https:\/\/celtaatletismo.es\/blog\/#\/schema\/logo\/image\/\",\"url\":\"https:\/\/celtaatletismo.es\/blog\/wp-content\/uploads\/2018\/12\/logo-web-celta-atletismo-solo.png\",\"contentUrl\":\"https:\/\/celtaatletismo.es\/blog\/wp-content\/uploads\/2018\/12\/logo-web-celta-atletismo-solo.png\",\"width\":555,\"height\":171,\"caption\":\"Celta Atletismo\"},\"image\":{\"@id\":\"https:\/\/celtaatletismo.es\/blog\/#\/schema\/logo\/image\/\"},\"sameAs\":[\"https:\/\/www.facebook.com\/Real-Club-Celta-de-Atletismo-Atletismo-Femenino-Celta-177005092323603\/\",\"https:\/\/twitter.com\/CeltaAtletismo\"]}]}<\/script>\n<!-- \/ Yoast SEO plugin. -->","yoast_head_json":{"title":"Ranking hist\u00f3rico - Celta Atletismo","robots":{"index":"index","follow":"follow","max-snippet":"max-snippet:-1","max-image-preview":"max-image-preview:large","max-video-preview":"max-video-preview:-1"},"canonical":"https:\/\/celtaatletismo.es\/blog\/ranking-historico\/","og_locale":"es_ES","og_type":"article","og_title":"Ranking hist\u00f3rico - Celta Atletismo","og_description":"\u00b7 David G\u00f3mez Mart\u00ednez. \u00daltima actualizaci\u00f3n en mayo 2020. 100m.l. Femenino 11.38 Nediam Nori Vargas Arteaga Ciudad Real 17\/06\/2017 12.08 Aurelia Garc\u00eda Barral Maia (POR) 24\/06\/1992 12.10 Olaia G. Becerril \u00c1lvarez Vigo 13\/07\/2019 12.20 Iratxe Etxebarria Crucelegui Avil\u00e9s 17\/07\/2010 12.33 Consuelo P\u00e9rez Falque Vigo 12\/07\/1994 12.36 Laura Chapela Palmas Alcobendas 18\/06\/2016 12.43 Andrea Pais Rodr\u00edguez [&hellip;]","og_url":"https:\/\/celtaatletismo.es\/blog\/ranking-historico\/","og_site_name":"Celta Atletismo","article_publisher":"https:\/\/www.facebook.com\/Real-Club-Celta-de-Atletismo-Atletismo-Femenino-Celta-177005092323603\/","article_modified_time":"2021-02-28T17:48:16+00:00","og_image":[{"url":"https:\/\/celtaatletismo.es\/blog\/blog\/wp-content\/uploads\/2019\/08\/nediam-celta.jpg"}],"twitter_card":"summary_large_image","twitter_site":"@CeltaAtletismo","twitter_misc":{"Tiempo de lectura":"21 minutos"},"schema":{"@context":"https:\/\/schema.org","@graph":[{"@type":"WebPage","@id":"https:\/\/celtaatletismo.es\/blog\/ranking-historico\/","url":"https:\/\/celtaatletismo.es\/blog\/ranking-historico\/","name":"Ranking hist\u00f3rico - Celta Atletismo","isPartOf":{"@id":"https:\/\/celtaatletismo.es\/blog\/#website"},"datePublished":"2018-05-27T19:04:37+00:00","dateModified":"2021-02-28T17:48:16+00:00","breadcrumb":{"@id":"https:\/\/celtaatletismo.es\/blog\/ranking-historico\/#breadcrumb"},"inLanguage":"es","potentialAction":[{"@type":"ReadAction","target":["https:\/\/celtaatletismo.es\/blog\/ranking-historico\/"]}]},{"@type":"BreadcrumbList","@id":"https:\/\/celtaatletismo.es\/blog\/ranking-historico\/#breadcrumb","itemListElement":[{"@type":"ListItem","position":1,"name":"Portada","item":"https:\/\/celtaatletismo.es\/blog\/"},{"@type":"ListItem","position":2,"name":"Ranking hist\u00f3rico"}]},{"@type":"WebSite","@id":"https:\/\/celtaatletismo.es\/blog\/#website","url":"https:\/\/celtaatletismo.es\/blog\/","name":"Celta Atletismo","description":"Web oficial del Real Club Celta Atletismo y del Club Atletismo Femenino Celta","publisher":{"@id":"https:\/\/celtaatletismo.es\/blog\/#organization"},"potentialAction":[{"@type":"SearchAction","target":{"@type":"EntryPoint","urlTemplate":"https:\/\/celtaatletismo.es\/blog\/?s={search_term_string}"},"query-input":"required name=search_term_string"}],"inLanguage":"es"},{"@type":"Organization","@id":"https:\/\/celtaatletismo.es\/blog\/#organization","name":"Celta Atletismo","url":"https:\/\/celtaatletismo.es\/blog\/","logo":{"@type":"ImageObject","inLanguage":"es","@id":"https:\/\/celtaatletismo.es\/blog\/#\/schema\/logo\/image\/","url":"https:\/\/celtaatletismo.es\/blog\/wp-content\/uploads\/2018\/12\/logo-web-celta-atletismo-solo.png","contentUrl":"https:\/\/celtaatletismo.es\/blog\/wp-content\/uploads\/2018\/12\/logo-web-celta-atletismo-solo.png","width":555,"height":171,"caption":"Celta Atletismo"},"image":{"@id":"https:\/\/celtaatletismo.es\/blog\/#\/schema\/logo\/image\/"},"sameAs":["https:\/\/www.facebook.com\/Real-Club-Celta-de-Atletismo-Atletismo-Femenino-Celta-177005092323603\/","https:\/\/twitter.com\/CeltaAtletismo"]}]}},"_links":{"self":[{"href":"https:\/\/celtaatletismo.es\/blog\/wp-json\/wp\/v2\/pages\/8781"}],"collection":[{"href":"https:\/\/celtaatletismo.es\/blog\/wp-json\/wp\/v2\/pages"}],"about":[{"href":"https:\/\/celtaatletismo.es\/blog\/wp-json\/wp\/v2\/types\/page"}],"author":[{"embeddable":true,"href":"https:\/\/celtaatletismo.es\/blog\/wp-json\/wp\/v2\/users\/10"}],"replies":[{"embeddable":true,"href":"https:\/\/celtaatletismo.es\/blog\/wp-json\/wp\/v2\/comments?post=8781"}],"version-history":[{"count":62,"href":"https:\/\/celtaatletismo.es\/blog\/wp-json\/wp\/v2\/pages\/8781\/revisions"}],"predecessor-version":[{"id":10851,"href":"https:\/\/celtaatletismo.es\/blog\/wp-json\/wp\/v2\/pages\/8781\/revisions\/10851"}],"wp:attachment":[{"href":"https:\/\/celtaatletismo.es\/blog\/wp-json\/wp\/v2\/media?parent=8781"}],"curies":[{"name":"wp","href":"https:\/\/api.w.org\/{rel}","templated":true}]}}