{"id":877,"date":"2007-04-25T11:27:22","date_gmt":"2007-04-25T11:27:22","guid":{"rendered":"http:\/\/s220043763.mialojamiento.es\/?page_id=148"},"modified":"2020-05-11T00:47:14","modified_gmt":"2020-05-10T22:47:14","slug":"javier-alvarez-salgado","status":"publish","type":"page","link":"https:\/\/celtaatletismo.es\/blog\/atletas-destacados\/javier-alvarez-salgado\/","title":{"rendered":"Javier Alvarez Salgado"},"content":{"rendered":"\t\t<div data-elementor-type=\"wp-page\" data-elementor-id=\"877\" class=\"elementor elementor-877\">\n\t\t\t\t\t\t<div class=\"elementor-inner\">\n\t\t\t\t<div class=\"elementor-section-wrap\">\n\t\t\t\t\t\t\t\t\t<section class=\"has_eae_slider elementor-section elementor-top-section elementor-element elementor-element-121f583 elementor-section-boxed elementor-section-height-default elementor-section-height-default\" data-particle_enable=\"false\" data-particle-mobile-disabled=\"false\" data-id=\"121f583\" data-element_type=\"section\">\n\t\t\t\t\t\t<div class=\"elementor-container elementor-column-gap-default\">\n\t\t\t\t\t\t\t<div class=\"elementor-row\">\n\t\t\t\t\t<div class=\"has_eae_slider elementor-column elementor-col-50 elementor-top-column elementor-element elementor-element-5f5772b\" data-id=\"5f5772b\" data-element_type=\"column\">\n\t\t\t<div class=\"elementor-column-wrap elementor-element-populated\">\n\t\t\t\t\t\t\t<div class=\"elementor-widget-wrap\">\n\t\t\t\t\t\t<div class=\"elementor-element elementor-element-d60aaf7 elementor-widget elementor-widget-text-editor\" data-id=\"d60aaf7\" data-element_type=\"widget\" data-widget_type=\"text-editor.default\">\n\t\t\t\t<div class=\"elementor-widget-container\">\n\t\t\t\t\t\t\t\t<div class=\"elementor-text-editor elementor-clearfix\">\n\t\t\t\t<p style=\"margin-bottom: 0;\"><a title=\"Alvarez Salgado\" href=\"https:\/\/celtaatletismo.files.wordpress.com\/2007\/04\/mugi25_006_06_alvarez_salgado_lakie_stewart.jpg\"><img decoding=\"async\" src=\"https:\/\/celtaatletismo.wordpress.com\/files\/2007\/04\/mugi25_006_06_alvarez_salgado_lakie_stewart.thumbnail.jpg\" alt=\"Alvarez Salgado\" align=\"right\" \/><\/a>Nacido en Vigo el 18 Diciembre 1943. 1,71 m. y 57 kgs.<\/p>\n<p style=\"margin-bottom: 0;\">45 veces internacional. Su entrenador desde sus inicios, <strong>Alfonso 0rtega<\/strong>.<\/p>\n<p style=\"margin-bottom: 0;\"><em><strong>Participante en 3 finales olimpicas :<\/strong><\/em><\/p>\n<p style=\"margin-bottom: 0;\">M\u00e9xico 1968 &#8211; 3.000 m. obst\u00e1culos 11\u00ba con 9.24,6 (2.200 metros altitud)<\/p>\n<p style=\"margin-bottom: 0;\">Munich 1972 &#8211; 5.000 m. lisos 10\u00ba con 13.41,8 10.000 m. lisos 12\u00ba con 28.56,4 (hizo 28.08,6 en series)<\/p>\n<p style=\"margin-bottom: 0;\"><em><strong>Juegos Mediterr\u00e1neos : 3 medallas de oro :<\/strong><\/em><\/p>\n<p style=\"margin-bottom: 0;\">1967 T\u00fanez : 3.000 m. obst\u00e1culos &#8211; 8.44,2<\/p>\n<p style=\"margin-bottom: 0;\">1971 Esmirna 5.000 m. 13.37,2 y 10.000 m. 28.52,2.<\/p>\n<p style=\"margin-bottom: 0;\"><em><strong> Campeonato Europa en pista cubierta :<\/strong><\/em><\/p>\n<p style=\"margin-bottom: 0;\">1969 Belgrado : Medalla plata en 3.000 m. 7.56,2 r\u00e9cord de Espa\u00f1a.<\/p>\n<p style=\"margin-bottom: 0;\">1970 Viena : Medalla bronce en 3.000 m. 7.52,6 r\u00e9cord de Espa\u00f1a.<\/p>\n<p style=\"margin-bottom: 0;\">Cross de las Naciones 1971 San Sebasti\u00e1n : 4\u00ba clasificado.<\/p>\n<p style=\"margin-bottom: 0;\"><em><strong> R\u00e9cords personales :<\/strong><\/em> 3.45,0 en 1.500 m.; 5.12,8 en 2.000; 7.52,6 (pc) en 3.000; 13.26,4 en 5.000 m.; 28.01,4 en 10.000 m. y 8.36,4 en 3.000 m. obstaculos.<\/p>\n<p style=\"margin-bottom: 0;\">Unico atleta espa\u00f1ol de la historia en poseer simult\u00e1neamente los r\u00e9cords nacionales de 3.000 m. obstaculos (8.36,4 en La Coru\u00f1a 1968); 5.000 m. lisos (13,42,0 en Estocolmo 1967) y 10.000 m. lisos (28.53,8 en La Coru\u00f1a 1970).<\/p>\n<p style=\"margin-bottom: 0;\"><em><strong>Campe\u00f3n de Espa\u00f1a <\/strong><\/em>: 5 veces de 5.000 m. en 1966, 67, 68, 72 y 73); 2 de 3.000 m. obst\u00e1culos (1965 y 66) y 2 de 30 km en ruta (1971 y 72).<\/p>\n<p style=\"margin-bottom: 0;\">Concejal de deportes de Vigo por el PSOE durante 12 a\u00f1os (1983\/95), en la actualidad es propietario del comercio Sport 30 en la calle Martin Echegaray, Vigo. Y Presidente de la Comisi\u00f3n de Atletas Veteranos de la F.Gallega de Atletismo.<\/p>\n<p style=\"margin-bottom: 0;\">Casado con <strong>Loly Garcia P\u00e9rez<\/strong>, internacional de 400 m. lisos en Bruselas 1969, atleta veterana en activo con licencia federativa ininterumpida desde 1964, que fue campeona de Espa\u00f1a indoor de 800 m. en 1968<\/p>\n<p style=\"margin-bottom: 0;\">Tienen 3 hijos : Lilian 35 a\u00f1os (ex-concejal viguesa de turismo con el PSOE), Paula 33 y Javier 28, sin nietos todavia.<\/p>\n<p style=\"margin-bottom: 0;\">Jam\u00e1s disfrut\u00f3 de becas, aunque como olimpico le dieron alguna ayuda economica para sufragar gastos.<\/p>\n<p style=\"margin-bottom: 0;\">Su unico club de toda su vida atletica fue el Real Club Celta (1962\/1973)<\/p>\n<p style=\"text-align: center;\"><a title=\"Javier Alvarez Salgado en Estocolmo 1971\" href=\"https:\/\/celtaatletismo.files.wordpress.com\/2007\/04\/g_javier_alvarez_salgado_estocolmo_1971.jpg\"><img decoding=\"async\" loading=\"lazy\" src=\"https:\/\/celtaatletismo.files.wordpress.com\/2007\/04\/g_javier_alvarez_salgado_estocolmo_1971.jpg\" alt=\"Javier Alvarez Salgado en Estocolmo 1971\" width=\"468\" height=\"310\" \/><\/a><\/p>\n.\n<p style=\"margin-bottom: 0;\"><em>Victoriosa llegada en la pista olimpica de Estocolmo (Juegos de 1912) cuando estableci\u00f3 un nuevo r\u00e9cord de Espa\u00f1a de 5.000 metros, ganando la carrera en 13.33,6 el 29 julio de 1971.<\/em><\/p>\n<p style=\"margin-bottom: 0;\"><\/p>\t\t\t\t\t<\/div>\n\t\t\t\t\t\t<\/div>\n\t\t\t\t<\/div>\n\t\t\t\t\t\t<\/div>\n\t\t\t\t\t<\/div>\n\t\t<\/div>\n\t\t\t\t<div class=\"has_eae_slider elementor-column elementor-col-50 elementor-top-column elementor-element elementor-element-6e658d9\" data-id=\"6e658d9\" data-element_type=\"column\">\n\t\t\t<div class=\"elementor-column-wrap elementor-element-populated\">\n\t\t\t\t\t\t\t<div class=\"elementor-widget-wrap\">\n\t\t\t\t\t\t<div class=\"elementor-element elementor-element-d979216 elementor-widget elementor-widget-template\" data-id=\"d979216\" data-element_type=\"widget\" data-widget_type=\"template.default\">\n\t\t\t\t<div class=\"elementor-widget-container\">\n\t\t\t\t\t<div class=\"elementor-template\">\n\t\t\t\t\t<div data-elementor-type=\"page\" data-elementor-id=\"10379\" class=\"elementor elementor-10379\">\n\t\t\t\t\t\t<div class=\"elementor-inner\">\n\t\t\t\t<div class=\"elementor-section-wrap\">\n\t\t\t\t\t\t\t\t\t<section class=\"has_eae_slider elementor-section elementor-top-section elementor-element elementor-element-cf7a3d6 elementor-section-boxed elementor-section-height-default elementor-section-height-default\" data-particle_enable=\"false\" data-particle-mobile-disabled=\"false\" data-id=\"cf7a3d6\" data-element_type=\"section\">\n\t\t\t\t\t\t<div class=\"elementor-container elementor-column-gap-default\">\n\t\t\t\t\t\t\t<div class=\"elementor-row\">\n\t\t\t\t\t<div class=\"has_eae_slider elementor-column elementor-col-100 elementor-top-column elementor-element elementor-element-e2efd9e\" data-id=\"e2efd9e\" data-element_type=\"column\">\n\t\t\t<div class=\"elementor-column-wrap elementor-element-populated\">\n\t\t\t\t\t\t\t<div class=\"elementor-widget-wrap\">\n\t\t\t\t\t\t<div class=\"elementor-element elementor-element-ecfeaff sin-margen elementor-widget elementor-widget-image\" data-id=\"ecfeaff\" data-element_type=\"widget\" data-widget_type=\"image.default\">\n\t\t\t\t<div class=\"elementor-widget-container\">\n\t\t\t\t\t\t\t\t<div class=\"elementor-image\">\n\t\t\t\t\t\t\t\t\t\t\t\t\t<a href=\"https:\/\/celtaatletismo.es\/blog\/escola\/\">\n\t\t\t\t\t\t\t<img decoding=\"async\" width=\"337\" height=\"103\" src=\"https:\/\/celtaatletismo.es\/blog\/wp-content\/uploads\/2015\/07\/escola-de-atletismo-celta.png\" class=\"attachment-large size-large wp-image-6077\" alt=\"\" loading=\"lazy\" srcset=\"https:\/\/celtaatletismo.es\/blog\/wp-content\/uploads\/2015\/07\/escola-de-atletismo-celta.png 337w, https:\/\/celtaatletismo.es\/blog\/wp-content\/uploads\/2015\/07\/escola-de-atletismo-celta-300x92.png 300w\" sizes=\"(max-width: 337px) 100vw, 337px\" \/>\t\t\t\t\t\t\t\t<\/a>\n\t\t\t\t\t\t\t\t\t\t\t\t\t\t<\/div>\n\t\t\t\t\t\t<\/div>\n\t\t\t\t<\/div>\n\t\t\t\t<div class=\"elementor-element elementor-element-4b8fbd7 sin-margen elementor-widget elementor-widget-image\" data-id=\"4b8fbd7\" data-element_type=\"widget\" data-widget_type=\"image.default\">\n\t\t\t\t<div class=\"elementor-widget-container\">\n\t\t\t\t\t\t\t\t<div class=\"elementor-image\">\n\t\t\t\t\t\t\t\t\t\t\t\t\t<a href=\"https:\/\/app.cluber.es\/clubes\/ffff7f52d47268e607fa6d332df6d68f19c5674c8cf8\/pagos\/64b7939a71d38092676480\" target=\"_blank\">\n\t\t\t\t\t\t\t<img decoding=\"async\" width=\"337\" height=\"111\" src=\"https:\/\/celtaatletismo.es\/blog\/wp-content\/uploads\/2020\/05\/tienda-celta-atletismo.png\" class=\"attachment-large size-large wp-image-11645\" alt=\"\" loading=\"lazy\" srcset=\"https:\/\/celtaatletismo.es\/blog\/wp-content\/uploads\/2020\/05\/tienda-celta-atletismo.png 337w, https:\/\/celtaatletismo.es\/blog\/wp-content\/uploads\/2020\/05\/tienda-celta-atletismo-200x66.png 200w\" sizes=\"(max-width: 337px) 100vw, 337px\" \/>\t\t\t\t\t\t\t\t<\/a>\n\t\t\t\t\t\t\t\t\t\t\t\t\t\t<\/div>\n\t\t\t\t\t\t<\/div>\n\t\t\t\t<\/div>\n\t\t\t\t<div class=\"elementor-element elementor-element-606ac39 elementor-widget-divider--view-line_text elementor-widget-divider--element-align-left sin-margen elementor-widget elementor-widget-divider\" data-id=\"606ac39\" data-element_type=\"widget\" data-widget_type=\"divider.default\">\n\t\t\t\t<div class=\"elementor-widget-container\">\n\t\t\t\t\t<div class=\"elementor-divider\">\n\t\t\t<span class=\"elementor-divider-separator\">\n\t\t\t\t\t\t\t<span class=\"elementor-divider__text elementor-divider__element\">\n\t\t\t\tPATROCINADORES\t\t\t\t<\/span>\n\t\t\t\t\t\t<\/span>\n\t\t<\/div>\n\t\t\t\t<\/div>\n\t\t\t\t<\/div>\n\t\t\t\t<section class=\"has_eae_slider elementor-section elementor-inner-section elementor-element elementor-element-4deab11 elementor-section-boxed elementor-section-height-default elementor-section-height-default\" data-particle_enable=\"false\" data-particle-mobile-disabled=\"false\" data-id=\"4deab11\" data-element_type=\"section\">\n\t\t\t\t\t\t<div class=\"elementor-container elementor-column-gap-default\">\n\t\t\t\t\t\t\t<div class=\"elementor-row\">\n\t\t\t\t\t<div class=\"has_eae_slider elementor-column elementor-col-50 elementor-inner-column elementor-element elementor-element-85478f8\" data-id=\"85478f8\" data-element_type=\"column\">\n\t\t\t<div class=\"elementor-column-wrap elementor-element-populated\">\n\t\t\t\t\t\t\t<div class=\"elementor-widget-wrap\">\n\t\t\t\t\t\t<div class=\"elementor-element elementor-element-a3d9ce1 elementor-widget elementor-widget-image\" data-id=\"a3d9ce1\" data-element_type=\"widget\" data-widget_type=\"image.default\">\n\t\t\t\t<div class=\"elementor-widget-container\">\n\t\t\t\t\t\t\t\t<div class=\"elementor-image\">\n\t\t\t\t\t\t\t\t\t\t\t\t\t<a href=\"http:\/\/hoxe.vigo.org\/\" target=\"_blank\">\n\t\t\t\t\t\t\t<img decoding=\"async\" width=\"334\" height=\"114\" src=\"https:\/\/celtaatletismo.es\/blog\/wp-content\/uploads\/2018\/03\/concello-de-vigo-hd.jpg\" class=\"attachment-large size-large wp-image-8546\" alt=\"\" loading=\"lazy\" srcset=\"https:\/\/celtaatletismo.es\/blog\/wp-content\/uploads\/2018\/03\/concello-de-vigo-hd.jpg 334w, https:\/\/celtaatletismo.es\/blog\/wp-content\/uploads\/2018\/03\/concello-de-vigo-hd-200x68.jpg 200w\" sizes=\"(max-width: 334px) 100vw, 334px\" \/>\t\t\t\t\t\t\t\t<\/a>\n\t\t\t\t\t\t\t\t\t\t\t\t\t\t<\/div>\n\t\t\t\t\t\t<\/div>\n\t\t\t\t<\/div>\n\t\t\t\t\t\t<\/div>\n\t\t\t\t\t<\/div>\n\t\t<\/div>\n\t\t\t\t<div class=\"has_eae_slider elementor-column elementor-col-50 elementor-inner-column elementor-element elementor-element-e71fb48\" data-id=\"e71fb48\" data-element_type=\"column\">\n\t\t\t<div class=\"elementor-column-wrap elementor-element-populated\">\n\t\t\t\t\t\t\t<div class=\"elementor-widget-wrap\">\n\t\t\t\t\t\t<div class=\"elementor-element elementor-element-4910044 elementor-widget elementor-widget-image\" data-id=\"4910044\" data-element_type=\"widget\" data-widget_type=\"image.default\">\n\t\t\t\t<div class=\"elementor-widget-container\">\n\t\t\t\t\t\t\t\t<div class=\"elementor-image\">\n\t\t\t\t\t\t\t\t\t\t\t\t\t<a href=\"http:\/\/www.depo.es\/\" target=\"_blank\">\n\t\t\t\t\t\t\t<img decoding=\"async\" width=\"330\" height=\"114\" src=\"https:\/\/celtaatletismo.es\/blog\/wp-content\/uploads\/2020\/05\/deputacion-pontevedra-hd2024.jpg\" class=\"attachment-large size-large wp-image-11920\" alt=\"\" loading=\"lazy\" srcset=\"https:\/\/celtaatletismo.es\/blog\/wp-content\/uploads\/2020\/05\/deputacion-pontevedra-hd2024.jpg 330w, https:\/\/celtaatletismo.es\/blog\/wp-content\/uploads\/2020\/05\/deputacion-pontevedra-hd2024-200x69.jpg 200w\" sizes=\"(max-width: 330px) 100vw, 330px\" \/>\t\t\t\t\t\t\t\t<\/a>\n\t\t\t\t\t\t\t\t\t\t\t\t\t\t<\/div>\n\t\t\t\t\t\t<\/div>\n\t\t\t\t<\/div>\n\t\t\t\t\t\t<\/div>\n\t\t\t\t\t<\/div>\n\t\t<\/div>\n\t\t\t\t\t\t\t\t<\/div>\n\t\t\t\t\t<\/div>\n\t\t<\/section>\n\t\t\t\t<section class=\"has_eae_slider elementor-section elementor-inner-section elementor-element elementor-element-9a0d5f3 elementor-section-boxed elementor-section-height-default elementor-section-height-default\" data-particle_enable=\"false\" data-particle-mobile-disabled=\"false\" data-id=\"9a0d5f3\" data-element_type=\"section\">\n\t\t\t\t\t\t<div class=\"elementor-container elementor-column-gap-default\">\n\t\t\t\t\t\t\t<div class=\"elementor-row\">\n\t\t\t\t\t<div class=\"has_eae_slider elementor-column elementor-col-100 elementor-inner-column elementor-element elementor-element-7b475e7\" data-id=\"7b475e7\" data-element_type=\"column\">\n\t\t\t<div class=\"elementor-column-wrap elementor-element-populated\">\n\t\t\t\t\t\t\t<div class=\"elementor-widget-wrap\">\n\t\t\t\t\t\t<div class=\"elementor-element elementor-element-3d03e85 elementor-widget elementor-widget-image\" data-id=\"3d03e85\" data-element_type=\"widget\" data-widget_type=\"image.default\">\n\t\t\t\t<div class=\"elementor-widget-container\">\n\t\t\t\t\t\t\t\t<div class=\"elementor-image\">\n\t\t\t\t\t\t\t\t\t\t\t\t\t<a href=\"http:\/\/deporte.xunta.es\/\" target=\"_blank\">\n\t\t\t\t\t\t\t<img decoding=\"async\" width=\"338\" height=\"86\" src=\"https:\/\/celtaatletismo.es\/blog\/wp-content\/uploads\/2020\/05\/logo-xunta.jpg\" class=\"attachment-large size-large wp-image-11796\" alt=\"\" loading=\"lazy\" srcset=\"https:\/\/celtaatletismo.es\/blog\/wp-content\/uploads\/2020\/05\/logo-xunta.jpg 338w, https:\/\/celtaatletismo.es\/blog\/wp-content\/uploads\/2020\/05\/logo-xunta-200x51.jpg 200w\" sizes=\"(max-width: 338px) 100vw, 338px\" \/>\t\t\t\t\t\t\t\t<\/a>\n\t\t\t\t\t\t\t\t\t\t\t\t\t\t<\/div>\n\t\t\t\t\t\t<\/div>\n\t\t\t\t<\/div>\n\t\t\t\t\t\t<\/div>\n\t\t\t\t\t<\/div>\n\t\t<\/div>\n\t\t\t\t\t\t\t\t<\/div>\n\t\t\t\t\t<\/div>\n\t\t<\/section>\n\t\t\t\t<section class=\"has_eae_slider elementor-section elementor-inner-section elementor-element elementor-element-5fff41a elementor-section-boxed elementor-section-height-default elementor-section-height-default\" data-particle_enable=\"false\" data-particle-mobile-disabled=\"false\" data-id=\"5fff41a\" data-element_type=\"section\">\n\t\t\t\t\t\t<div class=\"elementor-container elementor-column-gap-default\">\n\t\t\t\t\t\t\t<div class=\"elementor-row\">\n\t\t\t\t\t<div class=\"has_eae_slider elementor-column elementor-col-100 elementor-inner-column elementor-element elementor-element-aa87a80\" data-id=\"aa87a80\" data-element_type=\"column\">\n\t\t\t<div class=\"elementor-column-wrap elementor-element-populated\">\n\t\t\t\t\t\t\t<div class=\"elementor-widget-wrap\">\n\t\t\t\t\t\t<div class=\"elementor-element elementor-element-8790493 elementor-widget elementor-widget-image\" data-id=\"8790493\" data-element_type=\"widget\" data-widget_type=\"image.default\">\n\t\t\t\t<div class=\"elementor-widget-container\">\n\t\t\t\t\t\t\t\t<div class=\"elementor-image\">\n\t\t\t\t\t\t\t\t\t\t\t\t\t<a href=\"http:\/\/www.abanca.com\/\">\n\t\t\t\t\t\t\t<img decoding=\"async\" src=\"https:\/\/celtaatletismo.es\/blog\/wp-content\/uploads\/elementor\/thumbs\/NON-ppmqc9tokirai65uqxk7k0ewi6hd9gx7nryxkjbxye.png\" title=\"NON\" alt=\"NON\" loading=\"lazy\" \/>\t\t\t\t\t\t\t\t<\/a>\n\t\t\t\t\t\t\t\t\t\t\t\t\t\t<\/div>\n\t\t\t\t\t\t<\/div>\n\t\t\t\t<\/div>\n\t\t\t\t\t\t<\/div>\n\t\t\t\t\t<\/div>\n\t\t<\/div>\n\t\t\t\t\t\t\t\t<\/div>\n\t\t\t\t\t<\/div>\n\t\t<\/section>\n\t\t\t\t<section class=\"has_eae_slider elementor-section elementor-inner-section elementor-element elementor-element-29696b9 elementor-section-boxed elementor-section-height-default elementor-section-height-default\" data-particle_enable=\"false\" data-particle-mobile-disabled=\"false\" data-id=\"29696b9\" data-element_type=\"section\">\n\t\t\t\t\t\t<div class=\"elementor-container elementor-column-gap-default\">\n\t\t\t\t\t\t\t<div class=\"elementor-row\">\n\t\t\t\t\t<div class=\"has_eae_slider elementor-column elementor-col-50 elementor-inner-column elementor-element elementor-element-4341cd9\" data-id=\"4341cd9\" data-element_type=\"column\">\n\t\t\t<div class=\"elementor-column-wrap elementor-element-populated\">\n\t\t\t\t\t\t\t<div class=\"elementor-widget-wrap\">\n\t\t\t\t\t\t<div class=\"elementor-element elementor-element-1c778ee elementor-widget elementor-widget-image\" data-id=\"1c778ee\" data-element_type=\"widget\" data-widget_type=\"image.default\">\n\t\t\t\t<div class=\"elementor-widget-container\">\n\t\t\t\t\t\t\t\t<div class=\"elementor-image\">\n\t\t\t\t\t\t\t\t\t\t\t\t\t<a href=\"http:\/\/www.abanca.com\/\">\n\t\t\t\t\t\t\t<img decoding=\"async\" width=\"294\" height=\"110\" src=\"https:\/\/celtaatletismo.es\/blog\/wp-content\/uploads\/2018\/03\/abanca-hd.jpg\" class=\"attachment-large size-large wp-image-8550\" alt=\"\" loading=\"lazy\" srcset=\"https:\/\/celtaatletismo.es\/blog\/wp-content\/uploads\/2018\/03\/abanca-hd.jpg 294w, https:\/\/celtaatletismo.es\/blog\/wp-content\/uploads\/2018\/03\/abanca-hd-200x75.jpg 200w\" sizes=\"(max-width: 294px) 100vw, 294px\" \/>\t\t\t\t\t\t\t\t<\/a>\n\t\t\t\t\t\t\t\t\t\t\t\t\t\t<\/div>\n\t\t\t\t\t\t<\/div>\n\t\t\t\t<\/div>\n\t\t\t\t\t\t<\/div>\n\t\t\t\t\t<\/div>\n\t\t<\/div>\n\t\t\t\t<div class=\"has_eae_slider elementor-column elementor-col-50 elementor-inner-column elementor-element elementor-element-3550e8d\" data-id=\"3550e8d\" data-element_type=\"column\">\n\t\t\t<div class=\"elementor-column-wrap elementor-element-populated\">\n\t\t\t\t\t\t\t<div class=\"elementor-widget-wrap\">\n\t\t\t\t\t\t<div class=\"elementor-element elementor-element-cef9dfc elementor-widget elementor-widget-image\" data-id=\"cef9dfc\" data-element_type=\"widget\" data-widget_type=\"image.default\">\n\t\t\t\t<div class=\"elementor-widget-container\">\n\t\t\t\t\t\t\t\t<div class=\"elementor-image\">\n\t\t\t\t\t\t\t\t\t\t\t\t<img decoding=\"async\" width=\"300\" height=\"150\" src=\"https:\/\/celtaatletismo.es\/blog\/wp-content\/uploads\/2020\/05\/serfico-sl.jpg\" class=\"attachment-large size-large wp-image-10896\" alt=\"\" loading=\"lazy\" srcset=\"https:\/\/celtaatletismo.es\/blog\/wp-content\/uploads\/2020\/05\/serfico-sl.jpg 300w, https:\/\/celtaatletismo.es\/blog\/wp-content\/uploads\/2020\/05\/serfico-sl-200x100.jpg 200w\" sizes=\"(max-width: 300px) 100vw, 300px\" \/>\t\t\t\t\t\t\t\t\t\t\t\t\t\t<\/div>\n\t\t\t\t\t\t<\/div>\n\t\t\t\t<\/div>\n\t\t\t\t\t\t<\/div>\n\t\t\t\t\t<\/div>\n\t\t<\/div>\n\t\t\t\t\t\t\t\t<\/div>\n\t\t\t\t\t<\/div>\n\t\t<\/section>\n\t\t\t\t<section class=\"has_eae_slider elementor-section elementor-inner-section elementor-element elementor-element-ed666b8 elementor-section-boxed elementor-section-height-default elementor-section-height-default\" data-particle_enable=\"false\" data-particle-mobile-disabled=\"false\" data-id=\"ed666b8\" data-element_type=\"section\">\n\t\t\t\t\t\t<div class=\"elementor-container elementor-column-gap-default\">\n\t\t\t\t\t\t\t<div class=\"elementor-row\">\n\t\t\t\t\t<div class=\"has_eae_slider elementor-column elementor-col-50 elementor-inner-column elementor-element elementor-element-d25cc50\" data-id=\"d25cc50\" data-element_type=\"column\">\n\t\t\t<div class=\"elementor-column-wrap elementor-element-populated\">\n\t\t\t\t\t\t\t<div class=\"elementor-widget-wrap\">\n\t\t\t\t\t\t<div class=\"elementor-element elementor-element-253756a elementor-widget elementor-widget-image\" data-id=\"253756a\" data-element_type=\"widget\" data-widget_type=\"image.default\">\n\t\t\t\t<div class=\"elementor-widget-container\">\n\t\t\t\t\t\t\t\t<div class=\"elementor-image\">\n\t\t\t\t\t\t\t\t\t\t\t\t\t<a href=\"https:\/\/xenera.com\/gl\/tarifa-balon-e-redonda\/?utm_source=celtaatletismo&#038;utm_medium=web&#038;utm_campaign=tarifabalon\" target=\"_blank\">\n\t\t\t\t\t\t\t<img decoding=\"async\" width=\"800\" height=\"1700\" src=\"https:\/\/celtaatletismo.es\/blog\/wp-content\/uploads\/2019\/12\/Tarifa_Balon_Tricolor_Web_GAL.jpg\" class=\"attachment-full size-full wp-image-9868\" alt=\"\" loading=\"lazy\" srcset=\"https:\/\/celtaatletismo.es\/blog\/wp-content\/uploads\/2019\/12\/Tarifa_Balon_Tricolor_Web_GAL.jpg 800w, https:\/\/celtaatletismo.es\/blog\/wp-content\/uploads\/2019\/12\/Tarifa_Balon_Tricolor_Web_GAL-94x200.jpg 94w, https:\/\/celtaatletismo.es\/blog\/wp-content\/uploads\/2019\/12\/Tarifa_Balon_Tricolor_Web_GAL-768x1632.jpg 768w, https:\/\/celtaatletismo.es\/blog\/wp-content\/uploads\/2019\/12\/Tarifa_Balon_Tricolor_Web_GAL-482x1024.jpg 482w, https:\/\/celtaatletismo.es\/blog\/wp-content\/uploads\/2019\/12\/Tarifa_Balon_Tricolor_Web_GAL-360x765.jpg 360w, https:\/\/celtaatletismo.es\/blog\/wp-content\/uploads\/2019\/12\/Tarifa_Balon_Tricolor_Web_GAL-750x1594.jpg 750w\" sizes=\"(max-width: 800px) 100vw, 800px\" \/>\t\t\t\t\t\t\t\t<\/a>\n\t\t\t\t\t\t\t\t\t\t\t\t\t\t<\/div>\n\t\t\t\t\t\t<\/div>\n\t\t\t\t<\/div>\n\t\t\t\t\t\t<\/div>\n\t\t\t\t\t<\/div>\n\t\t<\/div>\n\t\t\t\t<div class=\"has_eae_slider elementor-column elementor-col-50 elementor-inner-column elementor-element elementor-element-68e31e1\" data-id=\"68e31e1\" data-element_type=\"column\">\n\t\t\t<div class=\"elementor-column-wrap elementor-element-populated\">\n\t\t\t\t\t\t\t<div class=\"elementor-widget-wrap\">\n\t\t\t\t\t\t<div class=\"elementor-element elementor-element-d5aa2c1 elementor-widget elementor-widget-image\" data-id=\"d5aa2c1\" data-element_type=\"widget\" data-widget_type=\"image.default\">\n\t\t\t\t<div class=\"elementor-widget-container\">\n\t\t\t\t\t\t\t\t<div class=\"elementor-image\">\n\t\t\t\t\t\t\t\t\t\t\t\t\t<a href=\"https:\/\/www.aguasana.es\/\" target=\"_blank\">\n\t\t\t\t\t\t\t<img decoding=\"async\" width=\"240\" height=\"192\" src=\"https:\/\/celtaatletismo.es\/blog\/wp-content\/uploads\/2020\/05\/logo-agua-sana-grande.png\" class=\"attachment-full size-full wp-image-11900\" alt=\"\" loading=\"lazy\" srcset=\"https:\/\/celtaatletismo.es\/blog\/wp-content\/uploads\/2020\/05\/logo-agua-sana-grande.png 240w, https:\/\/celtaatletismo.es\/blog\/wp-content\/uploads\/2020\/05\/logo-agua-sana-grande-200x160.png 200w\" sizes=\"(max-width: 240px) 100vw, 240px\" \/>\t\t\t\t\t\t\t\t<\/a>\n\t\t\t\t\t\t\t\t\t\t\t\t\t\t<\/div>\n\t\t\t\t\t\t<\/div>\n\t\t\t\t<\/div>\n\t\t\t\t\t\t<\/div>\n\t\t\t\t\t<\/div>\n\t\t<\/div>\n\t\t\t\t\t\t\t\t<\/div>\n\t\t\t\t\t<\/div>\n\t\t<\/section>\n\t\t\t\t<div class=\"elementor-element elementor-element-df4224b elementor-widget elementor-widget-image\" data-id=\"df4224b\" data-element_type=\"widget\" data-widget_type=\"image.default\">\n\t\t\t\t<div class=\"elementor-widget-container\">\n\t\t\t\t\t\t\t\t<div class=\"elementor-image\">\n\t\t\t\t\t\t\t\t\t\t\t\t\t<a href=\"http:\/\/www.esteoingenieros.es\/\" target=\"_blank\">\n\t\t\t\t\t\t\t<img decoding=\"async\" width=\"200\" height=\"141\" src=\"https:\/\/celtaatletismo.es\/blog\/wp-content\/uploads\/2020\/05\/LOGO-ESTEO-200x141.jpg\" class=\"attachment-medium size-medium wp-image-12550\" alt=\"\" loading=\"lazy\" srcset=\"https:\/\/celtaatletismo.es\/blog\/wp-content\/uploads\/2020\/05\/LOGO-ESTEO-200x141.jpg 200w, https:\/\/celtaatletismo.es\/blog\/wp-content\/uploads\/2020\/05\/LOGO-ESTEO-1024x724.jpg 1024w, https:\/\/celtaatletismo.es\/blog\/wp-content\/uploads\/2020\/05\/LOGO-ESTEO-768x543.jpg 768w, https:\/\/celtaatletismo.es\/blog\/wp-content\/uploads\/2020\/05\/LOGO-ESTEO-1536x1086.jpg 1536w, https:\/\/celtaatletismo.es\/blog\/wp-content\/uploads\/2020\/05\/LOGO-ESTEO-2048x1448.jpg 2048w\" sizes=\"(max-width: 200px) 100vw, 200px\" \/>\t\t\t\t\t\t\t\t<\/a>\n\t\t\t\t\t\t\t\t\t\t\t\t\t\t<\/div>\n\t\t\t\t\t\t<\/div>\n\t\t\t\t<\/div>\n\t\t\t\t<section class=\"has_eae_slider elementor-section elementor-inner-section elementor-element elementor-element-0c718e7 elementor-section-boxed elementor-section-height-default elementor-section-height-default\" data-particle_enable=\"false\" data-particle-mobile-disabled=\"false\" data-id=\"0c718e7\" data-element_type=\"section\">\n\t\t\t\t\t\t<div class=\"elementor-container elementor-column-gap-default\">\n\t\t\t\t\t\t\t<div class=\"elementor-row\">\n\t\t\t\t\t<div class=\"has_eae_slider elementor-column elementor-col-100 elementor-inner-column elementor-element elementor-element-785dd22\" data-id=\"785dd22\" data-element_type=\"column\">\n\t\t\t<div class=\"elementor-column-wrap\">\n\t\t\t\t\t\t\t<div class=\"elementor-widget-wrap\">\n\t\t\t\t\t\t\t\t<\/div>\n\t\t\t\t\t<\/div>\n\t\t<\/div>\n\t\t\t\t\t\t\t\t<\/div>\n\t\t\t\t\t<\/div>\n\t\t<\/section>\n\t\t\t\t<div class=\"elementor-element elementor-element-f14454c elementor-widget-divider--view-line_text elementor-widget-divider--element-align-left sin-margen elementor-widget elementor-widget-divider\" data-id=\"f14454c\" data-element_type=\"widget\" data-widget_type=\"divider.default\">\n\t\t\t\t<div class=\"elementor-widget-container\">\n\t\t\t\t\t<div class=\"elementor-divider\">\n\t\t\t<span class=\"elementor-divider-separator\">\n\t\t\t\t\t\t\t<span class=\"elementor-divider__text elementor-divider__element\">\n\t\t\t\tS\u00cdGUENOS EN NUESTRAS REDES OFICIALES\t\t\t\t<\/span>\n\t\t\t\t\t\t<\/span>\n\t\t<\/div>\n\t\t\t\t<\/div>\n\t\t\t\t<\/div>\n\t\t\t\t<div class=\"elementor-element elementor-element-b801402 elementor-shape-rounded elementor-grid-0 e-grid-align-center elementor-widget elementor-widget-social-icons\" data-id=\"b801402\" data-element_type=\"widget\" data-widget_type=\"social-icons.default\">\n\t\t\t\t<div class=\"elementor-widget-container\">\n\t\t\t\t\t<div class=\"elementor-social-icons-wrapper elementor-grid\">\n\t\t\t\t\t\t\t<span class=\"elementor-grid-item\">\n\t\t\t\t\t<a class=\"elementor-icon elementor-social-icon elementor-social-icon-instagram elementor-repeater-item-2577ac7\" href=\"https:\/\/www.instagram.com\/celtaatletismo\/\" target=\"_blank\">\n\t\t\t\t\t\t<span class=\"elementor-screen-only\">Instagram<\/span>\n\t\t\t\t\t\t<i class=\"fab fa-instagram\"><\/i>\t\t\t\t\t<\/a>\n\t\t\t\t<\/span>\n\t\t\t\t\t\t\t<span class=\"elementor-grid-item\">\n\t\t\t\t\t<a class=\"elementor-icon elementor-social-icon elementor-social-icon-facebook elementor-repeater-item-8ffa66b\" href=\"https:\/\/www.facebook.com\/CeltaAtletismo\/\" target=\"_blank\">\n\t\t\t\t\t\t<span class=\"elementor-screen-only\">Facebook<\/span>\n\t\t\t\t\t\t<i class=\"fab fa-facebook\"><\/i>\t\t\t\t\t<\/a>\n\t\t\t\t<\/span>\n\t\t\t\t\t\t\t<span class=\"elementor-grid-item\">\n\t\t\t\t\t<a class=\"elementor-icon elementor-social-icon elementor-social-icon-youtube elementor-repeater-item-4f5c00c\" href=\"https:\/\/www.youtube.com\/channel\/UCWmDtJIxIWf3x4-sFHhC1iw\" target=\"_blank\">\n\t\t\t\t\t\t<span class=\"elementor-screen-only\">Youtube<\/span>\n\t\t\t\t\t\t<i class=\"fab fa-youtube\"><\/i>\t\t\t\t\t<\/a>\n\t\t\t\t<\/span>\n\t\t\t\t\t<\/div>\n\t\t\t\t<\/div>\n\t\t\t\t<\/div>\n\t\t\t\t\t\t<\/div>\n\t\t\t\t\t<\/div>\n\t\t<\/div>\n\t\t\t\t\t\t\t\t<\/div>\n\t\t\t\t\t<\/div>\n\t\t<\/section>\n\t\t\t\t\t\t\t\t\t<\/div>\n\t\t\t<\/div>\n\t\t\t\t\t<\/div>\n\t\t\t\t<\/div>\n\t\t\t\t<\/div>\n\t\t\t\t<\/div>\n\t\t\t\t\t\t<\/div>\n\t\t\t\t\t<\/div>\n\t\t<\/div>\n\t\t\t\t\t\t\t\t<\/div>\n\t\t\t\t\t<\/div>\n\t\t<\/section>\n\t\t\t\t\t\t\t\t\t<\/div>\n\t\t\t<\/div>\n\t\t\t\t\t<\/div>\n\t\t","protected":false},"excerpt":{"rendered":"<p>Nacido en Vigo el 18 Diciembre 1943. 1,71 m. y 57 kgs. 45 veces internacional. Su entrenador desde sus inicios, Alfonso 0rtega. Participante en 3 finales olimpicas : M\u00e9xico 1968 &#8211; 3.000 m. obst\u00e1culos 11\u00ba con 9.24,6 (2.200 metros altitud) Munich 1972 &#8211; 5.000 m. lisos 10\u00ba con 13.41,8 10.000 m. lisos 12\u00ba con 28.56,4 [&hellip;]<\/p>\n","protected":false},"author":10,"featured_media":0,"parent":792,"menu_order":0,"comment_status":"closed","ping_status":"closed","template":"","meta":{"_monsterinsights_skip_tracking":false,"_monsterinsights_sitenote_active":false,"_monsterinsights_sitenote_note":"","_monsterinsights_sitenote_category":0},"yoast_head":"<!-- This site is optimized with the Yoast SEO plugin v20.9 - https:\/\/yoast.com\/wordpress\/plugins\/seo\/ -->\n<title>Javier Alvarez Salgado - Celta Atletismo<\/title>\n<meta name=\"robots\" content=\"index, follow, max-snippet:-1, max-image-preview:large, max-video-preview:-1\" \/>\n<link rel=\"canonical\" href=\"https:\/\/celtaatletismo.es\/blog\/atletas-destacados\/javier-alvarez-salgado\/\" \/>\n<meta property=\"og:locale\" content=\"es_ES\" \/>\n<meta property=\"og:type\" content=\"article\" \/>\n<meta property=\"og:title\" content=\"Javier Alvarez Salgado - Celta Atletismo\" \/>\n<meta property=\"og:description\" content=\"Nacido en Vigo el 18 Diciembre 1943. 1,71 m. y 57 kgs. 45 veces internacional. Su entrenador desde sus inicios, Alfonso 0rtega. Participante en 3 finales olimpicas : M\u00e9xico 1968 &#8211; 3.000 m. obst\u00e1culos 11\u00ba con 9.24,6 (2.200 metros altitud) Munich 1972 &#8211; 5.000 m. lisos 10\u00ba con 13.41,8 10.000 m. lisos 12\u00ba con 28.56,4 [&hellip;]\" \/>\n<meta property=\"og:url\" content=\"https:\/\/celtaatletismo.es\/blog\/atletas-destacados\/javier-alvarez-salgado\/\" \/>\n<meta property=\"og:site_name\" content=\"Celta Atletismo\" \/>\n<meta property=\"article:publisher\" content=\"https:\/\/www.facebook.com\/Real-Club-Celta-de-Atletismo-Atletismo-Femenino-Celta-177005092323603\/\" \/>\n<meta property=\"article:modified_time\" content=\"2020-05-10T22:47:14+00:00\" \/>\n<meta property=\"og:image\" content=\"https:\/\/celtaatletismo.wordpress.com\/files\/2007\/04\/mugi25_006_06_alvarez_salgado_lakie_stewart.thumbnail.jpg\" \/>\n<meta name=\"twitter:card\" content=\"summary_large_image\" \/>\n<meta name=\"twitter:site\" content=\"@CeltaAtletismo\" \/>\n<meta name=\"twitter:label1\" content=\"Tiempo de lectura\" \/>\n\t<meta name=\"twitter:data1\" content=\"2 minutos\" \/>\n<script type=\"application\/ld+json\" class=\"yoast-schema-graph\">{\"@context\":\"https:\/\/schema.org\",\"@graph\":[{\"@type\":\"WebPage\",\"@id\":\"https:\/\/celtaatletismo.es\/blog\/atletas-destacados\/javier-alvarez-salgado\/\",\"url\":\"https:\/\/celtaatletismo.es\/blog\/atletas-destacados\/javier-alvarez-salgado\/\",\"name\":\"Javier Alvarez Salgado - Celta Atletismo\",\"isPartOf\":{\"@id\":\"https:\/\/celtaatletismo.es\/blog\/#website\"},\"datePublished\":\"2007-04-25T11:27:22+00:00\",\"dateModified\":\"2020-05-10T22:47:14+00:00\",\"breadcrumb\":{\"@id\":\"https:\/\/celtaatletismo.es\/blog\/atletas-destacados\/javier-alvarez-salgado\/#breadcrumb\"},\"inLanguage\":\"es\",\"potentialAction\":[{\"@type\":\"ReadAction\",\"target\":[\"https:\/\/celtaatletismo.es\/blog\/atletas-destacados\/javier-alvarez-salgado\/\"]}]},{\"@type\":\"BreadcrumbList\",\"@id\":\"https:\/\/celtaatletismo.es\/blog\/atletas-destacados\/javier-alvarez-salgado\/#breadcrumb\",\"itemListElement\":[{\"@type\":\"ListItem\",\"position\":1,\"name\":\"Portada\",\"item\":\"https:\/\/celtaatletismo.es\/blog\/\"},{\"@type\":\"ListItem\",\"position\":2,\"name\":\"Atletas destacados\",\"item\":\"https:\/\/celtaatletismo.es\/blog\/atletas-destacados\/\"},{\"@type\":\"ListItem\",\"position\":3,\"name\":\"Javier Alvarez Salgado\"}]},{\"@type\":\"WebSite\",\"@id\":\"https:\/\/celtaatletismo.es\/blog\/#website\",\"url\":\"https:\/\/celtaatletismo.es\/blog\/\",\"name\":\"Celta Atletismo\",\"description\":\"Web oficial del Real Club Celta Atletismo y del Club Atletismo Femenino Celta\",\"publisher\":{\"@id\":\"https:\/\/celtaatletismo.es\/blog\/#organization\"},\"potentialAction\":[{\"@type\":\"SearchAction\",\"target\":{\"@type\":\"EntryPoint\",\"urlTemplate\":\"https:\/\/celtaatletismo.es\/blog\/?s={search_term_string}\"},\"query-input\":\"required name=search_term_string\"}],\"inLanguage\":\"es\"},{\"@type\":\"Organization\",\"@id\":\"https:\/\/celtaatletismo.es\/blog\/#organization\",\"name\":\"Celta Atletismo\",\"url\":\"https:\/\/celtaatletismo.es\/blog\/\",\"logo\":{\"@type\":\"ImageObject\",\"inLanguage\":\"es\",\"@id\":\"https:\/\/celtaatletismo.es\/blog\/#\/schema\/logo\/image\/\",\"url\":\"https:\/\/celtaatletismo.es\/blog\/wp-content\/uploads\/2018\/12\/logo-web-celta-atletismo-solo.png\",\"contentUrl\":\"https:\/\/celtaatletismo.es\/blog\/wp-content\/uploads\/2018\/12\/logo-web-celta-atletismo-solo.png\",\"width\":555,\"height\":171,\"caption\":\"Celta Atletismo\"},\"image\":{\"@id\":\"https:\/\/celtaatletismo.es\/blog\/#\/schema\/logo\/image\/\"},\"sameAs\":[\"https:\/\/www.facebook.com\/Real-Club-Celta-de-Atletismo-Atletismo-Femenino-Celta-177005092323603\/\",\"https:\/\/twitter.com\/CeltaAtletismo\"]}]}<\/script>\n<!-- \/ Yoast SEO plugin. -->","yoast_head_json":{"title":"Javier Alvarez Salgado - Celta Atletismo","robots":{"index":"index","follow":"follow","max-snippet":"max-snippet:-1","max-image-preview":"max-image-preview:large","max-video-preview":"max-video-preview:-1"},"canonical":"https:\/\/celtaatletismo.es\/blog\/atletas-destacados\/javier-alvarez-salgado\/","og_locale":"es_ES","og_type":"article","og_title":"Javier Alvarez Salgado - Celta Atletismo","og_description":"Nacido en Vigo el 18 Diciembre 1943. 1,71 m. y 57 kgs. 45 veces internacional. Su entrenador desde sus inicios, Alfonso 0rtega. Participante en 3 finales olimpicas : M\u00e9xico 1968 &#8211; 3.000 m. obst\u00e1culos 11\u00ba con 9.24,6 (2.200 metros altitud) Munich 1972 &#8211; 5.000 m. lisos 10\u00ba con 13.41,8 10.000 m. lisos 12\u00ba con 28.56,4 [&hellip;]","og_url":"https:\/\/celtaatletismo.es\/blog\/atletas-destacados\/javier-alvarez-salgado\/","og_site_name":"Celta Atletismo","article_publisher":"https:\/\/www.facebook.com\/Real-Club-Celta-de-Atletismo-Atletismo-Femenino-Celta-177005092323603\/","article_modified_time":"2020-05-10T22:47:14+00:00","og_image":[{"url":"https:\/\/celtaatletismo.wordpress.com\/files\/2007\/04\/mugi25_006_06_alvarez_salgado_lakie_stewart.thumbnail.jpg"}],"twitter_card":"summary_large_image","twitter_site":"@CeltaAtletismo","twitter_misc":{"Tiempo de lectura":"2 minutos"},"schema":{"@context":"https:\/\/schema.org","@graph":[{"@type":"WebPage","@id":"https:\/\/celtaatletismo.es\/blog\/atletas-destacados\/javier-alvarez-salgado\/","url":"https:\/\/celtaatletismo.es\/blog\/atletas-destacados\/javier-alvarez-salgado\/","name":"Javier Alvarez Salgado - Celta Atletismo","isPartOf":{"@id":"https:\/\/celtaatletismo.es\/blog\/#website"},"datePublished":"2007-04-25T11:27:22+00:00","dateModified":"2020-05-10T22:47:14+00:00","breadcrumb":{"@id":"https:\/\/celtaatletismo.es\/blog\/atletas-destacados\/javier-alvarez-salgado\/#breadcrumb"},"inLanguage":"es","potentialAction":[{"@type":"ReadAction","target":["https:\/\/celtaatletismo.es\/blog\/atletas-destacados\/javier-alvarez-salgado\/"]}]},{"@type":"BreadcrumbList","@id":"https:\/\/celtaatletismo.es\/blog\/atletas-destacados\/javier-alvarez-salgado\/#breadcrumb","itemListElement":[{"@type":"ListItem","position":1,"name":"Portada","item":"https:\/\/celtaatletismo.es\/blog\/"},{"@type":"ListItem","position":2,"name":"Atletas destacados","item":"https:\/\/celtaatletismo.es\/blog\/atletas-destacados\/"},{"@type":"ListItem","position":3,"name":"Javier Alvarez Salgado"}]},{"@type":"WebSite","@id":"https:\/\/celtaatletismo.es\/blog\/#website","url":"https:\/\/celtaatletismo.es\/blog\/","name":"Celta Atletismo","description":"Web oficial del Real Club Celta Atletismo y del Club Atletismo Femenino Celta","publisher":{"@id":"https:\/\/celtaatletismo.es\/blog\/#organization"},"potentialAction":[{"@type":"SearchAction","target":{"@type":"EntryPoint","urlTemplate":"https:\/\/celtaatletismo.es\/blog\/?s={search_term_string}"},"query-input":"required name=search_term_string"}],"inLanguage":"es"},{"@type":"Organization","@id":"https:\/\/celtaatletismo.es\/blog\/#organization","name":"Celta Atletismo","url":"https:\/\/celtaatletismo.es\/blog\/","logo":{"@type":"ImageObject","inLanguage":"es","@id":"https:\/\/celtaatletismo.es\/blog\/#\/schema\/logo\/image\/","url":"https:\/\/celtaatletismo.es\/blog\/wp-content\/uploads\/2018\/12\/logo-web-celta-atletismo-solo.png","contentUrl":"https:\/\/celtaatletismo.es\/blog\/wp-content\/uploads\/2018\/12\/logo-web-celta-atletismo-solo.png","width":555,"height":171,"caption":"Celta Atletismo"},"image":{"@id":"https:\/\/celtaatletismo.es\/blog\/#\/schema\/logo\/image\/"},"sameAs":["https:\/\/www.facebook.com\/Real-Club-Celta-de-Atletismo-Atletismo-Femenino-Celta-177005092323603\/","https:\/\/twitter.com\/CeltaAtletismo"]}]}},"_links":{"self":[{"href":"https:\/\/celtaatletismo.es\/blog\/wp-json\/wp\/v2\/pages\/877"}],"collection":[{"href":"https:\/\/celtaatletismo.es\/blog\/wp-json\/wp\/v2\/pages"}],"about":[{"href":"https:\/\/celtaatletismo.es\/blog\/wp-json\/wp\/v2\/types\/page"}],"author":[{"embeddable":true,"href":"https:\/\/celtaatletismo.es\/blog\/wp-json\/wp\/v2\/users\/10"}],"replies":[{"embeddable":true,"href":"https:\/\/celtaatletismo.es\/blog\/wp-json\/wp\/v2\/comments?post=877"}],"version-history":[{"count":2,"href":"https:\/\/celtaatletismo.es\/blog\/wp-json\/wp\/v2\/pages\/877\/revisions"}],"predecessor-version":[{"id":10408,"href":"https:\/\/celtaatletismo.es\/blog\/wp-json\/wp\/v2\/pages\/877\/revisions\/10408"}],"up":[{"embeddable":true,"href":"https:\/\/celtaatletismo.es\/blog\/wp-json\/wp\/v2\/pages\/792"}],"wp:attachment":[{"href":"https:\/\/celtaatletismo.es\/blog\/wp-json\/wp\/v2\/media?parent=877"}],"curies":[{"name":"wp","href":"https:\/\/api.w.org\/{rel}","templated":true}]}}