{"id":793,"date":"2007-02-09T09:17:56","date_gmt":"2007-02-09T09:17:56","guid":{"rendered":"http:\/\/s220043763.mialojamiento.es\/?page_id=9"},"modified":"2020-09-11T15:46:23","modified_gmt":"2020-09-11T13:46:23","slug":"david-gomez","status":"publish","type":"page","link":"https:\/\/celtaatletismo.es\/blog\/atletas-destacados\/david-gomez\/","title":{"rendered":"David G\u00f3mez Mart\u00ednez"},"content":{"rendered":"\t\t<div data-elementor-type=\"wp-page\" data-elementor-id=\"793\" class=\"elementor elementor-793\">\n\t\t\t\t\t\t<div class=\"elementor-inner\">\n\t\t\t\t<div class=\"elementor-section-wrap\">\n\t\t\t\t\t\t\t\t\t<section class=\"has_eae_slider elementor-section elementor-top-section elementor-element elementor-element-9eb834b elementor-section-boxed elementor-section-height-default elementor-section-height-default\" data-particle_enable=\"false\" data-particle-mobile-disabled=\"false\" data-id=\"9eb834b\" data-element_type=\"section\">\n\t\t\t\t\t\t<div class=\"elementor-container elementor-column-gap-default\">\n\t\t\t\t\t\t\t<div class=\"elementor-row\">\n\t\t\t\t\t<div class=\"has_eae_slider elementor-column elementor-col-50 elementor-top-column elementor-element elementor-element-b996d79\" data-id=\"b996d79\" data-element_type=\"column\">\n\t\t\t<div class=\"elementor-column-wrap elementor-element-populated\">\n\t\t\t\t\t\t\t<div class=\"elementor-widget-wrap\">\n\t\t\t\t\t\t<div class=\"elementor-element elementor-element-069410a elementor-widget elementor-widget-text-editor\" data-id=\"069410a\" data-element_type=\"widget\" data-widget_type=\"text-editor.default\">\n\t\t\t\t<div class=\"elementor-widget-container\">\n\t\t\t\t\t\t\t\t<div class=\"elementor-text-editor elementor-clearfix\">\n\t\t\t\t<p>O Rosal (Pontevedra), 13.02.1981 &#8211; 1,86m\/91kg<img decoding=\"async\" loading=\"lazy\" src=\"https:\/\/fotos.subefotos.com\/9d053881ee17bf68227c7327181b5d76o.jpg\" alt=\"\" width=\"120\" height=\"155\" align=\"right\" \/><br \/>Entrenador: <em>Jes\u00fas Lence<\/em><br \/>Club 2007\/2008: <em>R.C. Celta de Vigo<\/em><br \/>Internacional: 11 (2004-2014)<\/p><p><strong>Historial Espa\u00f1ol<\/strong><\/p><p>Recordman de Espa\u00f1a J\u00fanior de Decathlon (7.772 en 2000)<br \/>Campe\u00f3n de Espa\u00f1a Absoluto de Decathlon (2004-2007-2008-2011-2012-2013)<br \/>Campe\u00f3n de Espa\u00f1a Promesa de Decathlon (2003)<br \/>Campe\u00f3n de Espa\u00f1a J\u00fanior de Decathlon (1999-2000)<br \/>Campe\u00f3n de Espa\u00f1a J\u00fanior de Heptathlon (2000)<br \/>Campe\u00f3n de Espa\u00f1a Juvenil de Octathlon (1998)<br \/>Campe\u00f3n de espa\u00f1a juvenil de Exathlon (pc) (1998)<br \/>Campe\u00f3n de Espa\u00f1a Cadete de Octathlon (1997)<br \/>Subcampe\u00f3n de Espa\u00f1a Abosoluto de 110m.v. (2005)<br \/>Subcampe\u00f3n de Espa\u00f1a Sub23 de Salto de longitud (2001)<br \/>3\u00ba de Espa\u00f1a Sub 23 de 110m.v. (2001)<\/p><p><strong>R\u00e9cords de Espa\u00f1a J\u00fanior<\/strong><br \/>AL: Decathlon: 7.649 (2000); 7.772 (2000)<br \/><strong>Historial Internacional<\/strong><\/p><p><strong>Juegos ol\u00edmpicos<\/strong> 2004 &#8211; Atenas Decathlon (22\u00ba\/7.865)<br \/>2008- Pekin Decathlon (24\u00ba\/6.876)<br \/><strong>Copa Europea<\/strong> 2004 &#8211; Hengelo 1\u00aa Divis\u00f3n &#8211; Decathlon (2\u00ba\/7.580)<br \/>2005 &#8211; Bydgoszcz Superliga &#8211; Decathlon (3\u00ba\/7.698)<br \/>2006 &#8211; Arles superliga &#8211; Decathlon (15\u00ba\/7.480)<br \/>2008 &#8211; Hengelo &#8211; Decathlon (14\u00ba\/7.578)<br \/><strong>Cpto. mundial Junior<\/strong> 2000 &#8211; Santiago de Chile Decathlon (2\u00ba\/7.772)<br \/><strong>Cpto. europeo sub23<\/strong> 2001 &#8211; Amsterdam Decathlon (6\u00ba\/7.649)<br \/>2003 &#8211; Bydgoszcz Decathlon (6\u00ba\/7.560)<br \/><strong>Cpto. europeo junior<\/strong> 1999 &#8211; Riga Decathlon (5\u00ba\/7.323)<br \/><strong>Cpto. Iberoamericano<\/strong> 2004 &#8211; Huelva Decathlon (1\u00ba\/7.940)<br \/>2006 &#8211; Ponce Decathlon (2\u00ba\/7.400)<br \/>&#8230;<br \/><strong>Otros<\/strong><\/p><p>2004 &#8211; Zuidbroek NED-CZE-ESP-FRA-GBR (pc): Heptathlon (15\u00ba\/5.158)<br \/>2005 &#8211; Aubi\u00e8re FRA-CZE-ESP-GBR-NED: Heptathlon (13\u00ba\/5.272)<\/p><p><strong>Progresi\u00f3n<\/strong><\/p><p>1999 (18) New Balance &#8211; R.C.Celta 7.323 (8 \/ 1jr) 5.087 (15 \/ 2jr)<br \/>2000 (19) New Balance &#8211; R.C.Celta 7.772 (3 \/ 1jr) 5.202 (8 \/ 1jr)<br \/>2001 (20) R.C. Celta de Vigo 7.649 (3) 5.434 (4)<br \/>2002 (21) R.C. Celta de Vigo lesionado &#8211;<br \/>2003 (22) R.C. Celta de Vigo 7.584 (3) &#8211;<br \/>2004 (23) R.C. Celta de Vigo 7.940 (1) 5.285 (10)<br \/>2005 (24) R.C. Celta de Vigo 7.698 (2) 5.272 (9)<br \/>2006 (25) R.C. Celta de Vigo 7.480 (3)<br \/>2007 (26) R.C. Celta de Vigo &#8211; 7.470 (3)<\/p><p>2008 (27) R.C. Celta de Vigo &#8211; 7.736 (1)<br \/>2009 (28) R.C. Celta de Vigo Lesionado<br \/>2010 (29) R.C. Celta de Vigo Lesionado<br \/>2011 (30) R.C. Celta de Vigo 7.298 (1)<br \/>2012 (31) R.C Celta de Vigo 7876 (1)<\/p><p>2013 (32) R.C Celta de Vigo 7484 (1)<\/p><p align=\"right\"><strong>Marcas personales:<\/strong><img decoding=\"async\" loading=\"lazy\" src=\"https:\/\/fotos.subefotos.com\/034e0a3f97df5502d30bf6c2ecc74fc6o.jpg\" alt=\"\" width=\"170\" height=\"450\" align=\"left\" \/><\/p><p align=\"right\"><strong>100m<\/strong> 10.95\/+1,1 2000<br \/>10.94\/+2,7 1999<br \/>10.6\/ -0,6 2004<br \/><strong>Longitud <\/strong>7.44\/+0,4 2007<br \/>7.66\/+4,6 2001<br \/><strong> Peso<\/strong> 14.57 2004<br \/><strong>Altura<\/strong> 1.98 2003<br \/><strong>400m<\/strong> 47.81 2000<br \/><strong>110m.v.<\/strong> 14.09\/+0,7 2005<br \/><strong>Disco<\/strong> 42.54 2004<br \/><strong>P\u00e9rtiga<\/strong> 4.71 2013<br \/><strong>Jabalina<\/strong> 66.99 2005<br \/><strong>1.500m<\/strong> 4:24.55 2000<br \/><strong>Primer d\u00eda Decathlon<\/strong> 4.098 2004<br \/><strong>Segundo d\u00eda Decathlon<\/strong> 3.842 2004<br \/><strong>Primer d\u00eda Heptathlon<\/strong> 3.000 2004<br \/><strong>Segundo d\u00eda Heptathlon<\/strong> 2.435 2001<br \/><strong>60m (pc) <\/strong>7.26 2001<br \/><strong>60m vallas (pc) <\/strong>8.26 2003<br \/><strong>1.000m (pc) <\/strong>2:39.57 2001<br \/><strong>200m<\/strong> 21.81\/+1,4 1999<br \/><strong>50m<\/strong> (pc) 6.22 2001<br \/><strong>50m vallas<\/strong> (pc) 7.06 2000<\/p><ul><li><a href=\"https:\/\/www.g-olimpica.com\/noticias\/nova.php?Ed=36&amp;id=37961\" target=\"_blank\" rel=\"noopener noreferrer\">Noticia Atenas<br \/><\/a><\/li><li><a href=\"https:\/\/www.rfea.es\/biografias\/hombres\/gomezdavid.pdf\" target=\"_blank\" rel=\"noopener noreferrer\">Biograf\u00eda RFEA<\/a><\/li><li><a href=\"https:\/\/www.iaaf.org\/athletes\/athlete=177025\/BioPopUp.html\" target=\"_blank\" rel=\"noopener noreferrer\">Biograf\u00eda IAAF<\/a><\/li><\/ul><p><strong>Todos sus decathlon:<\/strong><\/p><p><span style=\"font-size: x-small; font-family: Verdana,Arial Narrow,Helveti; color: midnightblue;\"><span class=\"spnMessageText\"><strong>7.134 <\/strong>1 POR Ch Lisboa POR 02\/05\/1999 1123 02 672 -04 1169 188 4856 1485 08 3227 407 5266 4 2641<br \/><strong>7.295<\/strong> 1 NC-j Elche 18\/07\/1999 1112 10 696 21 1189 197 4858 1465 13 3042 400 5558 4 2982<br \/><strong>7.323<\/strong> 5 EC-j Riga LAT 06\/08\/1999 1115 -10 706 10 1228 195 4808 1511 -09 3617 400 5288 4 3513<\/span><\/span><\/p><p><span style=\"font-size: x-small; font-family: Verdana,Arial Narrow,Helveti; color: midnightblue;\"><strong>7.310<\/strong> 8 Alhama de Murcia 04\/06\/2000 1095 11 716 11 1268 189 4847 1496 08 3485 400 5152 4 3628<br \/><strong>7.649<\/strong> 1 NC-j Santander 01\/10\/2000 1102 19 721 -15 1302 181 4858 1461 -04 4063 440 5722 4 3024 NR-J<br \/><strong>7.772<\/strong> 2 WC-j Santiago de Chile CHI 19\/10\/2000 1103 -04 712 -03 1306 192 4781 1452 -01 3917 430 5864 4 2455 NR-J<\/span><\/p><p><span style=\"font-size: x-small; font-family: Verdana,Arial Narrow,Helveti; color: midnightblue;\"><strong>7.480<\/strong> 4 NC Baza 10\/06\/2001 1105 26 730 05 1341 184 4843 1474 06 3445 420 5768 4 3796<br \/><strong>7.649<\/strong> 6 EC-U23 Amsterdam NED 13\/07\/2001 1122 17 712 -01 1327 195 4889 1473 -12 3653 450 5706 4 2814<\/span><\/p><p><span style=\"font-size: x-small; font-family: Verdana,Arial Narrow,Helveti; color: midnightblue;\"><strong>7.584<\/strong> 1 NC-U23 Salamanca 06\/07\/2003 1142 05 705 06 1356 198 4917 1461 -10 4172 400 6006 4 3738<br \/><strong>7.560<\/strong> 6 EC-U23 Bydgoszcz POL 18\/07\/2003 1123 10 707 -06 1372 188 4990 1440 16 4018 420 5859 4 3508<\/span><\/p><p><span style=\"font-size: x-small; font-family: Verdana,Arial Narrow,Helveti; color: midnightblue;\"><strong>7.580<\/strong> 2 ECp-1 Hengelo NED 04\/07\/2004 1105 29 688 09 1337 188 4974 1456 07 3962 440 5955 4 3535<br \/><strong>7.842<\/strong> 1 NC Cartagena 18\/07\/2004 1120 13 752 33 1412 193 4986 1461 -08 4254 450 5997 4 4031<br \/><strong>7.940<\/strong> 1 IbAm Huelva-I 07\/08\/2004 1103 11 740 03 1419 190 4860 1433 00 4083 440 6253 4 3344<br \/><strong>7.865<\/strong> 22 OG Ath\u00edna GRE 24\/08\/2004 1108 25 726 -10 1457 185 4861 1441 19 4095 440 6071 4 2970<\/span><\/p><p><span style=\"font-size: x-small; font-family: Verdana,Arial Narrow,Helveti; color: midnightblue;\"><strong>0<\/strong> &#8211; G\u00f6tzis AUT 29\/05\/2005 1131 16 694 18 1336 188 4988<br \/><strong>7.698<\/strong> 3 ECp Bydgoszcz POL 03\/07\/2005 1109 09 729 16 1311 186 4849 1446 10 4015 420 6273 4 3702<br \/><strong>7.667<\/strong> 2 NC Logro\u00f1o 17\/07\/2005 1111 -01 712 01 1384 190 4873 1449 00 3900 430 6035 4 3990<\/span><\/p><p><span style=\"font-size: x-small; font-family: Verdana,Arial Narrow,Helveti; color: midnightblue;\"><strong>7.400<\/strong> 2 IbAm Ponce PUR 28\/05\/2006 1134 16 690 -08 1326 193 5079 1496 02 3996 420 6182 4 4225<br \/><strong>7.480 <\/strong>15 ECp Arles FRA 02\/07\/2006 1152 10 703 17 1365 185 5047 1454 14 4052 430 6411 4 4349<\/span><\/p><p><span style=\"font-size: x-small; font-family: Verdana,Arial Narrow,Helveti; color: midnightblue;\"><strong>6.971<\/strong> 5 TFed Monz\u00f3n 03\/06\/2007 1152 -33 734 19 1379 188 5006 1464 -18 4053 0 6505 4 3367<\/span><br \/>7.470 1 NC San Sebast\u00edan 05\/08\/2007 1123 -01 725 00 1324 189 5142 1453 05 4222 400 6408 4 5051<\/p><p style=\"text-align: center;\"><img decoding=\"async\" loading=\"lazy\" src=\"https:\/\/fotos.subefotos.com\/96ec2bbab33e6bebf9416ae757d490ffo.jpg\" alt=\"\" width=\"460\" height=\"608\" \/><\/p>\t\t\t\t\t<\/div>\n\t\t\t\t\t\t<\/div>\n\t\t\t\t<\/div>\n\t\t\t\t\t\t<\/div>\n\t\t\t\t\t<\/div>\n\t\t<\/div>\n\t\t\t\t<div class=\"has_eae_slider elementor-column elementor-col-50 elementor-top-column elementor-element elementor-element-cd24bc7\" data-id=\"cd24bc7\" data-element_type=\"column\">\n\t\t\t<div class=\"elementor-column-wrap elementor-element-populated\">\n\t\t\t\t\t\t\t<div class=\"elementor-widget-wrap\">\n\t\t\t\t\t\t<div class=\"elementor-element elementor-element-5c96ba9 elementor-widget elementor-widget-template\" data-id=\"5c96ba9\" data-element_type=\"widget\" data-widget_type=\"template.default\">\n\t\t\t\t<div class=\"elementor-widget-container\">\n\t\t\t\t\t<div class=\"elementor-template\">\n\t\t\t\t\t<div data-elementor-type=\"page\" data-elementor-id=\"10379\" class=\"elementor elementor-10379\">\n\t\t\t\t\t\t<div class=\"elementor-inner\">\n\t\t\t\t<div class=\"elementor-section-wrap\">\n\t\t\t\t\t\t\t\t\t<section class=\"has_eae_slider elementor-section elementor-top-section elementor-element elementor-element-cf7a3d6 elementor-section-boxed elementor-section-height-default elementor-section-height-default\" data-particle_enable=\"false\" data-particle-mobile-disabled=\"false\" data-id=\"cf7a3d6\" data-element_type=\"section\">\n\t\t\t\t\t\t<div class=\"elementor-container elementor-column-gap-default\">\n\t\t\t\t\t\t\t<div class=\"elementor-row\">\n\t\t\t\t\t<div class=\"has_eae_slider elementor-column elementor-col-100 elementor-top-column elementor-element elementor-element-e2efd9e\" data-id=\"e2efd9e\" data-element_type=\"column\">\n\t\t\t<div class=\"elementor-column-wrap elementor-element-populated\">\n\t\t\t\t\t\t\t<div class=\"elementor-widget-wrap\">\n\t\t\t\t\t\t<div class=\"elementor-element elementor-element-ecfeaff sin-margen elementor-widget elementor-widget-image\" data-id=\"ecfeaff\" data-element_type=\"widget\" data-widget_type=\"image.default\">\n\t\t\t\t<div class=\"elementor-widget-container\">\n\t\t\t\t\t\t\t\t<div class=\"elementor-image\">\n\t\t\t\t\t\t\t\t\t\t\t\t\t<a href=\"https:\/\/celtaatletismo.es\/blog\/escola\/\">\n\t\t\t\t\t\t\t<img decoding=\"async\" width=\"337\" height=\"103\" src=\"https:\/\/celtaatletismo.es\/blog\/wp-content\/uploads\/2015\/07\/escola-de-atletismo-celta.png\" class=\"attachment-large size-large wp-image-6077\" alt=\"\" loading=\"lazy\" srcset=\"https:\/\/celtaatletismo.es\/blog\/wp-content\/uploads\/2015\/07\/escola-de-atletismo-celta.png 337w, https:\/\/celtaatletismo.es\/blog\/wp-content\/uploads\/2015\/07\/escola-de-atletismo-celta-300x92.png 300w\" sizes=\"(max-width: 337px) 100vw, 337px\" \/>\t\t\t\t\t\t\t\t<\/a>\n\t\t\t\t\t\t\t\t\t\t\t\t\t\t<\/div>\n\t\t\t\t\t\t<\/div>\n\t\t\t\t<\/div>\n\t\t\t\t<div class=\"elementor-element elementor-element-4b8fbd7 sin-margen elementor-widget elementor-widget-image\" data-id=\"4b8fbd7\" data-element_type=\"widget\" data-widget_type=\"image.default\">\n\t\t\t\t<div class=\"elementor-widget-container\">\n\t\t\t\t\t\t\t\t<div class=\"elementor-image\">\n\t\t\t\t\t\t\t\t\t\t\t\t\t<a href=\"https:\/\/app.cluber.es\/clubes\/ffff7f52d47268e607fa6d332df6d68f19c5674c8cf8\/pagos\/64b7939a71d38092676480\" target=\"_blank\">\n\t\t\t\t\t\t\t<img decoding=\"async\" width=\"337\" height=\"111\" src=\"https:\/\/celtaatletismo.es\/blog\/wp-content\/uploads\/2020\/05\/tienda-celta-atletismo.png\" class=\"attachment-large size-large wp-image-11645\" alt=\"\" loading=\"lazy\" srcset=\"https:\/\/celtaatletismo.es\/blog\/wp-content\/uploads\/2020\/05\/tienda-celta-atletismo.png 337w, https:\/\/celtaatletismo.es\/blog\/wp-content\/uploads\/2020\/05\/tienda-celta-atletismo-200x66.png 200w\" sizes=\"(max-width: 337px) 100vw, 337px\" \/>\t\t\t\t\t\t\t\t<\/a>\n\t\t\t\t\t\t\t\t\t\t\t\t\t\t<\/div>\n\t\t\t\t\t\t<\/div>\n\t\t\t\t<\/div>\n\t\t\t\t<div class=\"elementor-element elementor-element-606ac39 elementor-widget-divider--view-line_text elementor-widget-divider--element-align-left sin-margen elementor-widget elementor-widget-divider\" data-id=\"606ac39\" data-element_type=\"widget\" data-widget_type=\"divider.default\">\n\t\t\t\t<div class=\"elementor-widget-container\">\n\t\t\t\t\t<div class=\"elementor-divider\">\n\t\t\t<span class=\"elementor-divider-separator\">\n\t\t\t\t\t\t\t<span class=\"elementor-divider__text elementor-divider__element\">\n\t\t\t\tPATROCINADORES\t\t\t\t<\/span>\n\t\t\t\t\t\t<\/span>\n\t\t<\/div>\n\t\t\t\t<\/div>\n\t\t\t\t<\/div>\n\t\t\t\t<section class=\"has_eae_slider elementor-section elementor-inner-section elementor-element elementor-element-4deab11 elementor-section-boxed elementor-section-height-default elementor-section-height-default\" data-particle_enable=\"false\" data-particle-mobile-disabled=\"false\" data-id=\"4deab11\" data-element_type=\"section\">\n\t\t\t\t\t\t<div class=\"elementor-container elementor-column-gap-default\">\n\t\t\t\t\t\t\t<div class=\"elementor-row\">\n\t\t\t\t\t<div class=\"has_eae_slider elementor-column elementor-col-50 elementor-inner-column elementor-element elementor-element-85478f8\" data-id=\"85478f8\" data-element_type=\"column\">\n\t\t\t<div class=\"elementor-column-wrap elementor-element-populated\">\n\t\t\t\t\t\t\t<div class=\"elementor-widget-wrap\">\n\t\t\t\t\t\t<div class=\"elementor-element elementor-element-a3d9ce1 elementor-widget elementor-widget-image\" data-id=\"a3d9ce1\" data-element_type=\"widget\" data-widget_type=\"image.default\">\n\t\t\t\t<div class=\"elementor-widget-container\">\n\t\t\t\t\t\t\t\t<div class=\"elementor-image\">\n\t\t\t\t\t\t\t\t\t\t\t\t\t<a href=\"http:\/\/hoxe.vigo.org\/\" target=\"_blank\">\n\t\t\t\t\t\t\t<img decoding=\"async\" width=\"334\" height=\"114\" src=\"https:\/\/celtaatletismo.es\/blog\/wp-content\/uploads\/2018\/03\/concello-de-vigo-hd.jpg\" class=\"attachment-large size-large wp-image-8546\" alt=\"\" loading=\"lazy\" srcset=\"https:\/\/celtaatletismo.es\/blog\/wp-content\/uploads\/2018\/03\/concello-de-vigo-hd.jpg 334w, https:\/\/celtaatletismo.es\/blog\/wp-content\/uploads\/2018\/03\/concello-de-vigo-hd-200x68.jpg 200w\" sizes=\"(max-width: 334px) 100vw, 334px\" \/>\t\t\t\t\t\t\t\t<\/a>\n\t\t\t\t\t\t\t\t\t\t\t\t\t\t<\/div>\n\t\t\t\t\t\t<\/div>\n\t\t\t\t<\/div>\n\t\t\t\t\t\t<\/div>\n\t\t\t\t\t<\/div>\n\t\t<\/div>\n\t\t\t\t<div class=\"has_eae_slider elementor-column elementor-col-50 elementor-inner-column elementor-element elementor-element-e71fb48\" data-id=\"e71fb48\" data-element_type=\"column\">\n\t\t\t<div class=\"elementor-column-wrap elementor-element-populated\">\n\t\t\t\t\t\t\t<div class=\"elementor-widget-wrap\">\n\t\t\t\t\t\t<div class=\"elementor-element elementor-element-4910044 elementor-widget elementor-widget-image\" data-id=\"4910044\" data-element_type=\"widget\" data-widget_type=\"image.default\">\n\t\t\t\t<div class=\"elementor-widget-container\">\n\t\t\t\t\t\t\t\t<div class=\"elementor-image\">\n\t\t\t\t\t\t\t\t\t\t\t\t\t<a href=\"http:\/\/www.depo.es\/\" target=\"_blank\">\n\t\t\t\t\t\t\t<img decoding=\"async\" width=\"330\" height=\"114\" src=\"https:\/\/celtaatletismo.es\/blog\/wp-content\/uploads\/2020\/05\/deputacion-pontevedra-hd2024.jpg\" class=\"attachment-large size-large wp-image-11920\" alt=\"\" loading=\"lazy\" srcset=\"https:\/\/celtaatletismo.es\/blog\/wp-content\/uploads\/2020\/05\/deputacion-pontevedra-hd2024.jpg 330w, https:\/\/celtaatletismo.es\/blog\/wp-content\/uploads\/2020\/05\/deputacion-pontevedra-hd2024-200x69.jpg 200w\" sizes=\"(max-width: 330px) 100vw, 330px\" \/>\t\t\t\t\t\t\t\t<\/a>\n\t\t\t\t\t\t\t\t\t\t\t\t\t\t<\/div>\n\t\t\t\t\t\t<\/div>\n\t\t\t\t<\/div>\n\t\t\t\t\t\t<\/div>\n\t\t\t\t\t<\/div>\n\t\t<\/div>\n\t\t\t\t\t\t\t\t<\/div>\n\t\t\t\t\t<\/div>\n\t\t<\/section>\n\t\t\t\t<section class=\"has_eae_slider elementor-section elementor-inner-section elementor-element elementor-element-9a0d5f3 elementor-section-boxed elementor-section-height-default elementor-section-height-default\" data-particle_enable=\"false\" data-particle-mobile-disabled=\"false\" data-id=\"9a0d5f3\" data-element_type=\"section\">\n\t\t\t\t\t\t<div class=\"elementor-container elementor-column-gap-default\">\n\t\t\t\t\t\t\t<div class=\"elementor-row\">\n\t\t\t\t\t<div class=\"has_eae_slider elementor-column elementor-col-100 elementor-inner-column elementor-element elementor-element-7b475e7\" data-id=\"7b475e7\" data-element_type=\"column\">\n\t\t\t<div class=\"elementor-column-wrap elementor-element-populated\">\n\t\t\t\t\t\t\t<div class=\"elementor-widget-wrap\">\n\t\t\t\t\t\t<div class=\"elementor-element elementor-element-3d03e85 elementor-widget elementor-widget-image\" data-id=\"3d03e85\" data-element_type=\"widget\" data-widget_type=\"image.default\">\n\t\t\t\t<div class=\"elementor-widget-container\">\n\t\t\t\t\t\t\t\t<div class=\"elementor-image\">\n\t\t\t\t\t\t\t\t\t\t\t\t\t<a href=\"http:\/\/deporte.xunta.es\/\" target=\"_blank\">\n\t\t\t\t\t\t\t<img decoding=\"async\" width=\"338\" height=\"86\" src=\"https:\/\/celtaatletismo.es\/blog\/wp-content\/uploads\/2020\/05\/logo-xunta.jpg\" class=\"attachment-large size-large wp-image-11796\" alt=\"\" loading=\"lazy\" srcset=\"https:\/\/celtaatletismo.es\/blog\/wp-content\/uploads\/2020\/05\/logo-xunta.jpg 338w, https:\/\/celtaatletismo.es\/blog\/wp-content\/uploads\/2020\/05\/logo-xunta-200x51.jpg 200w\" sizes=\"(max-width: 338px) 100vw, 338px\" \/>\t\t\t\t\t\t\t\t<\/a>\n\t\t\t\t\t\t\t\t\t\t\t\t\t\t<\/div>\n\t\t\t\t\t\t<\/div>\n\t\t\t\t<\/div>\n\t\t\t\t\t\t<\/div>\n\t\t\t\t\t<\/div>\n\t\t<\/div>\n\t\t\t\t\t\t\t\t<\/div>\n\t\t\t\t\t<\/div>\n\t\t<\/section>\n\t\t\t\t<section class=\"has_eae_slider elementor-section elementor-inner-section elementor-element elementor-element-5fff41a elementor-section-boxed elementor-section-height-default elementor-section-height-default\" data-particle_enable=\"false\" data-particle-mobile-disabled=\"false\" data-id=\"5fff41a\" data-element_type=\"section\">\n\t\t\t\t\t\t<div class=\"elementor-container elementor-column-gap-default\">\n\t\t\t\t\t\t\t<div class=\"elementor-row\">\n\t\t\t\t\t<div class=\"has_eae_slider elementor-column elementor-col-100 elementor-inner-column elementor-element elementor-element-aa87a80\" data-id=\"aa87a80\" data-element_type=\"column\">\n\t\t\t<div class=\"elementor-column-wrap elementor-element-populated\">\n\t\t\t\t\t\t\t<div class=\"elementor-widget-wrap\">\n\t\t\t\t\t\t<div class=\"elementor-element elementor-element-8790493 elementor-widget elementor-widget-image\" data-id=\"8790493\" data-element_type=\"widget\" data-widget_type=\"image.default\">\n\t\t\t\t<div class=\"elementor-widget-container\">\n\t\t\t\t\t\t\t\t<div class=\"elementor-image\">\n\t\t\t\t\t\t\t\t\t\t\t\t\t<a href=\"http:\/\/www.abanca.com\/\">\n\t\t\t\t\t\t\t<img decoding=\"async\" src=\"https:\/\/celtaatletismo.es\/blog\/wp-content\/uploads\/elementor\/thumbs\/NON-ppmqc9tokirai65uqxk7k0ewi6hd9gx7nryxkjbxye.png\" title=\"NON\" alt=\"NON\" loading=\"lazy\" \/>\t\t\t\t\t\t\t\t<\/a>\n\t\t\t\t\t\t\t\t\t\t\t\t\t\t<\/div>\n\t\t\t\t\t\t<\/div>\n\t\t\t\t<\/div>\n\t\t\t\t\t\t<\/div>\n\t\t\t\t\t<\/div>\n\t\t<\/div>\n\t\t\t\t\t\t\t\t<\/div>\n\t\t\t\t\t<\/div>\n\t\t<\/section>\n\t\t\t\t<section class=\"has_eae_slider elementor-section elementor-inner-section elementor-element elementor-element-29696b9 elementor-section-boxed elementor-section-height-default elementor-section-height-default\" data-particle_enable=\"false\" data-particle-mobile-disabled=\"false\" data-id=\"29696b9\" data-element_type=\"section\">\n\t\t\t\t\t\t<div class=\"elementor-container elementor-column-gap-default\">\n\t\t\t\t\t\t\t<div class=\"elementor-row\">\n\t\t\t\t\t<div class=\"has_eae_slider elementor-column elementor-col-50 elementor-inner-column elementor-element elementor-element-4341cd9\" data-id=\"4341cd9\" data-element_type=\"column\">\n\t\t\t<div class=\"elementor-column-wrap elementor-element-populated\">\n\t\t\t\t\t\t\t<div class=\"elementor-widget-wrap\">\n\t\t\t\t\t\t<div class=\"elementor-element elementor-element-1c778ee elementor-widget elementor-widget-image\" data-id=\"1c778ee\" data-element_type=\"widget\" data-widget_type=\"image.default\">\n\t\t\t\t<div class=\"elementor-widget-container\">\n\t\t\t\t\t\t\t\t<div class=\"elementor-image\">\n\t\t\t\t\t\t\t\t\t\t\t\t\t<a href=\"http:\/\/www.abanca.com\/\">\n\t\t\t\t\t\t\t<img decoding=\"async\" width=\"294\" height=\"110\" src=\"https:\/\/celtaatletismo.es\/blog\/wp-content\/uploads\/2018\/03\/abanca-hd.jpg\" class=\"attachment-large size-large wp-image-8550\" alt=\"\" loading=\"lazy\" srcset=\"https:\/\/celtaatletismo.es\/blog\/wp-content\/uploads\/2018\/03\/abanca-hd.jpg 294w, https:\/\/celtaatletismo.es\/blog\/wp-content\/uploads\/2018\/03\/abanca-hd-200x75.jpg 200w\" sizes=\"(max-width: 294px) 100vw, 294px\" \/>\t\t\t\t\t\t\t\t<\/a>\n\t\t\t\t\t\t\t\t\t\t\t\t\t\t<\/div>\n\t\t\t\t\t\t<\/div>\n\t\t\t\t<\/div>\n\t\t\t\t\t\t<\/div>\n\t\t\t\t\t<\/div>\n\t\t<\/div>\n\t\t\t\t<div class=\"has_eae_slider elementor-column elementor-col-50 elementor-inner-column elementor-element elementor-element-3550e8d\" data-id=\"3550e8d\" data-element_type=\"column\">\n\t\t\t<div class=\"elementor-column-wrap elementor-element-populated\">\n\t\t\t\t\t\t\t<div class=\"elementor-widget-wrap\">\n\t\t\t\t\t\t<div class=\"elementor-element elementor-element-cef9dfc elementor-widget elementor-widget-image\" data-id=\"cef9dfc\" data-element_type=\"widget\" data-widget_type=\"image.default\">\n\t\t\t\t<div class=\"elementor-widget-container\">\n\t\t\t\t\t\t\t\t<div class=\"elementor-image\">\n\t\t\t\t\t\t\t\t\t\t\t\t<img decoding=\"async\" width=\"300\" height=\"150\" src=\"https:\/\/celtaatletismo.es\/blog\/wp-content\/uploads\/2020\/05\/serfico-sl.jpg\" class=\"attachment-large size-large wp-image-10896\" alt=\"\" loading=\"lazy\" srcset=\"https:\/\/celtaatletismo.es\/blog\/wp-content\/uploads\/2020\/05\/serfico-sl.jpg 300w, https:\/\/celtaatletismo.es\/blog\/wp-content\/uploads\/2020\/05\/serfico-sl-200x100.jpg 200w\" sizes=\"(max-width: 300px) 100vw, 300px\" \/>\t\t\t\t\t\t\t\t\t\t\t\t\t\t<\/div>\n\t\t\t\t\t\t<\/div>\n\t\t\t\t<\/div>\n\t\t\t\t\t\t<\/div>\n\t\t\t\t\t<\/div>\n\t\t<\/div>\n\t\t\t\t\t\t\t\t<\/div>\n\t\t\t\t\t<\/div>\n\t\t<\/section>\n\t\t\t\t<section class=\"has_eae_slider elementor-section elementor-inner-section elementor-element elementor-element-ed666b8 elementor-section-boxed elementor-section-height-default elementor-section-height-default\" data-particle_enable=\"false\" data-particle-mobile-disabled=\"false\" data-id=\"ed666b8\" data-element_type=\"section\">\n\t\t\t\t\t\t<div class=\"elementor-container elementor-column-gap-default\">\n\t\t\t\t\t\t\t<div class=\"elementor-row\">\n\t\t\t\t\t<div class=\"has_eae_slider elementor-column elementor-col-50 elementor-inner-column elementor-element elementor-element-d25cc50\" data-id=\"d25cc50\" data-element_type=\"column\">\n\t\t\t<div class=\"elementor-column-wrap elementor-element-populated\">\n\t\t\t\t\t\t\t<div class=\"elementor-widget-wrap\">\n\t\t\t\t\t\t<div class=\"elementor-element elementor-element-253756a elementor-widget elementor-widget-image\" data-id=\"253756a\" data-element_type=\"widget\" data-widget_type=\"image.default\">\n\t\t\t\t<div class=\"elementor-widget-container\">\n\t\t\t\t\t\t\t\t<div class=\"elementor-image\">\n\t\t\t\t\t\t\t\t\t\t\t\t\t<a href=\"https:\/\/xenera.com\/gl\/tarifa-balon-e-redonda\/?utm_source=celtaatletismo&#038;utm_medium=web&#038;utm_campaign=tarifabalon\" target=\"_blank\">\n\t\t\t\t\t\t\t<img decoding=\"async\" width=\"800\" height=\"1700\" src=\"https:\/\/celtaatletismo.es\/blog\/wp-content\/uploads\/2019\/12\/Tarifa_Balon_Tricolor_Web_GAL.jpg\" class=\"attachment-full size-full wp-image-9868\" alt=\"\" loading=\"lazy\" srcset=\"https:\/\/celtaatletismo.es\/blog\/wp-content\/uploads\/2019\/12\/Tarifa_Balon_Tricolor_Web_GAL.jpg 800w, https:\/\/celtaatletismo.es\/blog\/wp-content\/uploads\/2019\/12\/Tarifa_Balon_Tricolor_Web_GAL-94x200.jpg 94w, https:\/\/celtaatletismo.es\/blog\/wp-content\/uploads\/2019\/12\/Tarifa_Balon_Tricolor_Web_GAL-768x1632.jpg 768w, https:\/\/celtaatletismo.es\/blog\/wp-content\/uploads\/2019\/12\/Tarifa_Balon_Tricolor_Web_GAL-482x1024.jpg 482w, https:\/\/celtaatletismo.es\/blog\/wp-content\/uploads\/2019\/12\/Tarifa_Balon_Tricolor_Web_GAL-360x765.jpg 360w, https:\/\/celtaatletismo.es\/blog\/wp-content\/uploads\/2019\/12\/Tarifa_Balon_Tricolor_Web_GAL-750x1594.jpg 750w\" sizes=\"(max-width: 800px) 100vw, 800px\" \/>\t\t\t\t\t\t\t\t<\/a>\n\t\t\t\t\t\t\t\t\t\t\t\t\t\t<\/div>\n\t\t\t\t\t\t<\/div>\n\t\t\t\t<\/div>\n\t\t\t\t\t\t<\/div>\n\t\t\t\t\t<\/div>\n\t\t<\/div>\n\t\t\t\t<div class=\"has_eae_slider elementor-column elementor-col-50 elementor-inner-column elementor-element elementor-element-68e31e1\" data-id=\"68e31e1\" data-element_type=\"column\">\n\t\t\t<div class=\"elementor-column-wrap elementor-element-populated\">\n\t\t\t\t\t\t\t<div class=\"elementor-widget-wrap\">\n\t\t\t\t\t\t<div class=\"elementor-element elementor-element-d5aa2c1 elementor-widget elementor-widget-image\" data-id=\"d5aa2c1\" data-element_type=\"widget\" data-widget_type=\"image.default\">\n\t\t\t\t<div class=\"elementor-widget-container\">\n\t\t\t\t\t\t\t\t<div class=\"elementor-image\">\n\t\t\t\t\t\t\t\t\t\t\t\t\t<a href=\"https:\/\/www.aguasana.es\/\" target=\"_blank\">\n\t\t\t\t\t\t\t<img decoding=\"async\" width=\"240\" height=\"192\" src=\"https:\/\/celtaatletismo.es\/blog\/wp-content\/uploads\/2020\/05\/logo-agua-sana-grande.png\" class=\"attachment-full size-full wp-image-11900\" alt=\"\" loading=\"lazy\" srcset=\"https:\/\/celtaatletismo.es\/blog\/wp-content\/uploads\/2020\/05\/logo-agua-sana-grande.png 240w, https:\/\/celtaatletismo.es\/blog\/wp-content\/uploads\/2020\/05\/logo-agua-sana-grande-200x160.png 200w\" sizes=\"(max-width: 240px) 100vw, 240px\" \/>\t\t\t\t\t\t\t\t<\/a>\n\t\t\t\t\t\t\t\t\t\t\t\t\t\t<\/div>\n\t\t\t\t\t\t<\/div>\n\t\t\t\t<\/div>\n\t\t\t\t\t\t<\/div>\n\t\t\t\t\t<\/div>\n\t\t<\/div>\n\t\t\t\t\t\t\t\t<\/div>\n\t\t\t\t\t<\/div>\n\t\t<\/section>\n\t\t\t\t<div class=\"elementor-element elementor-element-df4224b elementor-widget elementor-widget-image\" data-id=\"df4224b\" data-element_type=\"widget\" data-widget_type=\"image.default\">\n\t\t\t\t<div class=\"elementor-widget-container\">\n\t\t\t\t\t\t\t\t<div class=\"elementor-image\">\n\t\t\t\t\t\t\t\t\t\t\t\t\t<a href=\"http:\/\/www.esteoingenieros.es\/\" target=\"_blank\">\n\t\t\t\t\t\t\t<img decoding=\"async\" width=\"200\" height=\"141\" src=\"https:\/\/celtaatletismo.es\/blog\/wp-content\/uploads\/2020\/05\/LOGO-ESTEO-200x141.jpg\" class=\"attachment-medium size-medium wp-image-12550\" alt=\"\" loading=\"lazy\" srcset=\"https:\/\/celtaatletismo.es\/blog\/wp-content\/uploads\/2020\/05\/LOGO-ESTEO-200x141.jpg 200w, https:\/\/celtaatletismo.es\/blog\/wp-content\/uploads\/2020\/05\/LOGO-ESTEO-1024x724.jpg 1024w, https:\/\/celtaatletismo.es\/blog\/wp-content\/uploads\/2020\/05\/LOGO-ESTEO-768x543.jpg 768w, https:\/\/celtaatletismo.es\/blog\/wp-content\/uploads\/2020\/05\/LOGO-ESTEO-1536x1086.jpg 1536w, https:\/\/celtaatletismo.es\/blog\/wp-content\/uploads\/2020\/05\/LOGO-ESTEO-2048x1448.jpg 2048w\" sizes=\"(max-width: 200px) 100vw, 200px\" \/>\t\t\t\t\t\t\t\t<\/a>\n\t\t\t\t\t\t\t\t\t\t\t\t\t\t<\/div>\n\t\t\t\t\t\t<\/div>\n\t\t\t\t<\/div>\n\t\t\t\t<section class=\"has_eae_slider elementor-section elementor-inner-section elementor-element elementor-element-0c718e7 elementor-section-boxed elementor-section-height-default elementor-section-height-default\" data-particle_enable=\"false\" data-particle-mobile-disabled=\"false\" data-id=\"0c718e7\" data-element_type=\"section\">\n\t\t\t\t\t\t<div class=\"elementor-container elementor-column-gap-default\">\n\t\t\t\t\t\t\t<div class=\"elementor-row\">\n\t\t\t\t\t<div class=\"has_eae_slider elementor-column elementor-col-100 elementor-inner-column elementor-element elementor-element-785dd22\" data-id=\"785dd22\" data-element_type=\"column\">\n\t\t\t<div class=\"elementor-column-wrap\">\n\t\t\t\t\t\t\t<div class=\"elementor-widget-wrap\">\n\t\t\t\t\t\t\t\t<\/div>\n\t\t\t\t\t<\/div>\n\t\t<\/div>\n\t\t\t\t\t\t\t\t<\/div>\n\t\t\t\t\t<\/div>\n\t\t<\/section>\n\t\t\t\t<div class=\"elementor-element elementor-element-f14454c elementor-widget-divider--view-line_text elementor-widget-divider--element-align-left sin-margen elementor-widget elementor-widget-divider\" data-id=\"f14454c\" data-element_type=\"widget\" data-widget_type=\"divider.default\">\n\t\t\t\t<div class=\"elementor-widget-container\">\n\t\t\t\t\t<div class=\"elementor-divider\">\n\t\t\t<span class=\"elementor-divider-separator\">\n\t\t\t\t\t\t\t<span class=\"elementor-divider__text elementor-divider__element\">\n\t\t\t\tS\u00cdGUENOS EN NUESTRAS REDES OFICIALES\t\t\t\t<\/span>\n\t\t\t\t\t\t<\/span>\n\t\t<\/div>\n\t\t\t\t<\/div>\n\t\t\t\t<\/div>\n\t\t\t\t<div class=\"elementor-element elementor-element-b801402 elementor-shape-rounded elementor-grid-0 e-grid-align-center elementor-widget elementor-widget-social-icons\" data-id=\"b801402\" data-element_type=\"widget\" data-widget_type=\"social-icons.default\">\n\t\t\t\t<div class=\"elementor-widget-container\">\n\t\t\t\t\t<div class=\"elementor-social-icons-wrapper elementor-grid\">\n\t\t\t\t\t\t\t<span class=\"elementor-grid-item\">\n\t\t\t\t\t<a class=\"elementor-icon elementor-social-icon elementor-social-icon-instagram elementor-repeater-item-2577ac7\" href=\"https:\/\/www.instagram.com\/celtaatletismo\/\" target=\"_blank\">\n\t\t\t\t\t\t<span class=\"elementor-screen-only\">Instagram<\/span>\n\t\t\t\t\t\t<i class=\"fab fa-instagram\"><\/i>\t\t\t\t\t<\/a>\n\t\t\t\t<\/span>\n\t\t\t\t\t\t\t<span class=\"elementor-grid-item\">\n\t\t\t\t\t<a class=\"elementor-icon elementor-social-icon elementor-social-icon-facebook elementor-repeater-item-8ffa66b\" href=\"https:\/\/www.facebook.com\/CeltaAtletismo\/\" target=\"_blank\">\n\t\t\t\t\t\t<span class=\"elementor-screen-only\">Facebook<\/span>\n\t\t\t\t\t\t<i class=\"fab fa-facebook\"><\/i>\t\t\t\t\t<\/a>\n\t\t\t\t<\/span>\n\t\t\t\t\t\t\t<span class=\"elementor-grid-item\">\n\t\t\t\t\t<a class=\"elementor-icon elementor-social-icon elementor-social-icon-youtube elementor-repeater-item-4f5c00c\" href=\"https:\/\/www.youtube.com\/channel\/UCWmDtJIxIWf3x4-sFHhC1iw\" target=\"_blank\">\n\t\t\t\t\t\t<span class=\"elementor-screen-only\">Youtube<\/span>\n\t\t\t\t\t\t<i class=\"fab fa-youtube\"><\/i>\t\t\t\t\t<\/a>\n\t\t\t\t<\/span>\n\t\t\t\t\t<\/div>\n\t\t\t\t<\/div>\n\t\t\t\t<\/div>\n\t\t\t\t\t\t<\/div>\n\t\t\t\t\t<\/div>\n\t\t<\/div>\n\t\t\t\t\t\t\t\t<\/div>\n\t\t\t\t\t<\/div>\n\t\t<\/section>\n\t\t\t\t\t\t\t\t\t<\/div>\n\t\t\t<\/div>\n\t\t\t\t\t<\/div>\n\t\t\t\t<\/div>\n\t\t\t\t<\/div>\n\t\t\t\t<\/div>\n\t\t\t\t\t\t<\/div>\n\t\t\t\t\t<\/div>\n\t\t<\/div>\n\t\t\t\t\t\t\t\t<\/div>\n\t\t\t\t\t<\/div>\n\t\t<\/section>\n\t\t\t\t\t\t\t\t\t<\/div>\n\t\t\t<\/div>\n\t\t\t\t\t<\/div>\n\t\t","protected":false},"excerpt":{"rendered":"<p>O Rosal (Pontevedra), 13.02.1981 &#8211; 1,86m\/91kgEntrenador: Jes\u00fas LenceClub 2007\/2008: R.C. Celta de VigoInternacional: 11 (2004-2014) Historial Espa\u00f1ol Recordman de Espa\u00f1a J\u00fanior de Decathlon (7.772 en 2000)Campe\u00f3n de Espa\u00f1a Absoluto de Decathlon (2004-2007-2008-2011-2012-2013)Campe\u00f3n de Espa\u00f1a Promesa de Decathlon (2003)Campe\u00f3n de Espa\u00f1a J\u00fanior de Decathlon (1999-2000)Campe\u00f3n de Espa\u00f1a J\u00fanior de Heptathlon (2000)Campe\u00f3n de Espa\u00f1a Juvenil de Octathlon [&hellip;]<\/p>\n","protected":false},"author":10,"featured_media":0,"parent":792,"menu_order":1,"comment_status":"closed","ping_status":"closed","template":"","meta":{"_monsterinsights_skip_tracking":false,"_monsterinsights_sitenote_active":false,"_monsterinsights_sitenote_note":"","_monsterinsights_sitenote_category":0},"yoast_head":"<!-- This site is optimized with the Yoast SEO plugin v20.9 - https:\/\/yoast.com\/wordpress\/plugins\/seo\/ -->\n<title>David G\u00f3mez Mart\u00ednez - Celta Atletismo<\/title>\n<meta name=\"robots\" content=\"index, follow, max-snippet:-1, max-image-preview:large, max-video-preview:-1\" \/>\n<link rel=\"canonical\" href=\"https:\/\/celtaatletismo.es\/blog\/atletas-destacados\/david-gomez\/\" \/>\n<meta property=\"og:locale\" content=\"es_ES\" \/>\n<meta property=\"og:type\" content=\"article\" \/>\n<meta property=\"og:title\" content=\"David G\u00f3mez Mart\u00ednez - Celta Atletismo\" \/>\n<meta property=\"og:description\" content=\"O Rosal (Pontevedra), 13.02.1981 &#8211; 1,86m\/91kgEntrenador: Jes\u00fas LenceClub 2007\/2008: R.C. Celta de VigoInternacional: 11 (2004-2014) Historial Espa\u00f1ol Recordman de Espa\u00f1a J\u00fanior de Decathlon (7.772 en 2000)Campe\u00f3n de Espa\u00f1a Absoluto de Decathlon (2004-2007-2008-2011-2012-2013)Campe\u00f3n de Espa\u00f1a Promesa de Decathlon (2003)Campe\u00f3n de Espa\u00f1a J\u00fanior de Decathlon (1999-2000)Campe\u00f3n de Espa\u00f1a J\u00fanior de Heptathlon (2000)Campe\u00f3n de Espa\u00f1a Juvenil de Octathlon [&hellip;]\" \/>\n<meta property=\"og:url\" content=\"https:\/\/celtaatletismo.es\/blog\/atletas-destacados\/david-gomez\/\" \/>\n<meta property=\"og:site_name\" content=\"Celta Atletismo\" \/>\n<meta property=\"article:publisher\" content=\"https:\/\/www.facebook.com\/Real-Club-Celta-de-Atletismo-Atletismo-Femenino-Celta-177005092323603\/\" \/>\n<meta property=\"article:modified_time\" content=\"2020-09-11T13:46:23+00:00\" \/>\n<meta property=\"og:image\" content=\"https:\/\/fotos.subefotos.com\/9d053881ee17bf68227c7327181b5d76o.jpg\" \/>\n<meta name=\"twitter:card\" content=\"summary_large_image\" \/>\n<meta name=\"twitter:site\" content=\"@CeltaAtletismo\" \/>\n<meta name=\"twitter:label1\" content=\"Tiempo de lectura\" \/>\n\t<meta name=\"twitter:data1\" content=\"2 minutos\" \/>\n<script type=\"application\/ld+json\" class=\"yoast-schema-graph\">{\"@context\":\"https:\/\/schema.org\",\"@graph\":[{\"@type\":\"WebPage\",\"@id\":\"https:\/\/celtaatletismo.es\/blog\/atletas-destacados\/david-gomez\/\",\"url\":\"https:\/\/celtaatletismo.es\/blog\/atletas-destacados\/david-gomez\/\",\"name\":\"David G\u00f3mez Mart\u00ednez - Celta Atletismo\",\"isPartOf\":{\"@id\":\"https:\/\/celtaatletismo.es\/blog\/#website\"},\"datePublished\":\"2007-02-09T09:17:56+00:00\",\"dateModified\":\"2020-09-11T13:46:23+00:00\",\"breadcrumb\":{\"@id\":\"https:\/\/celtaatletismo.es\/blog\/atletas-destacados\/david-gomez\/#breadcrumb\"},\"inLanguage\":\"es\",\"potentialAction\":[{\"@type\":\"ReadAction\",\"target\":[\"https:\/\/celtaatletismo.es\/blog\/atletas-destacados\/david-gomez\/\"]}]},{\"@type\":\"BreadcrumbList\",\"@id\":\"https:\/\/celtaatletismo.es\/blog\/atletas-destacados\/david-gomez\/#breadcrumb\",\"itemListElement\":[{\"@type\":\"ListItem\",\"position\":1,\"name\":\"Portada\",\"item\":\"https:\/\/celtaatletismo.es\/blog\/\"},{\"@type\":\"ListItem\",\"position\":2,\"name\":\"Atletas destacados\",\"item\":\"https:\/\/celtaatletismo.es\/blog\/atletas-destacados\/\"},{\"@type\":\"ListItem\",\"position\":3,\"name\":\"David G\u00f3mez Mart\u00ednez\"}]},{\"@type\":\"WebSite\",\"@id\":\"https:\/\/celtaatletismo.es\/blog\/#website\",\"url\":\"https:\/\/celtaatletismo.es\/blog\/\",\"name\":\"Celta Atletismo\",\"description\":\"Web oficial del Real Club Celta Atletismo y del Club Atletismo Femenino Celta\",\"publisher\":{\"@id\":\"https:\/\/celtaatletismo.es\/blog\/#organization\"},\"potentialAction\":[{\"@type\":\"SearchAction\",\"target\":{\"@type\":\"EntryPoint\",\"urlTemplate\":\"https:\/\/celtaatletismo.es\/blog\/?s={search_term_string}\"},\"query-input\":\"required name=search_term_string\"}],\"inLanguage\":\"es\"},{\"@type\":\"Organization\",\"@id\":\"https:\/\/celtaatletismo.es\/blog\/#organization\",\"name\":\"Celta Atletismo\",\"url\":\"https:\/\/celtaatletismo.es\/blog\/\",\"logo\":{\"@type\":\"ImageObject\",\"inLanguage\":\"es\",\"@id\":\"https:\/\/celtaatletismo.es\/blog\/#\/schema\/logo\/image\/\",\"url\":\"https:\/\/celtaatletismo.es\/blog\/wp-content\/uploads\/2018\/12\/logo-web-celta-atletismo-solo.png\",\"contentUrl\":\"https:\/\/celtaatletismo.es\/blog\/wp-content\/uploads\/2018\/12\/logo-web-celta-atletismo-solo.png\",\"width\":555,\"height\":171,\"caption\":\"Celta Atletismo\"},\"image\":{\"@id\":\"https:\/\/celtaatletismo.es\/blog\/#\/schema\/logo\/image\/\"},\"sameAs\":[\"https:\/\/www.facebook.com\/Real-Club-Celta-de-Atletismo-Atletismo-Femenino-Celta-177005092323603\/\",\"https:\/\/twitter.com\/CeltaAtletismo\"]}]}<\/script>\n<!-- \/ Yoast SEO plugin. -->","yoast_head_json":{"title":"David G\u00f3mez Mart\u00ednez - Celta Atletismo","robots":{"index":"index","follow":"follow","max-snippet":"max-snippet:-1","max-image-preview":"max-image-preview:large","max-video-preview":"max-video-preview:-1"},"canonical":"https:\/\/celtaatletismo.es\/blog\/atletas-destacados\/david-gomez\/","og_locale":"es_ES","og_type":"article","og_title":"David G\u00f3mez Mart\u00ednez - Celta Atletismo","og_description":"O Rosal (Pontevedra), 13.02.1981 &#8211; 1,86m\/91kgEntrenador: Jes\u00fas LenceClub 2007\/2008: R.C. Celta de VigoInternacional: 11 (2004-2014) Historial Espa\u00f1ol Recordman de Espa\u00f1a J\u00fanior de Decathlon (7.772 en 2000)Campe\u00f3n de Espa\u00f1a Absoluto de Decathlon (2004-2007-2008-2011-2012-2013)Campe\u00f3n de Espa\u00f1a Promesa de Decathlon (2003)Campe\u00f3n de Espa\u00f1a J\u00fanior de Decathlon (1999-2000)Campe\u00f3n de Espa\u00f1a J\u00fanior de Heptathlon (2000)Campe\u00f3n de Espa\u00f1a Juvenil de Octathlon [&hellip;]","og_url":"https:\/\/celtaatletismo.es\/blog\/atletas-destacados\/david-gomez\/","og_site_name":"Celta Atletismo","article_publisher":"https:\/\/www.facebook.com\/Real-Club-Celta-de-Atletismo-Atletismo-Femenino-Celta-177005092323603\/","article_modified_time":"2020-09-11T13:46:23+00:00","og_image":[{"url":"https:\/\/fotos.subefotos.com\/9d053881ee17bf68227c7327181b5d76o.jpg"}],"twitter_card":"summary_large_image","twitter_site":"@CeltaAtletismo","twitter_misc":{"Tiempo de lectura":"2 minutos"},"schema":{"@context":"https:\/\/schema.org","@graph":[{"@type":"WebPage","@id":"https:\/\/celtaatletismo.es\/blog\/atletas-destacados\/david-gomez\/","url":"https:\/\/celtaatletismo.es\/blog\/atletas-destacados\/david-gomez\/","name":"David G\u00f3mez Mart\u00ednez - Celta Atletismo","isPartOf":{"@id":"https:\/\/celtaatletismo.es\/blog\/#website"},"datePublished":"2007-02-09T09:17:56+00:00","dateModified":"2020-09-11T13:46:23+00:00","breadcrumb":{"@id":"https:\/\/celtaatletismo.es\/blog\/atletas-destacados\/david-gomez\/#breadcrumb"},"inLanguage":"es","potentialAction":[{"@type":"ReadAction","target":["https:\/\/celtaatletismo.es\/blog\/atletas-destacados\/david-gomez\/"]}]},{"@type":"BreadcrumbList","@id":"https:\/\/celtaatletismo.es\/blog\/atletas-destacados\/david-gomez\/#breadcrumb","itemListElement":[{"@type":"ListItem","position":1,"name":"Portada","item":"https:\/\/celtaatletismo.es\/blog\/"},{"@type":"ListItem","position":2,"name":"Atletas destacados","item":"https:\/\/celtaatletismo.es\/blog\/atletas-destacados\/"},{"@type":"ListItem","position":3,"name":"David G\u00f3mez Mart\u00ednez"}]},{"@type":"WebSite","@id":"https:\/\/celtaatletismo.es\/blog\/#website","url":"https:\/\/celtaatletismo.es\/blog\/","name":"Celta Atletismo","description":"Web oficial del Real Club Celta Atletismo y del Club Atletismo Femenino Celta","publisher":{"@id":"https:\/\/celtaatletismo.es\/blog\/#organization"},"potentialAction":[{"@type":"SearchAction","target":{"@type":"EntryPoint","urlTemplate":"https:\/\/celtaatletismo.es\/blog\/?s={search_term_string}"},"query-input":"required name=search_term_string"}],"inLanguage":"es"},{"@type":"Organization","@id":"https:\/\/celtaatletismo.es\/blog\/#organization","name":"Celta Atletismo","url":"https:\/\/celtaatletismo.es\/blog\/","logo":{"@type":"ImageObject","inLanguage":"es","@id":"https:\/\/celtaatletismo.es\/blog\/#\/schema\/logo\/image\/","url":"https:\/\/celtaatletismo.es\/blog\/wp-content\/uploads\/2018\/12\/logo-web-celta-atletismo-solo.png","contentUrl":"https:\/\/celtaatletismo.es\/blog\/wp-content\/uploads\/2018\/12\/logo-web-celta-atletismo-solo.png","width":555,"height":171,"caption":"Celta Atletismo"},"image":{"@id":"https:\/\/celtaatletismo.es\/blog\/#\/schema\/logo\/image\/"},"sameAs":["https:\/\/www.facebook.com\/Real-Club-Celta-de-Atletismo-Atletismo-Femenino-Celta-177005092323603\/","https:\/\/twitter.com\/CeltaAtletismo"]}]}},"_links":{"self":[{"href":"https:\/\/celtaatletismo.es\/blog\/wp-json\/wp\/v2\/pages\/793"}],"collection":[{"href":"https:\/\/celtaatletismo.es\/blog\/wp-json\/wp\/v2\/pages"}],"about":[{"href":"https:\/\/celtaatletismo.es\/blog\/wp-json\/wp\/v2\/types\/page"}],"author":[{"embeddable":true,"href":"https:\/\/celtaatletismo.es\/blog\/wp-json\/wp\/v2\/users\/10"}],"replies":[{"embeddable":true,"href":"https:\/\/celtaatletismo.es\/blog\/wp-json\/wp\/v2\/comments?post=793"}],"version-history":[{"count":11,"href":"https:\/\/celtaatletismo.es\/blog\/wp-json\/wp\/v2\/pages\/793\/revisions"}],"predecessor-version":[{"id":10412,"href":"https:\/\/celtaatletismo.es\/blog\/wp-json\/wp\/v2\/pages\/793\/revisions\/10412"}],"up":[{"embeddable":true,"href":"https:\/\/celtaatletismo.es\/blog\/wp-json\/wp\/v2\/pages\/792"}],"wp:attachment":[{"href":"https:\/\/celtaatletismo.es\/blog\/wp-json\/wp\/v2\/media?parent=793"}],"curies":[{"name":"wp","href":"https:\/\/api.w.org\/{rel}","templated":true}]}}