{"id":5584,"date":"2015-05-06T14:01:47","date_gmt":"2015-05-06T12:01:47","guid":{"rendered":"https:\/\/celtaatletismo.es\/blog\/?page_id=5584"},"modified":"2024-03-19T20:59:22","modified_gmt":"2024-03-19T19:59:22","slug":"el-club","status":"publish","type":"page","link":"https:\/\/celtaatletismo.es\/blog\/el-club\/","title":{"rendered":"NUESTROS OR\u00cdGENES."},"content":{"rendered":"\t\t<div data-elementor-type=\"wp-page\" data-elementor-id=\"5584\" class=\"elementor elementor-5584\">\n\t\t\t\t\t\t<div class=\"elementor-inner\">\n\t\t\t\t<div class=\"elementor-section-wrap\">\n\t\t\t\t\t\t\t\t\t<section class=\"has_eae_slider elementor-section elementor-top-section elementor-element elementor-element-ca401bb elementor-section-boxed elementor-section-height-default elementor-section-height-default\" data-particle_enable=\"false\" data-particle-mobile-disabled=\"false\" data-id=\"ca401bb\" data-element_type=\"section\">\n\t\t\t\t\t\t<div class=\"elementor-container elementor-column-gap-default\">\n\t\t\t\t\t\t\t<div class=\"elementor-row\">\n\t\t\t\t\t<div class=\"has_eae_slider elementor-column elementor-col-50 elementor-top-column elementor-element elementor-element-5781c02\" data-id=\"5781c02\" data-element_type=\"column\">\n\t\t\t<div class=\"elementor-column-wrap elementor-element-populated\">\n\t\t\t\t\t\t\t<div class=\"elementor-widget-wrap\">\n\t\t\t\t\t\t<div class=\"elementor-element elementor-element-eb6b783 elementor-widget elementor-widget-text-editor\" data-id=\"eb6b783\" data-element_type=\"widget\" data-widget_type=\"text-editor.default\">\n\t\t\t\t<div class=\"elementor-widget-container\">\n\t\t\t\t\t\t\t\t<div class=\"elementor-text-editor elementor-clearfix\">\n\t\t\t\t<p>El atletismo c\u00e9ltico representa, en esencia, lo mejor y m\u00e1s brillante en la historia de nuestro deporte en Galicia, a nivel de club, cuantificado por una serie de realizaciones, en diferentes estamentos, que as\u00ed lo testimonian.<\/p>\n<figure id=\"attachment_6745\" aria-describedby=\"caption-attachment-6745\" style=\"width: 653px\" class=\"wp-caption aligncenter\"><img decoding=\"async\" loading=\"lazy\" class=\"wp-image-6745 \" src=\"https:\/\/celtaatletismo.es\/blog\/blog\/wp-content\/uploads\/2015\/05\/equipo-1924.jpg\" alt=\"equipo-1924\" width=\"653\" height=\"423\" srcset=\"https:\/\/celtaatletismo.es\/blog\/wp-content\/uploads\/2015\/05\/equipo-1924.jpg 800w, https:\/\/celtaatletismo.es\/blog\/wp-content\/uploads\/2015\/05\/equipo-1924-200x130.jpg 200w, https:\/\/celtaatletismo.es\/blog\/wp-content\/uploads\/2015\/05\/equipo-1924-768x497.jpg 768w, https:\/\/celtaatletismo.es\/blog\/wp-content\/uploads\/2015\/05\/equipo-1924-360x233.jpg 360w, https:\/\/celtaatletismo.es\/blog\/wp-content\/uploads\/2015\/05\/equipo-1924-750x486.jpg 750w\" sizes=\"(max-width: 653px) 100vw, 653px\" \/><figcaption id=\"caption-attachment-6745\" class=\"wp-caption-text\">Primer equipo en la historia del atletismo c\u00e9ltico, corresponde a su debut en los Campeonatos de Galicia de 1924, campo de Coya (Vigo), ya desaparecido. A la derecha, Handicap, instigador del nacimiento c\u00e9ltico en atletismo, al que se le tiene erigida una estatua frente al Estadio de Balaidos.<\/figcaption><\/figure>\n<p>Lleg\u00f3 el deporte atl\u00e9tico al Celta de la mano de una de las m\u00e1s prestigiosas personalidades deportivas de la comunidad, la de Manuel de Castro, <strong>\u201cHandicap\u201d<\/strong>, redactor de deportes de FARO DE VIGO hasta su tr\u00e1gica muerte en 1944, ex-seleccionador nacional de futbol y ex-Presidente de la Federaci\u00f3n Gallega de Atletismo (1927). A su regreso de los Juegos 0limpicos de Paris 1924, a donde acudiera como informador, prendi\u00f3 en \u00e9l la idea de que el Celta, nacido como tan solo un a\u00f1o antes, estuviera representado igualmente en las competiciones atl\u00e9ticas, afirmando que \u201cnaci\u00f3n sin atletismo no puede denominarse deportiva\u201d.<br><br>Gracias a esa proyecci\u00f3n, la directiva c\u00e9ltica se hizo eco y puso en marcha la secci\u00f3n de atletismo, de la mano de uno de sus directivos, Fernando de Castro, hermano de Handicap, y campe\u00f3n y recordman gallego de peso y disco en 1921. Debut\u00f3 en los Campeonatos de Galicia de aquel mismo a\u00f1o ol\u00edmpico, el 14 de septiembre, en el extinguido campo de futbol de Coya, habilitando su c\u00e9sped futbol\u00edstico como entonces mejor se pod\u00eda, y se lograron 4 victorias individuales y el cuarto puesto por equipos, solamente con 4 atletas en competici\u00f3n : Mariano Carsi 20,3\/5 en 110 metros vallas y 5,75 m. en salto de longitud; Francisco Novoa 31,20 m. en jabalina, los 3 tambi\u00e9n r\u00e9cords gallegos, y Joaqu\u00edn Novoa 29,80 m. en disco, adem\u00e1s del futbolista Pinilla, eliminado en 100 m.\n<\/p><p><img decoding=\"async\" loading=\"lazy\" class=\"aligncenter wp-image-6748\" src=\"https:\/\/celtaatletismo.es\/blog\/blog\/wp-content\/uploads\/2015\/05\/los_mejores.jpg\" alt=\"los_mejores\" width=\"651\" height=\"483\" srcset=\"https:\/\/celtaatletismo.es\/blog\/wp-content\/uploads\/2015\/05\/los_mejores.jpg 800w, https:\/\/celtaatletismo.es\/blog\/wp-content\/uploads\/2015\/05\/los_mejores-200x149.jpg 200w, https:\/\/celtaatletismo.es\/blog\/wp-content\/uploads\/2015\/05\/los_mejores-768x570.jpg 768w, https:\/\/celtaatletismo.es\/blog\/wp-content\/uploads\/2015\/05\/los_mejores-360x267.jpg 360w, https:\/\/celtaatletismo.es\/blog\/wp-content\/uploads\/2015\/05\/los_mejores-750x557.jpg 750w\" sizes=\"(max-width: 651px) 100vw, 651px\" \/><\/p>\n<p>Palabras del propio Mariano Carsi, que lleg\u00f3 a Comandante del Ej\u00e9rcito: \u201cEntren\u00e1bamos dos o tres veces por semana y solamente en primavera y verano, lo hac\u00edamos primero en el campo de Coya y tambi\u00e9n en el del Fortuna de Bouzas, traslad\u00e1ndonos andando o en tranv\u00eda y no ten\u00edamos ni ch\u00e1ndal ni entrenador, haciendo cada uno lo que le parec\u00eda. Compr\u00e9 mis primeras zapatillas de clavos de mi propio dinero\u201d.<\/p>\n<p>En 1925 volvi\u00f3 el Celta a participar en campeonatos gallegos y a continuaci\u00f3n la actividad fue muy restringida, sobre todo por la no celebraci\u00f3n de aquellos en 1926 y 1927, diluy\u00e9ndose hasta desaparecer, temporalmente, pasando sus atletas a la reci\u00e9n constituida Sociedad Atl\u00e9tica de Vigo.<\/p>\n<figure id=\"attachment_6746\" aria-describedby=\"caption-attachment-6746\" style=\"width: 657px\" class=\"wp-caption aligncenter\"><img decoding=\"async\" loading=\"lazy\" class=\"wp-image-6746 \" src=\"https:\/\/celtaatletismo.es\/blog\/blog\/wp-content\/uploads\/2015\/05\/2cd7ed96bb81bcd362235d0f24637b96o.jpg\" alt=\"2cd7ed96bb81bcd362235d0f24637b96o\" width=\"657\" height=\"493\" srcset=\"https:\/\/celtaatletismo.es\/blog\/wp-content\/uploads\/2015\/05\/2cd7ed96bb81bcd362235d0f24637b96o.jpg 1024w, https:\/\/celtaatletismo.es\/blog\/wp-content\/uploads\/2015\/05\/2cd7ed96bb81bcd362235d0f24637b96o-200x150.jpg 200w, https:\/\/celtaatletismo.es\/blog\/wp-content\/uploads\/2015\/05\/2cd7ed96bb81bcd362235d0f24637b96o-768x576.jpg 768w, https:\/\/celtaatletismo.es\/blog\/wp-content\/uploads\/2015\/05\/2cd7ed96bb81bcd362235d0f24637b96o-360x270.jpg 360w, https:\/\/celtaatletismo.es\/blog\/wp-content\/uploads\/2015\/05\/2cd7ed96bb81bcd362235d0f24637b96o-750x563.jpg 750w\" sizes=\"(max-width: 657px) 100vw, 657px\" \/><figcaption id=\"caption-attachment-6746\" class=\"wp-caption-text\">D. Alfonso Posada, leyenda del atletismo c\u00e9ltico y vigu\u00e9s.<\/figcaption><\/figure>\n<p>Seria en la primavera de 1950 cuando el Celta volver\u00eda al atletismo, de la mano de Alfonso Posada como delegado de la secci\u00f3n, cargo en el que ha permanecido desde entonces hasta finales de 2014, todo un r\u00e9cord en el atletismo gallego.<\/p>\n<p>Se hizo el debut en los Campeonatos de Vigo de ne\u00f3fitos y debutantes con varios triunfos y despu\u00e9s, en Balaidos tambi\u00e9n, se alcanz\u00f3 el segundo lugar por equipos en los gallegos absolutos, detr\u00e1s del Deportivo.<\/p>\n<p>A lo largo de este medio siglo, el atletismo c\u00e9ltico alcanz\u00f3 tantas cotas que, en los momentos actuales, ya nos parecen un sue\u00f1o, algo prodigioso: atletas participantes en Juegos 0limpicos, Campeonatos de Europa, Iberoamericanos, Mediterr\u00e1neos, etc. y multitud de r\u00e9cords y t\u00edtulos nacionales absolutos. Tantos que iremos desgran\u00e1ndolos por cap\u00edtulos, para un mejor y m\u00e1s exacto conocimiento.<\/p>\n<p><img decoding=\"async\" loading=\"lazy\" class=\"aligncenter wp-image-6749\" src=\"https:\/\/celtaatletismo.es\/blog\/blog\/wp-content\/uploads\/2015\/05\/los_mejores2.jpg\" alt=\"los_mejores2\" width=\"643\" height=\"637\" srcset=\"https:\/\/celtaatletismo.es\/blog\/wp-content\/uploads\/2015\/05\/los_mejores2.jpg 800w, https:\/\/celtaatletismo.es\/blog\/wp-content\/uploads\/2015\/05\/los_mejores2-150x150.jpg 150w, https:\/\/celtaatletismo.es\/blog\/wp-content\/uploads\/2015\/05\/los_mejores2-200x198.jpg 200w, https:\/\/celtaatletismo.es\/blog\/wp-content\/uploads\/2015\/05\/los_mejores2-768x760.jpg 768w, https:\/\/celtaatletismo.es\/blog\/wp-content\/uploads\/2015\/05\/los_mejores2-360x356.jpg 360w, https:\/\/celtaatletismo.es\/blog\/wp-content\/uploads\/2015\/05\/los_mejores2-750x743.jpg 750w, https:\/\/celtaatletismo.es\/blog\/wp-content\/uploads\/2015\/05\/los_mejores2-60x60.jpg 60w\" sizes=\"(max-width: 643px) 100vw, 643px\" \/><\/p>\n<p><img decoding=\"async\" loading=\"lazy\" class=\"aligncenter wp-image-6747\" src=\"https:\/\/celtaatletismo.es\/blog\/blog\/wp-content\/uploads\/2015\/05\/maria_jose.jpg\" alt=\"maria_jose\" width=\"510\" height=\"713\" srcset=\"https:\/\/celtaatletismo.es\/blog\/wp-content\/uploads\/2015\/05\/maria_jose.jpg 403w, https:\/\/celtaatletismo.es\/blog\/wp-content\/uploads\/2015\/05\/maria_jose-143x200.jpg 143w, https:\/\/celtaatletismo.es\/blog\/wp-content\/uploads\/2015\/05\/maria_jose-360x504.jpg 360w\" sizes=\"(max-width: 510px) 100vw, 510px\" \/><\/p>\n<p>Recordaremos, porque fue el primero, a Rogelio Rivas, el primer c\u00e9ltico de la historia en conseguir un r\u00e9cord de Espa\u00f1a absoluto (10,4 en 100 m. lisos) y tambi\u00e9n en vestir la camiseta nacional en los Juegos 0limpicos (Tokio 1064) 0 al primer extranjero en nuestras filas, el finland\u00e9s Jouko Kuha, ex-recordman mundial de 3.000 metros obst\u00e1culos (8.24,2 en 1968), atra\u00eddo por pasar los inviernos entrenando en Vigo con \u00c1lvarez Salgado, Carlos P\u00e9rez, etc. Que hoy, tantos a\u00f1os despu\u00e9s, todav\u00eda nos sigue mandando sus fotos y las de sus nietos por navidades.<\/p>\n<p>En 1970 acudir\u00edamos representando a Espa\u00f1a a la Copa de clubs campeones de Cross, en Arlon (B\u00e9lgica), ocupando el tercer puesto del podio, detr\u00e1s del Lieja belga y el City Stoke ingl\u00e9s. Viaje en tren ida y vuelta.<\/p>\n<p>Francamente, una historia para so\u00f1ar, recordando el pasado como un est\u00edmulo para mantenerse hoy en el esfuerzo atl\u00e9tico, a pesar de todas las adversidades.<\/p>\n<p>La vida da muchas vueltas y las cosas cambian, efectivamente.<\/p>\t\t\t\t\t<\/div>\n\t\t\t\t\t\t<\/div>\n\t\t\t\t<\/div>\n\t\t\t\t\t\t<\/div>\n\t\t\t\t\t<\/div>\n\t\t<\/div>\n\t\t\t\t<div class=\"has_eae_slider elementor-column elementor-col-50 elementor-top-column elementor-element elementor-element-99dcde1\" data-id=\"99dcde1\" data-element_type=\"column\">\n\t\t\t<div class=\"elementor-column-wrap elementor-element-populated\">\n\t\t\t\t\t\t\t<div class=\"elementor-widget-wrap\">\n\t\t\t\t\t\t<div class=\"elementor-element elementor-element-f7acbfc elementor-widget elementor-widget-template\" data-id=\"f7acbfc\" data-element_type=\"widget\" data-widget_type=\"template.default\">\n\t\t\t\t<div class=\"elementor-widget-container\">\n\t\t\t\t\t<div class=\"elementor-template\">\n\t\t\t\t\t<div data-elementor-type=\"page\" data-elementor-id=\"10379\" class=\"elementor elementor-10379\">\n\t\t\t\t\t\t<div class=\"elementor-inner\">\n\t\t\t\t<div class=\"elementor-section-wrap\">\n\t\t\t\t\t\t\t\t\t<section class=\"has_eae_slider elementor-section elementor-top-section elementor-element elementor-element-cf7a3d6 elementor-section-boxed elementor-section-height-default elementor-section-height-default\" data-particle_enable=\"false\" data-particle-mobile-disabled=\"false\" data-id=\"cf7a3d6\" data-element_type=\"section\">\n\t\t\t\t\t\t<div class=\"elementor-container elementor-column-gap-default\">\n\t\t\t\t\t\t\t<div class=\"elementor-row\">\n\t\t\t\t\t<div class=\"has_eae_slider elementor-column elementor-col-100 elementor-top-column elementor-element elementor-element-e2efd9e\" data-id=\"e2efd9e\" data-element_type=\"column\">\n\t\t\t<div class=\"elementor-column-wrap elementor-element-populated\">\n\t\t\t\t\t\t\t<div class=\"elementor-widget-wrap\">\n\t\t\t\t\t\t<div class=\"elementor-element elementor-element-ecfeaff sin-margen elementor-widget elementor-widget-image\" data-id=\"ecfeaff\" data-element_type=\"widget\" data-widget_type=\"image.default\">\n\t\t\t\t<div class=\"elementor-widget-container\">\n\t\t\t\t\t\t\t\t<div class=\"elementor-image\">\n\t\t\t\t\t\t\t\t\t\t\t\t\t<a href=\"https:\/\/celtaatletismo.es\/blog\/escola\/\">\n\t\t\t\t\t\t\t<img decoding=\"async\" width=\"337\" height=\"103\" src=\"https:\/\/celtaatletismo.es\/blog\/wp-content\/uploads\/2015\/07\/escola-de-atletismo-celta.png\" class=\"attachment-large size-large wp-image-6077\" alt=\"\" loading=\"lazy\" srcset=\"https:\/\/celtaatletismo.es\/blog\/wp-content\/uploads\/2015\/07\/escola-de-atletismo-celta.png 337w, https:\/\/celtaatletismo.es\/blog\/wp-content\/uploads\/2015\/07\/escola-de-atletismo-celta-300x92.png 300w\" sizes=\"(max-width: 337px) 100vw, 337px\" \/>\t\t\t\t\t\t\t\t<\/a>\n\t\t\t\t\t\t\t\t\t\t\t\t\t\t<\/div>\n\t\t\t\t\t\t<\/div>\n\t\t\t\t<\/div>\n\t\t\t\t<div class=\"elementor-element elementor-element-4b8fbd7 sin-margen elementor-widget elementor-widget-image\" data-id=\"4b8fbd7\" data-element_type=\"widget\" data-widget_type=\"image.default\">\n\t\t\t\t<div class=\"elementor-widget-container\">\n\t\t\t\t\t\t\t\t<div class=\"elementor-image\">\n\t\t\t\t\t\t\t\t\t\t\t\t\t<a href=\"https:\/\/app.cluber.es\/clubes\/ffff7f52d47268e607fa6d332df6d68f19c5674c8cf8\/pagos\/64b7939a71d38092676480\" target=\"_blank\">\n\t\t\t\t\t\t\t<img decoding=\"async\" width=\"337\" height=\"111\" src=\"https:\/\/celtaatletismo.es\/blog\/wp-content\/uploads\/2020\/05\/tienda-celta-atletismo.png\" class=\"attachment-large size-large wp-image-11645\" alt=\"\" loading=\"lazy\" srcset=\"https:\/\/celtaatletismo.es\/blog\/wp-content\/uploads\/2020\/05\/tienda-celta-atletismo.png 337w, https:\/\/celtaatletismo.es\/blog\/wp-content\/uploads\/2020\/05\/tienda-celta-atletismo-200x66.png 200w\" sizes=\"(max-width: 337px) 100vw, 337px\" \/>\t\t\t\t\t\t\t\t<\/a>\n\t\t\t\t\t\t\t\t\t\t\t\t\t\t<\/div>\n\t\t\t\t\t\t<\/div>\n\t\t\t\t<\/div>\n\t\t\t\t<div class=\"elementor-element elementor-element-606ac39 elementor-widget-divider--view-line_text elementor-widget-divider--element-align-left sin-margen elementor-widget elementor-widget-divider\" data-id=\"606ac39\" data-element_type=\"widget\" data-widget_type=\"divider.default\">\n\t\t\t\t<div class=\"elementor-widget-container\">\n\t\t\t\t\t<div class=\"elementor-divider\">\n\t\t\t<span class=\"elementor-divider-separator\">\n\t\t\t\t\t\t\t<span class=\"elementor-divider__text elementor-divider__element\">\n\t\t\t\tPATROCINADORES\t\t\t\t<\/span>\n\t\t\t\t\t\t<\/span>\n\t\t<\/div>\n\t\t\t\t<\/div>\n\t\t\t\t<\/div>\n\t\t\t\t<section class=\"has_eae_slider elementor-section elementor-inner-section elementor-element elementor-element-4deab11 elementor-section-boxed elementor-section-height-default elementor-section-height-default\" data-particle_enable=\"false\" data-particle-mobile-disabled=\"false\" data-id=\"4deab11\" data-element_type=\"section\">\n\t\t\t\t\t\t<div class=\"elementor-container elementor-column-gap-default\">\n\t\t\t\t\t\t\t<div class=\"elementor-row\">\n\t\t\t\t\t<div class=\"has_eae_slider elementor-column elementor-col-50 elementor-inner-column elementor-element elementor-element-85478f8\" data-id=\"85478f8\" data-element_type=\"column\">\n\t\t\t<div class=\"elementor-column-wrap elementor-element-populated\">\n\t\t\t\t\t\t\t<div class=\"elementor-widget-wrap\">\n\t\t\t\t\t\t<div class=\"elementor-element elementor-element-a3d9ce1 elementor-widget elementor-widget-image\" data-id=\"a3d9ce1\" data-element_type=\"widget\" data-widget_type=\"image.default\">\n\t\t\t\t<div class=\"elementor-widget-container\">\n\t\t\t\t\t\t\t\t<div class=\"elementor-image\">\n\t\t\t\t\t\t\t\t\t\t\t\t\t<a href=\"http:\/\/hoxe.vigo.org\/\" target=\"_blank\">\n\t\t\t\t\t\t\t<img decoding=\"async\" width=\"334\" height=\"114\" src=\"https:\/\/celtaatletismo.es\/blog\/wp-content\/uploads\/2018\/03\/concello-de-vigo-hd.jpg\" class=\"attachment-large size-large wp-image-8546\" alt=\"\" loading=\"lazy\" srcset=\"https:\/\/celtaatletismo.es\/blog\/wp-content\/uploads\/2018\/03\/concello-de-vigo-hd.jpg 334w, https:\/\/celtaatletismo.es\/blog\/wp-content\/uploads\/2018\/03\/concello-de-vigo-hd-200x68.jpg 200w\" sizes=\"(max-width: 334px) 100vw, 334px\" \/>\t\t\t\t\t\t\t\t<\/a>\n\t\t\t\t\t\t\t\t\t\t\t\t\t\t<\/div>\n\t\t\t\t\t\t<\/div>\n\t\t\t\t<\/div>\n\t\t\t\t\t\t<\/div>\n\t\t\t\t\t<\/div>\n\t\t<\/div>\n\t\t\t\t<div class=\"has_eae_slider elementor-column elementor-col-50 elementor-inner-column elementor-element elementor-element-e71fb48\" data-id=\"e71fb48\" data-element_type=\"column\">\n\t\t\t<div class=\"elementor-column-wrap elementor-element-populated\">\n\t\t\t\t\t\t\t<div class=\"elementor-widget-wrap\">\n\t\t\t\t\t\t<div class=\"elementor-element elementor-element-4910044 elementor-widget elementor-widget-image\" data-id=\"4910044\" data-element_type=\"widget\" data-widget_type=\"image.default\">\n\t\t\t\t<div class=\"elementor-widget-container\">\n\t\t\t\t\t\t\t\t<div class=\"elementor-image\">\n\t\t\t\t\t\t\t\t\t\t\t\t\t<a href=\"http:\/\/www.depo.es\/\" target=\"_blank\">\n\t\t\t\t\t\t\t<img decoding=\"async\" width=\"330\" height=\"114\" src=\"https:\/\/celtaatletismo.es\/blog\/wp-content\/uploads\/2020\/05\/deputacion-pontevedra-hd2024.jpg\" class=\"attachment-large size-large wp-image-11920\" alt=\"\" loading=\"lazy\" srcset=\"https:\/\/celtaatletismo.es\/blog\/wp-content\/uploads\/2020\/05\/deputacion-pontevedra-hd2024.jpg 330w, https:\/\/celtaatletismo.es\/blog\/wp-content\/uploads\/2020\/05\/deputacion-pontevedra-hd2024-200x69.jpg 200w\" sizes=\"(max-width: 330px) 100vw, 330px\" \/>\t\t\t\t\t\t\t\t<\/a>\n\t\t\t\t\t\t\t\t\t\t\t\t\t\t<\/div>\n\t\t\t\t\t\t<\/div>\n\t\t\t\t<\/div>\n\t\t\t\t\t\t<\/div>\n\t\t\t\t\t<\/div>\n\t\t<\/div>\n\t\t\t\t\t\t\t\t<\/div>\n\t\t\t\t\t<\/div>\n\t\t<\/section>\n\t\t\t\t<section class=\"has_eae_slider elementor-section elementor-inner-section elementor-element elementor-element-9a0d5f3 elementor-section-boxed elementor-section-height-default elementor-section-height-default\" data-particle_enable=\"false\" data-particle-mobile-disabled=\"false\" data-id=\"9a0d5f3\" data-element_type=\"section\">\n\t\t\t\t\t\t<div class=\"elementor-container elementor-column-gap-default\">\n\t\t\t\t\t\t\t<div class=\"elementor-row\">\n\t\t\t\t\t<div class=\"has_eae_slider elementor-column elementor-col-100 elementor-inner-column elementor-element elementor-element-7b475e7\" data-id=\"7b475e7\" data-element_type=\"column\">\n\t\t\t<div class=\"elementor-column-wrap elementor-element-populated\">\n\t\t\t\t\t\t\t<div class=\"elementor-widget-wrap\">\n\t\t\t\t\t\t<div class=\"elementor-element elementor-element-3d03e85 elementor-widget elementor-widget-image\" data-id=\"3d03e85\" data-element_type=\"widget\" data-widget_type=\"image.default\">\n\t\t\t\t<div class=\"elementor-widget-container\">\n\t\t\t\t\t\t\t\t<div class=\"elementor-image\">\n\t\t\t\t\t\t\t\t\t\t\t\t\t<a href=\"http:\/\/deporte.xunta.es\/\" target=\"_blank\">\n\t\t\t\t\t\t\t<img decoding=\"async\" width=\"338\" height=\"86\" src=\"https:\/\/celtaatletismo.es\/blog\/wp-content\/uploads\/2020\/05\/logo-xunta.jpg\" class=\"attachment-large size-large wp-image-11796\" alt=\"\" loading=\"lazy\" srcset=\"https:\/\/celtaatletismo.es\/blog\/wp-content\/uploads\/2020\/05\/logo-xunta.jpg 338w, https:\/\/celtaatletismo.es\/blog\/wp-content\/uploads\/2020\/05\/logo-xunta-200x51.jpg 200w\" sizes=\"(max-width: 338px) 100vw, 338px\" \/>\t\t\t\t\t\t\t\t<\/a>\n\t\t\t\t\t\t\t\t\t\t\t\t\t\t<\/div>\n\t\t\t\t\t\t<\/div>\n\t\t\t\t<\/div>\n\t\t\t\t\t\t<\/div>\n\t\t\t\t\t<\/div>\n\t\t<\/div>\n\t\t\t\t\t\t\t\t<\/div>\n\t\t\t\t\t<\/div>\n\t\t<\/section>\n\t\t\t\t<section class=\"has_eae_slider elementor-section elementor-inner-section elementor-element elementor-element-5fff41a elementor-section-boxed elementor-section-height-default elementor-section-height-default\" data-particle_enable=\"false\" data-particle-mobile-disabled=\"false\" data-id=\"5fff41a\" data-element_type=\"section\">\n\t\t\t\t\t\t<div class=\"elementor-container elementor-column-gap-default\">\n\t\t\t\t\t\t\t<div class=\"elementor-row\">\n\t\t\t\t\t<div class=\"has_eae_slider elementor-column elementor-col-100 elementor-inner-column elementor-element elementor-element-aa87a80\" data-id=\"aa87a80\" data-element_type=\"column\">\n\t\t\t<div class=\"elementor-column-wrap elementor-element-populated\">\n\t\t\t\t\t\t\t<div class=\"elementor-widget-wrap\">\n\t\t\t\t\t\t<div class=\"elementor-element elementor-element-8790493 elementor-widget elementor-widget-image\" data-id=\"8790493\" data-element_type=\"widget\" data-widget_type=\"image.default\">\n\t\t\t\t<div class=\"elementor-widget-container\">\n\t\t\t\t\t\t\t\t<div class=\"elementor-image\">\n\t\t\t\t\t\t\t\t\t\t\t\t\t<a href=\"http:\/\/www.abanca.com\/\">\n\t\t\t\t\t\t\t<img decoding=\"async\" src=\"https:\/\/celtaatletismo.es\/blog\/wp-content\/uploads\/elementor\/thumbs\/NON-ppmqc9tokirai65uqxk7k0ewi6hd9gx7nryxkjbxye.png\" title=\"NON\" alt=\"NON\" loading=\"lazy\" \/>\t\t\t\t\t\t\t\t<\/a>\n\t\t\t\t\t\t\t\t\t\t\t\t\t\t<\/div>\n\t\t\t\t\t\t<\/div>\n\t\t\t\t<\/div>\n\t\t\t\t\t\t<\/div>\n\t\t\t\t\t<\/div>\n\t\t<\/div>\n\t\t\t\t\t\t\t\t<\/div>\n\t\t\t\t\t<\/div>\n\t\t<\/section>\n\t\t\t\t<section class=\"has_eae_slider elementor-section elementor-inner-section elementor-element elementor-element-29696b9 elementor-section-boxed elementor-section-height-default elementor-section-height-default\" data-particle_enable=\"false\" data-particle-mobile-disabled=\"false\" data-id=\"29696b9\" data-element_type=\"section\">\n\t\t\t\t\t\t<div class=\"elementor-container elementor-column-gap-default\">\n\t\t\t\t\t\t\t<div class=\"elementor-row\">\n\t\t\t\t\t<div class=\"has_eae_slider elementor-column elementor-col-50 elementor-inner-column elementor-element elementor-element-4341cd9\" data-id=\"4341cd9\" data-element_type=\"column\">\n\t\t\t<div class=\"elementor-column-wrap elementor-element-populated\">\n\t\t\t\t\t\t\t<div class=\"elementor-widget-wrap\">\n\t\t\t\t\t\t<div class=\"elementor-element elementor-element-1c778ee elementor-widget elementor-widget-image\" data-id=\"1c778ee\" data-element_type=\"widget\" data-widget_type=\"image.default\">\n\t\t\t\t<div class=\"elementor-widget-container\">\n\t\t\t\t\t\t\t\t<div class=\"elementor-image\">\n\t\t\t\t\t\t\t\t\t\t\t\t\t<a href=\"http:\/\/www.abanca.com\/\">\n\t\t\t\t\t\t\t<img decoding=\"async\" width=\"294\" height=\"110\" src=\"https:\/\/celtaatletismo.es\/blog\/wp-content\/uploads\/2018\/03\/abanca-hd.jpg\" class=\"attachment-large size-large wp-image-8550\" alt=\"\" loading=\"lazy\" srcset=\"https:\/\/celtaatletismo.es\/blog\/wp-content\/uploads\/2018\/03\/abanca-hd.jpg 294w, https:\/\/celtaatletismo.es\/blog\/wp-content\/uploads\/2018\/03\/abanca-hd-200x75.jpg 200w\" sizes=\"(max-width: 294px) 100vw, 294px\" \/>\t\t\t\t\t\t\t\t<\/a>\n\t\t\t\t\t\t\t\t\t\t\t\t\t\t<\/div>\n\t\t\t\t\t\t<\/div>\n\t\t\t\t<\/div>\n\t\t\t\t\t\t<\/div>\n\t\t\t\t\t<\/div>\n\t\t<\/div>\n\t\t\t\t<div class=\"has_eae_slider elementor-column elementor-col-50 elementor-inner-column elementor-element elementor-element-3550e8d\" data-id=\"3550e8d\" data-element_type=\"column\">\n\t\t\t<div class=\"elementor-column-wrap elementor-element-populated\">\n\t\t\t\t\t\t\t<div class=\"elementor-widget-wrap\">\n\t\t\t\t\t\t<div class=\"elementor-element elementor-element-cef9dfc elementor-widget elementor-widget-image\" data-id=\"cef9dfc\" data-element_type=\"widget\" data-widget_type=\"image.default\">\n\t\t\t\t<div class=\"elementor-widget-container\">\n\t\t\t\t\t\t\t\t<div class=\"elementor-image\">\n\t\t\t\t\t\t\t\t\t\t\t\t<img decoding=\"async\" width=\"300\" height=\"150\" src=\"https:\/\/celtaatletismo.es\/blog\/wp-content\/uploads\/2020\/05\/serfico-sl.jpg\" class=\"attachment-large size-large wp-image-10896\" alt=\"\" loading=\"lazy\" srcset=\"https:\/\/celtaatletismo.es\/blog\/wp-content\/uploads\/2020\/05\/serfico-sl.jpg 300w, https:\/\/celtaatletismo.es\/blog\/wp-content\/uploads\/2020\/05\/serfico-sl-200x100.jpg 200w\" sizes=\"(max-width: 300px) 100vw, 300px\" \/>\t\t\t\t\t\t\t\t\t\t\t\t\t\t<\/div>\n\t\t\t\t\t\t<\/div>\n\t\t\t\t<\/div>\n\t\t\t\t\t\t<\/div>\n\t\t\t\t\t<\/div>\n\t\t<\/div>\n\t\t\t\t\t\t\t\t<\/div>\n\t\t\t\t\t<\/div>\n\t\t<\/section>\n\t\t\t\t<section class=\"has_eae_slider elementor-section elementor-inner-section elementor-element elementor-element-ed666b8 elementor-section-boxed elementor-section-height-default elementor-section-height-default\" data-particle_enable=\"false\" data-particle-mobile-disabled=\"false\" data-id=\"ed666b8\" data-element_type=\"section\">\n\t\t\t\t\t\t<div class=\"elementor-container elementor-column-gap-default\">\n\t\t\t\t\t\t\t<div class=\"elementor-row\">\n\t\t\t\t\t<div class=\"has_eae_slider elementor-column elementor-col-50 elementor-inner-column elementor-element elementor-element-d25cc50\" data-id=\"d25cc50\" data-element_type=\"column\">\n\t\t\t<div class=\"elementor-column-wrap elementor-element-populated\">\n\t\t\t\t\t\t\t<div class=\"elementor-widget-wrap\">\n\t\t\t\t\t\t<div class=\"elementor-element elementor-element-253756a elementor-widget elementor-widget-image\" data-id=\"253756a\" data-element_type=\"widget\" data-widget_type=\"image.default\">\n\t\t\t\t<div class=\"elementor-widget-container\">\n\t\t\t\t\t\t\t\t<div class=\"elementor-image\">\n\t\t\t\t\t\t\t\t\t\t\t\t\t<a href=\"https:\/\/xenera.com\/gl\/tarifa-balon-e-redonda\/?utm_source=celtaatletismo&#038;utm_medium=web&#038;utm_campaign=tarifabalon\" target=\"_blank\">\n\t\t\t\t\t\t\t<img decoding=\"async\" width=\"800\" height=\"1700\" src=\"https:\/\/celtaatletismo.es\/blog\/wp-content\/uploads\/2019\/12\/Tarifa_Balon_Tricolor_Web_GAL.jpg\" class=\"attachment-full size-full wp-image-9868\" alt=\"\" loading=\"lazy\" srcset=\"https:\/\/celtaatletismo.es\/blog\/wp-content\/uploads\/2019\/12\/Tarifa_Balon_Tricolor_Web_GAL.jpg 800w, https:\/\/celtaatletismo.es\/blog\/wp-content\/uploads\/2019\/12\/Tarifa_Balon_Tricolor_Web_GAL-94x200.jpg 94w, https:\/\/celtaatletismo.es\/blog\/wp-content\/uploads\/2019\/12\/Tarifa_Balon_Tricolor_Web_GAL-768x1632.jpg 768w, https:\/\/celtaatletismo.es\/blog\/wp-content\/uploads\/2019\/12\/Tarifa_Balon_Tricolor_Web_GAL-482x1024.jpg 482w, https:\/\/celtaatletismo.es\/blog\/wp-content\/uploads\/2019\/12\/Tarifa_Balon_Tricolor_Web_GAL-360x765.jpg 360w, https:\/\/celtaatletismo.es\/blog\/wp-content\/uploads\/2019\/12\/Tarifa_Balon_Tricolor_Web_GAL-750x1594.jpg 750w\" sizes=\"(max-width: 800px) 100vw, 800px\" \/>\t\t\t\t\t\t\t\t<\/a>\n\t\t\t\t\t\t\t\t\t\t\t\t\t\t<\/div>\n\t\t\t\t\t\t<\/div>\n\t\t\t\t<\/div>\n\t\t\t\t\t\t<\/div>\n\t\t\t\t\t<\/div>\n\t\t<\/div>\n\t\t\t\t<div class=\"has_eae_slider elementor-column elementor-col-50 elementor-inner-column elementor-element elementor-element-68e31e1\" data-id=\"68e31e1\" data-element_type=\"column\">\n\t\t\t<div class=\"elementor-column-wrap elementor-element-populated\">\n\t\t\t\t\t\t\t<div class=\"elementor-widget-wrap\">\n\t\t\t\t\t\t<div class=\"elementor-element elementor-element-d5aa2c1 elementor-widget elementor-widget-image\" data-id=\"d5aa2c1\" data-element_type=\"widget\" data-widget_type=\"image.default\">\n\t\t\t\t<div class=\"elementor-widget-container\">\n\t\t\t\t\t\t\t\t<div class=\"elementor-image\">\n\t\t\t\t\t\t\t\t\t\t\t\t\t<a href=\"https:\/\/www.aguasana.es\/\" target=\"_blank\">\n\t\t\t\t\t\t\t<img decoding=\"async\" width=\"240\" height=\"192\" src=\"https:\/\/celtaatletismo.es\/blog\/wp-content\/uploads\/2020\/05\/logo-agua-sana-grande.png\" class=\"attachment-full size-full wp-image-11900\" alt=\"\" loading=\"lazy\" srcset=\"https:\/\/celtaatletismo.es\/blog\/wp-content\/uploads\/2020\/05\/logo-agua-sana-grande.png 240w, https:\/\/celtaatletismo.es\/blog\/wp-content\/uploads\/2020\/05\/logo-agua-sana-grande-200x160.png 200w\" sizes=\"(max-width: 240px) 100vw, 240px\" \/>\t\t\t\t\t\t\t\t<\/a>\n\t\t\t\t\t\t\t\t\t\t\t\t\t\t<\/div>\n\t\t\t\t\t\t<\/div>\n\t\t\t\t<\/div>\n\t\t\t\t\t\t<\/div>\n\t\t\t\t\t<\/div>\n\t\t<\/div>\n\t\t\t\t\t\t\t\t<\/div>\n\t\t\t\t\t<\/div>\n\t\t<\/section>\n\t\t\t\t<div class=\"elementor-element elementor-element-df4224b elementor-widget elementor-widget-image\" data-id=\"df4224b\" data-element_type=\"widget\" data-widget_type=\"image.default\">\n\t\t\t\t<div class=\"elementor-widget-container\">\n\t\t\t\t\t\t\t\t<div class=\"elementor-image\">\n\t\t\t\t\t\t\t\t\t\t\t\t\t<a href=\"http:\/\/www.esteoingenieros.es\/\" target=\"_blank\">\n\t\t\t\t\t\t\t<img decoding=\"async\" width=\"200\" height=\"141\" src=\"https:\/\/celtaatletismo.es\/blog\/wp-content\/uploads\/2020\/05\/LOGO-ESTEO-200x141.jpg\" class=\"attachment-medium size-medium wp-image-12550\" alt=\"\" loading=\"lazy\" srcset=\"https:\/\/celtaatletismo.es\/blog\/wp-content\/uploads\/2020\/05\/LOGO-ESTEO-200x141.jpg 200w, https:\/\/celtaatletismo.es\/blog\/wp-content\/uploads\/2020\/05\/LOGO-ESTEO-1024x724.jpg 1024w, https:\/\/celtaatletismo.es\/blog\/wp-content\/uploads\/2020\/05\/LOGO-ESTEO-768x543.jpg 768w, https:\/\/celtaatletismo.es\/blog\/wp-content\/uploads\/2020\/05\/LOGO-ESTEO-1536x1086.jpg 1536w, https:\/\/celtaatletismo.es\/blog\/wp-content\/uploads\/2020\/05\/LOGO-ESTEO-2048x1448.jpg 2048w\" sizes=\"(max-width: 200px) 100vw, 200px\" \/>\t\t\t\t\t\t\t\t<\/a>\n\t\t\t\t\t\t\t\t\t\t\t\t\t\t<\/div>\n\t\t\t\t\t\t<\/div>\n\t\t\t\t<\/div>\n\t\t\t\t<section class=\"has_eae_slider elementor-section elementor-inner-section elementor-element elementor-element-0c718e7 elementor-section-boxed elementor-section-height-default elementor-section-height-default\" data-particle_enable=\"false\" data-particle-mobile-disabled=\"false\" data-id=\"0c718e7\" data-element_type=\"section\">\n\t\t\t\t\t\t<div class=\"elementor-container elementor-column-gap-default\">\n\t\t\t\t\t\t\t<div class=\"elementor-row\">\n\t\t\t\t\t<div class=\"has_eae_slider elementor-column elementor-col-100 elementor-inner-column elementor-element elementor-element-785dd22\" data-id=\"785dd22\" data-element_type=\"column\">\n\t\t\t<div class=\"elementor-column-wrap\">\n\t\t\t\t\t\t\t<div class=\"elementor-widget-wrap\">\n\t\t\t\t\t\t\t\t<\/div>\n\t\t\t\t\t<\/div>\n\t\t<\/div>\n\t\t\t\t\t\t\t\t<\/div>\n\t\t\t\t\t<\/div>\n\t\t<\/section>\n\t\t\t\t<div class=\"elementor-element elementor-element-f14454c elementor-widget-divider--view-line_text elementor-widget-divider--element-align-left sin-margen elementor-widget elementor-widget-divider\" data-id=\"f14454c\" data-element_type=\"widget\" data-widget_type=\"divider.default\">\n\t\t\t\t<div class=\"elementor-widget-container\">\n\t\t\t\t\t<div class=\"elementor-divider\">\n\t\t\t<span class=\"elementor-divider-separator\">\n\t\t\t\t\t\t\t<span class=\"elementor-divider__text elementor-divider__element\">\n\t\t\t\tS\u00cdGUENOS EN NUESTRAS REDES OFICIALES\t\t\t\t<\/span>\n\t\t\t\t\t\t<\/span>\n\t\t<\/div>\n\t\t\t\t<\/div>\n\t\t\t\t<\/div>\n\t\t\t\t<div class=\"elementor-element elementor-element-b801402 elementor-shape-rounded elementor-grid-0 e-grid-align-center elementor-widget elementor-widget-social-icons\" data-id=\"b801402\" data-element_type=\"widget\" data-widget_type=\"social-icons.default\">\n\t\t\t\t<div class=\"elementor-widget-container\">\n\t\t\t\t\t<div class=\"elementor-social-icons-wrapper elementor-grid\">\n\t\t\t\t\t\t\t<span class=\"elementor-grid-item\">\n\t\t\t\t\t<a class=\"elementor-icon elementor-social-icon elementor-social-icon-instagram elementor-repeater-item-2577ac7\" href=\"https:\/\/www.instagram.com\/celtaatletismo\/\" target=\"_blank\">\n\t\t\t\t\t\t<span class=\"elementor-screen-only\">Instagram<\/span>\n\t\t\t\t\t\t<i class=\"fab fa-instagram\"><\/i>\t\t\t\t\t<\/a>\n\t\t\t\t<\/span>\n\t\t\t\t\t\t\t<span class=\"elementor-grid-item\">\n\t\t\t\t\t<a class=\"elementor-icon elementor-social-icon elementor-social-icon-facebook elementor-repeater-item-8ffa66b\" href=\"https:\/\/www.facebook.com\/CeltaAtletismo\/\" target=\"_blank\">\n\t\t\t\t\t\t<span class=\"elementor-screen-only\">Facebook<\/span>\n\t\t\t\t\t\t<i class=\"fab fa-facebook\"><\/i>\t\t\t\t\t<\/a>\n\t\t\t\t<\/span>\n\t\t\t\t\t\t\t<span class=\"elementor-grid-item\">\n\t\t\t\t\t<a class=\"elementor-icon elementor-social-icon elementor-social-icon-youtube elementor-repeater-item-4f5c00c\" href=\"https:\/\/www.youtube.com\/channel\/UCWmDtJIxIWf3x4-sFHhC1iw\" target=\"_blank\">\n\t\t\t\t\t\t<span class=\"elementor-screen-only\">Youtube<\/span>\n\t\t\t\t\t\t<i class=\"fab fa-youtube\"><\/i>\t\t\t\t\t<\/a>\n\t\t\t\t<\/span>\n\t\t\t\t\t<\/div>\n\t\t\t\t<\/div>\n\t\t\t\t<\/div>\n\t\t\t\t\t\t<\/div>\n\t\t\t\t\t<\/div>\n\t\t<\/div>\n\t\t\t\t\t\t\t\t<\/div>\n\t\t\t\t\t<\/div>\n\t\t<\/section>\n\t\t\t\t\t\t\t\t\t<\/div>\n\t\t\t<\/div>\n\t\t\t\t\t<\/div>\n\t\t\t\t<\/div>\n\t\t\t\t<\/div>\n\t\t\t\t<\/div>\n\t\t\t\t\t\t<\/div>\n\t\t\t\t\t<\/div>\n\t\t<\/div>\n\t\t\t\t\t\t\t\t<\/div>\n\t\t\t\t\t<\/div>\n\t\t<\/section>\n\t\t\t\t\t\t\t\t\t<\/div>\n\t\t\t<\/div>\n\t\t\t\t\t<\/div>\n\t\t","protected":false},"excerpt":{"rendered":"<p>&nbsp; El atletismo c\u00e9ltico representa, en esencia, lo mejor y m\u00e1s brillante en la historia de nuestro deporte en Galicia, a nivel de club, cuantificado por una serie de realizaciones, en diferentes estamentos, que as\u00ed lo testimonian. Lleg\u00f3 el deporte atl\u00e9tico al Celta de la mano de una de las m\u00e1s prestigiosas personalidades deportivas de [&hellip;]<\/p>\n","protected":false},"author":5,"featured_media":0,"parent":0,"menu_order":0,"comment_status":"closed","ping_status":"closed","template":"","meta":{"_monsterinsights_skip_tracking":false,"_monsterinsights_sitenote_active":false,"_monsterinsights_sitenote_note":"","_monsterinsights_sitenote_category":0},"yoast_head":"<!-- This site is optimized with the Yoast SEO plugin v20.9 - https:\/\/yoast.com\/wordpress\/plugins\/seo\/ -->\n<title>NUESTROS OR\u00cdGENES. - Celta Atletismo<\/title>\n<meta name=\"robots\" content=\"index, follow, max-snippet:-1, max-image-preview:large, max-video-preview:-1\" \/>\n<link rel=\"canonical\" href=\"https:\/\/celtaatletismo.es\/blog\/el-club\/\" \/>\n<meta property=\"og:locale\" content=\"es_ES\" \/>\n<meta property=\"og:type\" content=\"article\" \/>\n<meta property=\"og:title\" content=\"NUESTROS OR\u00cdGENES. - Celta Atletismo\" \/>\n<meta property=\"og:description\" content=\"&nbsp; El atletismo c\u00e9ltico representa, en esencia, lo mejor y m\u00e1s brillante en la historia de nuestro deporte en Galicia, a nivel de club, cuantificado por una serie de realizaciones, en diferentes estamentos, que as\u00ed lo testimonian. Lleg\u00f3 el deporte atl\u00e9tico al Celta de la mano de una de las m\u00e1s prestigiosas personalidades deportivas de [&hellip;]\" \/>\n<meta property=\"og:url\" content=\"https:\/\/celtaatletismo.es\/blog\/el-club\/\" \/>\n<meta property=\"og:site_name\" content=\"Celta Atletismo\" \/>\n<meta property=\"article:publisher\" content=\"https:\/\/www.facebook.com\/Real-Club-Celta-de-Atletismo-Atletismo-Femenino-Celta-177005092323603\/\" \/>\n<meta property=\"article:modified_time\" content=\"2024-03-19T19:59:22+00:00\" \/>\n<meta property=\"og:image\" content=\"https:\/\/celtaatletismo.es\/blog\/wp-content\/uploads\/2015\/05\/equipo-1924.jpg\" \/>\n<meta name=\"twitter:card\" content=\"summary_large_image\" \/>\n<meta name=\"twitter:site\" content=\"@CeltaAtletismo\" \/>\n<meta name=\"twitter:label1\" content=\"Tiempo de lectura\" \/>\n\t<meta name=\"twitter:data1\" content=\"5 minutos\" \/>\n<script type=\"application\/ld+json\" class=\"yoast-schema-graph\">{\"@context\":\"https:\/\/schema.org\",\"@graph\":[{\"@type\":\"WebPage\",\"@id\":\"https:\/\/celtaatletismo.es\/blog\/el-club\/\",\"url\":\"https:\/\/celtaatletismo.es\/blog\/el-club\/\",\"name\":\"NUESTROS OR\u00cdGENES. - Celta Atletismo\",\"isPartOf\":{\"@id\":\"https:\/\/celtaatletismo.es\/blog\/#website\"},\"datePublished\":\"2015-05-06T12:01:47+00:00\",\"dateModified\":\"2024-03-19T19:59:22+00:00\",\"breadcrumb\":{\"@id\":\"https:\/\/celtaatletismo.es\/blog\/el-club\/#breadcrumb\"},\"inLanguage\":\"es\",\"potentialAction\":[{\"@type\":\"ReadAction\",\"target\":[\"https:\/\/celtaatletismo.es\/blog\/el-club\/\"]}]},{\"@type\":\"BreadcrumbList\",\"@id\":\"https:\/\/celtaatletismo.es\/blog\/el-club\/#breadcrumb\",\"itemListElement\":[{\"@type\":\"ListItem\",\"position\":1,\"name\":\"Portada\",\"item\":\"https:\/\/celtaatletismo.es\/blog\/\"},{\"@type\":\"ListItem\",\"position\":2,\"name\":\"NUESTROS OR\u00cdGENES.\"}]},{\"@type\":\"WebSite\",\"@id\":\"https:\/\/celtaatletismo.es\/blog\/#website\",\"url\":\"https:\/\/celtaatletismo.es\/blog\/\",\"name\":\"Celta Atletismo\",\"description\":\"Web oficial del Real Club Celta Atletismo y del Club Atletismo Femenino Celta\",\"publisher\":{\"@id\":\"https:\/\/celtaatletismo.es\/blog\/#organization\"},\"potentialAction\":[{\"@type\":\"SearchAction\",\"target\":{\"@type\":\"EntryPoint\",\"urlTemplate\":\"https:\/\/celtaatletismo.es\/blog\/?s={search_term_string}\"},\"query-input\":\"required name=search_term_string\"}],\"inLanguage\":\"es\"},{\"@type\":\"Organization\",\"@id\":\"https:\/\/celtaatletismo.es\/blog\/#organization\",\"name\":\"Celta Atletismo\",\"url\":\"https:\/\/celtaatletismo.es\/blog\/\",\"logo\":{\"@type\":\"ImageObject\",\"inLanguage\":\"es\",\"@id\":\"https:\/\/celtaatletismo.es\/blog\/#\/schema\/logo\/image\/\",\"url\":\"https:\/\/celtaatletismo.es\/blog\/wp-content\/uploads\/2018\/12\/logo-web-celta-atletismo-solo.png\",\"contentUrl\":\"https:\/\/celtaatletismo.es\/blog\/wp-content\/uploads\/2018\/12\/logo-web-celta-atletismo-solo.png\",\"width\":555,\"height\":171,\"caption\":\"Celta Atletismo\"},\"image\":{\"@id\":\"https:\/\/celtaatletismo.es\/blog\/#\/schema\/logo\/image\/\"},\"sameAs\":[\"https:\/\/www.facebook.com\/Real-Club-Celta-de-Atletismo-Atletismo-Femenino-Celta-177005092323603\/\",\"https:\/\/twitter.com\/CeltaAtletismo\"]}]}<\/script>\n<!-- \/ Yoast SEO plugin. -->","yoast_head_json":{"title":"NUESTROS OR\u00cdGENES. - Celta Atletismo","robots":{"index":"index","follow":"follow","max-snippet":"max-snippet:-1","max-image-preview":"max-image-preview:large","max-video-preview":"max-video-preview:-1"},"canonical":"https:\/\/celtaatletismo.es\/blog\/el-club\/","og_locale":"es_ES","og_type":"article","og_title":"NUESTROS OR\u00cdGENES. - Celta Atletismo","og_description":"&nbsp; El atletismo c\u00e9ltico representa, en esencia, lo mejor y m\u00e1s brillante en la historia de nuestro deporte en Galicia, a nivel de club, cuantificado por una serie de realizaciones, en diferentes estamentos, que as\u00ed lo testimonian. Lleg\u00f3 el deporte atl\u00e9tico al Celta de la mano de una de las m\u00e1s prestigiosas personalidades deportivas de [&hellip;]","og_url":"https:\/\/celtaatletismo.es\/blog\/el-club\/","og_site_name":"Celta Atletismo","article_publisher":"https:\/\/www.facebook.com\/Real-Club-Celta-de-Atletismo-Atletismo-Femenino-Celta-177005092323603\/","article_modified_time":"2024-03-19T19:59:22+00:00","og_image":[{"url":"https:\/\/celtaatletismo.es\/blog\/wp-content\/uploads\/2015\/05\/equipo-1924.jpg"}],"twitter_card":"summary_large_image","twitter_site":"@CeltaAtletismo","twitter_misc":{"Tiempo de lectura":"5 minutos"},"schema":{"@context":"https:\/\/schema.org","@graph":[{"@type":"WebPage","@id":"https:\/\/celtaatletismo.es\/blog\/el-club\/","url":"https:\/\/celtaatletismo.es\/blog\/el-club\/","name":"NUESTROS OR\u00cdGENES. - Celta Atletismo","isPartOf":{"@id":"https:\/\/celtaatletismo.es\/blog\/#website"},"datePublished":"2015-05-06T12:01:47+00:00","dateModified":"2024-03-19T19:59:22+00:00","breadcrumb":{"@id":"https:\/\/celtaatletismo.es\/blog\/el-club\/#breadcrumb"},"inLanguage":"es","potentialAction":[{"@type":"ReadAction","target":["https:\/\/celtaatletismo.es\/blog\/el-club\/"]}]},{"@type":"BreadcrumbList","@id":"https:\/\/celtaatletismo.es\/blog\/el-club\/#breadcrumb","itemListElement":[{"@type":"ListItem","position":1,"name":"Portada","item":"https:\/\/celtaatletismo.es\/blog\/"},{"@type":"ListItem","position":2,"name":"NUESTROS OR\u00cdGENES."}]},{"@type":"WebSite","@id":"https:\/\/celtaatletismo.es\/blog\/#website","url":"https:\/\/celtaatletismo.es\/blog\/","name":"Celta Atletismo","description":"Web oficial del Real Club Celta Atletismo y del Club Atletismo Femenino Celta","publisher":{"@id":"https:\/\/celtaatletismo.es\/blog\/#organization"},"potentialAction":[{"@type":"SearchAction","target":{"@type":"EntryPoint","urlTemplate":"https:\/\/celtaatletismo.es\/blog\/?s={search_term_string}"},"query-input":"required name=search_term_string"}],"inLanguage":"es"},{"@type":"Organization","@id":"https:\/\/celtaatletismo.es\/blog\/#organization","name":"Celta Atletismo","url":"https:\/\/celtaatletismo.es\/blog\/","logo":{"@type":"ImageObject","inLanguage":"es","@id":"https:\/\/celtaatletismo.es\/blog\/#\/schema\/logo\/image\/","url":"https:\/\/celtaatletismo.es\/blog\/wp-content\/uploads\/2018\/12\/logo-web-celta-atletismo-solo.png","contentUrl":"https:\/\/celtaatletismo.es\/blog\/wp-content\/uploads\/2018\/12\/logo-web-celta-atletismo-solo.png","width":555,"height":171,"caption":"Celta Atletismo"},"image":{"@id":"https:\/\/celtaatletismo.es\/blog\/#\/schema\/logo\/image\/"},"sameAs":["https:\/\/www.facebook.com\/Real-Club-Celta-de-Atletismo-Atletismo-Femenino-Celta-177005092323603\/","https:\/\/twitter.com\/CeltaAtletismo"]}]}},"_links":{"self":[{"href":"https:\/\/celtaatletismo.es\/blog\/wp-json\/wp\/v2\/pages\/5584"}],"collection":[{"href":"https:\/\/celtaatletismo.es\/blog\/wp-json\/wp\/v2\/pages"}],"about":[{"href":"https:\/\/celtaatletismo.es\/blog\/wp-json\/wp\/v2\/types\/page"}],"author":[{"embeddable":true,"href":"https:\/\/celtaatletismo.es\/blog\/wp-json\/wp\/v2\/users\/5"}],"replies":[{"embeddable":true,"href":"https:\/\/celtaatletismo.es\/blog\/wp-json\/wp\/v2\/comments?post=5584"}],"version-history":[{"count":28,"href":"https:\/\/celtaatletismo.es\/blog\/wp-json\/wp\/v2\/pages\/5584\/revisions"}],"predecessor-version":[{"id":10842,"href":"https:\/\/celtaatletismo.es\/blog\/wp-json\/wp\/v2\/pages\/5584\/revisions\/10842"}],"wp:attachment":[{"href":"https:\/\/celtaatletismo.es\/blog\/wp-json\/wp\/v2\/media?parent=5584"}],"curies":[{"name":"wp","href":"https:\/\/api.w.org\/{rel}","templated":true}]}}