{"id":1000,"date":"2007-09-17T07:49:46","date_gmt":"2007-09-17T07:49:46","guid":{"rendered":"http:\/\/s220043763.mialojamiento.es\/?page_id=283"},"modified":"2020-05-11T00:56:31","modified_gmt":"2020-05-10T22:56:31","slug":"carlos-perez-alonso","status":"publish","type":"page","link":"https:\/\/celtaatletismo.es\/blog\/atletas-destacados\/carlos-perez-alonso\/","title":{"rendered":"Carlos P\u00e9rez Alonso"},"content":{"rendered":"\t\t<div data-elementor-type=\"wp-page\" data-elementor-id=\"1000\" class=\"elementor elementor-1000\">\n\t\t\t\t\t\t<div class=\"elementor-inner\">\n\t\t\t\t<div class=\"elementor-section-wrap\">\n\t\t\t\t\t\t\t\t\t<section class=\"has_eae_slider elementor-section elementor-top-section elementor-element elementor-element-8dfd73a elementor-section-boxed elementor-section-height-default elementor-section-height-default\" data-particle_enable=\"false\" data-particle-mobile-disabled=\"false\" data-id=\"8dfd73a\" data-element_type=\"section\">\n\t\t\t\t\t\t<div class=\"elementor-container elementor-column-gap-default\">\n\t\t\t\t\t\t\t<div class=\"elementor-row\">\n\t\t\t\t\t<div class=\"has_eae_slider elementor-column elementor-col-50 elementor-top-column elementor-element elementor-element-a7a2cce\" data-id=\"a7a2cce\" data-element_type=\"column\">\n\t\t\t<div class=\"elementor-column-wrap elementor-element-populated\">\n\t\t\t\t\t\t\t<div class=\"elementor-widget-wrap\">\n\t\t\t\t\t\t<div class=\"elementor-element elementor-element-f24df14 elementor-widget elementor-widget-text-editor\" data-id=\"f24df14\" data-element_type=\"widget\" data-widget_type=\"text-editor.default\">\n\t\t\t\t<div class=\"elementor-widget-container\">\n\t\t\t\t\t\t\t\t<div class=\"elementor-text-editor elementor-clearfix\">\n\t\t\t\t<p>&#8211; Naci\u00f3 en Vigo el 1\u00ba junio 1935. 1,59 m\/53 kgs.<br \/>&#8211; Se inici\u00f3 en atletismo el a\u00f1o 1952 y su actividad competitiva dur\u00f3 20 a\u00f1os, hasta 1972. Conducta ejemplar de deportividad y entrega absoluta, sin compensaci\u00f3n econ\u00f3mica alguna.<br \/>&#8211; 46 veces internacional absoluto.<br \/>&#8211; Campe\u00f3n de Espa\u00f1a absoluto :<br \/>3 veces Gran fondo 30 kmts en 1966, 68 y 69. .<br \/>5 \u201c Marathon 1966 a 1970 (1968 en Vigo)<br \/>1 \u201c 5.000 m. en 1959<br \/>4 \u201c 10.000 m. en 1958, 59, 60 y 68<br \/>2 \u201c campo a trav\u00e9s en 1959 y 60.<br \/>&#8211; Particip\u00f3 en los Juegos 0limpicos de Roma 1960, M\u00e9xico 1968 y Munich 1972.<br \/>&#8211; Campeonatos de Europa de pista, en Budapest 1966 (4\u00ba clasificado en el marathon), Atenas 1969 y Helsinki 1971.<br \/>&#8211; Juegos Mediterr\u00e1neos de Beirut 1959 y T\u00fanez 1967<br \/>&#8211; Juegos Iberoamericanos de Santiago de Chile 1960 y Madrid 1962 (medalla de bronce en los 10.000 m., en Madrid).<br \/>&#8211; Visti\u00f3 la camiseta de Espa\u00f1a en diez ediciones del extinto Cross de las Naciones, entre 1959 y 1972.<br \/>&#8211; R\u00e9cords personales : 1.500 m. 3.50,0; 5.000 m. 14.12,2: 10.000 m. 29.25,2 ( todo en pista de ceniza) y 2.16.27 en marathon.<\/p><p>Ha desarrollado una gran labor de colaboraci\u00f3n t\u00e9cnica como profesor de cursillos y entrenador de atletismo, forjando atletas destacados en fondo y mediofondo, el m\u00e1s sobresaliente <strong>Alejandro Miguel<\/strong>, campe\u00f3n de Espa\u00f1a absoluto en 1997 de 800 m. lisos.<br \/>&#8211; Mantiene vigentes, al dia de hoy, los r\u00e9cords de Espa\u00f1a de 25.000 m. (1h.19.56.8) y 30.000 m. (1h.36.07,8) en pista, el 2 septiembre 1969 en La Coru\u00f1a.<br \/>Perteneci\u00f3 al Club Alerta desde sus inicios hasta 1960, inactivo en 1961 por lesi\u00f3n y retorno en 1962 por el Real Club Celta hasta su retirada.<br \/>Entrenado por el catal\u00e1n <strong>Luis Mir\u00f3<\/strong> en su \u00e9poca del Alerta, despues con <strong>Alfonso Posada<\/strong> en 1962 y desde aqui siempre de la mano de <strong>Alfonso 0rtega<\/strong>.<\/p><p><img decoding=\"async\" loading=\"lazy\" class=\"aligncenter wp-image-9606 size-full\" src=\"https:\/\/celtaatletismo.es\/blog\/blog\/wp-content\/uploads\/2019\/08\/Carlos-perez-y-Alvarez-Salgado-Celta.jpg\" alt=\"\" width=\"836\" height=\"1274\" srcset=\"https:\/\/celtaatletismo.es\/blog\/wp-content\/uploads\/2019\/08\/Carlos-perez-y-Alvarez-Salgado-Celta.jpg 836w, https:\/\/celtaatletismo.es\/blog\/wp-content\/uploads\/2019\/08\/Carlos-perez-y-Alvarez-Salgado-Celta-131x200.jpg 131w, https:\/\/celtaatletismo.es\/blog\/wp-content\/uploads\/2019\/08\/Carlos-perez-y-Alvarez-Salgado-Celta-768x1170.jpg 768w, https:\/\/celtaatletismo.es\/blog\/wp-content\/uploads\/2019\/08\/Carlos-perez-y-Alvarez-Salgado-Celta-672x1024.jpg 672w, https:\/\/celtaatletismo.es\/blog\/wp-content\/uploads\/2019\/08\/Carlos-perez-y-Alvarez-Salgado-Celta-360x549.jpg 360w, https:\/\/celtaatletismo.es\/blog\/wp-content\/uploads\/2019\/08\/Carlos-perez-y-Alvarez-Salgado-Celta-750x1143.jpg 750w\" sizes=\"(max-width: 836px) 100vw, 836px\" \/><\/p><p><em>Carlos Perez acompa\u00f1ado de Alvarez Salgado, dos olimpicos celticos<\/em><\/p>\t\t\t\t\t<\/div>\n\t\t\t\t\t\t<\/div>\n\t\t\t\t<\/div>\n\t\t\t\t\t\t<\/div>\n\t\t\t\t\t<\/div>\n\t\t<\/div>\n\t\t\t\t<div class=\"has_eae_slider elementor-column elementor-col-50 elementor-top-column elementor-element elementor-element-9f05830\" data-id=\"9f05830\" data-element_type=\"column\">\n\t\t\t<div class=\"elementor-column-wrap elementor-element-populated\">\n\t\t\t\t\t\t\t<div class=\"elementor-widget-wrap\">\n\t\t\t\t\t\t<div class=\"elementor-element elementor-element-4db8328 elementor-widget elementor-widget-template\" data-id=\"4db8328\" data-element_type=\"widget\" data-widget_type=\"template.default\">\n\t\t\t\t<div class=\"elementor-widget-container\">\n\t\t\t\t\t<div class=\"elementor-template\">\n\t\t\t\t\t<div data-elementor-type=\"page\" data-elementor-id=\"10379\" class=\"elementor elementor-10379\">\n\t\t\t\t\t\t<div class=\"elementor-inner\">\n\t\t\t\t<div class=\"elementor-section-wrap\">\n\t\t\t\t\t\t\t\t\t<section class=\"has_eae_slider elementor-section elementor-top-section elementor-element elementor-element-cf7a3d6 elementor-section-boxed elementor-section-height-default elementor-section-height-default\" data-particle_enable=\"false\" data-particle-mobile-disabled=\"false\" data-id=\"cf7a3d6\" data-element_type=\"section\">\n\t\t\t\t\t\t<div class=\"elementor-container elementor-column-gap-default\">\n\t\t\t\t\t\t\t<div class=\"elementor-row\">\n\t\t\t\t\t<div class=\"has_eae_slider elementor-column elementor-col-100 elementor-top-column elementor-element elementor-element-e2efd9e\" data-id=\"e2efd9e\" data-element_type=\"column\">\n\t\t\t<div class=\"elementor-column-wrap elementor-element-populated\">\n\t\t\t\t\t\t\t<div class=\"elementor-widget-wrap\">\n\t\t\t\t\t\t<div class=\"elementor-element elementor-element-ecfeaff sin-margen elementor-widget elementor-widget-image\" data-id=\"ecfeaff\" data-element_type=\"widget\" data-widget_type=\"image.default\">\n\t\t\t\t<div class=\"elementor-widget-container\">\n\t\t\t\t\t\t\t\t<div class=\"elementor-image\">\n\t\t\t\t\t\t\t\t\t\t\t\t\t<a href=\"https:\/\/celtaatletismo.es\/blog\/escola\/\">\n\t\t\t\t\t\t\t<img decoding=\"async\" width=\"337\" height=\"103\" src=\"https:\/\/celtaatletismo.es\/blog\/wp-content\/uploads\/2015\/07\/escola-de-atletismo-celta.png\" class=\"attachment-large size-large wp-image-6077\" alt=\"\" loading=\"lazy\" srcset=\"https:\/\/celtaatletismo.es\/blog\/wp-content\/uploads\/2015\/07\/escola-de-atletismo-celta.png 337w, https:\/\/celtaatletismo.es\/blog\/wp-content\/uploads\/2015\/07\/escola-de-atletismo-celta-300x92.png 300w\" sizes=\"(max-width: 337px) 100vw, 337px\" \/>\t\t\t\t\t\t\t\t<\/a>\n\t\t\t\t\t\t\t\t\t\t\t\t\t\t<\/div>\n\t\t\t\t\t\t<\/div>\n\t\t\t\t<\/div>\n\t\t\t\t<div class=\"elementor-element elementor-element-4b8fbd7 sin-margen elementor-widget elementor-widget-image\" data-id=\"4b8fbd7\" data-element_type=\"widget\" data-widget_type=\"image.default\">\n\t\t\t\t<div class=\"elementor-widget-container\">\n\t\t\t\t\t\t\t\t<div class=\"elementor-image\">\n\t\t\t\t\t\t\t\t\t\t\t\t\t<a href=\"https:\/\/app.cluber.es\/clubes\/ffff7f52d47268e607fa6d332df6d68f19c5674c8cf8\/pagos\/64b7939a71d38092676480\" target=\"_blank\">\n\t\t\t\t\t\t\t<img decoding=\"async\" width=\"337\" height=\"111\" src=\"https:\/\/celtaatletismo.es\/blog\/wp-content\/uploads\/2020\/05\/tienda-celta-atletismo.png\" class=\"attachment-large size-large wp-image-11645\" alt=\"\" loading=\"lazy\" srcset=\"https:\/\/celtaatletismo.es\/blog\/wp-content\/uploads\/2020\/05\/tienda-celta-atletismo.png 337w, https:\/\/celtaatletismo.es\/blog\/wp-content\/uploads\/2020\/05\/tienda-celta-atletismo-200x66.png 200w\" sizes=\"(max-width: 337px) 100vw, 337px\" \/>\t\t\t\t\t\t\t\t<\/a>\n\t\t\t\t\t\t\t\t\t\t\t\t\t\t<\/div>\n\t\t\t\t\t\t<\/div>\n\t\t\t\t<\/div>\n\t\t\t\t<div class=\"elementor-element elementor-element-606ac39 elementor-widget-divider--view-line_text elementor-widget-divider--element-align-left sin-margen elementor-widget elementor-widget-divider\" data-id=\"606ac39\" data-element_type=\"widget\" data-widget_type=\"divider.default\">\n\t\t\t\t<div class=\"elementor-widget-container\">\n\t\t\t\t\t<div class=\"elementor-divider\">\n\t\t\t<span class=\"elementor-divider-separator\">\n\t\t\t\t\t\t\t<span class=\"elementor-divider__text elementor-divider__element\">\n\t\t\t\tPATROCINADORES\t\t\t\t<\/span>\n\t\t\t\t\t\t<\/span>\n\t\t<\/div>\n\t\t\t\t<\/div>\n\t\t\t\t<\/div>\n\t\t\t\t<section class=\"has_eae_slider elementor-section elementor-inner-section elementor-element elementor-element-4deab11 elementor-section-boxed elementor-section-height-default elementor-section-height-default\" data-particle_enable=\"false\" data-particle-mobile-disabled=\"false\" data-id=\"4deab11\" data-element_type=\"section\">\n\t\t\t\t\t\t<div class=\"elementor-container elementor-column-gap-default\">\n\t\t\t\t\t\t\t<div class=\"elementor-row\">\n\t\t\t\t\t<div class=\"has_eae_slider elementor-column elementor-col-50 elementor-inner-column elementor-element elementor-element-85478f8\" data-id=\"85478f8\" data-element_type=\"column\">\n\t\t\t<div class=\"elementor-column-wrap elementor-element-populated\">\n\t\t\t\t\t\t\t<div class=\"elementor-widget-wrap\">\n\t\t\t\t\t\t<div class=\"elementor-element elementor-element-a3d9ce1 elementor-widget elementor-widget-image\" data-id=\"a3d9ce1\" data-element_type=\"widget\" data-widget_type=\"image.default\">\n\t\t\t\t<div class=\"elementor-widget-container\">\n\t\t\t\t\t\t\t\t<div class=\"elementor-image\">\n\t\t\t\t\t\t\t\t\t\t\t\t\t<a href=\"http:\/\/hoxe.vigo.org\/\" target=\"_blank\">\n\t\t\t\t\t\t\t<img decoding=\"async\" width=\"334\" height=\"114\" src=\"https:\/\/celtaatletismo.es\/blog\/wp-content\/uploads\/2018\/03\/concello-de-vigo-hd.jpg\" class=\"attachment-large size-large wp-image-8546\" alt=\"\" loading=\"lazy\" srcset=\"https:\/\/celtaatletismo.es\/blog\/wp-content\/uploads\/2018\/03\/concello-de-vigo-hd.jpg 334w, https:\/\/celtaatletismo.es\/blog\/wp-content\/uploads\/2018\/03\/concello-de-vigo-hd-200x68.jpg 200w\" sizes=\"(max-width: 334px) 100vw, 334px\" \/>\t\t\t\t\t\t\t\t<\/a>\n\t\t\t\t\t\t\t\t\t\t\t\t\t\t<\/div>\n\t\t\t\t\t\t<\/div>\n\t\t\t\t<\/div>\n\t\t\t\t\t\t<\/div>\n\t\t\t\t\t<\/div>\n\t\t<\/div>\n\t\t\t\t<div class=\"has_eae_slider elementor-column elementor-col-50 elementor-inner-column elementor-element elementor-element-e71fb48\" data-id=\"e71fb48\" data-element_type=\"column\">\n\t\t\t<div class=\"elementor-column-wrap elementor-element-populated\">\n\t\t\t\t\t\t\t<div class=\"elementor-widget-wrap\">\n\t\t\t\t\t\t<div class=\"elementor-element elementor-element-4910044 elementor-widget elementor-widget-image\" data-id=\"4910044\" data-element_type=\"widget\" data-widget_type=\"image.default\">\n\t\t\t\t<div class=\"elementor-widget-container\">\n\t\t\t\t\t\t\t\t<div class=\"elementor-image\">\n\t\t\t\t\t\t\t\t\t\t\t\t\t<a href=\"http:\/\/www.depo.es\/\" target=\"_blank\">\n\t\t\t\t\t\t\t<img decoding=\"async\" width=\"330\" height=\"114\" src=\"https:\/\/celtaatletismo.es\/blog\/wp-content\/uploads\/2020\/05\/deputacion-pontevedra-hd2024.jpg\" class=\"attachment-large size-large wp-image-11920\" alt=\"\" loading=\"lazy\" srcset=\"https:\/\/celtaatletismo.es\/blog\/wp-content\/uploads\/2020\/05\/deputacion-pontevedra-hd2024.jpg 330w, https:\/\/celtaatletismo.es\/blog\/wp-content\/uploads\/2020\/05\/deputacion-pontevedra-hd2024-200x69.jpg 200w\" sizes=\"(max-width: 330px) 100vw, 330px\" \/>\t\t\t\t\t\t\t\t<\/a>\n\t\t\t\t\t\t\t\t\t\t\t\t\t\t<\/div>\n\t\t\t\t\t\t<\/div>\n\t\t\t\t<\/div>\n\t\t\t\t\t\t<\/div>\n\t\t\t\t\t<\/div>\n\t\t<\/div>\n\t\t\t\t\t\t\t\t<\/div>\n\t\t\t\t\t<\/div>\n\t\t<\/section>\n\t\t\t\t<section class=\"has_eae_slider elementor-section elementor-inner-section elementor-element elementor-element-9a0d5f3 elementor-section-boxed elementor-section-height-default elementor-section-height-default\" data-particle_enable=\"false\" data-particle-mobile-disabled=\"false\" data-id=\"9a0d5f3\" data-element_type=\"section\">\n\t\t\t\t\t\t<div class=\"elementor-container elementor-column-gap-default\">\n\t\t\t\t\t\t\t<div class=\"elementor-row\">\n\t\t\t\t\t<div class=\"has_eae_slider elementor-column elementor-col-100 elementor-inner-column elementor-element elementor-element-7b475e7\" data-id=\"7b475e7\" data-element_type=\"column\">\n\t\t\t<div class=\"elementor-column-wrap elementor-element-populated\">\n\t\t\t\t\t\t\t<div class=\"elementor-widget-wrap\">\n\t\t\t\t\t\t<div class=\"elementor-element elementor-element-3d03e85 elementor-widget elementor-widget-image\" data-id=\"3d03e85\" data-element_type=\"widget\" data-widget_type=\"image.default\">\n\t\t\t\t<div class=\"elementor-widget-container\">\n\t\t\t\t\t\t\t\t<div class=\"elementor-image\">\n\t\t\t\t\t\t\t\t\t\t\t\t\t<a href=\"http:\/\/deporte.xunta.es\/\" target=\"_blank\">\n\t\t\t\t\t\t\t<img decoding=\"async\" width=\"338\" height=\"86\" src=\"https:\/\/celtaatletismo.es\/blog\/wp-content\/uploads\/2020\/05\/logo-xunta.jpg\" class=\"attachment-large size-large wp-image-11796\" alt=\"\" loading=\"lazy\" srcset=\"https:\/\/celtaatletismo.es\/blog\/wp-content\/uploads\/2020\/05\/logo-xunta.jpg 338w, https:\/\/celtaatletismo.es\/blog\/wp-content\/uploads\/2020\/05\/logo-xunta-200x51.jpg 200w\" sizes=\"(max-width: 338px) 100vw, 338px\" \/>\t\t\t\t\t\t\t\t<\/a>\n\t\t\t\t\t\t\t\t\t\t\t\t\t\t<\/div>\n\t\t\t\t\t\t<\/div>\n\t\t\t\t<\/div>\n\t\t\t\t\t\t<\/div>\n\t\t\t\t\t<\/div>\n\t\t<\/div>\n\t\t\t\t\t\t\t\t<\/div>\n\t\t\t\t\t<\/div>\n\t\t<\/section>\n\t\t\t\t<section class=\"has_eae_slider elementor-section elementor-inner-section elementor-element elementor-element-5fff41a elementor-section-boxed elementor-section-height-default elementor-section-height-default\" data-particle_enable=\"false\" data-particle-mobile-disabled=\"false\" data-id=\"5fff41a\" data-element_type=\"section\">\n\t\t\t\t\t\t<div class=\"elementor-container elementor-column-gap-default\">\n\t\t\t\t\t\t\t<div class=\"elementor-row\">\n\t\t\t\t\t<div class=\"has_eae_slider elementor-column elementor-col-100 elementor-inner-column elementor-element elementor-element-aa87a80\" data-id=\"aa87a80\" data-element_type=\"column\">\n\t\t\t<div class=\"elementor-column-wrap elementor-element-populated\">\n\t\t\t\t\t\t\t<div class=\"elementor-widget-wrap\">\n\t\t\t\t\t\t<div class=\"elementor-element elementor-element-8790493 elementor-widget elementor-widget-image\" data-id=\"8790493\" data-element_type=\"widget\" data-widget_type=\"image.default\">\n\t\t\t\t<div class=\"elementor-widget-container\">\n\t\t\t\t\t\t\t\t<div class=\"elementor-image\">\n\t\t\t\t\t\t\t\t\t\t\t\t\t<a href=\"http:\/\/www.abanca.com\/\">\n\t\t\t\t\t\t\t<img decoding=\"async\" src=\"https:\/\/celtaatletismo.es\/blog\/wp-content\/uploads\/elementor\/thumbs\/NON-ppmqc9tokirai65uqxk7k0ewi6hd9gx7nryxkjbxye.png\" title=\"NON\" alt=\"NON\" loading=\"lazy\" \/>\t\t\t\t\t\t\t\t<\/a>\n\t\t\t\t\t\t\t\t\t\t\t\t\t\t<\/div>\n\t\t\t\t\t\t<\/div>\n\t\t\t\t<\/div>\n\t\t\t\t\t\t<\/div>\n\t\t\t\t\t<\/div>\n\t\t<\/div>\n\t\t\t\t\t\t\t\t<\/div>\n\t\t\t\t\t<\/div>\n\t\t<\/section>\n\t\t\t\t<section class=\"has_eae_slider elementor-section elementor-inner-section elementor-element elementor-element-29696b9 elementor-section-boxed elementor-section-height-default elementor-section-height-default\" data-particle_enable=\"false\" data-particle-mobile-disabled=\"false\" data-id=\"29696b9\" data-element_type=\"section\">\n\t\t\t\t\t\t<div class=\"elementor-container elementor-column-gap-default\">\n\t\t\t\t\t\t\t<div class=\"elementor-row\">\n\t\t\t\t\t<div class=\"has_eae_slider elementor-column elementor-col-50 elementor-inner-column elementor-element elementor-element-4341cd9\" data-id=\"4341cd9\" data-element_type=\"column\">\n\t\t\t<div class=\"elementor-column-wrap elementor-element-populated\">\n\t\t\t\t\t\t\t<div class=\"elementor-widget-wrap\">\n\t\t\t\t\t\t<div class=\"elementor-element elementor-element-1c778ee elementor-widget elementor-widget-image\" data-id=\"1c778ee\" data-element_type=\"widget\" data-widget_type=\"image.default\">\n\t\t\t\t<div class=\"elementor-widget-container\">\n\t\t\t\t\t\t\t\t<div class=\"elementor-image\">\n\t\t\t\t\t\t\t\t\t\t\t\t\t<a href=\"http:\/\/www.abanca.com\/\">\n\t\t\t\t\t\t\t<img decoding=\"async\" width=\"294\" height=\"110\" src=\"https:\/\/celtaatletismo.es\/blog\/wp-content\/uploads\/2018\/03\/abanca-hd.jpg\" class=\"attachment-large size-large wp-image-8550\" alt=\"\" loading=\"lazy\" srcset=\"https:\/\/celtaatletismo.es\/blog\/wp-content\/uploads\/2018\/03\/abanca-hd.jpg 294w, https:\/\/celtaatletismo.es\/blog\/wp-content\/uploads\/2018\/03\/abanca-hd-200x75.jpg 200w\" sizes=\"(max-width: 294px) 100vw, 294px\" \/>\t\t\t\t\t\t\t\t<\/a>\n\t\t\t\t\t\t\t\t\t\t\t\t\t\t<\/div>\n\t\t\t\t\t\t<\/div>\n\t\t\t\t<\/div>\n\t\t\t\t\t\t<\/div>\n\t\t\t\t\t<\/div>\n\t\t<\/div>\n\t\t\t\t<div class=\"has_eae_slider elementor-column elementor-col-50 elementor-inner-column elementor-element elementor-element-3550e8d\" data-id=\"3550e8d\" data-element_type=\"column\">\n\t\t\t<div class=\"elementor-column-wrap elementor-element-populated\">\n\t\t\t\t\t\t\t<div class=\"elementor-widget-wrap\">\n\t\t\t\t\t\t<div class=\"elementor-element elementor-element-cef9dfc elementor-widget elementor-widget-image\" data-id=\"cef9dfc\" data-element_type=\"widget\" data-widget_type=\"image.default\">\n\t\t\t\t<div class=\"elementor-widget-container\">\n\t\t\t\t\t\t\t\t<div class=\"elementor-image\">\n\t\t\t\t\t\t\t\t\t\t\t\t<img decoding=\"async\" width=\"300\" height=\"150\" src=\"https:\/\/celtaatletismo.es\/blog\/wp-content\/uploads\/2020\/05\/serfico-sl.jpg\" class=\"attachment-large size-large wp-image-10896\" alt=\"\" loading=\"lazy\" srcset=\"https:\/\/celtaatletismo.es\/blog\/wp-content\/uploads\/2020\/05\/serfico-sl.jpg 300w, https:\/\/celtaatletismo.es\/blog\/wp-content\/uploads\/2020\/05\/serfico-sl-200x100.jpg 200w\" sizes=\"(max-width: 300px) 100vw, 300px\" \/>\t\t\t\t\t\t\t\t\t\t\t\t\t\t<\/div>\n\t\t\t\t\t\t<\/div>\n\t\t\t\t<\/div>\n\t\t\t\t\t\t<\/div>\n\t\t\t\t\t<\/div>\n\t\t<\/div>\n\t\t\t\t\t\t\t\t<\/div>\n\t\t\t\t\t<\/div>\n\t\t<\/section>\n\t\t\t\t<section class=\"has_eae_slider elementor-section elementor-inner-section elementor-element elementor-element-ed666b8 elementor-section-boxed elementor-section-height-default elementor-section-height-default\" data-particle_enable=\"false\" data-particle-mobile-disabled=\"false\" data-id=\"ed666b8\" data-element_type=\"section\">\n\t\t\t\t\t\t<div class=\"elementor-container elementor-column-gap-default\">\n\t\t\t\t\t\t\t<div class=\"elementor-row\">\n\t\t\t\t\t<div class=\"has_eae_slider elementor-column elementor-col-50 elementor-inner-column elementor-element elementor-element-d25cc50\" data-id=\"d25cc50\" data-element_type=\"column\">\n\t\t\t<div class=\"elementor-column-wrap elementor-element-populated\">\n\t\t\t\t\t\t\t<div class=\"elementor-widget-wrap\">\n\t\t\t\t\t\t<div class=\"elementor-element elementor-element-253756a elementor-widget elementor-widget-image\" data-id=\"253756a\" data-element_type=\"widget\" data-widget_type=\"image.default\">\n\t\t\t\t<div class=\"elementor-widget-container\">\n\t\t\t\t\t\t\t\t<div class=\"elementor-image\">\n\t\t\t\t\t\t\t\t\t\t\t\t\t<a href=\"https:\/\/xenera.com\/gl\/tarifa-balon-e-redonda\/?utm_source=celtaatletismo&#038;utm_medium=web&#038;utm_campaign=tarifabalon\" target=\"_blank\">\n\t\t\t\t\t\t\t<img decoding=\"async\" width=\"800\" height=\"1700\" src=\"https:\/\/celtaatletismo.es\/blog\/wp-content\/uploads\/2019\/12\/Tarifa_Balon_Tricolor_Web_GAL.jpg\" class=\"attachment-full size-full wp-image-9868\" alt=\"\" loading=\"lazy\" srcset=\"https:\/\/celtaatletismo.es\/blog\/wp-content\/uploads\/2019\/12\/Tarifa_Balon_Tricolor_Web_GAL.jpg 800w, https:\/\/celtaatletismo.es\/blog\/wp-content\/uploads\/2019\/12\/Tarifa_Balon_Tricolor_Web_GAL-94x200.jpg 94w, https:\/\/celtaatletismo.es\/blog\/wp-content\/uploads\/2019\/12\/Tarifa_Balon_Tricolor_Web_GAL-768x1632.jpg 768w, https:\/\/celtaatletismo.es\/blog\/wp-content\/uploads\/2019\/12\/Tarifa_Balon_Tricolor_Web_GAL-482x1024.jpg 482w, https:\/\/celtaatletismo.es\/blog\/wp-content\/uploads\/2019\/12\/Tarifa_Balon_Tricolor_Web_GAL-360x765.jpg 360w, https:\/\/celtaatletismo.es\/blog\/wp-content\/uploads\/2019\/12\/Tarifa_Balon_Tricolor_Web_GAL-750x1594.jpg 750w\" sizes=\"(max-width: 800px) 100vw, 800px\" \/>\t\t\t\t\t\t\t\t<\/a>\n\t\t\t\t\t\t\t\t\t\t\t\t\t\t<\/div>\n\t\t\t\t\t\t<\/div>\n\t\t\t\t<\/div>\n\t\t\t\t\t\t<\/div>\n\t\t\t\t\t<\/div>\n\t\t<\/div>\n\t\t\t\t<div class=\"has_eae_slider elementor-column elementor-col-50 elementor-inner-column elementor-element elementor-element-68e31e1\" data-id=\"68e31e1\" data-element_type=\"column\">\n\t\t\t<div class=\"elementor-column-wrap elementor-element-populated\">\n\t\t\t\t\t\t\t<div class=\"elementor-widget-wrap\">\n\t\t\t\t\t\t<div class=\"elementor-element elementor-element-d5aa2c1 elementor-widget elementor-widget-image\" data-id=\"d5aa2c1\" data-element_type=\"widget\" data-widget_type=\"image.default\">\n\t\t\t\t<div class=\"elementor-widget-container\">\n\t\t\t\t\t\t\t\t<div class=\"elementor-image\">\n\t\t\t\t\t\t\t\t\t\t\t\t\t<a href=\"https:\/\/www.aguasana.es\/\" target=\"_blank\">\n\t\t\t\t\t\t\t<img decoding=\"async\" width=\"240\" height=\"192\" src=\"https:\/\/celtaatletismo.es\/blog\/wp-content\/uploads\/2020\/05\/logo-agua-sana-grande.png\" class=\"attachment-full size-full wp-image-11900\" alt=\"\" loading=\"lazy\" srcset=\"https:\/\/celtaatletismo.es\/blog\/wp-content\/uploads\/2020\/05\/logo-agua-sana-grande.png 240w, https:\/\/celtaatletismo.es\/blog\/wp-content\/uploads\/2020\/05\/logo-agua-sana-grande-200x160.png 200w\" sizes=\"(max-width: 240px) 100vw, 240px\" \/>\t\t\t\t\t\t\t\t<\/a>\n\t\t\t\t\t\t\t\t\t\t\t\t\t\t<\/div>\n\t\t\t\t\t\t<\/div>\n\t\t\t\t<\/div>\n\t\t\t\t\t\t<\/div>\n\t\t\t\t\t<\/div>\n\t\t<\/div>\n\t\t\t\t\t\t\t\t<\/div>\n\t\t\t\t\t<\/div>\n\t\t<\/section>\n\t\t\t\t<div class=\"elementor-element elementor-element-df4224b elementor-widget elementor-widget-image\" data-id=\"df4224b\" data-element_type=\"widget\" data-widget_type=\"image.default\">\n\t\t\t\t<div class=\"elementor-widget-container\">\n\t\t\t\t\t\t\t\t<div class=\"elementor-image\">\n\t\t\t\t\t\t\t\t\t\t\t\t\t<a href=\"http:\/\/www.esteoingenieros.es\/\" target=\"_blank\">\n\t\t\t\t\t\t\t<img decoding=\"async\" width=\"200\" height=\"141\" src=\"https:\/\/celtaatletismo.es\/blog\/wp-content\/uploads\/2020\/05\/LOGO-ESTEO-200x141.jpg\" class=\"attachment-medium size-medium wp-image-12550\" alt=\"\" loading=\"lazy\" srcset=\"https:\/\/celtaatletismo.es\/blog\/wp-content\/uploads\/2020\/05\/LOGO-ESTEO-200x141.jpg 200w, https:\/\/celtaatletismo.es\/blog\/wp-content\/uploads\/2020\/05\/LOGO-ESTEO-1024x724.jpg 1024w, https:\/\/celtaatletismo.es\/blog\/wp-content\/uploads\/2020\/05\/LOGO-ESTEO-768x543.jpg 768w, https:\/\/celtaatletismo.es\/blog\/wp-content\/uploads\/2020\/05\/LOGO-ESTEO-1536x1086.jpg 1536w, https:\/\/celtaatletismo.es\/blog\/wp-content\/uploads\/2020\/05\/LOGO-ESTEO-2048x1448.jpg 2048w\" sizes=\"(max-width: 200px) 100vw, 200px\" \/>\t\t\t\t\t\t\t\t<\/a>\n\t\t\t\t\t\t\t\t\t\t\t\t\t\t<\/div>\n\t\t\t\t\t\t<\/div>\n\t\t\t\t<\/div>\n\t\t\t\t<section class=\"has_eae_slider elementor-section elementor-inner-section elementor-element elementor-element-0c718e7 elementor-section-boxed elementor-section-height-default elementor-section-height-default\" data-particle_enable=\"false\" data-particle-mobile-disabled=\"false\" data-id=\"0c718e7\" data-element_type=\"section\">\n\t\t\t\t\t\t<div class=\"elementor-container elementor-column-gap-default\">\n\t\t\t\t\t\t\t<div class=\"elementor-row\">\n\t\t\t\t\t<div class=\"has_eae_slider elementor-column elementor-col-100 elementor-inner-column elementor-element elementor-element-785dd22\" data-id=\"785dd22\" data-element_type=\"column\">\n\t\t\t<div class=\"elementor-column-wrap\">\n\t\t\t\t\t\t\t<div class=\"elementor-widget-wrap\">\n\t\t\t\t\t\t\t\t<\/div>\n\t\t\t\t\t<\/div>\n\t\t<\/div>\n\t\t\t\t\t\t\t\t<\/div>\n\t\t\t\t\t<\/div>\n\t\t<\/section>\n\t\t\t\t<div class=\"elementor-element elementor-element-f14454c elementor-widget-divider--view-line_text elementor-widget-divider--element-align-left sin-margen elementor-widget elementor-widget-divider\" data-id=\"f14454c\" data-element_type=\"widget\" data-widget_type=\"divider.default\">\n\t\t\t\t<div class=\"elementor-widget-container\">\n\t\t\t\t\t<div class=\"elementor-divider\">\n\t\t\t<span class=\"elementor-divider-separator\">\n\t\t\t\t\t\t\t<span class=\"elementor-divider__text elementor-divider__element\">\n\t\t\t\tS\u00cdGUENOS EN NUESTRAS REDES OFICIALES\t\t\t\t<\/span>\n\t\t\t\t\t\t<\/span>\n\t\t<\/div>\n\t\t\t\t<\/div>\n\t\t\t\t<\/div>\n\t\t\t\t<div class=\"elementor-element elementor-element-b801402 elementor-shape-rounded elementor-grid-0 e-grid-align-center elementor-widget elementor-widget-social-icons\" data-id=\"b801402\" data-element_type=\"widget\" data-widget_type=\"social-icons.default\">\n\t\t\t\t<div class=\"elementor-widget-container\">\n\t\t\t\t\t<div class=\"elementor-social-icons-wrapper elementor-grid\">\n\t\t\t\t\t\t\t<span class=\"elementor-grid-item\">\n\t\t\t\t\t<a class=\"elementor-icon elementor-social-icon elementor-social-icon-instagram elementor-repeater-item-2577ac7\" href=\"https:\/\/www.instagram.com\/celtaatletismo\/\" target=\"_blank\">\n\t\t\t\t\t\t<span class=\"elementor-screen-only\">Instagram<\/span>\n\t\t\t\t\t\t<i class=\"fab fa-instagram\"><\/i>\t\t\t\t\t<\/a>\n\t\t\t\t<\/span>\n\t\t\t\t\t\t\t<span class=\"elementor-grid-item\">\n\t\t\t\t\t<a class=\"elementor-icon elementor-social-icon elementor-social-icon-facebook elementor-repeater-item-8ffa66b\" href=\"https:\/\/www.facebook.com\/CeltaAtletismo\/\" target=\"_blank\">\n\t\t\t\t\t\t<span class=\"elementor-screen-only\">Facebook<\/span>\n\t\t\t\t\t\t<i class=\"fab fa-facebook\"><\/i>\t\t\t\t\t<\/a>\n\t\t\t\t<\/span>\n\t\t\t\t\t\t\t<span class=\"elementor-grid-item\">\n\t\t\t\t\t<a class=\"elementor-icon elementor-social-icon elementor-social-icon-youtube elementor-repeater-item-4f5c00c\" href=\"https:\/\/www.youtube.com\/channel\/UCWmDtJIxIWf3x4-sFHhC1iw\" target=\"_blank\">\n\t\t\t\t\t\t<span class=\"elementor-screen-only\">Youtube<\/span>\n\t\t\t\t\t\t<i class=\"fab fa-youtube\"><\/i>\t\t\t\t\t<\/a>\n\t\t\t\t<\/span>\n\t\t\t\t\t<\/div>\n\t\t\t\t<\/div>\n\t\t\t\t<\/div>\n\t\t\t\t\t\t<\/div>\n\t\t\t\t\t<\/div>\n\t\t<\/div>\n\t\t\t\t\t\t\t\t<\/div>\n\t\t\t\t\t<\/div>\n\t\t<\/section>\n\t\t\t\t\t\t\t\t\t<\/div>\n\t\t\t<\/div>\n\t\t\t\t\t<\/div>\n\t\t\t\t<\/div>\n\t\t\t\t<\/div>\n\t\t\t\t<\/div>\n\t\t\t\t\t\t<\/div>\n\t\t\t\t\t<\/div>\n\t\t<\/div>\n\t\t\t\t\t\t\t\t<\/div>\n\t\t\t\t\t<\/div>\n\t\t<\/section>\n\t\t\t\t\t\t\t\t\t<\/div>\n\t\t\t<\/div>\n\t\t\t\t\t<\/div>\n\t\t","protected":false},"excerpt":{"rendered":"<p>&#8211; Naci\u00f3 en Vigo el 1\u00ba junio 1935. 1,59 m\/53 kgs. &#8211; Se inici\u00f3 en atletismo el a\u00f1o 1952 y su actividad competitiva dur\u00f3 20 a\u00f1os, hasta 1972. Conducta ejemplar de deportividad y entrega absoluta, sin compensaci\u00f3n econ\u00f3mica alguna. &#8211; 46 veces internacional absoluto. &#8211; Campe\u00f3n de Espa\u00f1a absoluto : 3 veces Gran fondo 30 [&hellip;]<\/p>\n","protected":false},"author":10,"featured_media":0,"parent":792,"menu_order":0,"comment_status":"closed","ping_status":"closed","template":"","meta":{"_monsterinsights_skip_tracking":false,"_monsterinsights_sitenote_active":false,"_monsterinsights_sitenote_note":"","_monsterinsights_sitenote_category":0},"yoast_head":"<!-- This site is optimized with the Yoast SEO plugin v20.9 - https:\/\/yoast.com\/wordpress\/plugins\/seo\/ -->\n<title>Carlos P\u00e9rez Alonso - Celta Atletismo<\/title>\n<meta name=\"robots\" content=\"index, follow, max-snippet:-1, max-image-preview:large, max-video-preview:-1\" \/>\n<link rel=\"canonical\" href=\"https:\/\/celtaatletismo.es\/blog\/atletas-destacados\/carlos-perez-alonso\/\" \/>\n<meta property=\"og:locale\" content=\"es_ES\" \/>\n<meta property=\"og:type\" content=\"article\" \/>\n<meta property=\"og:title\" content=\"Carlos P\u00e9rez Alonso - Celta Atletismo\" \/>\n<meta property=\"og:description\" content=\"&#8211; Naci\u00f3 en Vigo el 1\u00ba junio 1935. 1,59 m\/53 kgs. &#8211; Se inici\u00f3 en atletismo el a\u00f1o 1952 y su actividad competitiva dur\u00f3 20 a\u00f1os, hasta 1972. Conducta ejemplar de deportividad y entrega absoluta, sin compensaci\u00f3n econ\u00f3mica alguna. &#8211; 46 veces internacional absoluto. &#8211; Campe\u00f3n de Espa\u00f1a absoluto : 3 veces Gran fondo 30 [&hellip;]\" \/>\n<meta property=\"og:url\" content=\"https:\/\/celtaatletismo.es\/blog\/atletas-destacados\/carlos-perez-alonso\/\" \/>\n<meta property=\"og:site_name\" content=\"Celta Atletismo\" \/>\n<meta property=\"article:publisher\" content=\"https:\/\/www.facebook.com\/Real-Club-Celta-de-Atletismo-Atletismo-Femenino-Celta-177005092323603\/\" \/>\n<meta property=\"article:modified_time\" content=\"2020-05-10T22:56:31+00:00\" \/>\n<meta property=\"og:image\" content=\"https:\/\/celtaatletismo.favshare.com\/previews.php\/atletas\/carlos_perez_y_salgado.1917.jpg.jpeg\" \/>\n<meta name=\"twitter:card\" content=\"summary_large_image\" \/>\n<meta name=\"twitter:site\" content=\"@CeltaAtletismo\" \/>\n<meta name=\"twitter:label1\" content=\"Tiempo de lectura\" \/>\n\t<meta name=\"twitter:data1\" content=\"1 minuto\" \/>\n<script type=\"application\/ld+json\" class=\"yoast-schema-graph\">{\"@context\":\"https:\/\/schema.org\",\"@graph\":[{\"@type\":\"WebPage\",\"@id\":\"https:\/\/celtaatletismo.es\/blog\/atletas-destacados\/carlos-perez-alonso\/\",\"url\":\"https:\/\/celtaatletismo.es\/blog\/atletas-destacados\/carlos-perez-alonso\/\",\"name\":\"Carlos P\u00e9rez Alonso - Celta Atletismo\",\"isPartOf\":{\"@id\":\"https:\/\/celtaatletismo.es\/blog\/#website\"},\"datePublished\":\"2007-09-17T07:49:46+00:00\",\"dateModified\":\"2020-05-10T22:56:31+00:00\",\"breadcrumb\":{\"@id\":\"https:\/\/celtaatletismo.es\/blog\/atletas-destacados\/carlos-perez-alonso\/#breadcrumb\"},\"inLanguage\":\"es\",\"potentialAction\":[{\"@type\":\"ReadAction\",\"target\":[\"https:\/\/celtaatletismo.es\/blog\/atletas-destacados\/carlos-perez-alonso\/\"]}]},{\"@type\":\"BreadcrumbList\",\"@id\":\"https:\/\/celtaatletismo.es\/blog\/atletas-destacados\/carlos-perez-alonso\/#breadcrumb\",\"itemListElement\":[{\"@type\":\"ListItem\",\"position\":1,\"name\":\"Portada\",\"item\":\"https:\/\/celtaatletismo.es\/blog\/\"},{\"@type\":\"ListItem\",\"position\":2,\"name\":\"Atletas destacados\",\"item\":\"https:\/\/celtaatletismo.es\/blog\/atletas-destacados\/\"},{\"@type\":\"ListItem\",\"position\":3,\"name\":\"Carlos P\u00e9rez Alonso\"}]},{\"@type\":\"WebSite\",\"@id\":\"https:\/\/celtaatletismo.es\/blog\/#website\",\"url\":\"https:\/\/celtaatletismo.es\/blog\/\",\"name\":\"Celta Atletismo\",\"description\":\"Web oficial del Real Club Celta Atletismo y del Club Atletismo Femenino Celta\",\"publisher\":{\"@id\":\"https:\/\/celtaatletismo.es\/blog\/#organization\"},\"potentialAction\":[{\"@type\":\"SearchAction\",\"target\":{\"@type\":\"EntryPoint\",\"urlTemplate\":\"https:\/\/celtaatletismo.es\/blog\/?s={search_term_string}\"},\"query-input\":\"required name=search_term_string\"}],\"inLanguage\":\"es\"},{\"@type\":\"Organization\",\"@id\":\"https:\/\/celtaatletismo.es\/blog\/#organization\",\"name\":\"Celta Atletismo\",\"url\":\"https:\/\/celtaatletismo.es\/blog\/\",\"logo\":{\"@type\":\"ImageObject\",\"inLanguage\":\"es\",\"@id\":\"https:\/\/celtaatletismo.es\/blog\/#\/schema\/logo\/image\/\",\"url\":\"https:\/\/celtaatletismo.es\/blog\/wp-content\/uploads\/2018\/12\/logo-web-celta-atletismo-solo.png\",\"contentUrl\":\"https:\/\/celtaatletismo.es\/blog\/wp-content\/uploads\/2018\/12\/logo-web-celta-atletismo-solo.png\",\"width\":555,\"height\":171,\"caption\":\"Celta Atletismo\"},\"image\":{\"@id\":\"https:\/\/celtaatletismo.es\/blog\/#\/schema\/logo\/image\/\"},\"sameAs\":[\"https:\/\/www.facebook.com\/Real-Club-Celta-de-Atletismo-Atletismo-Femenino-Celta-177005092323603\/\",\"https:\/\/twitter.com\/CeltaAtletismo\"]}]}<\/script>\n<!-- \/ Yoast SEO plugin. -->","yoast_head_json":{"title":"Carlos P\u00e9rez Alonso - Celta Atletismo","robots":{"index":"index","follow":"follow","max-snippet":"max-snippet:-1","max-image-preview":"max-image-preview:large","max-video-preview":"max-video-preview:-1"},"canonical":"https:\/\/celtaatletismo.es\/blog\/atletas-destacados\/carlos-perez-alonso\/","og_locale":"es_ES","og_type":"article","og_title":"Carlos P\u00e9rez Alonso - Celta Atletismo","og_description":"&#8211; Naci\u00f3 en Vigo el 1\u00ba junio 1935. 1,59 m\/53 kgs. &#8211; Se inici\u00f3 en atletismo el a\u00f1o 1952 y su actividad competitiva dur\u00f3 20 a\u00f1os, hasta 1972. Conducta ejemplar de deportividad y entrega absoluta, sin compensaci\u00f3n econ\u00f3mica alguna. &#8211; 46 veces internacional absoluto. &#8211; Campe\u00f3n de Espa\u00f1a absoluto : 3 veces Gran fondo 30 [&hellip;]","og_url":"https:\/\/celtaatletismo.es\/blog\/atletas-destacados\/carlos-perez-alonso\/","og_site_name":"Celta Atletismo","article_publisher":"https:\/\/www.facebook.com\/Real-Club-Celta-de-Atletismo-Atletismo-Femenino-Celta-177005092323603\/","article_modified_time":"2020-05-10T22:56:31+00:00","og_image":[{"url":"https:\/\/celtaatletismo.favshare.com\/previews.php\/atletas\/carlos_perez_y_salgado.1917.jpg.jpeg"}],"twitter_card":"summary_large_image","twitter_site":"@CeltaAtletismo","twitter_misc":{"Tiempo de lectura":"1 minuto"},"schema":{"@context":"https:\/\/schema.org","@graph":[{"@type":"WebPage","@id":"https:\/\/celtaatletismo.es\/blog\/atletas-destacados\/carlos-perez-alonso\/","url":"https:\/\/celtaatletismo.es\/blog\/atletas-destacados\/carlos-perez-alonso\/","name":"Carlos P\u00e9rez Alonso - Celta Atletismo","isPartOf":{"@id":"https:\/\/celtaatletismo.es\/blog\/#website"},"datePublished":"2007-09-17T07:49:46+00:00","dateModified":"2020-05-10T22:56:31+00:00","breadcrumb":{"@id":"https:\/\/celtaatletismo.es\/blog\/atletas-destacados\/carlos-perez-alonso\/#breadcrumb"},"inLanguage":"es","potentialAction":[{"@type":"ReadAction","target":["https:\/\/celtaatletismo.es\/blog\/atletas-destacados\/carlos-perez-alonso\/"]}]},{"@type":"BreadcrumbList","@id":"https:\/\/celtaatletismo.es\/blog\/atletas-destacados\/carlos-perez-alonso\/#breadcrumb","itemListElement":[{"@type":"ListItem","position":1,"name":"Portada","item":"https:\/\/celtaatletismo.es\/blog\/"},{"@type":"ListItem","position":2,"name":"Atletas destacados","item":"https:\/\/celtaatletismo.es\/blog\/atletas-destacados\/"},{"@type":"ListItem","position":3,"name":"Carlos P\u00e9rez Alonso"}]},{"@type":"WebSite","@id":"https:\/\/celtaatletismo.es\/blog\/#website","url":"https:\/\/celtaatletismo.es\/blog\/","name":"Celta Atletismo","description":"Web oficial del Real Club Celta Atletismo y del Club Atletismo Femenino Celta","publisher":{"@id":"https:\/\/celtaatletismo.es\/blog\/#organization"},"potentialAction":[{"@type":"SearchAction","target":{"@type":"EntryPoint","urlTemplate":"https:\/\/celtaatletismo.es\/blog\/?s={search_term_string}"},"query-input":"required name=search_term_string"}],"inLanguage":"es"},{"@type":"Organization","@id":"https:\/\/celtaatletismo.es\/blog\/#organization","name":"Celta Atletismo","url":"https:\/\/celtaatletismo.es\/blog\/","logo":{"@type":"ImageObject","inLanguage":"es","@id":"https:\/\/celtaatletismo.es\/blog\/#\/schema\/logo\/image\/","url":"https:\/\/celtaatletismo.es\/blog\/wp-content\/uploads\/2018\/12\/logo-web-celta-atletismo-solo.png","contentUrl":"https:\/\/celtaatletismo.es\/blog\/wp-content\/uploads\/2018\/12\/logo-web-celta-atletismo-solo.png","width":555,"height":171,"caption":"Celta Atletismo"},"image":{"@id":"https:\/\/celtaatletismo.es\/blog\/#\/schema\/logo\/image\/"},"sameAs":["https:\/\/www.facebook.com\/Real-Club-Celta-de-Atletismo-Atletismo-Femenino-Celta-177005092323603\/","https:\/\/twitter.com\/CeltaAtletismo"]}]}},"_links":{"self":[{"href":"https:\/\/celtaatletismo.es\/blog\/wp-json\/wp\/v2\/pages\/1000"}],"collection":[{"href":"https:\/\/celtaatletismo.es\/blog\/wp-json\/wp\/v2\/pages"}],"about":[{"href":"https:\/\/celtaatletismo.es\/blog\/wp-json\/wp\/v2\/types\/page"}],"author":[{"embeddable":true,"href":"https:\/\/celtaatletismo.es\/blog\/wp-json\/wp\/v2\/users\/10"}],"replies":[{"embeddable":true,"href":"https:\/\/celtaatletismo.es\/blog\/wp-json\/wp\/v2\/comments?post=1000"}],"version-history":[{"count":5,"href":"https:\/\/celtaatletismo.es\/blog\/wp-json\/wp\/v2\/pages\/1000\/revisions"}],"predecessor-version":[{"id":10443,"href":"https:\/\/celtaatletismo.es\/blog\/wp-json\/wp\/v2\/pages\/1000\/revisions\/10443"}],"up":[{"embeddable":true,"href":"https:\/\/celtaatletismo.es\/blog\/wp-json\/wp\/v2\/pages\/792"}],"wp:attachment":[{"href":"https:\/\/celtaatletismo.es\/blog\/wp-json\/wp\/v2\/media?parent=1000"}],"curies":[{"name":"wp","href":"https:\/\/api.w.org\/{rel}","templated":true}]}}